{"id":3469,"date":"2016-10-30T17:59:49","date_gmt":"2016-10-30T17:59:49","guid":{"rendered":"http:\/\/wp.kunst-und-kampf.de\/portfolio_veroeffentlichungen-copy\/"},"modified":"2017-01-04T15:30:50","modified_gmt":"2017-01-04T15:30:50","slug":"artwork","status":"publish","type":"page","link":"https:\/\/kunst-und-kampf.de\/WordPress_02\/artwork\/","title":{"rendered":"Artwork"},"content":{"rendered":"\n<style type=\"text\/css\" data-created_by=\"avia_inline_auto\" id=\"style-css-av-av_one_full-6126cab7d8fab8d08143dd2dacdf673c\">\n.flex_column.av-av_one_full-6126cab7d8fab8d08143dd2dacdf673c{\nborder-radius:0px 0px 0px 0px;\npadding:0px 0px 0px 0px;\n}\n<\/style>\n<div  class='flex_column av-av_one_full-6126cab7d8fab8d08143dd2dacdf673c av_one_full  avia-builder-el-0  avia-builder-el-no-sibling  first flex_column_div av-zero-column-padding  '     ><div id='av-masonry-1' class='av-masonry av-av_masonry_entries-bea4b757066f655b02e5fb922ce5659f noHover av-flex-size av-large-gap av-hover-overlay-active av-masonry-animation-active av-masonry-col-3 av-caption-always av-caption-style- av-masonry-entries ' data-post_id=\"3469\"><div class='av-masonry-sort main_color av-sort-yes-tax' data-masonry-id='1' ><div class='av-current-sort-title'><span class=\"inner_sort_button\"><span>Alle<\/span><small class=\"avia-term-count\"> 24 <\/small><\/span><\/div><div class='av-sort-by-term  ' data-av-allowed-sort='[\"artwork_sort\",\"gemaelde_sort\"]' ><a href=\"#\" data-filter=\"all_sort\" class=\"all_sort_button active_sort\"><span class=\"inner_sort_button\"><span>Alle<\/span><small class=\"avia-term-count\"> 24 <\/small><\/span><\/a><span class='text-sep artwork_sort_sep avia_show_sort'>\/<\/span><a href=\"#\" data-filter=\"artwork_sort\" class=\"artwork_sort_button avia_show_sort\" ><span class=\"inner_sort_button\"><span>Artwork<\/span><small class='avia-term-count'> 16 <\/small><\/span><\/a><span class='text-sep broschueren_sort_sep avia_hide_sort'>\/<\/span><a href=\"#\" data-filter=\"broschueren_sort\" class=\"broschueren_sort_button avia_hide_sort\" ><span class=\"inner_sort_button\"><span>Brosch\u00fcren<\/span><small class='avia-term-count'> 0 <\/small><\/span><\/a><span class='text-sep buecher_sort_sep avia_hide_sort'>\/<\/span><a href=\"#\" data-filter=\"buecher_sort\" class=\"buecher_sort_button avia_hide_sort\" ><span class=\"inner_sort_button\"><span>B\u00fccher<\/span><small class='avia-term-count'> 0 <\/small><\/span><\/a><span class='text-sep flyer_sort_sep avia_hide_sort'>\/<\/span><a href=\"#\" data-filter=\"flyer_sort\" class=\"flyer_sort_button avia_hide_sort\" ><span class=\"inner_sort_button\"><span>Flyer<\/span><small class='avia-term-count'> 0 <\/small><\/span><\/a><span class='text-sep gemaelde_sort_sep avia_show_sort'>\/<\/span><a href=\"#\" data-filter=\"gemaelde_sort\" class=\"gemaelde_sort_button avia_show_sort\" ><span class=\"inner_sort_button\"><span>Gem\u00e4lde<\/span><small class='avia-term-count'> 13 <\/small><\/span><\/a><span class='text-sep plakate_sort_sep avia_hide_sort'>\/<\/span><a href=\"#\" data-filter=\"plakate_sort\" class=\"plakate_sort_button avia_hide_sort\" ><span class=\"inner_sort_button\"><span>Plakate<\/span><small class='avia-term-count'> 0 <\/small><\/span><\/a><span class='text-sep titelseiten_sort_sep avia_hide_sort'>\/<\/span><a href=\"#\" data-filter=\"titelseiten_sort\" class=\"titelseiten_sort_button avia_hide_sort\" ><span class=\"inner_sort_button\"><span>Titelseiten<\/span><small class='avia-term-count'> 0 <\/small><\/span><\/a><\/div><\/div><div class=\"av-masonry-container isotope av-js-disabled\"><div class='av-masonry-entry isotope-item av-masonry-item-no-image all_sort gemaelde_sort  artwork_sort '><\/div><a href=\"https:\/\/kunst-und-kampf.de\/WordPress_02\/portfolio-item\/kolonialverbrechen-in-deutsch-ostafrika-copy\/\"  id='av-masonry-1-item-7120' data-av-masonry-item='7120' class='av-masonry-entry isotope-item post-7120 portfolio type-portfolio status-publish has-post-thumbnail hentry tag-bernd-langer tag-buenos-aires tag-kunst-und-kampf tag-suedamerika portfolio_entries-gemaelde all_sort gemaelde_sort  av-masonry-item-with-image' title=\"\u00a1JUNTOS EN LA LUCHA POR LA LIBERACI\u00d3N; CONSTRUIR EL CONTRAPODER REVOLUCIONARIO! POR LA CONSTRUCCI\u00d3N COLECTIVA Y LA AUTODETERMINACI\u00d3N!\"   itemscope=\"itemscope\" itemtype=\"https:\/\/schema.org\/CreativeWork\" ><div class='av-inner-masonry-sizer'><\/div><figure class='av-inner-masonry main_color'><div class=\"av-masonry-outerimage-container\"><div class='av-masonry-image-container'  ><img decoding=\"async\" width=\"705\" height=\"699\" fetchpriority=\"high\" class=\"wp-image-7122 avia-img-lazy-loading-not-7122\"  src=\"https:\/\/kunst-und-kampf.de\/wp-content\/uploads\/2024\/12\/Acrylbild_fertig-705x699.jpg\" title=\"\u00a1JUNTOS EN LA LUCHA POR LA LIBERACI\u00d3N; CONSTRUIR EL CONTRAPODER REVOLUCIONARIO! POR LA CONSTRUCCI\u00d3N COLECTIVA Y LA AUTODETERMINACI\u00d3N!\" alt=\"\u00a1JUNTOS EN LA LUCHA POR LA LIBERACI\u00d3N; CONSTRUIR EL CONTRAPODER REVOLUCIONARIO!\" srcset=\"https:\/\/kunst-und-kampf.de\/wp-content\/uploads\/2024\/12\/Acrylbild_fertig-705x699.jpg 705w, https:\/\/kunst-und-kampf.de\/wp-content\/uploads\/2024\/12\/Acrylbild_fertig-300x298.jpg 300w, https:\/\/kunst-und-kampf.de\/wp-content\/uploads\/2024\/12\/Acrylbild_fertig-2000x1984.jpg 2000w, https:\/\/kunst-und-kampf.de\/wp-content\/uploads\/2024\/12\/Acrylbild_fertig-80x80.jpg 80w, https:\/\/kunst-und-kampf.de\/wp-content\/uploads\/2024\/12\/Acrylbild_fertig-768x762.jpg 768w, https:\/\/kunst-und-kampf.de\/wp-content\/uploads\/2024\/12\/Acrylbild_fertig-1536x1524.jpg 1536w, https:\/\/kunst-und-kampf.de\/wp-content\/uploads\/2024\/12\/Acrylbild_fertig-2048x2032.jpg 2048w, https:\/\/kunst-und-kampf.de\/wp-content\/uploads\/2024\/12\/Acrylbild_fertig-36x36.jpg 36w, https:\/\/kunst-und-kampf.de\/wp-content\/uploads\/2024\/12\/Acrylbild_fertig-1500x1488.jpg 1500w, https:\/\/kunst-und-kampf.de\/wp-content\/uploads\/2024\/12\/Acrylbild_fertig-689x684.jpg 689w, https:\/\/kunst-und-kampf.de\/wp-content\/uploads\/2024\/12\/Acrylbild_fertig-710x704.jpg 710w, https:\/\/kunst-und-kampf.de\/wp-content\/uploads\/2024\/12\/Acrylbild_fertig-1280x1270.jpg 1280w\" sizes=\"(max-width: 705px) 100vw, 705px\" \/><\/div><\/div><figcaption class='av-inner-masonry-content site-background'><div class='av-inner-masonry-content-pos'><div class='av-inner-masonry-content-pos-content'><div class='avia-arrow'><\/div><h3 class='av-masonry-entry-title entry-title '  itemprop=\"headline\" >\u00a1JUNTOS EN LA LUCHA POR LA LIBERACI\u00d3N; CONSTRUIR EL CONTRAPODER REVOLUCIONARIO!<\/h3><\/div><\/div><\/figcaption><\/figure><\/a><!--end av-masonry entry--><a href=\"https:\/\/kunst-und-kampf.de\/WordPress_02\/portfolio-item\/enteigent-die-besitzenden\/\"  id='av-masonry-1-item-4293' data-av-masonry-item='4293' class='av-masonry-entry isotope-item post-4293 portfolio type-portfolio status-publish has-post-thumbnail hentry portfolio_entries-gemaelde all_sort gemaelde_sort  av-masonry-item-with-image' title=\"Enteignet\"   itemscope=\"itemscope\" itemtype=\"https:\/\/schema.org\/CreativeWork\" ><div class='av-inner-masonry-sizer'><\/div><figure class='av-inner-masonry main_color'><div class=\"av-masonry-outerimage-container\"><div class='av-masonry-image-container'  ><img decoding=\"async\" width=\"705\" height=\"565\" fetchpriority=\"high\" class=\"wp-image-4295 avia-img-lazy-loading-not-4295\"  src=\"https:\/\/kunst-und-kampf.de\/wp-content\/uploads\/2016\/12\/Enteignet-705x565.jpg\" title=\"Enteignet\" alt=\"\" srcset=\"https:\/\/kunst-und-kampf.de\/wp-content\/uploads\/2016\/12\/Enteignet-705x565.jpg 705w, https:\/\/kunst-und-kampf.de\/wp-content\/uploads\/2016\/12\/Enteignet-300x240.jpg 300w, https:\/\/kunst-und-kampf.de\/wp-content\/uploads\/2016\/12\/Enteignet-768x615.jpg 768w, https:\/\/kunst-und-kampf.de\/wp-content\/uploads\/2016\/12\/Enteignet-450x360.jpg 450w, https:\/\/kunst-und-kampf.de\/wp-content\/uploads\/2016\/12\/Enteignet.jpg 1200w\" sizes=\"(max-width: 705px) 100vw, 705px\" \/><\/div><\/div><figcaption class='av-inner-masonry-content site-background'><div class='av-inner-masonry-content-pos'><div class='av-inner-masonry-content-pos-content'><div class='avia-arrow'><\/div><h3 class='av-masonry-entry-title entry-title '  itemprop=\"headline\" >Enteigent die Besitzenden<\/h3><\/div><\/div><\/figcaption><\/figure><\/a><!--end av-masonry entry--><a href=\"https:\/\/kunst-und-kampf.de\/WordPress_02\/portfolio-item\/marxstaedter\/\"  id='av-masonry-1-item-4290' data-av-masonry-item='4290' class='av-masonry-entry isotope-item post-4290 portfolio type-portfolio status-publish has-post-thumbnail hentry portfolio_entries-artwork all_sort artwork_sort  av-masonry-item-with-image' title=\"Marxstaedter\"   itemscope=\"itemscope\" itemtype=\"https:\/\/schema.org\/CreativeWork\" ><div class='av-inner-masonry-sizer'><\/div><figure class='av-inner-masonry main_color'><div class=\"av-masonry-outerimage-container\"><div class='av-masonry-image-container'  ><img decoding=\"async\" width=\"498\" height=\"705\" fetchpriority=\"high\" class=\"wp-image-4292 avia-img-lazy-loading-not-4292\"  src=\"https:\/\/kunst-und-kampf.de\/wp-content\/uploads\/2016\/12\/Marxstaedter-498x705.jpg\" title=\"Marxstaedter\" alt=\"\" srcset=\"https:\/\/kunst-und-kampf.de\/wp-content\/uploads\/2016\/12\/Marxstaedter-498x705.jpg 498w, https:\/\/kunst-und-kampf.de\/wp-content\/uploads\/2016\/12\/Marxstaedter-212x300.jpg 212w, https:\/\/kunst-und-kampf.de\/wp-content\/uploads\/2016\/12\/Marxstaedter-450x637.jpg 450w, https:\/\/kunst-und-kampf.de\/wp-content\/uploads\/2016\/12\/Marxstaedter.jpg 565w\" sizes=\"(max-width: 498px) 100vw, 498px\" \/><\/div><\/div><figcaption class='av-inner-masonry-content site-background'><div class='av-inner-masonry-content-pos'><div class='av-inner-masonry-content-pos-content'><div class='avia-arrow'><\/div><h3 class='av-masonry-entry-title entry-title '  itemprop=\"headline\" >Marxst\u00e4dter<\/h3><\/div><\/div><\/figcaption><\/figure><\/a><!--end av-masonry entry--><a href=\"https:\/\/kunst-und-kampf.de\/WordPress_02\/portfolio-item\/maerzkaempfe-gotha-1920\/\"  id='av-masonry-1-item-4281' data-av-masonry-item='4281' class='av-masonry-entry isotope-item post-4281 portfolio type-portfolio status-publish has-post-thumbnail hentry portfolio_entries-artwork all_sort artwork_sort  av-masonry-item-with-image' title=\"Gotha_1920\"   itemscope=\"itemscope\" itemtype=\"https:\/\/schema.org\/CreativeWork\" ><div class='av-inner-masonry-sizer'><\/div><figure class='av-inner-masonry main_color'><div class=\"av-masonry-outerimage-container\"><div class='av-masonry-image-container'  ><img decoding=\"async\" width=\"705\" height=\"504\" fetchpriority=\"high\" class=\"wp-image-4283 avia-img-lazy-loading-not-4283\"  src=\"https:\/\/kunst-und-kampf.de\/wp-content\/uploads\/2016\/12\/Gotha_1920-705x504.jpg\" title=\"Gotha_1920\" alt=\"\" srcset=\"https:\/\/kunst-und-kampf.de\/wp-content\/uploads\/2016\/12\/Gotha_1920-705x504.jpg 705w, https:\/\/kunst-und-kampf.de\/wp-content\/uploads\/2016\/12\/Gotha_1920-300x215.jpg 300w, https:\/\/kunst-und-kampf.de\/wp-content\/uploads\/2016\/12\/Gotha_1920-768x549.jpg 768w, https:\/\/kunst-und-kampf.de\/wp-content\/uploads\/2016\/12\/Gotha_1920-260x185.jpg 260w, https:\/\/kunst-und-kampf.de\/wp-content\/uploads\/2016\/12\/Gotha_1920-450x322.jpg 450w, https:\/\/kunst-und-kampf.de\/wp-content\/uploads\/2016\/12\/Gotha_1920.jpg 1200w\" sizes=\"(max-width: 705px) 100vw, 705px\" \/><\/div><\/div><figcaption class='av-inner-masonry-content site-background'><div class='av-inner-masonry-content-pos'><div class='av-inner-masonry-content-pos-content'><div class='avia-arrow'><\/div><h3 class='av-masonry-entry-title entry-title '  itemprop=\"headline\" >M\u00e4rzk\u00e4mpfe Gotha 1920<\/h3><\/div><\/div><\/figcaption><\/figure><\/a><!--end av-masonry entry--><a href=\"https:\/\/kunst-und-kampf.de\/WordPress_02\/portfolio-item\/polizeihampelmann\/\"  id='av-masonry-1-item-4258' data-av-masonry-item='4258' class='av-masonry-entry isotope-item post-4258 portfolio type-portfolio status-publish has-post-thumbnail hentry portfolio_entries-artwork all_sort artwork_sort  av-masonry-item-with-image' title=\"Polizeihampelmann\"   itemscope=\"itemscope\" itemtype=\"https:\/\/schema.org\/CreativeWork\" ><div class='av-inner-masonry-sizer'><\/div><figure class='av-inner-masonry main_color'><div class=\"av-masonry-outerimage-container\"><div class='av-masonry-image-container'  ><img decoding=\"async\" width=\"503\" height=\"705\" fetchpriority=\"high\" class=\"wp-image-4260 avia-img-lazy-loading-not-4260\"  src=\"https:\/\/kunst-und-kampf.de\/wp-content\/uploads\/2016\/12\/Polizeihampelmann-503x705.jpg\" title=\"Polizeihampelmann\" alt=\"\" srcset=\"https:\/\/kunst-und-kampf.de\/wp-content\/uploads\/2016\/12\/Polizeihampelmann-503x705.jpg 503w, https:\/\/kunst-und-kampf.de\/wp-content\/uploads\/2016\/12\/Polizeihampelmann-214x300.jpg 214w, https:\/\/kunst-und-kampf.de\/wp-content\/uploads\/2016\/12\/Polizeihampelmann-450x630.jpg 450w, https:\/\/kunst-und-kampf.de\/wp-content\/uploads\/2016\/12\/Polizeihampelmann.jpg 571w\" sizes=\"(max-width: 503px) 100vw, 503px\" \/><\/div><\/div><figcaption class='av-inner-masonry-content site-background'><div class='av-inner-masonry-content-pos'><div class='av-inner-masonry-content-pos-content'><div class='avia-arrow'><\/div><h3 class='av-masonry-entry-title entry-title '  itemprop=\"headline\" >Polizeihampelmann<\/h3><\/div><\/div><\/figcaption><\/figure><\/a><!--end av-masonry entry--><a href=\"https:\/\/kunst-und-kampf.de\/WordPress_02\/portfolio-item\/4219\/\"  id='av-masonry-1-item-4219' data-av-masonry-item='4219' class='av-masonry-entry isotope-item post-4219 portfolio type-portfolio status-publish has-post-thumbnail hentry portfolio_entries-artwork all_sort artwork_sort  av-masonry-item-with-image' title=\"_!_\"   itemscope=\"itemscope\" itemtype=\"https:\/\/schema.org\/CreativeWork\" ><div class='av-inner-masonry-sizer'><\/div><figure class='av-inner-masonry main_color'><div class=\"av-masonry-outerimage-container\"><div class='av-masonry-image-container'  ><img decoding=\"async\" width=\"705\" height=\"705\" fetchpriority=\"high\" class=\"wp-image-4221 avia-img-lazy-loading-not-4221\"  src=\"https:\/\/kunst-und-kampf.de\/wp-content\/uploads\/2016\/12\/unnamed-file-705x705.jpg\" title=\"_!_\" alt=\"\" srcset=\"https:\/\/kunst-und-kampf.de\/wp-content\/uploads\/2016\/12\/unnamed-file-705x705.jpg 705w, https:\/\/kunst-und-kampf.de\/wp-content\/uploads\/2016\/12\/unnamed-file-80x80.jpg 80w, https:\/\/kunst-und-kampf.de\/wp-content\/uploads\/2016\/12\/unnamed-file-300x300.jpg 300w, https:\/\/kunst-und-kampf.de\/wp-content\/uploads\/2016\/12\/unnamed-file-768x767.jpg 768w, https:\/\/kunst-und-kampf.de\/wp-content\/uploads\/2016\/12\/unnamed-file-36x36.jpg 36w, https:\/\/kunst-und-kampf.de\/wp-content\/uploads\/2016\/12\/unnamed-file-180x180.jpg 180w, https:\/\/kunst-und-kampf.de\/wp-content\/uploads\/2016\/12\/unnamed-file-120x120.jpg 120w, https:\/\/kunst-und-kampf.de\/wp-content\/uploads\/2016\/12\/unnamed-file-450x449.jpg 450w, https:\/\/kunst-und-kampf.de\/wp-content\/uploads\/2016\/12\/unnamed-file.jpg 1200w\" sizes=\"(max-width: 705px) 100vw, 705px\" \/><\/div><\/div><figcaption class='av-inner-masonry-content site-background'><div class='av-inner-masonry-content-pos'><div class='av-inner-masonry-content-pos-content'><div class='avia-arrow'><\/div><h3 class='av-masonry-entry-title entry-title '  itemprop=\"headline\" >?!<\/h3><\/div><\/div><\/figcaption><\/figure><\/a><!--end av-masonry entry--><a href=\"https:\/\/kunst-und-kampf.de\/WordPress_02\/portfolio-item\/genua-20-juli-2001\/\"  id='av-masonry-1-item-4216' data-av-masonry-item='4216' class='av-masonry-entry isotope-item post-4216 portfolio type-portfolio status-publish has-post-thumbnail hentry portfolio_entries-artwork all_sort artwork_sort  av-masonry-item-with-image' title=\"Genua-2001\"   itemscope=\"itemscope\" itemtype=\"https:\/\/schema.org\/CreativeWork\" ><div class='av-inner-masonry-sizer'><\/div><figure class='av-inner-masonry main_color'><div class=\"av-masonry-outerimage-container\"><div class='av-masonry-image-container'  ><img decoding=\"async\" width=\"705\" height=\"561\" fetchpriority=\"high\" class=\"wp-image-4218 avia-img-lazy-loading-not-4218\"  src=\"https:\/\/kunst-und-kampf.de\/wp-content\/uploads\/2016\/12\/Genua-2001-705x561.jpg\" title=\"Genua-2001\" alt=\"\" srcset=\"https:\/\/kunst-und-kampf.de\/wp-content\/uploads\/2016\/12\/Genua-2001-705x561.jpg 705w, https:\/\/kunst-und-kampf.de\/wp-content\/uploads\/2016\/12\/Genua-2001-300x239.jpg 300w, https:\/\/kunst-und-kampf.de\/wp-content\/uploads\/2016\/12\/Genua-2001-768x611.jpg 768w, https:\/\/kunst-und-kampf.de\/wp-content\/uploads\/2016\/12\/Genua-2001-450x358.jpg 450w, https:\/\/kunst-und-kampf.de\/wp-content\/uploads\/2016\/12\/Genua-2001.jpg 1200w\" sizes=\"(max-width: 705px) 100vw, 705px\" \/><\/div><\/div><figcaption class='av-inner-masonry-content site-background'><div class='av-inner-masonry-content-pos'><div class='av-inner-masonry-content-pos-content'><div class='avia-arrow'><\/div><h3 class='av-masonry-entry-title entry-title '  itemprop=\"headline\" >Genua 20. Juli 2001<\/h3><\/div><\/div><\/figcaption><\/figure><\/a><!--end av-masonry entry--><a href=\"https:\/\/kunst-und-kampf.de\/WordPress_02\/portfolio-item\/der-seilzieher\/\"  id='av-masonry-1-item-4074' data-av-masonry-item='4074' class='av-masonry-entry isotope-item post-4074 portfolio type-portfolio status-publish has-post-thumbnail hentry portfolio_entries-artwork portfolio_entries-gemaelde all_sort artwork_sort  gemaelde_sort  av-masonry-item-with-image' title=\"Der_Seilzieher\"   itemscope=\"itemscope\" itemtype=\"https:\/\/schema.org\/CreativeWork\" ><div class='av-inner-masonry-sizer'><\/div><figure class='av-inner-masonry main_color'><div class=\"av-masonry-outerimage-container\"><div class='av-masonry-image-container'  ><img decoding=\"async\" width=\"604\" height=\"705\" fetchpriority=\"high\" class=\"wp-image-4076 avia-img-lazy-loading-not-4076\"  src=\"https:\/\/kunst-und-kampf.de\/wp-content\/uploads\/2016\/12\/Der_Seilzieher-604x705.jpg\" title=\"Der_Seilzieher\" alt=\"\" srcset=\"https:\/\/kunst-und-kampf.de\/wp-content\/uploads\/2016\/12\/Der_Seilzieher-604x705.jpg 604w, https:\/\/kunst-und-kampf.de\/wp-content\/uploads\/2016\/12\/Der_Seilzieher-257x300.jpg 257w, https:\/\/kunst-und-kampf.de\/wp-content\/uploads\/2016\/12\/Der_Seilzieher-450x526.jpg 450w, https:\/\/kunst-und-kampf.de\/wp-content\/uploads\/2016\/12\/Der_Seilzieher.jpg 685w\" sizes=\"(max-width: 604px) 100vw, 604px\" \/><\/div><\/div><figcaption class='av-inner-masonry-content site-background'><div class='av-inner-masonry-content-pos'><div class='av-inner-masonry-content-pos-content'><div class='avia-arrow'><\/div><h3 class='av-masonry-entry-title entry-title '  itemprop=\"headline\" >Der Seilzieher<\/h3><\/div><\/div><\/figcaption><\/figure><\/a><!--end av-masonry entry--><a href=\"https:\/\/kunst-und-kampf.de\/WordPress_02\/portfolio-item\/landschaft-an-ufern\/\"  id='av-masonry-1-item-4052' data-av-masonry-item='4052' class='av-masonry-entry isotope-item post-4052 portfolio type-portfolio status-publish has-post-thumbnail hentry portfolio_entries-artwork portfolio_entries-gemaelde all_sort artwork_sort  gemaelde_sort  av-masonry-item-with-image' title=\"Landschaft_an_Ufern\"   itemscope=\"itemscope\" itemtype=\"https:\/\/schema.org\/CreativeWork\" ><div class='av-inner-masonry-sizer'><\/div><figure class='av-inner-masonry main_color'><div class=\"av-masonry-outerimage-container\"><div class='av-masonry-image-container'  ><img decoding=\"async\" width=\"591\" height=\"705\" fetchpriority=\"high\" class=\"wp-image-4060 avia-img-lazy-loading-not-4060\"  src=\"https:\/\/kunst-und-kampf.de\/wp-content\/uploads\/2016\/12\/Landschaft_an_Ufern-591x705.jpg\" title=\"Landschaft_an_Ufern\" alt=\"\" srcset=\"https:\/\/kunst-und-kampf.de\/wp-content\/uploads\/2016\/12\/Landschaft_an_Ufern-591x705.jpg 591w, https:\/\/kunst-und-kampf.de\/wp-content\/uploads\/2016\/12\/Landschaft_an_Ufern-252x300.jpg 252w, https:\/\/kunst-und-kampf.de\/wp-content\/uploads\/2016\/12\/Landschaft_an_Ufern-450x537.jpg 450w, https:\/\/kunst-und-kampf.de\/wp-content\/uploads\/2016\/12\/Landschaft_an_Ufern.jpg 671w\" sizes=\"(max-width: 591px) 100vw, 591px\" \/><\/div><\/div><figcaption class='av-inner-masonry-content site-background'><div class='av-inner-masonry-content-pos'><div class='av-inner-masonry-content-pos-content'><div class='avia-arrow'><\/div><h3 class='av-masonry-entry-title entry-title '  itemprop=\"headline\" >Ufer<\/h3><\/div><\/div><\/figcaption><\/figure><\/a><!--end av-masonry entry--><a href=\"https:\/\/kunst-und-kampf.de\/WordPress_02\/portfolio-item\/gegenueber\/\"  id='av-masonry-1-item-4048' data-av-masonry-item='4048' class='av-masonry-entry isotope-item post-4048 portfolio type-portfolio status-publish has-post-thumbnail hentry portfolio_entries-artwork portfolio_entries-gemaelde all_sort artwork_sort  gemaelde_sort  av-masonry-item-with-image' title=\"Gegenueber\"   itemscope=\"itemscope\" itemtype=\"https:\/\/schema.org\/CreativeWork\" ><div class='av-inner-masonry-sizer'><\/div><figure class='av-inner-masonry main_color'><div class=\"av-masonry-outerimage-container\"><div class='av-masonry-image-container'  ><img decoding=\"async\" width=\"705\" height=\"507\" fetchpriority=\"high\" class=\"wp-image-4051 avia-img-lazy-loading-not-4051\"  src=\"https:\/\/kunst-und-kampf.de\/wp-content\/uploads\/2016\/12\/Gegenueber-705x507.jpg\" title=\"Gegenueber\" alt=\"\" srcset=\"https:\/\/kunst-und-kampf.de\/wp-content\/uploads\/2016\/12\/Gegenueber-705x507.jpg 705w, https:\/\/kunst-und-kampf.de\/wp-content\/uploads\/2016\/12\/Gegenueber-300x216.jpg 300w, https:\/\/kunst-und-kampf.de\/wp-content\/uploads\/2016\/12\/Gegenueber-768x552.jpg 768w, https:\/\/kunst-und-kampf.de\/wp-content\/uploads\/2016\/12\/Gegenueber-450x324.jpg 450w, https:\/\/kunst-und-kampf.de\/wp-content\/uploads\/2016\/12\/Gegenueber.jpg 1200w\" sizes=\"(max-width: 705px) 100vw, 705px\" \/><\/div><\/div><figcaption class='av-inner-masonry-content site-background'><div class='av-inner-masonry-content-pos'><div class='av-inner-masonry-content-pos-content'><div class='avia-arrow'><\/div><h3 class='av-masonry-entry-title entry-title '  itemprop=\"headline\" >Gegen\u00fcber<\/h3><\/div><\/div><\/figcaption><\/figure><\/a><!--end av-masonry entry--><a href=\"https:\/\/kunst-und-kampf.de\/WordPress_02\/portfolio-item\/oktoberfeuer\/\"  id='av-masonry-1-item-4036' data-av-masonry-item='4036' class='av-masonry-entry isotope-item post-4036 portfolio type-portfolio status-publish has-post-thumbnail hentry portfolio_entries-artwork portfolio_entries-gemaelde all_sort artwork_sort  gemaelde_sort  av-masonry-item-with-image' title=\"Oktoberfeuer\"   itemscope=\"itemscope\" itemtype=\"https:\/\/schema.org\/CreativeWork\" ><div class='av-inner-masonry-sizer'><\/div><figure class='av-inner-masonry main_color'><div class=\"av-masonry-outerimage-container\"><div class='av-masonry-image-container'  ><img decoding=\"async\" width=\"705\" height=\"465\" fetchpriority=\"high\" class=\"wp-image-4038 avia-img-lazy-loading-not-4038\"  src=\"https:\/\/kunst-und-kampf.de\/wp-content\/uploads\/2016\/12\/Oktoberfeuer-705x465.jpg\" title=\"Oktoberfeuer\" alt=\"\" srcset=\"https:\/\/kunst-und-kampf.de\/wp-content\/uploads\/2016\/12\/Oktoberfeuer-705x465.jpg 705w, https:\/\/kunst-und-kampf.de\/wp-content\/uploads\/2016\/12\/Oktoberfeuer-300x198.jpg 300w, https:\/\/kunst-und-kampf.de\/wp-content\/uploads\/2016\/12\/Oktoberfeuer-768x507.jpg 768w, https:\/\/kunst-und-kampf.de\/wp-content\/uploads\/2016\/12\/Oktoberfeuer-450x297.jpg 450w, https:\/\/kunst-und-kampf.de\/wp-content\/uploads\/2016\/12\/Oktoberfeuer.jpg 1200w\" sizes=\"(max-width: 705px) 100vw, 705px\" \/><\/div><\/div><figcaption class='av-inner-masonry-content site-background'><div class='av-inner-masonry-content-pos'><div class='av-inner-masonry-content-pos-content'><div class='avia-arrow'><\/div><h3 class='av-masonry-entry-title entry-title '  itemprop=\"headline\" >Oktoberfeuer<\/h3><\/div><\/div><\/figcaption><\/figure><\/a><!--end av-masonry entry--><a href=\"https:\/\/kunst-und-kampf.de\/WordPress_02\/portfolio-item\/strassenkampf-rfb-sa\/\"  id='av-masonry-1-item-4030' data-av-masonry-item='4030' class='av-masonry-entry isotope-item post-4030 portfolio type-portfolio status-publish has-post-thumbnail hentry portfolio_entries-artwork portfolio_entries-gemaelde all_sort artwork_sort  gemaelde_sort  av-masonry-item-with-image' title=\"Strassenkampf_RFB-SA\"   itemscope=\"itemscope\" itemtype=\"https:\/\/schema.org\/CreativeWork\" ><div class='av-inner-masonry-sizer'><\/div><figure class='av-inner-masonry main_color'><div class=\"av-masonry-outerimage-container\"><div class='av-masonry-image-container'  ><img decoding=\"async\" width=\"705\" height=\"501\" fetchpriority=\"high\" class=\"wp-image-4035 avia-img-lazy-loading-not-4035\"  src=\"https:\/\/kunst-und-kampf.de\/wp-content\/uploads\/2016\/12\/Strassenkampf_RFB-SA-1-705x501.jpg\" title=\"Strassenkampf_RFB-SA\" alt=\"\" srcset=\"https:\/\/kunst-und-kampf.de\/wp-content\/uploads\/2016\/12\/Strassenkampf_RFB-SA-1-705x501.jpg 705w, https:\/\/kunst-und-kampf.de\/wp-content\/uploads\/2016\/12\/Strassenkampf_RFB-SA-1-300x213.jpg 300w, https:\/\/kunst-und-kampf.de\/wp-content\/uploads\/2016\/12\/Strassenkampf_RFB-SA-1-768x546.jpg 768w, https:\/\/kunst-und-kampf.de\/wp-content\/uploads\/2016\/12\/Strassenkampf_RFB-SA-1-260x185.jpg 260w, https:\/\/kunst-und-kampf.de\/wp-content\/uploads\/2016\/12\/Strassenkampf_RFB-SA-1-450x320.jpg 450w, https:\/\/kunst-und-kampf.de\/wp-content\/uploads\/2016\/12\/Strassenkampf_RFB-SA-1.jpg 1200w\" sizes=\"(max-width: 705px) 100vw, 705px\" \/><\/div><\/div><figcaption class='av-inner-masonry-content site-background'><div class='av-inner-masonry-content-pos'><div class='av-inner-masonry-content-pos-content'><div class='avia-arrow'><\/div><h3 class='av-masonry-entry-title entry-title '  itemprop=\"headline\" >Stra\u00dfenkampf RFB-SA<\/h3><\/div><\/div><\/figcaption><\/figure><\/a><!--end av-masonry entry--><a href=\"https:\/\/kunst-und-kampf.de\/WordPress_02\/portfolio-item\/lohnarbeit\/\"  id='av-masonry-1-item-4023' data-av-masonry-item='4023' class='av-masonry-entry isotope-item post-4023 portfolio type-portfolio status-publish has-post-thumbnail hentry portfolio_entries-artwork all_sort artwork_sort  av-masonry-item-with-image' title=\"PlakatLohnarbeit\"   itemscope=\"itemscope\" itemtype=\"https:\/\/schema.org\/CreativeWork\" ><div class='av-inner-masonry-sizer'><\/div><figure class='av-inner-masonry main_color'><div class=\"av-masonry-outerimage-container\"><div class='av-masonry-image-container'  ><img decoding=\"async\" width=\"705\" height=\"501\" fetchpriority=\"high\" class=\"wp-image-4027 avia-img-lazy-loading-not-4027\"  src=\"https:\/\/kunst-und-kampf.de\/wp-content\/uploads\/2016\/12\/PlakatLohnarbeit-705x501.jpg\" title=\"PlakatLohnarbeit\" alt=\"\" srcset=\"https:\/\/kunst-und-kampf.de\/wp-content\/uploads\/2016\/12\/PlakatLohnarbeit-705x501.jpg 705w, https:\/\/kunst-und-kampf.de\/wp-content\/uploads\/2016\/12\/PlakatLohnarbeit-300x213.jpg 300w, https:\/\/kunst-und-kampf.de\/wp-content\/uploads\/2016\/12\/PlakatLohnarbeit-768x545.jpg 768w, https:\/\/kunst-und-kampf.de\/wp-content\/uploads\/2016\/12\/PlakatLohnarbeit-260x185.jpg 260w, https:\/\/kunst-und-kampf.de\/wp-content\/uploads\/2016\/12\/PlakatLohnarbeit-450x320.jpg 450w, https:\/\/kunst-und-kampf.de\/wp-content\/uploads\/2016\/12\/PlakatLohnarbeit.jpg 1200w\" sizes=\"(max-width: 705px) 100vw, 705px\" \/><\/div><\/div><figcaption class='av-inner-masonry-content site-background'><div class='av-inner-masonry-content-pos'><div class='av-inner-masonry-content-pos-content'><div class='avia-arrow'><\/div><h3 class='av-masonry-entry-title entry-title '  itemprop=\"headline\" >Lohnarbeit<\/h3><\/div><\/div><\/figcaption><\/figure><\/a><!--end av-masonry entry--><a href=\"https:\/\/kunst-und-kampf.de\/WordPress_02\/portfolio-item\/anti-haig-demo\/\"  id='av-masonry-1-item-3857' data-av-masonry-item='3857' class='av-masonry-entry isotope-item post-3857 portfolio type-portfolio status-publish has-post-thumbnail hentry portfolio_entries-artwork all_sort artwork_sort  av-masonry-item-with-image' title=\"Anti Haig Demo\"   itemscope=\"itemscope\" itemtype=\"https:\/\/schema.org\/CreativeWork\" ><div class='av-inner-masonry-sizer'><\/div><figure class='av-inner-masonry main_color'><div class=\"av-masonry-outerimage-container\"><div class='av-masonry-image-container'  ><img decoding=\"async\" width=\"705\" height=\"338\" fetchpriority=\"high\" class=\"wp-image-3766 avia-img-lazy-loading-not-3766\"  src=\"https:\/\/kunst-und-kampf.de\/wp-content\/uploads\/2016\/11\/Kunstdruck_Haig-705x338.jpg\" title=\"Anti Haig Demo\" alt=\"\" srcset=\"https:\/\/kunst-und-kampf.de\/wp-content\/uploads\/2016\/11\/Kunstdruck_Haig-705x338.jpg 705w, https:\/\/kunst-und-kampf.de\/wp-content\/uploads\/2016\/11\/Kunstdruck_Haig-300x144.jpg 300w, https:\/\/kunst-und-kampf.de\/wp-content\/uploads\/2016\/11\/Kunstdruck_Haig-768x368.jpg 768w, https:\/\/kunst-und-kampf.de\/wp-content\/uploads\/2016\/11\/Kunstdruck_Haig-450x216.jpg 450w, https:\/\/kunst-und-kampf.de\/wp-content\/uploads\/2016\/11\/Kunstdruck_Haig.jpg 1200w\" sizes=\"(max-width: 705px) 100vw, 705px\" \/><\/div><\/div><figcaption class='av-inner-masonry-content site-background'><div class='av-inner-masonry-content-pos'><div class='av-inner-masonry-content-pos-content'><div class='avia-arrow'><\/div><h3 class='av-masonry-entry-title entry-title '  itemprop=\"headline\" >Anti Haig Demo<\/h3><\/div><\/div><\/figcaption><\/figure><\/a><!--end av-masonry entry--><a href=\"https:\/\/kunst-und-kampf.de\/WordPress_02\/portfolio-item\/antifaschistische-aktion\/\"  id='av-masonry-1-item-3960' data-av-masonry-item='3960' class='av-masonry-entry isotope-item post-3960 portfolio type-portfolio status-publish has-post-thumbnail hentry portfolio_entries-gemaelde all_sort gemaelde_sort  av-masonry-item-with-image' title=\"antifa-aktion\"   itemscope=\"itemscope\" itemtype=\"https:\/\/schema.org\/CreativeWork\" ><div class='av-inner-masonry-sizer'><\/div><figure class='av-inner-masonry main_color'><div class=\"av-masonry-outerimage-container\"><div class='av-masonry-image-container'  ><img decoding=\"async\" width=\"705\" height=\"589\" fetchpriority=\"high\" class=\"wp-image-3959 avia-img-lazy-loading-not-3959\"  src=\"https:\/\/kunst-und-kampf.de\/wp-content\/uploads\/2016\/11\/Antifa-Aktion-705x589.jpg\" title=\"antifa-aktion\" alt=\"\" srcset=\"https:\/\/kunst-und-kampf.de\/wp-content\/uploads\/2016\/11\/Antifa-Aktion-705x589.jpg 705w, https:\/\/kunst-und-kampf.de\/wp-content\/uploads\/2016\/11\/Antifa-Aktion-300x251.jpg 300w, https:\/\/kunst-und-kampf.de\/wp-content\/uploads\/2016\/11\/Antifa-Aktion-768x641.jpg 768w, https:\/\/kunst-und-kampf.de\/wp-content\/uploads\/2016\/11\/Antifa-Aktion-450x376.jpg 450w, https:\/\/kunst-und-kampf.de\/wp-content\/uploads\/2016\/11\/Antifa-Aktion.jpg 1200w\" sizes=\"(max-width: 705px) 100vw, 705px\" \/><\/div><\/div><figcaption class='av-inner-masonry-content site-background'><div class='av-inner-masonry-content-pos'><div class='av-inner-masonry-content-pos-content'><div class='avia-arrow'><\/div><h3 class='av-masonry-entry-title entry-title '  itemprop=\"headline\" >Antifaschistische Aktion<\/h3><\/div><\/div><\/figcaption><\/figure><\/a><!--end av-masonry entry--><a href=\"https:\/\/kunst-und-kampf.de\/WordPress_02\/portfolio-item\/hamburger-aufstand\/\"  id='av-masonry-1-item-3561' data-av-masonry-item='3561' class='av-masonry-entry isotope-item post-3561 portfolio type-portfolio status-publish has-post-thumbnail hentry portfolio_entries-gemaelde all_sort gemaelde_sort  av-masonry-item-with-image' title=\"gemaelde_hh_aufstand\"   itemscope=\"itemscope\" itemtype=\"https:\/\/schema.org\/CreativeWork\" ><div class='av-inner-masonry-sizer'><\/div><figure class='av-inner-masonry main_color'><div class=\"av-masonry-outerimage-container\"><div class='av-masonry-image-container'  ><img decoding=\"async\" width=\"705\" height=\"564\" fetchpriority=\"high\" class=\"wp-image-3552 avia-img-lazy-loading-not-3552\"  src=\"https:\/\/kunst-und-kampf.de\/wp-content\/uploads\/2016\/10\/Gemaelde_HH_Aufstand-705x564.jpg\" title=\"gemaelde_hh_aufstand\" alt=\"\" srcset=\"https:\/\/kunst-und-kampf.de\/wp-content\/uploads\/2016\/10\/Gemaelde_HH_Aufstand-705x564.jpg 705w, https:\/\/kunst-und-kampf.de\/wp-content\/uploads\/2016\/10\/Gemaelde_HH_Aufstand-300x240.jpg 300w, https:\/\/kunst-und-kampf.de\/wp-content\/uploads\/2016\/10\/Gemaelde_HH_Aufstand-768x614.jpg 768w, https:\/\/kunst-und-kampf.de\/wp-content\/uploads\/2016\/10\/Gemaelde_HH_Aufstand-450x360.jpg 450w, https:\/\/kunst-und-kampf.de\/wp-content\/uploads\/2016\/10\/Gemaelde_HH_Aufstand.jpg 1200w\" sizes=\"(max-width: 705px) 100vw, 705px\" \/><\/div><\/div><figcaption class='av-inner-masonry-content site-background'><div class='av-inner-masonry-content-pos'><div class='av-inner-masonry-content-pos-content'><div class='avia-arrow'><\/div><h3 class='av-masonry-entry-title entry-title '  itemprop=\"headline\" >Hamburger Aufstand<\/h3><\/div><\/div><\/figcaption><\/figure><\/a><!--end av-masonry entry--><a href=\"https:\/\/kunst-und-kampf.de\/WordPress_02\/portfolio-item\/buchenwald\/\"  id='av-masonry-1-item-3894' data-av-masonry-item='3894' class='av-masonry-entry isotope-item post-3894 portfolio type-portfolio status-publish has-post-thumbnail hentry portfolio_entries-gemaelde all_sort gemaelde_sort  av-masonry-item-with-image' title=\"gruenewald\"   itemscope=\"itemscope\" itemtype=\"https:\/\/schema.org\/CreativeWork\" ><div class='av-inner-masonry-sizer'><\/div><figure class='av-inner-masonry main_color'><div class=\"av-masonry-outerimage-container\"><div class='av-masonry-image-container'  ><img decoding=\"async\" width=\"590\" height=\"705\" fetchpriority=\"high\" class=\"wp-image-3887 avia-img-lazy-loading-not-3887\"  src=\"https:\/\/kunst-und-kampf.de\/wp-content\/uploads\/2016\/11\/Gruenewald-590x705.jpg\" title=\"gruenewald\" alt=\"\" srcset=\"https:\/\/kunst-und-kampf.de\/wp-content\/uploads\/2016\/11\/Gruenewald-590x705.jpg 590w, https:\/\/kunst-und-kampf.de\/wp-content\/uploads\/2016\/11\/Gruenewald-251x300.jpg 251w, https:\/\/kunst-und-kampf.de\/wp-content\/uploads\/2016\/11\/Gruenewald-450x538.jpg 450w, https:\/\/kunst-und-kampf.de\/wp-content\/uploads\/2016\/11\/Gruenewald.jpg 669w\" sizes=\"(max-width: 590px) 100vw, 590px\" \/><\/div><\/div><figcaption class='av-inner-masonry-content site-background'><div class='av-inner-masonry-content-pos'><div class='av-inner-masonry-content-pos-content'><div class='avia-arrow'><\/div><h3 class='av-masonry-entry-title entry-title '  itemprop=\"headline\" >Buchenwald<\/h3><\/div><\/div><\/figcaption><\/figure><\/a><!--end av-masonry entry--><a href=\"https:\/\/kunst-und-kampf.de\/WordPress_02\/portfolio-item\/antifa-copy-3\/\"  id='av-masonry-1-item-6175' data-av-masonry-item='6175' class='av-masonry-entry isotope-item post-6175 portfolio type-portfolio status-publish has-post-thumbnail hentry tag-scheunenviertel portfolio_entries-artwork all_sort artwork_sort  av-masonry-item-with-image' title=\"Scheunenviertel\"   itemscope=\"itemscope\" itemtype=\"https:\/\/schema.org\/CreativeWork\" ><div class='av-inner-masonry-sizer'><\/div><figure class='av-inner-masonry main_color'><div class=\"av-masonry-outerimage-container\"><div class='av-masonry-image-container'  ><img decoding=\"async\" width=\"494\" height=\"705\" fetchpriority=\"high\" class=\"wp-image-4368 avia-img-lazy-loading-not-4368\"  src=\"https:\/\/kunst-und-kampf.de\/wp-content\/uploads\/2017\/01\/Scheunenviertel-494x705.jpg\" title=\"Scheunenviertel\" alt=\"\" srcset=\"https:\/\/kunst-und-kampf.de\/wp-content\/uploads\/2017\/01\/Scheunenviertel-494x705.jpg 494w, https:\/\/kunst-und-kampf.de\/wp-content\/uploads\/2017\/01\/Scheunenviertel-210x300.jpg 210w, https:\/\/kunst-und-kampf.de\/wp-content\/uploads\/2017\/01\/Scheunenviertel-450x642.jpg 450w, https:\/\/kunst-und-kampf.de\/wp-content\/uploads\/2017\/01\/Scheunenviertel.jpg 561w\" sizes=\"(max-width: 494px) 100vw, 494px\" \/><\/div><\/div><figcaption class='av-inner-masonry-content site-background'><div class='av-inner-masonry-content-pos'><div class='av-inner-masonry-content-pos-content'><div class='avia-arrow'><\/div><h3 class='av-masonry-entry-title entry-title '  itemprop=\"headline\" >Berliner Scheunenviertel 1920er Jahre<\/h3><\/div><\/div><\/figcaption><\/figure><\/a><!--end av-masonry entry--><a href=\"https:\/\/kunst-und-kampf.de\/WordPress_02\/portfolio-item\/rote-kometen\/\"  id='av-masonry-1-item-4539' data-av-masonry-item='4539' class='av-masonry-entry isotope-item post-4539 portfolio type-portfolio status-publish has-post-thumbnail hentry tag-rote-kometen portfolio_entries-artwork all_sort artwork_sort  av-masonry-item-with-image' title=\"Rote_Kometen\"   itemscope=\"itemscope\" itemtype=\"https:\/\/schema.org\/CreativeWork\" ><div class='av-inner-masonry-sizer'><\/div><figure class='av-inner-masonry main_color'><div class=\"av-masonry-outerimage-container\"><div class='av-masonry-image-container'  ><img decoding=\"async\" width=\"473\" height=\"705\" fetchpriority=\"high\" class=\"wp-image-4541 avia-img-lazy-loading-not-4541\"  src=\"https:\/\/kunst-und-kampf.de\/wp-content\/uploads\/2017\/01\/Rote_Raketen-473x705.jpg\" title=\"Rote_Kometen\" alt=\"\" srcset=\"https:\/\/kunst-und-kampf.de\/wp-content\/uploads\/2017\/01\/Rote_Raketen-473x705.jpg 473w, https:\/\/kunst-und-kampf.de\/wp-content\/uploads\/2017\/01\/Rote_Raketen-201x300.jpg 201w, https:\/\/kunst-und-kampf.de\/wp-content\/uploads\/2017\/01\/Rote_Raketen-450x670.jpg 450w, https:\/\/kunst-und-kampf.de\/wp-content\/uploads\/2017\/01\/Rote_Raketen.jpg 537w\" sizes=\"(max-width: 473px) 100vw, 473px\" \/><\/div><\/div><figcaption class='av-inner-masonry-content site-background'><div class='av-inner-masonry-content-pos'><div class='av-inner-masonry-content-pos-content'><div class='avia-arrow'><\/div><h3 class='av-masonry-entry-title entry-title '  itemprop=\"headline\" >Rote Kometen<\/h3><\/div><\/div><\/figcaption><\/figure><\/a><!--end av-masonry entry--><a href=\"https:\/\/kunst-und-kampf.de\/WordPress_02\/portfolio-item\/barrikade-am-kotti-1920-2011\/\"  id='av-masonry-1-item-3902' data-av-masonry-item='3902' class='av-masonry-entry isotope-item post-3902 portfolio type-portfolio status-publish has-post-thumbnail hentry portfolio_entries-gemaelde all_sort gemaelde_sort  av-masonry-item-with-image' title=\"gemaelde_kapp-kotti\"   itemscope=\"itemscope\" itemtype=\"https:\/\/schema.org\/CreativeWork\" ><div class='av-inner-masonry-sizer'><\/div><figure class='av-inner-masonry main_color'><div class=\"av-masonry-outerimage-container\"><div class='av-masonry-image-container'  ><img decoding=\"async\" width=\"705\" height=\"568\" fetchpriority=\"high\" class=\"wp-image-3553 avia-img-lazy-loading-not-3553\"  src=\"https:\/\/kunst-und-kampf.de\/wp-content\/uploads\/2016\/10\/Gemaelde_Kapp-kotti-705x568.jpg\" title=\"gemaelde_kapp-kotti\" alt=\"\" srcset=\"https:\/\/kunst-und-kampf.de\/wp-content\/uploads\/2016\/10\/Gemaelde_Kapp-kotti-705x568.jpg 705w, https:\/\/kunst-und-kampf.de\/wp-content\/uploads\/2016\/10\/Gemaelde_Kapp-kotti-300x242.jpg 300w, https:\/\/kunst-und-kampf.de\/wp-content\/uploads\/2016\/10\/Gemaelde_Kapp-kotti-768x619.jpg 768w, https:\/\/kunst-und-kampf.de\/wp-content\/uploads\/2016\/10\/Gemaelde_Kapp-kotti-495x400.jpg 495w, https:\/\/kunst-und-kampf.de\/wp-content\/uploads\/2016\/10\/Gemaelde_Kapp-kotti-450x363.jpg 450w, https:\/\/kunst-und-kampf.de\/wp-content\/uploads\/2016\/10\/Gemaelde_Kapp-kotti.jpg 1200w\" sizes=\"(max-width: 705px) 100vw, 705px\" \/><\/div><\/div><figcaption class='av-inner-masonry-content site-background'><div class='av-inner-masonry-content-pos'><div class='av-inner-masonry-content-pos-content'><div class='avia-arrow'><\/div><h3 class='av-masonry-entry-title entry-title '  itemprop=\"headline\" >Barrikade am Kotti 1920<\/h3><\/div><\/div><\/figcaption><\/figure><\/a><!--end av-masonry entry--><a href=\"https:\/\/kunst-und-kampf.de\/WordPress_02\/portfolio-item\/1-mai-kreuzberg-2009\/\"  id='av-masonry-1-item-3904' data-av-masonry-item='3904' class='av-masonry-entry isotope-item post-3904 portfolio type-portfolio status-publish has-post-thumbnail hentry portfolio_entries-artwork all_sort artwork_sort  av-masonry-item-with-image' title=\"schwarzer_block\"   itemscope=\"itemscope\" itemtype=\"https:\/\/schema.org\/CreativeWork\" ><div class='av-inner-masonry-sizer'><\/div><figure class='av-inner-masonry main_color'><div class=\"av-masonry-outerimage-container\"><div class='av-masonry-image-container'  ><img decoding=\"async\" width=\"705\" height=\"586\" fetchpriority=\"high\" class=\"wp-image-3892 avia-img-lazy-loading-not-3892\"  src=\"https:\/\/kunst-und-kampf.de\/wp-content\/uploads\/2016\/11\/schwarzer_Block-705x586.jpg\" title=\"schwarzer_block\" alt=\"\" srcset=\"https:\/\/kunst-und-kampf.de\/wp-content\/uploads\/2016\/11\/schwarzer_Block-705x586.jpg 705w, https:\/\/kunst-und-kampf.de\/wp-content\/uploads\/2016\/11\/schwarzer_Block-300x250.jpg 300w, https:\/\/kunst-und-kampf.de\/wp-content\/uploads\/2016\/11\/schwarzer_Block-768x639.jpg 768w, https:\/\/kunst-und-kampf.de\/wp-content\/uploads\/2016\/11\/schwarzer_Block-450x374.jpg 450w, https:\/\/kunst-und-kampf.de\/wp-content\/uploads\/2016\/11\/schwarzer_Block.jpg 1200w\" sizes=\"(max-width: 705px) 100vw, 705px\" \/><\/div><\/div><figcaption class='av-inner-masonry-content site-background'><div class='av-inner-masonry-content-pos'><div class='av-inner-masonry-content-pos-content'><div class='avia-arrow'><\/div><h3 class='av-masonry-entry-title entry-title '  itemprop=\"headline\" >1. Mai Kreuzberg 2009<\/h3><\/div><\/div><\/figcaption><\/figure><\/a><!--end av-masonry entry--><a href=\"https:\/\/kunst-und-kampf.de\/WordPress_02\/portfolio-item\/befreiung\/\"  id='av-masonry-1-item-3906' data-av-masonry-item='3906' class='av-masonry-entry isotope-item post-3906 portfolio type-portfolio status-publish has-post-thumbnail hentry portfolio_entries-gemaelde all_sort gemaelde_sort  av-masonry-item-with-image' title=\"gemaelde_befreiung\"   itemscope=\"itemscope\" itemtype=\"https:\/\/schema.org\/CreativeWork\" ><div class='av-inner-masonry-sizer'><\/div><figure class='av-inner-masonry main_color'><div class=\"av-masonry-outerimage-container\"><div class='av-masonry-image-container'  ><img decoding=\"async\" width=\"513\" height=\"705\" fetchpriority=\"high\" class=\"wp-image-3883 avia-img-lazy-loading-not-3883\"  src=\"https:\/\/kunst-und-kampf.de\/wp-content\/uploads\/2016\/11\/Gemaelde_Befreiung-513x705.jpg\" title=\"gemaelde_befreiung\" alt=\"\" srcset=\"https:\/\/kunst-und-kampf.de\/wp-content\/uploads\/2016\/11\/Gemaelde_Befreiung-513x705.jpg 513w, https:\/\/kunst-und-kampf.de\/wp-content\/uploads\/2016\/11\/Gemaelde_Befreiung-218x300.jpg 218w, https:\/\/kunst-und-kampf.de\/wp-content\/uploads\/2016\/11\/Gemaelde_Befreiung-450x619.jpg 450w, https:\/\/kunst-und-kampf.de\/wp-content\/uploads\/2016\/11\/Gemaelde_Befreiung.jpg 582w\" sizes=\"(max-width: 513px) 100vw, 513px\" \/><\/div><\/div><figcaption class='av-inner-masonry-content site-background'><div class='av-inner-masonry-content-pos'><div class='av-inner-masonry-content-pos-content'><div class='avia-arrow'><\/div><h3 class='av-masonry-entry-title entry-title '  itemprop=\"headline\" >Befreiung!?<\/h3><\/div><\/div><\/figcaption><\/figure><\/a><!--end av-masonry entry--><a href=\"https:\/\/kunst-und-kampf.de\/WordPress_02\/portfolio-item\/perspektive-freiheit\/\"  id='av-masonry-1-item-3930' data-av-masonry-item='3930' class='av-masonry-entry isotope-item post-3930 portfolio type-portfolio status-publish has-post-thumbnail hentry portfolio_entries-gemaelde all_sort gemaelde_sort  av-masonry-item-with-image' title=\"Perspektive Freiheit\"   itemscope=\"itemscope\" itemtype=\"https:\/\/schema.org\/CreativeWork\" ><div class='av-inner-masonry-sizer'><\/div><figure class='av-inner-masonry main_color'><div class=\"av-masonry-outerimage-container\"><div class='av-masonry-image-container'  ><img decoding=\"async\" width=\"705\" height=\"527\" fetchpriority=\"high\" class=\"wp-image-3889 avia-img-lazy-loading-not-3889\"  src=\"https:\/\/kunst-und-kampf.de\/wp-content\/uploads\/2016\/11\/Perspektive-705x527.jpg\" title=\"Perspektive Freiheit\" alt=\"\" srcset=\"https:\/\/kunst-und-kampf.de\/wp-content\/uploads\/2016\/11\/Perspektive-705x527.jpg 705w, https:\/\/kunst-und-kampf.de\/wp-content\/uploads\/2016\/11\/Perspektive-300x224.jpg 300w, https:\/\/kunst-und-kampf.de\/wp-content\/uploads\/2016\/11\/Perspektive-768x574.jpg 768w, https:\/\/kunst-und-kampf.de\/wp-content\/uploads\/2016\/11\/Perspektive-450x336.jpg 450w, https:\/\/kunst-und-kampf.de\/wp-content\/uploads\/2016\/11\/Perspektive.jpg 1200w\" sizes=\"(max-width: 705px) 100vw, 705px\" \/><\/div><\/div><figcaption class='av-inner-masonry-content site-background'><div class='av-inner-masonry-content-pos'><div class='av-inner-masonry-content-pos-content'><div class='avia-arrow'><\/div><h3 class='av-masonry-entry-title entry-title '  itemprop=\"headline\" >Perspektive Freiheit<\/h3><\/div><\/div><\/figcaption><\/figure><\/a><!--end av-masonry entry--><a href=\"https:\/\/kunst-und-kampf.de\/WordPress_02\/portfolio-item\/strassenkaempfer\/\"  id='av-masonry-1-item-3879' data-av-masonry-item='3879' class='av-masonry-entry isotope-item post-3879 portfolio type-portfolio status-publish has-post-thumbnail hentry portfolio_entries-artwork all_sort artwork_sort  av-masonry-item-with-image' title=\"werfer_nolli\"   itemscope=\"itemscope\" itemtype=\"https:\/\/schema.org\/CreativeWork\" ><div class='av-inner-masonry-sizer'><\/div><figure class='av-inner-masonry main_color'><div class=\"av-masonry-outerimage-container\"><div class='av-masonry-image-container'  ><img decoding=\"async\" width=\"705\" height=\"513\" fetchpriority=\"high\" class=\"wp-image-3893 avia-img-lazy-loading-not-3893\"  src=\"https:\/\/kunst-und-kampf.de\/wp-content\/uploads\/2016\/11\/Werfer_Nolli-705x513.jpg\" title=\"werfer_nolli\" alt=\"\" srcset=\"https:\/\/kunst-und-kampf.de\/wp-content\/uploads\/2016\/11\/Werfer_Nolli-705x513.jpg 705w, https:\/\/kunst-und-kampf.de\/wp-content\/uploads\/2016\/11\/Werfer_Nolli-300x218.jpg 300w, https:\/\/kunst-und-kampf.de\/wp-content\/uploads\/2016\/11\/Werfer_Nolli-768x559.jpg 768w, https:\/\/kunst-und-kampf.de\/wp-content\/uploads\/2016\/11\/Werfer_Nolli-450x327.jpg 450w, https:\/\/kunst-und-kampf.de\/wp-content\/uploads\/2016\/11\/Werfer_Nolli.jpg 1200w\" sizes=\"(max-width: 705px) 100vw, 705px\" \/><\/div><\/div><figcaption class='av-inner-masonry-content site-background'><div class='av-inner-masonry-content-pos'><div class='av-inner-masonry-content-pos-content'><div class='avia-arrow'><\/div><h3 class='av-masonry-entry-title entry-title '  itemprop=\"headline\" >Stra\u00dfenk\u00e4mpfer<\/h3><\/div><\/div><\/figcaption><\/figure><\/a><!--end av-masonry entry--><\/div><div class='av-masonry-pagination av-masonry-pagination-pagination'><nav class='pagination'><span class='pagination-meta'>Seite 1 von 2<\/span><span class='current'>1<\/span><a href='https:\/\/kunst-und-kampf.de\/WordPress_02\/wp-json\/wp\/v2\/pages\/3469\/?avia-element-paging=2' class='inactive next_page' >2<\/a><\/nav>\n<\/div><\/div><\/div>\n","protected":false},"excerpt":{"rendered":"","protected":false},"author":1,"featured_media":0,"parent":0,"menu_order":0,"comment_status":"closed","ping_status":"closed","template":"","meta":{"footnotes":""},"class_list":["post-3469","page","type-page","status-publish","hentry"],"_links":{"self":[{"href":"https:\/\/kunst-und-kampf.de\/WordPress_02\/wp-json\/wp\/v2\/pages\/3469","targetHints":{"allow":["GET"]}}],"collection":[{"href":"https:\/\/kunst-und-kampf.de\/WordPress_02\/wp-json\/wp\/v2\/pages"}],"about":[{"href":"https:\/\/kunst-und-kampf.de\/WordPress_02\/wp-json\/wp\/v2\/types\/page"}],"author":[{"embeddable":true,"href":"https:\/\/kunst-und-kampf.de\/WordPress_02\/wp-json\/wp\/v2\/users\/1"}],"replies":[{"embeddable":true,"href":"https:\/\/kunst-und-kampf.de\/WordPress_02\/wp-json\/wp\/v2\/comments?post=3469"}],"version-history":[{"count":9,"href":"https:\/\/kunst-und-kampf.de\/WordPress_02\/wp-json\/wp\/v2\/pages\/3469\/revisions"}],"predecessor-version":[{"id":7571,"href":"https:\/\/kunst-und-kampf.de\/WordPress_02\/wp-json\/wp\/v2\/pages\/3469\/revisions\/7571"}],"wp:attachment":[{"href":"https:\/\/kunst-und-kampf.de\/WordPress_02\/wp-json\/wp\/v2\/media?parent=3469"}],"curies":[{"name":"wp","href":"https:\/\/api.w.org\/{rel}","templated":true}]}}