{"id":4356,"date":"2017-01-22T13:39:25","date_gmt":"2017-01-22T13:39:25","guid":{"rendered":"http:\/\/kunst-und-kampf.de\/WordPress_02\/?page_id=4356"},"modified":"2017-01-22T15:46:23","modified_gmt":"2017-01-22T15:46:23","slug":"veranstaltungsthemen","status":"publish","type":"page","link":"https:\/\/kunst-und-kampf.de\/WordPress_02\/veranstaltungen\/veranstaltungsthemen\/","title":{"rendered":"Veranstaltungsthemen"},"content":{"rendered":"\n<style type=\"text\/css\" data-created_by=\"avia_inline_auto\" id=\"style-css-av-av_one_full-6126cab7d8fab8d08143dd2dacdf673c\">\n.flex_column.av-av_one_full-6126cab7d8fab8d08143dd2dacdf673c{\nborder-radius:0px 0px 0px 0px;\npadding:0px 0px 0px 0px;\n}\n<\/style>\n<div  class='flex_column av-av_one_full-6126cab7d8fab8d08143dd2dacdf673c av_one_full  avia-builder-el-0  el_before_av_one_half  avia-builder-el-first  first flex_column_div av-zero-column-padding  '     ><section  class='av_textblock_section av-av_textblock-0366cc7376be6c9e82a3e9cc8987b64f '   itemscope=\"itemscope\" itemtype=\"https:\/\/schema.org\/CreativeWork\" ><div class='avia_textblock'  itemprop=\"text\" ><h2>Veranstaltungen und Rundg\u00e4nge mit Bernd Langer<\/h2>\n<p>Zu folgenden Themen biete ich Rundg\u00e4nge und Vortr\u00e4ge an. H\u00f6he des Referentengeldes und Fahrtkosten auf Anfrage.<br \/>\nIch arbeite multimedial, daher ben\u00f6tige ich vor Ort Beamer, Leinwand und eine Anlage bzw. Boxen. Bei Bedarf kann ich gern eine Vorlage f\u00fcr einen Flyer\/Plakat zur Verf\u00fcgung stellen, um den Druck m\u00fcsstet ihr euch selber k\u00fcmmern.<\/p>\n<\/div><\/section><br \/>\n<div  class='avia-button-wrap av-av_button-9670faa6368e4f935029a4c2850e4041-wrap avia-button-left  avia-builder-el-2  el_after_av_textblock  avia-builder-el-last '><a href='https:\/\/kunst-und-kampf.de\/WordPress_02\/contact\/anfrage\/'  class='avia-button av-av_button-9670faa6368e4f935029a4c2850e4041 av-link-btn avia-icon_select-yes-left-icon avia-size-medium avia-position-left avia-color-theme-color'   aria-label=\"Veranstaltungen \/ Rundg\u00e4nge anfragen\"><span class='avia_button_icon avia_button_icon_left avia-iconfont avia-font-entypo-fontello' data-av_icon='\ue875' data-av_iconfont='entypo-fontello' ><\/span><span class='avia_iconbox_title' >Veranstaltungen \/ Rundg\u00e4nge anfragen<\/span><\/a><\/div><\/p><\/div>\n<style type=\"text\/css\" data-created_by=\"avia_inline_auto\" id=\"style-css-av-av_one_half-6126cab7d8fab8d08143dd2dacdf673c\">\n.flex_column.av-av_one_half-6126cab7d8fab8d08143dd2dacdf673c{\nborder-radius:0px 0px 0px 0px;\npadding:0px 0px 0px 0px;\n}\n<\/style>\n<div  class='flex_column av-av_one_half-6126cab7d8fab8d08143dd2dacdf673c av_one_half  avia-builder-el-3  el_after_av_one_full  el_before_av_one_half  first flex_column_div av-zero-column-padding  column-top-margin'     ><section  class='av_textblock_section av-av_textblock-0366cc7376be6c9e82a3e9cc8987b64f '   itemscope=\"itemscope\" itemtype=\"https:\/\/schema.org\/CreativeWork\" ><div class='avia_textblock'  itemprop=\"text\" ><h2>Vortr\u00e4ge<\/h2>\n<\/div><\/section><br \/>\n<div  class='hr av-av_hr-dcd2069817a0e3d34ae04cad8f3443c7 hr-default  avia-builder-el-5  el_after_av_textblock  el_before_av_blog '><span class='hr-inner '><span class=\"hr-inner-style\"><\/span><\/span><\/div><br \/>\n<div  class='av-alb-blogposts template-blog  av-blog-meta-author-disabled av-blog-meta-comments-disabled av-blog-meta-category-disabled av-blog-meta-date-disabled av-blog-meta-html-info-disabled av-blog-meta-tag-disabled '  itemscope=\"itemscope\" itemtype=\"https:\/\/schema.org\/Blog\" ><article class=\"post-entry post-entry-type-standard post-entry-4403 post-loop-1 post-parity-odd single-big  post-4403 post type-post status-publish format-standard hentry category-vortrag\"  itemscope=\"itemscope\" itemtype=\"https:\/\/schema.org\/BlogPosting\" ><div class=\"blog-meta\"><\/div><div class='entry-content-wrapper clearfix standard-content'><header class=\"entry-content-header\" aria-label=\"Post: Kunst und Kampf\"><h2 class='post-title entry-title '  itemprop=\"headline\" ><a href=\"https:\/\/kunst-und-kampf.de\/WordPress_02\/kunst-und-kampf\/\" rel=\"bookmark\" title=\"Permanenter Link zu: Kunst und Kampf\">Kunst und Kampf<span class=\"post-format-icon minor-meta\"><\/span><\/a><\/h2><span class=\"post-meta-infos\"><\/span><\/header><div class=\"entry-content\"  itemprop=\"text\" ><p>In den 1980er Jahren wird Kunst und Kampf (KuK) mit der Gestaltung von Plakaten in der autonomen Bewegung bekannt. Das Projekt verfolgt einen kollektiven Ansatz, der \u2028jedoch immer auch individuelle Z\u00fcge tr\u00e4gt. Hunderte Plakate entstanden, daneben Gem\u00e4lde und Agit-Prop-Aktionen. Bernd Langer, Protagonist dieser Idee, legt nun eine Gesamtbetrachtung von fast 40 Jahren antifaschistischer Kunst in [&hellip;]<\/p>\n<div class=\"read-more-link\"><a href=\"https:\/\/kunst-und-kampf.de\/WordPress_02\/kunst-und-kampf\/\" class=\"more-link\">Weiterlesen<span class='more-link-arrow avia-svg-icon avia-font-svg_entypo-fontello' data-av_svg_icon='right-open-big' data-av_iconset='svg_entypo-fontello'><svg version=\"1.1\" xmlns=\"http:\/\/www.w3.org\/2000\/svg\" width=\"15\" height=\"32\" viewBox=\"0 0 15 32\" preserveAspectRatio=\"xMidYMid meet\" role=\"graphics-symbol\" aria-hidden=\"true\">\n<path d=\"M0.416 27.84l11.456-11.84-11.456-11.904q-0.832-0.832 0-1.536 0.832-0.832 1.536 0l12.544 12.608q0.768 0.832 0 1.6l-12.544 12.608q-0.704 0.832-1.536 0-0.832-0.704 0-1.536z\"><\/path>\n<\/svg><\/span><\/a><\/div>\n<\/div><footer class=\"entry-footer\"><\/footer><div class='post_delimiter'><\/div><\/div><div class=\"post_author_timeline\"><\/div><span class='hidden'>\n\t\t\t\t<span class='av-structured-data'  itemprop=\"image\" itemscope=\"itemscope\" itemtype=\"https:\/\/schema.org\/ImageObject\" >\n\t\t\t\t\t\t<span itemprop='url'>https:\/\/kunst-und-kampf.de\/wp-content\/uploads\/2016\/10\/Logo_KUK.png<\/span>\n\t\t\t\t\t\t<span itemprop='height'>0<\/span>\n\t\t\t\t\t\t<span itemprop='width'>0<\/span>\n\t\t\t\t<\/span>\n\t\t\t\t<span class='av-structured-data'  itemprop=\"publisher\" itemtype=\"https:\/\/schema.org\/Organization\" itemscope=\"itemscope\" >\n\t\t\t\t\t\t<span itemprop='name'>Berlin<\/span>\n\t\t\t\t\t\t<span itemprop='logo' itemscope itemtype='https:\/\/schema.org\/ImageObject'>\n\t\t\t\t\t\t\t<span itemprop='url'>https:\/\/kunst-und-kampf.de\/wp-content\/uploads\/2016\/10\/Logo_KUK.png<\/span>\n\t\t\t\t\t\t<\/span>\n\t\t\t\t<\/span><span class='av-structured-data'  itemprop=\"author\" itemscope=\"itemscope\" itemtype=\"https:\/\/schema.org\/Person\" ><span itemprop='name'>Berlin<\/span><\/span><span class='av-structured-data'  itemprop=\"datePublished\" datetime=\"2017-01-22T14:53:11+00:00\" >2017-01-22 14:53:11<\/span><span class='av-structured-data'  itemprop=\"dateModified\" itemtype=\"https:\/\/schema.org\/dateModified\" >2019-03-01 22:27:34<\/span><span class='av-structured-data'  itemprop=\"mainEntityOfPage\" itemtype=\"https:\/\/schema.org\/mainEntityOfPage\" ><span itemprop='name'>Kunst und Kampf<\/span><\/span><\/span><\/article><article class=\"post-entry post-entry-type-standard post-entry-4371 post-loop-2 post-parity-even single-big  post-4371 post type-post status-publish format-standard hentry category-vortrag\"  itemscope=\"itemscope\" itemtype=\"https:\/\/schema.org\/BlogPosting\" ><div class=\"blog-meta\"><\/div><div class='entry-content-wrapper clearfix standard-content'><header class=\"entry-content-header\" aria-label=\"Post: Offensiv, autonom, militant \u2013 wie die Antifa entstand\"><h2 class='post-title entry-title '  itemprop=\"headline\" ><a href=\"https:\/\/kunst-und-kampf.de\/WordPress_02\/offensiv-autonom-militant-wie-die-antifa-entstand\/\" rel=\"bookmark\" title=\"Permanenter Link zu: Offensiv, autonom, militant \u2013 wie die Antifa entstand\">Offensiv, autonom, militant \u2013 wie die Antifa entstand<span class=\"post-format-icon minor-meta\"><\/span><\/a><\/h2><span class=\"post-meta-infos\"><\/span><\/header><div class=\"entry-content\"  itemprop=\"text\" ><p>\u201eSchwerste Krawalle in Frankfurt\u201c titelten die Medien nach dem 17. Juni 1978. Militante hatten aus einer Antifa-Demonstration Polizeiabsperrungen vor dem Rathaus angegriffen, um das NPD-\u201eDeutschlandtreffen\u201c zu verhindern. 1979 und 1980 folgten die \u201eRock gegen Rechts\u201c-Konzerte mit mehr als 40 000 Menschen. Die NPD gab ihr Treffen danach auf. In der BRD entstand zu dieser Zeit [&hellip;]<\/p>\n<div class=\"read-more-link\"><a href=\"https:\/\/kunst-und-kampf.de\/WordPress_02\/offensiv-autonom-militant-wie-die-antifa-entstand\/\" class=\"more-link\">Weiterlesen<span class='more-link-arrow avia-svg-icon avia-font-svg_entypo-fontello' data-av_svg_icon='right-open-big' data-av_iconset='svg_entypo-fontello'><svg version=\"1.1\" xmlns=\"http:\/\/www.w3.org\/2000\/svg\" width=\"15\" height=\"32\" viewBox=\"0 0 15 32\" preserveAspectRatio=\"xMidYMid meet\" role=\"graphics-symbol\" aria-hidden=\"true\">\n<path d=\"M0.416 27.84l11.456-11.84-11.456-11.904q-0.832-0.832 0-1.536 0.832-0.832 1.536 0l12.544 12.608q0.768 0.832 0 1.6l-12.544 12.608q-0.704 0.832-1.536 0-0.832-0.704 0-1.536z\"><\/path>\n<\/svg><\/span><\/a><\/div>\n<\/div><footer class=\"entry-footer\"><\/footer><div class='post_delimiter'><\/div><\/div><div class=\"post_author_timeline\"><\/div><span class='hidden'>\n\t\t\t\t<span class='av-structured-data'  itemprop=\"image\" itemscope=\"itemscope\" itemtype=\"https:\/\/schema.org\/ImageObject\" >\n\t\t\t\t\t\t<span itemprop='url'>https:\/\/kunst-und-kampf.de\/wp-content\/uploads\/2016\/10\/Logo_KUK.png<\/span>\n\t\t\t\t\t\t<span itemprop='height'>0<\/span>\n\t\t\t\t\t\t<span itemprop='width'>0<\/span>\n\t\t\t\t<\/span>\n\t\t\t\t<span class='av-structured-data'  itemprop=\"publisher\" itemtype=\"https:\/\/schema.org\/Organization\" itemscope=\"itemscope\" >\n\t\t\t\t\t\t<span itemprop='name'>Berlin<\/span>\n\t\t\t\t\t\t<span itemprop='logo' itemscope itemtype='https:\/\/schema.org\/ImageObject'>\n\t\t\t\t\t\t\t<span itemprop='url'>https:\/\/kunst-und-kampf.de\/wp-content\/uploads\/2016\/10\/Logo_KUK.png<\/span>\n\t\t\t\t\t\t<\/span>\n\t\t\t\t<\/span><span class='av-structured-data'  itemprop=\"author\" itemscope=\"itemscope\" itemtype=\"https:\/\/schema.org\/Person\" ><span itemprop='name'>Berlin<\/span><\/span><span class='av-structured-data'  itemprop=\"datePublished\" datetime=\"2017-01-21T15:30:29+00:00\" >2017-01-21 15:30:29<\/span><span class='av-structured-data'  itemprop=\"dateModified\" itemtype=\"https:\/\/schema.org\/dateModified\" >2019-03-01 22:27:34<\/span><span class='av-structured-data'  itemprop=\"mainEntityOfPage\" itemtype=\"https:\/\/schema.org\/mainEntityOfPage\" ><span itemprop='name'>Offensiv, autonom, militant \u2013 wie die Antifa entstand<\/span><\/span><\/span><\/article><article class=\"post-entry post-entry-type-standard post-entry-4431 post-loop-3 post-parity-odd single-big  post-4431 post type-post status-publish format-standard hentry category-vortrag\"  itemscope=\"itemscope\" itemtype=\"https:\/\/schema.org\/BlogPosting\" ><div class=\"blog-meta\"><\/div><div class='entry-content-wrapper clearfix standard-content'><header class=\"entry-content-header\" aria-label=\"Post: Hamburger Aufstand \u2013 Realit\u00e4t und Mythos\"><h2 class='post-title entry-title '  itemprop=\"headline\" ><a href=\"https:\/\/kunst-und-kampf.de\/WordPress_02\/hamburger-aufstand-realitaet-und-mythos\/\" rel=\"bookmark\" title=\"Permanenter Link zu: Hamburger Aufstand \u2013 Realit\u00e4t und Mythos\">Hamburger Aufstand \u2013 Realit\u00e4t und Mythos<span class=\"post-format-icon minor-meta\"><\/span><\/a><\/h2><span class=\"post-meta-infos\"><\/span><\/header><div class=\"entry-content\"  itemprop=\"text\" ><p>Im Herbst 1923 schien das politische System in Deutschland am Ende. Die Wirtschaft lag am Boden, durch eine Hyperinflation waren viele Menschen um ihre Existenz gebracht. Die Folgen waren Demonstrationen, Streiks und Hungerkrawalle. F\u00fchrende Bolschewiki in Moskau glaubten, die Stunde der Revolution sei gekommen. Eine milit\u00e4rische Konfrontation, von der KPD gef\u00fchrt und mit Ausgangspunkt Sachsen, [&hellip;]<\/p>\n<div class=\"read-more-link\"><a href=\"https:\/\/kunst-und-kampf.de\/WordPress_02\/hamburger-aufstand-realitaet-und-mythos\/\" class=\"more-link\">Weiterlesen<span class='more-link-arrow avia-svg-icon avia-font-svg_entypo-fontello' data-av_svg_icon='right-open-big' data-av_iconset='svg_entypo-fontello'><svg version=\"1.1\" xmlns=\"http:\/\/www.w3.org\/2000\/svg\" width=\"15\" height=\"32\" viewBox=\"0 0 15 32\" preserveAspectRatio=\"xMidYMid meet\" role=\"graphics-symbol\" aria-hidden=\"true\">\n<path d=\"M0.416 27.84l11.456-11.84-11.456-11.904q-0.832-0.832 0-1.536 0.832-0.832 1.536 0l12.544 12.608q0.768 0.832 0 1.6l-12.544 12.608q-0.704 0.832-1.536 0-0.832-0.704 0-1.536z\"><\/path>\n<\/svg><\/span><\/a><\/div>\n<\/div><footer class=\"entry-footer\"><\/footer><div class='post_delimiter'><\/div><\/div><div class=\"post_author_timeline\"><\/div><span class='hidden'>\n\t\t\t\t<span class='av-structured-data'  itemprop=\"image\" itemscope=\"itemscope\" itemtype=\"https:\/\/schema.org\/ImageObject\" >\n\t\t\t\t\t\t<span itemprop='url'>https:\/\/kunst-und-kampf.de\/wp-content\/uploads\/2016\/10\/Logo_KUK.png<\/span>\n\t\t\t\t\t\t<span itemprop='height'>0<\/span>\n\t\t\t\t\t\t<span itemprop='width'>0<\/span>\n\t\t\t\t<\/span>\n\t\t\t\t<span class='av-structured-data'  itemprop=\"publisher\" itemtype=\"https:\/\/schema.org\/Organization\" itemscope=\"itemscope\" >\n\t\t\t\t\t\t<span itemprop='name'>Bernd Langer<\/span>\n\t\t\t\t\t\t<span itemprop='logo' itemscope itemtype='https:\/\/schema.org\/ImageObject'>\n\t\t\t\t\t\t\t<span itemprop='url'>https:\/\/kunst-und-kampf.de\/wp-content\/uploads\/2016\/10\/Logo_KUK.png<\/span>\n\t\t\t\t\t\t<\/span>\n\t\t\t\t<\/span><span class='av-structured-data'  itemprop=\"author\" itemscope=\"itemscope\" itemtype=\"https:\/\/schema.org\/Person\" ><span itemprop='name'>Bernd Langer<\/span><\/span><span class='av-structured-data'  itemprop=\"datePublished\" datetime=\"2017-01-21T14:45:53+00:00\" >2017-01-21 14:45:53<\/span><span class='av-structured-data'  itemprop=\"dateModified\" itemtype=\"https:\/\/schema.org\/dateModified\" >2019-03-01 22:27:34<\/span><span class='av-structured-data'  itemprop=\"mainEntityOfPage\" itemtype=\"https:\/\/schema.org\/mainEntityOfPage\" ><span itemprop='name'>Hamburger Aufstand \u2013 Realit\u00e4t und Mythos<\/span><\/span><\/span><\/article><article class=\"post-entry post-entry-type-standard post-entry-4428 post-loop-4 post-parity-even single-big  post-4428 post type-post status-publish format-standard hentry category-vortrag\"  itemscope=\"itemscope\" itemtype=\"https:\/\/schema.org\/BlogPosting\" ><div class=\"blog-meta\"><\/div><div class='entry-content-wrapper clearfix standard-content'><header class=\"entry-content-header\" aria-label=\"Post: M\u00e4rzk\u00e4mpfe in Th\u00fcringen 1920\"><h2 class='post-title entry-title '  itemprop=\"headline\" ><a href=\"https:\/\/kunst-und-kampf.de\/WordPress_02\/maerzkaempfe-in-thueringen-1920\/\" rel=\"bookmark\" title=\"Permanenter Link zu: M\u00e4rzk\u00e4mpfe in Th\u00fcringen 1920\">M\u00e4rzk\u00e4mpfe in Th\u00fcringen 1920<span class=\"post-format-icon minor-meta\"><\/span><\/a><\/h2><span class=\"post-meta-infos\"><\/span><\/header><div class=\"entry-content\"  itemprop=\"text\" ><p>Am 9. November 1918 st\u00fcrzte eine allgemeine Volkserhebung die Monarchie im Deutschen Reich und beendete damit den I. Weltkrieg. Doch die ausgerufene Republik ging den revolution\u00e4ren Linken nicht weit genug. Sie wollten eine sozialistische R\u00e4terepublik durchsetzen. Bereits 1919 kam es zu Eins\u00e4tzen von Freikorps gegen diese Bestrebungen. Ihren letzten H\u00f6hepunkt fand die Entwicklung mit den [&hellip;]<\/p>\n<div class=\"read-more-link\"><a href=\"https:\/\/kunst-und-kampf.de\/WordPress_02\/maerzkaempfe-in-thueringen-1920\/\" class=\"more-link\">Weiterlesen<span class='more-link-arrow avia-svg-icon avia-font-svg_entypo-fontello' data-av_svg_icon='right-open-big' data-av_iconset='svg_entypo-fontello'><svg version=\"1.1\" xmlns=\"http:\/\/www.w3.org\/2000\/svg\" width=\"15\" height=\"32\" viewBox=\"0 0 15 32\" preserveAspectRatio=\"xMidYMid meet\" role=\"graphics-symbol\" aria-hidden=\"true\">\n<path d=\"M0.416 27.84l11.456-11.84-11.456-11.904q-0.832-0.832 0-1.536 0.832-0.832 1.536 0l12.544 12.608q0.768 0.832 0 1.6l-12.544 12.608q-0.704 0.832-1.536 0-0.832-0.704 0-1.536z\"><\/path>\n<\/svg><\/span><\/a><\/div>\n<\/div><footer class=\"entry-footer\"><\/footer><div class='post_delimiter'><\/div><\/div><div class=\"post_author_timeline\"><\/div><span class='hidden'>\n\t\t\t\t<span class='av-structured-data'  itemprop=\"image\" itemscope=\"itemscope\" itemtype=\"https:\/\/schema.org\/ImageObject\" >\n\t\t\t\t\t\t<span itemprop='url'>https:\/\/kunst-und-kampf.de\/wp-content\/uploads\/2016\/10\/Logo_KUK.png<\/span>\n\t\t\t\t\t\t<span itemprop='height'>0<\/span>\n\t\t\t\t\t\t<span itemprop='width'>0<\/span>\n\t\t\t\t<\/span>\n\t\t\t\t<span class='av-structured-data'  itemprop=\"publisher\" itemtype=\"https:\/\/schema.org\/Organization\" itemscope=\"itemscope\" >\n\t\t\t\t\t\t<span itemprop='name'>Bernd Langer<\/span>\n\t\t\t\t\t\t<span itemprop='logo' itemscope itemtype='https:\/\/schema.org\/ImageObject'>\n\t\t\t\t\t\t\t<span itemprop='url'>https:\/\/kunst-und-kampf.de\/wp-content\/uploads\/2016\/10\/Logo_KUK.png<\/span>\n\t\t\t\t\t\t<\/span>\n\t\t\t\t<\/span><span class='av-structured-data'  itemprop=\"author\" itemscope=\"itemscope\" itemtype=\"https:\/\/schema.org\/Person\" ><span itemprop='name'>Bernd Langer<\/span><\/span><span class='av-structured-data'  itemprop=\"datePublished\" datetime=\"2017-01-21T14:41:46+00:00\" >2017-01-21 14:41:46<\/span><span class='av-structured-data'  itemprop=\"dateModified\" itemtype=\"https:\/\/schema.org\/dateModified\" >2019-03-01 22:27:34<\/span><span class='av-structured-data'  itemprop=\"mainEntityOfPage\" itemtype=\"https:\/\/schema.org\/mainEntityOfPage\" ><span itemprop='name'>M\u00e4rzk\u00e4mpfe in Th\u00fcringen 1920<\/span><\/span><\/span><\/article><article class=\"post-entry post-entry-type-standard post-entry-4417 post-loop-5 post-parity-odd single-big  post-4417 post type-post status-publish format-standard hentry category-vortrag\"  itemscope=\"itemscope\" itemtype=\"https:\/\/schema.org\/BlogPosting\" ><div class=\"blog-meta\"><\/div><div class='entry-content-wrapper clearfix standard-content'><header class=\"entry-content-header\" aria-label=\"Post: Es gilt die Tat! \u2013 Der Mitteldeutsche Aufstand\"><h2 class='post-title entry-title '  itemprop=\"headline\" ><a href=\"https:\/\/kunst-und-kampf.de\/WordPress_02\/es-gilt-die-tat-der-mitteldeutsche-aufstand\/\" rel=\"bookmark\" title=\"Permanenter Link zu: Es gilt die Tat! \u2013 Der Mitteldeutsche Aufstand\">Es gilt die Tat! \u2013 Der Mitteldeutsche Aufstand<span class=\"post-format-icon minor-meta\"><\/span><\/a><\/h2><span class=\"post-meta-infos\"><\/span><\/header><div class=\"entry-content\"  itemprop=\"text\" ><p>Im M\u00e4rz 1921 kam es im Industriegebiet um Halle\/Merseburg und dem Mansfelder Land (heute Sachsen-Anhalt mit angrenzenden Gebieten Th\u00fcringens und Sachsens) zum letzten gro\u00dfen bewaffneten Aufstand in Deutschland. In der DDR galt dieses Ereignis als bedeutende historische Tat, freilich nur in der sehr eigenwilligen Interpretation der SED. Heute hingegen kommt der Aufstand in der Geschichtsschreibung [&hellip;]<\/p>\n<div class=\"read-more-link\"><a href=\"https:\/\/kunst-und-kampf.de\/WordPress_02\/es-gilt-die-tat-der-mitteldeutsche-aufstand\/\" class=\"more-link\">Weiterlesen<span class='more-link-arrow avia-svg-icon avia-font-svg_entypo-fontello' data-av_svg_icon='right-open-big' data-av_iconset='svg_entypo-fontello'><svg version=\"1.1\" xmlns=\"http:\/\/www.w3.org\/2000\/svg\" width=\"15\" height=\"32\" viewBox=\"0 0 15 32\" preserveAspectRatio=\"xMidYMid meet\" role=\"graphics-symbol\" aria-hidden=\"true\">\n<path d=\"M0.416 27.84l11.456-11.84-11.456-11.904q-0.832-0.832 0-1.536 0.832-0.832 1.536 0l12.544 12.608q0.768 0.832 0 1.6l-12.544 12.608q-0.704 0.832-1.536 0-0.832-0.704 0-1.536z\"><\/path>\n<\/svg><\/span><\/a><\/div>\n<\/div><footer class=\"entry-footer\"><\/footer><div class='post_delimiter'><\/div><\/div><div class=\"post_author_timeline\"><\/div><span class='hidden'>\n\t\t\t\t<span class='av-structured-data'  itemprop=\"image\" itemscope=\"itemscope\" itemtype=\"https:\/\/schema.org\/ImageObject\" >\n\t\t\t\t\t\t<span itemprop='url'>https:\/\/kunst-und-kampf.de\/wp-content\/uploads\/2016\/10\/Logo_KUK.png<\/span>\n\t\t\t\t\t\t<span itemprop='height'>0<\/span>\n\t\t\t\t\t\t<span itemprop='width'>0<\/span>\n\t\t\t\t<\/span>\n\t\t\t\t<span class='av-structured-data'  itemprop=\"publisher\" itemtype=\"https:\/\/schema.org\/Organization\" itemscope=\"itemscope\" >\n\t\t\t\t\t\t<span itemprop='name'>Bernd Langer<\/span>\n\t\t\t\t\t\t<span itemprop='logo' itemscope itemtype='https:\/\/schema.org\/ImageObject'>\n\t\t\t\t\t\t\t<span itemprop='url'>https:\/\/kunst-und-kampf.de\/wp-content\/uploads\/2016\/10\/Logo_KUK.png<\/span>\n\t\t\t\t\t\t<\/span>\n\t\t\t\t<\/span><span class='av-structured-data'  itemprop=\"author\" itemscope=\"itemscope\" itemtype=\"https:\/\/schema.org\/Person\" ><span itemprop='name'>Bernd Langer<\/span><\/span><span class='av-structured-data'  itemprop=\"datePublished\" datetime=\"2017-01-21T14:40:59+00:00\" >2017-01-21 14:40:59<\/span><span class='av-structured-data'  itemprop=\"dateModified\" itemtype=\"https:\/\/schema.org\/dateModified\" >2019-03-01 22:27:35<\/span><span class='av-structured-data'  itemprop=\"mainEntityOfPage\" itemtype=\"https:\/\/schema.org\/mainEntityOfPage\" ><span itemprop='name'>Es gilt die Tat! \u2013 Der Mitteldeutsche Aufstand<\/span><\/span><\/span><\/article><article class=\"post-entry post-entry-type-standard post-entry-4412 post-loop-6 post-parity-even single-big  post-4412 post type-post status-publish format-standard hentry category-vortrag\"  itemscope=\"itemscope\" itemtype=\"https:\/\/schema.org\/BlogPosting\" ><div class=\"blog-meta\"><\/div><div class='entry-content-wrapper clearfix standard-content'><header class=\"entry-content-header\" aria-label=\"Post: Die Revolution ist keine Partei! Ultraradikale Str\u00f6mungen 1918 \u2013 1923 in Deutschland\"><h2 class='post-title entry-title '  itemprop=\"headline\" ><a href=\"https:\/\/kunst-und-kampf.de\/WordPress_02\/die-revolution-ist-keine-partei-ultraradikale-stroemungen-1918-1923-in-deutschland\/\" rel=\"bookmark\" title=\"Permanenter Link zu: Die Revolution ist keine Partei! Ultraradikale Str\u00f6mungen 1918 \u2013 1923 in Deutschland\">Die Revolution ist keine Partei! Ultraradikale Str\u00f6mungen 1918 \u2013 1923 in Deutschland<span class=\"post-format-icon minor-meta\"><\/span><\/a><\/h2><span class=\"post-meta-infos\"><\/span><\/header><div class=\"entry-content\"  itemprop=\"text\" ><p>W\u00e4hrend des I. Weltkrieges radikalisierten sich im Deutschen Reich politische Fraktionen aus der sozialdemokratischen Bewegung gegen den Krieg. Von Bedeutung war dabei auch der Machtantritt der Bolschewiki im Herbst 1917 in Russland, mit dem die Fackel der Weltrevolution entz\u00fcndet schien. Als dann im November 1918 eine spontane Volkserhebung in Deutschland, die Monarchie hinweggefegte und den [&hellip;]<\/p>\n<div class=\"read-more-link\"><a href=\"https:\/\/kunst-und-kampf.de\/WordPress_02\/die-revolution-ist-keine-partei-ultraradikale-stroemungen-1918-1923-in-deutschland\/\" class=\"more-link\">Weiterlesen<span class='more-link-arrow avia-svg-icon avia-font-svg_entypo-fontello' data-av_svg_icon='right-open-big' data-av_iconset='svg_entypo-fontello'><svg version=\"1.1\" xmlns=\"http:\/\/www.w3.org\/2000\/svg\" width=\"15\" height=\"32\" viewBox=\"0 0 15 32\" preserveAspectRatio=\"xMidYMid meet\" role=\"graphics-symbol\" aria-hidden=\"true\">\n<path d=\"M0.416 27.84l11.456-11.84-11.456-11.904q-0.832-0.832 0-1.536 0.832-0.832 1.536 0l12.544 12.608q0.768 0.832 0 1.6l-12.544 12.608q-0.704 0.832-1.536 0-0.832-0.704 0-1.536z\"><\/path>\n<\/svg><\/span><\/a><\/div>\n<\/div><footer class=\"entry-footer\"><\/footer><div class='post_delimiter'><\/div><\/div><div class=\"post_author_timeline\"><\/div><span class='hidden'>\n\t\t\t\t<span class='av-structured-data'  itemprop=\"image\" itemscope=\"itemscope\" itemtype=\"https:\/\/schema.org\/ImageObject\" >\n\t\t\t\t\t\t<span itemprop='url'>https:\/\/kunst-und-kampf.de\/wp-content\/uploads\/2016\/10\/Logo_KUK.png<\/span>\n\t\t\t\t\t\t<span itemprop='height'>0<\/span>\n\t\t\t\t\t\t<span itemprop='width'>0<\/span>\n\t\t\t\t<\/span>\n\t\t\t\t<span class='av-structured-data'  itemprop=\"publisher\" itemtype=\"https:\/\/schema.org\/Organization\" itemscope=\"itemscope\" >\n\t\t\t\t\t\t<span itemprop='name'>Bernd Langer<\/span>\n\t\t\t\t\t\t<span itemprop='logo' itemscope itemtype='https:\/\/schema.org\/ImageObject'>\n\t\t\t\t\t\t\t<span itemprop='url'>https:\/\/kunst-und-kampf.de\/wp-content\/uploads\/2016\/10\/Logo_KUK.png<\/span>\n\t\t\t\t\t\t<\/span>\n\t\t\t\t<\/span><span class='av-structured-data'  itemprop=\"author\" itemscope=\"itemscope\" itemtype=\"https:\/\/schema.org\/Person\" ><span itemprop='name'>Bernd Langer<\/span><\/span><span class='av-structured-data'  itemprop=\"datePublished\" datetime=\"2017-01-21T14:39:27+00:00\" >2017-01-21 14:39:27<\/span><span class='av-structured-data'  itemprop=\"dateModified\" itemtype=\"https:\/\/schema.org\/dateModified\" >2019-03-01 22:27:35<\/span><span class='av-structured-data'  itemprop=\"mainEntityOfPage\" itemtype=\"https:\/\/schema.org\/mainEntityOfPage\" ><span itemprop='name'>Die Revolution ist keine Partei! Ultraradikale Str\u00f6mungen 1918 \u2013 1923 in Deutschland<\/span><\/span><\/span><\/article><article class=\"post-entry post-entry-type-standard post-entry-4409 post-loop-7 post-parity-odd single-big  post-4409 post type-post status-publish format-standard hentry category-vortrag\"  itemscope=\"itemscope\" itemtype=\"https:\/\/schema.org\/BlogPosting\" ><div class=\"blog-meta\"><\/div><div class='entry-content-wrapper clearfix standard-content'><header class=\"entry-content-header\" aria-label=\"Post: Die roten Matrosen \u2013 Hintergr\u00fcnde und Personen\"><h2 class='post-title entry-title '  itemprop=\"headline\" ><a href=\"https:\/\/kunst-und-kampf.de\/WordPress_02\/die-roten-matrosen-hintergruende-und-personen\/\" rel=\"bookmark\" title=\"Permanenter Link zu: Die roten Matrosen \u2013 Hintergr\u00fcnde und Personen\">Die roten Matrosen \u2013 Hintergr\u00fcnde und Personen<span class=\"post-format-icon minor-meta\"><\/span><\/a><\/h2><span class=\"post-meta-infos\"><\/span><\/header><div class=\"entry-content\"  itemprop=\"text\" ><p>Die Novemberrevolution 1918 begann mit einer Matrosenrevolte am 4. November in Kiel und breitete sich als spontane Volksbewegung \u00fcber das Land aus. Endlich wurde am 9. November in Berlin die Republik verk\u00fcndet und der l\u00e4ngst verlorene I. Weltkrieg wenige Tage sp\u00e4ter beendet. \u201eRote Matrosen\u201c traten vielerorts als bewaffnete H\u00fcter der neuen Ordnung in Erscheinung. In [&hellip;]<\/p>\n<div class=\"read-more-link\"><a href=\"https:\/\/kunst-und-kampf.de\/WordPress_02\/die-roten-matrosen-hintergruende-und-personen\/\" class=\"more-link\">Weiterlesen<span class='more-link-arrow avia-svg-icon avia-font-svg_entypo-fontello' data-av_svg_icon='right-open-big' data-av_iconset='svg_entypo-fontello'><svg version=\"1.1\" xmlns=\"http:\/\/www.w3.org\/2000\/svg\" width=\"15\" height=\"32\" viewBox=\"0 0 15 32\" preserveAspectRatio=\"xMidYMid meet\" role=\"graphics-symbol\" aria-hidden=\"true\">\n<path d=\"M0.416 27.84l11.456-11.84-11.456-11.904q-0.832-0.832 0-1.536 0.832-0.832 1.536 0l12.544 12.608q0.768 0.832 0 1.6l-12.544 12.608q-0.704 0.832-1.536 0-0.832-0.704 0-1.536z\"><\/path>\n<\/svg><\/span><\/a><\/div>\n<\/div><footer class=\"entry-footer\"><\/footer><div class='post_delimiter'><\/div><\/div><div class=\"post_author_timeline\"><\/div><span class='hidden'>\n\t\t\t\t<span class='av-structured-data'  itemprop=\"image\" itemscope=\"itemscope\" itemtype=\"https:\/\/schema.org\/ImageObject\" >\n\t\t\t\t\t\t<span itemprop='url'>https:\/\/kunst-und-kampf.de\/wp-content\/uploads\/2016\/10\/Logo_KUK.png<\/span>\n\t\t\t\t\t\t<span itemprop='height'>0<\/span>\n\t\t\t\t\t\t<span itemprop='width'>0<\/span>\n\t\t\t\t<\/span>\n\t\t\t\t<span class='av-structured-data'  itemprop=\"publisher\" itemtype=\"https:\/\/schema.org\/Organization\" itemscope=\"itemscope\" >\n\t\t\t\t\t\t<span itemprop='name'>Bernd Langer<\/span>\n\t\t\t\t\t\t<span itemprop='logo' itemscope itemtype='https:\/\/schema.org\/ImageObject'>\n\t\t\t\t\t\t\t<span itemprop='url'>https:\/\/kunst-und-kampf.de\/wp-content\/uploads\/2016\/10\/Logo_KUK.png<\/span>\n\t\t\t\t\t\t<\/span>\n\t\t\t\t<\/span><span class='av-structured-data'  itemprop=\"author\" itemscope=\"itemscope\" itemtype=\"https:\/\/schema.org\/Person\" ><span itemprop='name'>Bernd Langer<\/span><\/span><span class='av-structured-data'  itemprop=\"datePublished\" datetime=\"2017-01-21T14:36:55+00:00\" >2017-01-21 14:36:55<\/span><span class='av-structured-data'  itemprop=\"dateModified\" itemtype=\"https:\/\/schema.org\/dateModified\" >2019-03-01 22:27:35<\/span><span class='av-structured-data'  itemprop=\"mainEntityOfPage\" itemtype=\"https:\/\/schema.org\/mainEntityOfPage\" ><span itemprop='name'>Die roten Matrosen \u2013 Hintergr\u00fcnde und Personen<\/span><\/span><\/span><\/article><article class=\"post-entry post-entry-type-standard post-entry-4406 post-loop-8 post-parity-even single-big  post-4406 post type-post status-publish format-standard hentry category-vortrag\"  itemscope=\"itemscope\" itemtype=\"https:\/\/schema.org\/BlogPosting\" ><div class=\"blog-meta\"><\/div><div class='entry-content-wrapper clearfix standard-content'><header class=\"entry-content-header\" aria-label=\"Post: Wie Hitler an die Macht kam \u2013 und sein Ende\"><h2 class='post-title entry-title '  itemprop=\"headline\" ><a href=\"https:\/\/kunst-und-kampf.de\/WordPress_02\/wie-hitler-an-die-macht-kam-und-sein-ende\/\" rel=\"bookmark\" title=\"Permanenter Link zu: Wie Hitler an die Macht kam \u2013 und sein Ende\">Wie Hitler an die Macht kam \u2013 und sein Ende<span class=\"post-format-icon minor-meta\"><\/span><\/a><\/h2><span class=\"post-meta-infos\"><\/span><\/header><div class=\"entry-content\"  itemprop=\"text\" ><p>Hitlers Aufstieg vollzog sich nicht \u00fcber Nacht. Es war ein Prozess, der bereits 1930 begann. Eine entscheidende Rolle spielte dabei der Reichstagsbrand am Abend des 27. Februar 1933. Er f\u00fchrte in direkter Folge zum \u201eTag von Potsdam\u201c und der Verabschiedung der Erm\u00e4chtigungsgesetze im M\u00e4rz 1933. Aber wie konnte es \u00fcberhaupt soweit kommen? War es eine [&hellip;]<\/p>\n<div class=\"read-more-link\"><a href=\"https:\/\/kunst-und-kampf.de\/WordPress_02\/wie-hitler-an-die-macht-kam-und-sein-ende\/\" class=\"more-link\">Weiterlesen<span class='more-link-arrow avia-svg-icon avia-font-svg_entypo-fontello' data-av_svg_icon='right-open-big' data-av_iconset='svg_entypo-fontello'><svg version=\"1.1\" xmlns=\"http:\/\/www.w3.org\/2000\/svg\" width=\"15\" height=\"32\" viewBox=\"0 0 15 32\" preserveAspectRatio=\"xMidYMid meet\" role=\"graphics-symbol\" aria-hidden=\"true\">\n<path d=\"M0.416 27.84l11.456-11.84-11.456-11.904q-0.832-0.832 0-1.536 0.832-0.832 1.536 0l12.544 12.608q0.768 0.832 0 1.6l-12.544 12.608q-0.704 0.832-1.536 0-0.832-0.704 0-1.536z\"><\/path>\n<\/svg><\/span><\/a><\/div>\n<\/div><footer class=\"entry-footer\"><\/footer><div class='post_delimiter'><\/div><\/div><div class=\"post_author_timeline\"><\/div><span class='hidden'>\n\t\t\t\t<span class='av-structured-data'  itemprop=\"image\" itemscope=\"itemscope\" itemtype=\"https:\/\/schema.org\/ImageObject\" >\n\t\t\t\t\t\t<span itemprop='url'>https:\/\/kunst-und-kampf.de\/wp-content\/uploads\/2016\/10\/Logo_KUK.png<\/span>\n\t\t\t\t\t\t<span itemprop='height'>0<\/span>\n\t\t\t\t\t\t<span itemprop='width'>0<\/span>\n\t\t\t\t<\/span>\n\t\t\t\t<span class='av-structured-data'  itemprop=\"publisher\" itemtype=\"https:\/\/schema.org\/Organization\" itemscope=\"itemscope\" >\n\t\t\t\t\t\t<span itemprop='name'>Bernd Langer<\/span>\n\t\t\t\t\t\t<span itemprop='logo' itemscope itemtype='https:\/\/schema.org\/ImageObject'>\n\t\t\t\t\t\t\t<span itemprop='url'>https:\/\/kunst-und-kampf.de\/wp-content\/uploads\/2016\/10\/Logo_KUK.png<\/span>\n\t\t\t\t\t\t<\/span>\n\t\t\t\t<\/span><span class='av-structured-data'  itemprop=\"author\" itemscope=\"itemscope\" itemtype=\"https:\/\/schema.org\/Person\" ><span itemprop='name'>Bernd Langer<\/span><\/span><span class='av-structured-data'  itemprop=\"datePublished\" datetime=\"2017-01-21T14:34:50+00:00\" >2017-01-21 14:34:50<\/span><span class='av-structured-data'  itemprop=\"dateModified\" itemtype=\"https:\/\/schema.org\/dateModified\" >2019-03-01 22:27:35<\/span><span class='av-structured-data'  itemprop=\"mainEntityOfPage\" itemtype=\"https:\/\/schema.org\/mainEntityOfPage\" ><span itemprop='name'>Wie Hitler an die Macht kam \u2013 und sein Ende<\/span><\/span><\/span><\/article><article class=\"post-entry post-entry-type-standard post-entry-4434 post-loop-9 post-parity-odd post-entry-last single-big  post-4434 post type-post status-publish format-standard hentry category-vortrag\"  itemscope=\"itemscope\" itemtype=\"https:\/\/schema.org\/BlogPosting\" ><div class=\"blog-meta\"><\/div><div class='entry-content-wrapper clearfix standard-content'><header class=\"entry-content-header\" aria-label=\"Post: Ein schmaler Grat \u2013 Widerstand im KZ Buchenwald\"><h2 class='post-title entry-title '  itemprop=\"headline\" ><a href=\"https:\/\/kunst-und-kampf.de\/WordPress_02\/ein-schmaler-grat-widerstand-im-kz-buchenwald\/\" rel=\"bookmark\" title=\"Permanenter Link zu: Ein schmaler Grat \u2013 Widerstand im KZ Buchenwald\">Ein schmaler Grat \u2013 Widerstand im KZ Buchenwald<span class=\"post-format-icon minor-meta\"><\/span><\/a><\/h2><span class=\"post-meta-infos\"><\/span><\/header><div class=\"entry-content\"  itemprop=\"text\" ><p>\u201eHaben wir alles richtig gemacht?\u201c ist der Titel eines Zeitzeugen-Interviews, bei dem es um Widerstandsgruppe im Krankenrevier des KZ Buchenwald ging. Im Mittelpunkt standen dabei Karl Peix und Walter Kr\u00e4mer \u2013 beide wurden 1941 ermordet. Insbesondere Kr\u00e4mer war in der DDR als \u201eArzt von\u00a0 Buchenwald\u201c popul\u00e4r, im Roman \u201eNackt unter W\u00f6lfen\u201c setzte ihm Bruno Apitz [&hellip;]<\/p>\n<div class=\"read-more-link\"><a href=\"https:\/\/kunst-und-kampf.de\/WordPress_02\/ein-schmaler-grat-widerstand-im-kz-buchenwald\/\" class=\"more-link\">Weiterlesen<span class='more-link-arrow avia-svg-icon avia-font-svg_entypo-fontello' data-av_svg_icon='right-open-big' data-av_iconset='svg_entypo-fontello'><svg version=\"1.1\" xmlns=\"http:\/\/www.w3.org\/2000\/svg\" width=\"15\" height=\"32\" viewBox=\"0 0 15 32\" preserveAspectRatio=\"xMidYMid meet\" role=\"graphics-symbol\" aria-hidden=\"true\">\n<path d=\"M0.416 27.84l11.456-11.84-11.456-11.904q-0.832-0.832 0-1.536 0.832-0.832 1.536 0l12.544 12.608q0.768 0.832 0 1.6l-12.544 12.608q-0.704 0.832-1.536 0-0.832-0.704 0-1.536z\"><\/path>\n<\/svg><\/span><\/a><\/div>\n<\/div><footer class=\"entry-footer\"><\/footer><div class='post_delimiter'><\/div><\/div><div class=\"post_author_timeline\"><\/div><span class='hidden'>\n\t\t\t\t<span class='av-structured-data'  itemprop=\"image\" itemscope=\"itemscope\" itemtype=\"https:\/\/schema.org\/ImageObject\" >\n\t\t\t\t\t\t<span itemprop='url'>https:\/\/kunst-und-kampf.de\/wp-content\/uploads\/2016\/10\/Logo_KUK.png<\/span>\n\t\t\t\t\t\t<span itemprop='height'>0<\/span>\n\t\t\t\t\t\t<span itemprop='width'>0<\/span>\n\t\t\t\t<\/span>\n\t\t\t\t<span class='av-structured-data'  itemprop=\"publisher\" itemtype=\"https:\/\/schema.org\/Organization\" itemscope=\"itemscope\" >\n\t\t\t\t\t\t<span itemprop='name'>Bernd Langer<\/span>\n\t\t\t\t\t\t<span itemprop='logo' itemscope itemtype='https:\/\/schema.org\/ImageObject'>\n\t\t\t\t\t\t\t<span itemprop='url'>https:\/\/kunst-und-kampf.de\/wp-content\/uploads\/2016\/10\/Logo_KUK.png<\/span>\n\t\t\t\t\t\t<\/span>\n\t\t\t\t<\/span><span class='av-structured-data'  itemprop=\"author\" itemscope=\"itemscope\" itemtype=\"https:\/\/schema.org\/Person\" ><span itemprop='name'>Bernd Langer<\/span><\/span><span class='av-structured-data'  itemprop=\"datePublished\" datetime=\"2017-01-19T14:48:21+00:00\" >2017-01-19 14:48:21<\/span><span class='av-structured-data'  itemprop=\"dateModified\" itemtype=\"https:\/\/schema.org\/dateModified\" >2019-03-01 22:27:35<\/span><span class='av-structured-data'  itemprop=\"mainEntityOfPage\" itemtype=\"https:\/\/schema.org\/mainEntityOfPage\" ><span itemprop='name'>Ein schmaler Grat \u2013 Widerstand im KZ Buchenwald<\/span><\/span><\/span><\/article><div class='single-big'><\/div><\/div><\/p><\/div><\/p>\n\n<style type=\"text\/css\" data-created_by=\"avia_inline_auto\" id=\"style-css-av-av_one_half-0aa7055fe62c3622faec82866afbaeb2\">\n.flex_column.av-av_one_half-0aa7055fe62c3622faec82866afbaeb2{\nborder-radius:0px 0px 0px 0px;\npadding:0px 0px 0px 0px;\n}\n<\/style>\n<div  class='flex_column av-av_one_half-0aa7055fe62c3622faec82866afbaeb2 av_one_half flex_column_div av-zero-column-padding  column-top-margin'     ><section  class='av_textblock_section av-av_textblock-0366cc7376be6c9e82a3e9cc8987b64f '   itemscope=\"itemscope\" itemtype=\"https:\/\/schema.org\/BlogPosting\" itemprop=\"blogPost\" ><div class='avia_textblock'  itemprop=\"text\" ><h2>Rundg\u00e4nge<\/h2>\n<\/div><\/section><br \/>\n<div  class='hr av-av_hr-dcd2069817a0e3d34ae04cad8f3443c7 hr-default'><span class='hr-inner '><span class=\"hr-inner-style\"><\/span><\/span><\/div><br \/>\n<div  class='av-alb-blogposts template-blog  av-blog-meta-author-disabled av-blog-meta-comments-disabled av-blog-meta-category-disabled av-blog-meta-date-disabled av-blog-meta-html-info-disabled av-blog-meta-tag-disabled '  itemscope=\"itemscope\" itemtype=\"https:\/\/schema.org\/Blog\" ><article class=\"post-entry post-entry-type-standard post-entry-4389 post-loop-10 post-parity-even single-big  post-4389 post type-post status-publish format-standard hentry category-rundgang\"  itemscope=\"itemscope\" itemtype=\"https:\/\/schema.org\/BlogPosting\" ><div class=\"blog-meta\"><\/div><div class='entry-content-wrapper clearfix standard-content'><header class=\"entry-content-header\" aria-label=\"Post: Schaupl\u00e4tze der Revolution 1918\/19 in Berlin\"><h2 class='post-title entry-title '  itemprop=\"headline\" ><a href=\"https:\/\/kunst-und-kampf.de\/WordPress_02\/schauplaetze-der-revolution-191819-in-berlin\/\" rel=\"bookmark\" title=\"Permanenter Link zu: Schaupl\u00e4tze der Revolution 1918\/19 in Berlin\">Schaupl\u00e4tze der Revolution 1918\/19 in Berlin<span class=\"post-format-icon minor-meta\"><\/span><\/a><\/h2><span class=\"post-meta-infos\"><\/span><\/header><div class=\"entry-content\"  itemprop=\"text\" ><p>Am 9. November 1918 fegte die Spontanit\u00e4t der Massen die alte Welt hinweg. Eine allgemeine Emp\u00f6rung gegen den I. Weltkrieg, gegen monarchistische und kapitalistische Herrschaft brach sich Bahn. Mit der Gr\u00fcndung der Sowjetunion schien zudem die Fackel der Weltrevolution entfacht! Es kam zu blutigen B\u00fcrgerkriegsk\u00e4mpfen, die sich nicht zuletzt in Berlin abspielten. An den authentischen [&hellip;]<\/p>\n<div class=\"read-more-link\"><a href=\"https:\/\/kunst-und-kampf.de\/WordPress_02\/schauplaetze-der-revolution-191819-in-berlin\/\" class=\"more-link\">Weiterlesen<span class='more-link-arrow avia-svg-icon avia-font-svg_entypo-fontello' data-av_svg_icon='right-open-big' data-av_iconset='svg_entypo-fontello'><svg version=\"1.1\" xmlns=\"http:\/\/www.w3.org\/2000\/svg\" width=\"15\" height=\"32\" viewBox=\"0 0 15 32\" preserveAspectRatio=\"xMidYMid meet\" role=\"graphics-symbol\" aria-hidden=\"true\">\n<path d=\"M0.416 27.84l11.456-11.84-11.456-11.904q-0.832-0.832 0-1.536 0.832-0.832 1.536 0l12.544 12.608q0.768 0.832 0 1.6l-12.544 12.608q-0.704 0.832-1.536 0-0.832-0.704 0-1.536z\"><\/path>\n<\/svg><\/span><\/a><\/div>\n<\/div><footer class=\"entry-footer\"><\/footer><div class='post_delimiter'><\/div><\/div><div class=\"post_author_timeline\"><\/div><span class='hidden'>\n\t\t\t\t<span class='av-structured-data'  itemprop=\"image\" itemscope=\"itemscope\" itemtype=\"https:\/\/schema.org\/ImageObject\" >\n\t\t\t\t\t\t<span itemprop='url'>https:\/\/kunst-und-kampf.de\/wp-content\/uploads\/2016\/10\/Logo_KUK.png<\/span>\n\t\t\t\t\t\t<span itemprop='height'>0<\/span>\n\t\t\t\t\t\t<span itemprop='width'>0<\/span>\n\t\t\t\t<\/span>\n\t\t\t\t<span class='av-structured-data'  itemprop=\"publisher\" itemtype=\"https:\/\/schema.org\/Organization\" itemscope=\"itemscope\" >\n\t\t\t\t\t\t<span itemprop='name'>Berlin<\/span>\n\t\t\t\t\t\t<span itemprop='logo' itemscope itemtype='https:\/\/schema.org\/ImageObject'>\n\t\t\t\t\t\t\t<span itemprop='url'>https:\/\/kunst-und-kampf.de\/wp-content\/uploads\/2016\/10\/Logo_KUK.png<\/span>\n\t\t\t\t\t\t<\/span>\n\t\t\t\t<\/span><span class='av-structured-data'  itemprop=\"author\" itemscope=\"itemscope\" itemtype=\"https:\/\/schema.org\/Person\" ><span itemprop='name'>Berlin<\/span><\/span><span class='av-structured-data'  itemprop=\"datePublished\" datetime=\"2017-01-22T14:17:54+00:00\" >2017-01-22 14:17:54<\/span><span class='av-structured-data'  itemprop=\"dateModified\" itemtype=\"https:\/\/schema.org\/dateModified\" >2019-03-01 22:27:34<\/span><span class='av-structured-data'  itemprop=\"mainEntityOfPage\" itemtype=\"https:\/\/schema.org\/mainEntityOfPage\" ><span itemprop='name'>Schaupl\u00e4tze der Revolution 1918\/19 in Berlin<\/span><\/span><\/span><\/article><article class=\"post-entry post-entry-type-standard post-entry-4362 post-loop-11 post-parity-odd single-big  post-4362 post type-post status-publish format-standard hentry category-rundgang\"  itemscope=\"itemscope\" itemtype=\"https:\/\/schema.org\/BlogPosting\" ><div class=\"blog-meta\"><\/div><div class='entry-content-wrapper clearfix standard-content'><header class=\"entry-content-header\" aria-label=\"Post: Kommunisten, Juden, Kriminelle \u2013 Rundgang Scheunenviertel\"><h2 class='post-title entry-title '  itemprop=\"headline\" ><a href=\"https:\/\/kunst-und-kampf.de\/WordPress_02\/kommunisten-juden-kriminelle-rundgang-scheunenviertel\/\" rel=\"bookmark\" title=\"Permanenter Link zu: Kommunisten, Juden, Kriminelle \u2013 Rundgang Scheunenviertel\">Kommunisten, Juden, Kriminelle \u2013 Rundgang Scheunenviertel<span class=\"post-format-icon minor-meta\"><\/span><\/a><\/h2><span class=\"post-meta-infos\"><\/span><\/header><div class=\"entry-content\"  itemprop=\"text\" ><p>Das Scheunenviertel war Anfang des 20. Jahrhunderts eine der verrufensten Gegenden Berlins. Gepr\u00e4gt von Armut, \u2028Kriminalit\u00e4t und Prostitution, wurde es auch \u201eMulackei\u201c (nach der Mulackstra\u00dfe) genannt. Bekannt war dieser Teil Berlins auch f\u00fcr seine vor allem aus Osteuropa eingewanderten Juden und J\u00fcdinnen. Mit dem angrenzenden alten Garnisonfriedhof, findet sich hier aber ebenfalls ein kulturelles Erbe, [&hellip;]<\/p>\n<div class=\"read-more-link\"><a href=\"https:\/\/kunst-und-kampf.de\/WordPress_02\/kommunisten-juden-kriminelle-rundgang-scheunenviertel\/\" class=\"more-link\">Weiterlesen<span class='more-link-arrow avia-svg-icon avia-font-svg_entypo-fontello' data-av_svg_icon='right-open-big' data-av_iconset='svg_entypo-fontello'><svg version=\"1.1\" xmlns=\"http:\/\/www.w3.org\/2000\/svg\" width=\"15\" height=\"32\" viewBox=\"0 0 15 32\" preserveAspectRatio=\"xMidYMid meet\" role=\"graphics-symbol\" aria-hidden=\"true\">\n<path d=\"M0.416 27.84l11.456-11.84-11.456-11.904q-0.832-0.832 0-1.536 0.832-0.832 1.536 0l12.544 12.608q0.768 0.832 0 1.6l-12.544 12.608q-0.704 0.832-1.536 0-0.832-0.704 0-1.536z\"><\/path>\n<\/svg><\/span><\/a><\/div>\n<\/div><footer class=\"entry-footer\"><\/footer><div class='post_delimiter'><\/div><\/div><div class=\"post_author_timeline\"><\/div><span class='hidden'>\n\t\t\t\t<span class='av-structured-data'  itemprop=\"image\" itemscope=\"itemscope\" itemtype=\"https:\/\/schema.org\/ImageObject\" >\n\t\t\t\t\t\t<span itemprop='url'>https:\/\/kunst-und-kampf.de\/wp-content\/uploads\/2016\/10\/Logo_KUK.png<\/span>\n\t\t\t\t\t\t<span itemprop='height'>0<\/span>\n\t\t\t\t\t\t<span itemprop='width'>0<\/span>\n\t\t\t\t<\/span>\n\t\t\t\t<span class='av-structured-data'  itemprop=\"publisher\" itemtype=\"https:\/\/schema.org\/Organization\" itemscope=\"itemscope\" >\n\t\t\t\t\t\t<span itemprop='name'>Berlin<\/span>\n\t\t\t\t\t\t<span itemprop='logo' itemscope itemtype='https:\/\/schema.org\/ImageObject'>\n\t\t\t\t\t\t\t<span itemprop='url'>https:\/\/kunst-und-kampf.de\/wp-content\/uploads\/2016\/10\/Logo_KUK.png<\/span>\n\t\t\t\t\t\t<\/span>\n\t\t\t\t<\/span><span class='av-structured-data'  itemprop=\"author\" itemscope=\"itemscope\" itemtype=\"https:\/\/schema.org\/Person\" ><span itemprop='name'>Berlin<\/span><\/span><span class='av-structured-data'  itemprop=\"datePublished\" datetime=\"2017-01-22T13:47:17+00:00\" >2017-01-22 13:47:17<\/span><span class='av-structured-data'  itemprop=\"dateModified\" itemtype=\"https:\/\/schema.org\/dateModified\" >2019-03-01 22:27:34<\/span><span class='av-structured-data'  itemprop=\"mainEntityOfPage\" itemtype=\"https:\/\/schema.org\/mainEntityOfPage\" ><span itemprop='name'>Kommunisten, Juden, Kriminelle \u2013 Rundgang Scheunenviertel<\/span><\/span><\/span><\/article><article class=\"post-entry post-entry-type-standard post-entry-4397 post-loop-12 post-parity-even single-big  post-4397 post type-post status-publish format-standard hentry category-rundgang\"  itemscope=\"itemscope\" itemtype=\"https:\/\/schema.org\/BlogPosting\" ><div class=\"blog-meta\"><\/div><div class='entry-content-wrapper clearfix standard-content'><header class=\"entry-content-header\" aria-label=\"Post: 8. Mai 1945 \u2013 Ende, Anfang, Befreiung!?\"><h2 class='post-title entry-title '  itemprop=\"headline\" ><a href=\"https:\/\/kunst-und-kampf.de\/WordPress_02\/8-mai-1945-ende-anfang-befreiung\/\" rel=\"bookmark\" title=\"Permanenter Link zu: 8. Mai 1945 \u2013 Ende, Anfang, Befreiung!?\">8. Mai 1945 \u2013 Ende, Anfang, Befreiung!?<span class=\"post-format-icon minor-meta\"><\/span><\/a><\/h2><span class=\"post-meta-infos\"><\/span><\/header><div class=\"entry-content\"  itemprop=\"text\" ><p>Am 16. April 1945 begann mit dem sowjetischen Angriff auf Berlin die letzte bedeutende Schlacht des II. Weltkrieges in Europa. Symbol diese Ringens wurde der Kampf um den Reichstag. Stalins Ziel war es, am 1. Mai 1945 die Rote Fahne auf dem Geb\u00e4ude wehen zu lassen. W\u00e4hrend Hitler am 30. April und sein Nachfolger Goebbels [&hellip;]<\/p>\n<div class=\"read-more-link\"><a href=\"https:\/\/kunst-und-kampf.de\/WordPress_02\/8-mai-1945-ende-anfang-befreiung\/\" class=\"more-link\">Weiterlesen<span class='more-link-arrow avia-svg-icon avia-font-svg_entypo-fontello' data-av_svg_icon='right-open-big' data-av_iconset='svg_entypo-fontello'><svg version=\"1.1\" xmlns=\"http:\/\/www.w3.org\/2000\/svg\" width=\"15\" height=\"32\" viewBox=\"0 0 15 32\" preserveAspectRatio=\"xMidYMid meet\" role=\"graphics-symbol\" aria-hidden=\"true\">\n<path d=\"M0.416 27.84l11.456-11.84-11.456-11.904q-0.832-0.832 0-1.536 0.832-0.832 1.536 0l12.544 12.608q0.768 0.832 0 1.6l-12.544 12.608q-0.704 0.832-1.536 0-0.832-0.704 0-1.536z\"><\/path>\n<\/svg><\/span><\/a><\/div>\n<\/div><footer class=\"entry-footer\"><\/footer><div class='post_delimiter'><\/div><\/div><div class=\"post_author_timeline\"><\/div><span class='hidden'>\n\t\t\t\t<span class='av-structured-data'  itemprop=\"image\" itemscope=\"itemscope\" itemtype=\"https:\/\/schema.org\/ImageObject\" >\n\t\t\t\t\t\t<span itemprop='url'>https:\/\/kunst-und-kampf.de\/wp-content\/uploads\/2016\/10\/Logo_KUK.png<\/span>\n\t\t\t\t\t\t<span itemprop='height'>0<\/span>\n\t\t\t\t\t\t<span itemprop='width'>0<\/span>\n\t\t\t\t<\/span>\n\t\t\t\t<span class='av-structured-data'  itemprop=\"publisher\" itemtype=\"https:\/\/schema.org\/Organization\" itemscope=\"itemscope\" >\n\t\t\t\t\t\t<span itemprop='name'>Berlin<\/span>\n\t\t\t\t\t\t<span itemprop='logo' itemscope itemtype='https:\/\/schema.org\/ImageObject'>\n\t\t\t\t\t\t\t<span itemprop='url'>https:\/\/kunst-und-kampf.de\/wp-content\/uploads\/2016\/10\/Logo_KUK.png<\/span>\n\t\t\t\t\t\t<\/span>\n\t\t\t\t<\/span><span class='av-structured-data'  itemprop=\"author\" itemscope=\"itemscope\" itemtype=\"https:\/\/schema.org\/Person\" ><span itemprop='name'>Berlin<\/span><\/span><span class='av-structured-data'  itemprop=\"datePublished\" datetime=\"2017-01-21T14:24:02+00:00\" >2017-01-21 14:24:02<\/span><span class='av-structured-data'  itemprop=\"dateModified\" itemtype=\"https:\/\/schema.org\/dateModified\" >2019-03-01 22:27:35<\/span><span class='av-structured-data'  itemprop=\"mainEntityOfPage\" itemtype=\"https:\/\/schema.org\/mainEntityOfPage\" ><span itemprop='name'>8. Mai 1945 \u2013 Ende, Anfang, Befreiung!?<\/span><\/span><\/span><\/article><article class=\"post-entry post-entry-type-standard post-entry-4396 post-loop-13 post-parity-odd single-big  post-4396 post type-post status-publish format-standard hentry category-rundgang\"  itemscope=\"itemscope\" itemtype=\"https:\/\/schema.org\/BlogPosting\" ><div class=\"blog-meta\"><\/div><div class='entry-content-wrapper clearfix standard-content'><header class=\"entry-content-header\" aria-label=\"Post: Rundgang Neuer Garnisonfriedhof\"><h2 class='post-title entry-title '  itemprop=\"headline\" ><a href=\"https:\/\/kunst-und-kampf.de\/WordPress_02\/rundgang-neuer-garnisonfriedhof\/\" rel=\"bookmark\" title=\"Permanenter Link zu: Rundgang Neuer Garnisonfriedhof\">Rundgang Neuer Garnisonfriedhof<span class=\"post-format-icon minor-meta\"><\/span><\/a><\/h2><span class=\"post-meta-infos\"><\/span><\/header><div class=\"entry-content\"  itemprop=\"text\" ><p>50 Jahre nach dem 1813 die Lazarett-Toten der Befreiungskriege gegen Napoleon in einem Massengrab begraben worden waren, legte man am Columbiadamm den Neuen Garnisonfriedhof an. Im Laufe der Zeit entstanden hier viele milit\u00e4rische Ehrenm\u00e4ler, aber auch Ruhest\u00e4tten, welche die politischen Auseinandersetzungen in der Weimarer Zeit dokumentieren. Au\u00dferdem befand sich auf diesem Friedhof eine alte islamische [&hellip;]<\/p>\n<div class=\"read-more-link\"><a href=\"https:\/\/kunst-und-kampf.de\/WordPress_02\/rundgang-neuer-garnisonfriedhof\/\" class=\"more-link\">Weiterlesen<span class='more-link-arrow avia-svg-icon avia-font-svg_entypo-fontello' data-av_svg_icon='right-open-big' data-av_iconset='svg_entypo-fontello'><svg version=\"1.1\" xmlns=\"http:\/\/www.w3.org\/2000\/svg\" width=\"15\" height=\"32\" viewBox=\"0 0 15 32\" preserveAspectRatio=\"xMidYMid meet\" role=\"graphics-symbol\" aria-hidden=\"true\">\n<path d=\"M0.416 27.84l11.456-11.84-11.456-11.904q-0.832-0.832 0-1.536 0.832-0.832 1.536 0l12.544 12.608q0.768 0.832 0 1.6l-12.544 12.608q-0.704 0.832-1.536 0-0.832-0.704 0-1.536z\"><\/path>\n<\/svg><\/span><\/a><\/div>\n<\/div><footer class=\"entry-footer\"><\/footer><div class='post_delimiter'><\/div><\/div><div class=\"post_author_timeline\"><\/div><span class='hidden'>\n\t\t\t\t<span class='av-structured-data'  itemprop=\"image\" itemscope=\"itemscope\" itemtype=\"https:\/\/schema.org\/ImageObject\" >\n\t\t\t\t\t\t<span itemprop='url'>https:\/\/kunst-und-kampf.de\/wp-content\/uploads\/2016\/10\/Logo_KUK.png<\/span>\n\t\t\t\t\t\t<span itemprop='height'>0<\/span>\n\t\t\t\t\t\t<span itemprop='width'>0<\/span>\n\t\t\t\t<\/span>\n\t\t\t\t<span class='av-structured-data'  itemprop=\"publisher\" itemtype=\"https:\/\/schema.org\/Organization\" itemscope=\"itemscope\" >\n\t\t\t\t\t\t<span itemprop='name'>Berlin<\/span>\n\t\t\t\t\t\t<span itemprop='logo' itemscope itemtype='https:\/\/schema.org\/ImageObject'>\n\t\t\t\t\t\t\t<span itemprop='url'>https:\/\/kunst-und-kampf.de\/wp-content\/uploads\/2016\/10\/Logo_KUK.png<\/span>\n\t\t\t\t\t\t<\/span>\n\t\t\t\t<\/span><span class='av-structured-data'  itemprop=\"author\" itemscope=\"itemscope\" itemtype=\"https:\/\/schema.org\/Person\" ><span itemprop='name'>Berlin<\/span><\/span><span class='av-structured-data'  itemprop=\"datePublished\" datetime=\"2017-01-21T14:23:55+00:00\" >2017-01-21 14:23:55<\/span><span class='av-structured-data'  itemprop=\"dateModified\" itemtype=\"https:\/\/schema.org\/dateModified\" >2019-03-01 22:27:35<\/span><span class='av-structured-data'  itemprop=\"mainEntityOfPage\" itemtype=\"https:\/\/schema.org\/mainEntityOfPage\" ><span itemprop='name'>Rundgang Neuer Garnisonfriedhof<\/span><\/span><\/span><\/article><div class='single-big'><\/div><\/div><\/p><\/div>\n","protected":false},"excerpt":{"rendered":"","protected":false},"author":1,"featured_media":0,"parent":3241,"menu_order":0,"comment_status":"closed","ping_status":"closed","template":"","meta":{"footnotes":""},"class_list":["post-4356","page","type-page","status-publish","hentry"],"_links":{"self":[{"href":"https:\/\/kunst-und-kampf.de\/WordPress_02\/wp-json\/wp\/v2\/pages\/4356","targetHints":{"allow":["GET"]}}],"collection":[{"href":"https:\/\/kunst-und-kampf.de\/WordPress_02\/wp-json\/wp\/v2\/pages"}],"about":[{"href":"https:\/\/kunst-und-kampf.de\/WordPress_02\/wp-json\/wp\/v2\/types\/page"}],"author":[{"embeddable":true,"href":"https:\/\/kunst-und-kampf.de\/WordPress_02\/wp-json\/wp\/v2\/users\/1"}],"replies":[{"embeddable":true,"href":"https:\/\/kunst-und-kampf.de\/WordPress_02\/wp-json\/wp\/v2\/comments?post=4356"}],"version-history":[{"count":13,"href":"https:\/\/kunst-und-kampf.de\/WordPress_02\/wp-json\/wp\/v2\/pages\/4356\/revisions"}],"predecessor-version":[{"id":4600,"href":"https:\/\/kunst-und-kampf.de\/WordPress_02\/wp-json\/wp\/v2\/pages\/4356\/revisions\/4600"}],"up":[{"embeddable":true,"href":"https:\/\/kunst-und-kampf.de\/WordPress_02\/wp-json\/wp\/v2\/pages\/3241"}],"wp:attachment":[{"href":"https:\/\/kunst-und-kampf.de\/WordPress_02\/wp-json\/wp\/v2\/media?parent=4356"}],"curies":[{"name":"wp","href":"https:\/\/api.w.org\/{rel}","templated":true}]}}