{"id":5653,"date":"2019-03-01T22:57:49","date_gmt":"2019-03-01T22:57:49","guid":{"rendered":"http:\/\/kunst-und-kampf.de\/WordPress_02\/service-copy\/"},"modified":"2024-05-01T18:12:46","modified_gmt":"2024-05-01T18:12:46","slug":"mediaarchiv","status":"publish","type":"page","link":"https:\/\/kunst-und-kampf.de\/WordPress_02\/mediaarchiv\/","title":{"rendered":"MediaArchiv"},"content":{"rendered":"<section  class='av_textblock_section av-jsqnuznh-cc6fe5605c385665afd1c48e1399a282 '   itemscope=\"itemscope\" itemtype=\"https:\/\/schema.org\/CreativeWork\" ><div class='avia_textblock'  itemprop=\"text\" ><section class=\"av_textblock_section \">\n<div class=\"avia_textblock \">\n<p>In den letzten Jahren sind einige Veranstaltungen von Bernd aufgezeichnet worden. Auch haben wir im Netz die eine oder andere Dokumentation \u00fcber KuK gefunden.<\/p>\n<\/div>\n<\/section>\n<\/div><\/section>\n\n<style type=\"text\/css\" data-created_by=\"avia_inline_auto\" id=\"style-css-av-4ua4k5-a4fb4a6f6e22117b4a27fba14e05b1b6\">\n#top .av-special-heading.av-4ua4k5-a4fb4a6f6e22117b4a27fba14e05b1b6{\npadding-bottom:10px;\n}\nbody .av-special-heading.av-4ua4k5-a4fb4a6f6e22117b4a27fba14e05b1b6 .av-special-heading-tag .heading-char{\nfont-size:25px;\n}\n.av-special-heading.av-4ua4k5-a4fb4a6f6e22117b4a27fba14e05b1b6 .av-subheading{\nfont-size:15px;\n}\n<\/style>\n<div  class='av-special-heading av-4ua4k5-a4fb4a6f6e22117b4a27fba14e05b1b6 av-special-heading-h2  avia-builder-el-1  el_after_av_textblock  el_before_av_one_third '><h2 class='av-special-heading-tag '  itemprop=\"headline\"  >Videos<\/h2><div class=\"special-heading-border\"><div class=\"special-heading-inner-border\"><\/div><\/div><\/div>\n\n<style type=\"text\/css\" data-created_by=\"avia_inline_auto\" id=\"style-css-av-jmw8v7-39a9add0801d4b9eedf7505808e593db\">\n.flex_column.av-jmw8v7-39a9add0801d4b9eedf7505808e593db{\nborder-radius:0px 0px 0px 0px;\npadding:0px 0px 0px 0px;\n}\n<\/style>\n<div  class='flex_column av-jmw8v7-39a9add0801d4b9eedf7505808e593db av_one_third  avia-builder-el-2  el_after_av_heading  el_before_av_one_third  first flex_column_div av-zero-column-padding  '     ><p>\n<style type=\"text\/css\" data-created_by=\"avia_inline_auto\" id=\"style-css-av-jsqnxayx-be7f77a6715071eed0ed99ea65affe57\">\n.avia-video.av-jsqnxayx-be7f77a6715071eed0ed99ea65affe57{\nbackground-image:url(https:\/\/kunst-und-kampf.de\/wp-content\/uploads\/2024\/05\/wisssmann.jpg);\n}\n<\/style>\n<div  class='avia-video av-jsqnxayx-be7f77a6715071eed0ed99ea65affe57 avia-video-16-9 av-html5-fullscreen-btn av-preview-image avia-video-load-always av-lazyload-immediate av-lazyload-video-embed'  itemprop=\"video\" itemtype=\"https:\/\/schema.org\/VideoObject\"  data-original_url='https:\/\/youtu.be\/3BPs9KK285Q?si=CdVZhIiNDCrud-nj'><script type='text\/html' class='av-video-tmpl'><div class='avia-iframe-wrap'><iframe loading=\"lazy\" title=\"Wissmann-Verehrung in Bad Lauterberg - Ein Denkmal in der Kritik\" width=\"1500\" height=\"844\" src=\"https:\/\/www.youtube.com\/embed\/3BPs9KK285Q?feature=oembed&autoplay=0&loop=0&controls=1&mute=0\" frameborder=\"0\" allow=\"accelerometer; autoplay; clipboard-write; encrypted-media; gyroscope; picture-in-picture; web-share\" referrerpolicy=\"strict-origin-when-cross-origin\" allowfullscreen><\/iframe><\/div><\/script><div class='av-click-to-play-overlay'><div class=\"avia_playpause_icon\"><\/div><\/div><\/div><br \/>\n<section  class='av_textblock_section av-jsqnxpp7-843d4dcc5bcfb048b9114b956653af3c '   itemscope=\"itemscope\" itemtype=\"https:\/\/schema.org\/CreativeWork\" ><div class='avia_textblock'  itemprop=\"text\" ><p class=\"style-scope ytd-watch-metadata\">Wissmann-Verehrung in Bad Lauterberg &#8211; Ein Denkmal in der Kritik<\/p>\n<p><span class=\"yt-core-attributed-string yt-core-attributed-string--white-space-pre-wrap\"><span class=\"yt-core-attributed-string--link-inherit-color\">Hermann von Wissmann war weder \u201cgro\u00df\u201d im Sinne von verehrenswert f\u00fcr sein Wirken, noch war er \u201cAfrikaner\u201d, und dennoch steht bis heute seine Statue mit der Aufschrift \u201cdem gro\u00dfen Afrikaner\u201d im Kurpark von Bad Lauterberg. Kolonialromantisierende und -verherrlichende sowie rechtsextreme Kreise nutzten das Denkmal immer wieder zum Gedenken, Versammeln und Vernetzen. Heute stellt sich weiterhin die Frage, wie mit dem kolonialen Erbe in der Kurstadt umgegangen werden soll. Das Video m\u00f6chte daf\u00fcr einen Impuls f\u00fcr eine \u00f6ffentliche Debatte setzen.<\/span><\/span><\/p>\n<\/div><\/section><\/p><\/div>\n\n<style type=\"text\/css\" data-created_by=\"avia_inline_auto\" id=\"style-css-av-5w2alx-dd1931f69a7b95e113b2ab5c1634c232\">\n.flex_column.av-5w2alx-dd1931f69a7b95e113b2ab5c1634c232{\nborder-radius:0px 0px 0px 0px;\npadding:0px 0px 0px 0px;\n}\n<\/style>\n<div  class='flex_column av-5w2alx-dd1931f69a7b95e113b2ab5c1634c232 av_one_third  avia-builder-el-5  el_after_av_one_third  el_before_av_one_third  flex_column_div av-zero-column-padding  '     ><p><div  class='avia-video av-cj2xh-5621af1b6e470ab607998966a3b17e1e avia-video-16-9 av-no-preview-image avia-video-load-always av-lazyload-immediate av-lazyload-video-embed'  itemprop=\"video\" itemtype=\"https:\/\/schema.org\/VideoObject\"  data-original_url='https:\/\/youtu.be\/SWZznFpGpek?feature=shared'><script type='text\/html' class='av-video-tmpl'><div class='avia-iframe-wrap'><iframe loading=\"lazy\" title=\"Interview Bernd Langer 2022\" width=\"1500\" height=\"844\" src=\"https:\/\/www.youtube.com\/embed\/SWZznFpGpek?feature=oembed&autoplay=0&loop=0&controls=1&mute=0\" frameborder=\"0\" allow=\"accelerometer; autoplay; clipboard-write; encrypted-media; gyroscope; picture-in-picture; web-share\" referrerpolicy=\"strict-origin-when-cross-origin\" allowfullscreen><\/iframe><\/div><\/script><div class='av-click-to-play-overlay'><div class=\"avia_playpause_icon\"><\/div><\/div><\/div><br \/>\n<section  class='av_textblock_section av-24lbmd-622c624d2ba682d19dfa55ab9df5a64e '   itemscope=\"itemscope\" itemtype=\"https:\/\/schema.org\/CreativeWork\" ><div class='avia_textblock'  itemprop=\"text\" ><p class=\"style-scope ytd-watch-metadata\">Interview Bernd Langer 2022<\/p>\n<\/div><\/section><\/p><\/div>\n\n<style type=\"text\/css\" data-created_by=\"avia_inline_auto\" id=\"style-css-av-6v2sp1-bbc70c16d041dda37fe138b4b818cb56\">\n.flex_column.av-6v2sp1-bbc70c16d041dda37fe138b4b818cb56{\nborder-radius:0px 0px 0px 0px;\npadding:0px 0px 0px 0px;\n}\n<\/style>\n<div  class='flex_column av-6v2sp1-bbc70c16d041dda37fe138b4b818cb56 av_one_third  avia-builder-el-8  el_after_av_one_third  el_before_av_one_third  flex_column_div av-zero-column-padding  '     ><p><div  class='avia-video av-lvo4bb9x-e09451e028601bf4b45dfb0b925b6e27 avia-video-16-9 av-no-preview-image avia-video-load-always av-lazyload-immediate av-lazyload-video-embed'  itemprop=\"video\" itemtype=\"https:\/\/schema.org\/VideoObject\"  data-original_url='https:\/\/youtu.be\/tUapPBQWfUk?feature=shared'><script type='text\/html' class='av-video-tmpl'><div class='avia-iframe-wrap'><iframe loading=\"lazy\" title=\"Zwei Fahnen im Kreis. Das &quot;Antifa-Logo&quot; &amp; die Geschichte der Antifaschistischen Aktion, Bernd Langer\" width=\"1500\" height=\"844\" src=\"https:\/\/www.youtube.com\/embed\/tUapPBQWfUk?feature=oembed&autoplay=0&loop=0&controls=1&mute=0\" frameborder=\"0\" allow=\"accelerometer; autoplay; clipboard-write; encrypted-media; gyroscope; picture-in-picture; web-share\" referrerpolicy=\"strict-origin-when-cross-origin\" allowfullscreen><\/iframe><\/div><\/script><div class='av-click-to-play-overlay'><div class=\"avia_playpause_icon\"><\/div><\/div><\/div><br \/>\n<section  class='av_textblock_section av-lvo4bphh-b36f9b3bfc2148b0ab2266073c98a100 '   itemscope=\"itemscope\" itemtype=\"https:\/\/schema.org\/CreativeWork\" ><div class='avia_textblock'  itemprop=\"text\" ><p class=\"style-scope ytd-watch-metadata\">Zwei Fahnen im Kreis. Das &#8222;Antifa-Logo&#8220; &amp; die Geschichte der Antifaschistischen Aktion, Bernd Langer<\/p>\n<\/div><\/section><\/p><\/div>\n\n<style type=\"text\/css\" data-created_by=\"avia_inline_auto\" id=\"style-css-av-5bj9o5-3d5e839c5dc1a40f9e06f6a13199b4a9\">\n.flex_column.av-5bj9o5-3d5e839c5dc1a40f9e06f6a13199b4a9{\nborder-radius:0px 0px 0px 0px;\npadding:0px 0px 0px 0px;\n}\n<\/style>\n<div  class='flex_column av-5bj9o5-3d5e839c5dc1a40f9e06f6a13199b4a9 av_one_third  avia-builder-el-11  el_after_av_one_third  el_before_av_one_third  first flex_column_div av-zero-column-padding  column-top-margin'     ><p><div  class='avia-video av-3swbhh-b5960997f6e5f56594e47d34a1e0a304 avia-video-16-9 av-no-preview-image avia-video-load-always av-lazyload-immediate av-lazyload-video-embed'  itemprop=\"video\" itemtype=\"https:\/\/schema.org\/VideoObject\"  data-original_url='https:\/\/youtu.be\/Ripuvm7abpQ'><script type='text\/html' class='av-video-tmpl'><div class='avia-iframe-wrap'><iframe loading=\"lazy\" width=\"1500\" height=\"844\" src=\"https:\/\/www.youtube.com\/embed\/Ripuvm7abpQ?feature=oembed&autoplay=0&loop=0&controls=1&mute=0\" frameborder=\"0\" allow=\"accelerometer; autoplay; encrypted-media; gyroscope; picture-in-picture\" allowfullscreen><\/iframe><\/div><\/script><div class='av-click-to-play-overlay'><div class=\"avia_playpause_icon\"><\/div><\/div><\/div><br \/>\n<section  class='av_textblock_section av-2lrw51-3017711c3ec151689cd78ca18e1de8ed '   itemscope=\"itemscope\" itemtype=\"https:\/\/schema.org\/CreativeWork\" ><div class='avia_textblock'  itemprop=\"text\" ><p>Weil es den Sieg geben soll! \u2013 Ausstellungser\u00f6ffnung \u201eLohnarbeit ist auch keine L\u00f6sung\u201c in der Leihb\u00fccherei Elli Fuchs in Berlin Neuk\u00f6lln November 2011 (Teil 1\/2)<\/p>\n<\/div><\/section><\/p><\/div>\n\n<style type=\"text\/css\" data-created_by=\"avia_inline_auto\" id=\"style-css-av-jmw8v7-45-723d05e770e86f66c87a91e00500af9e\">\n.flex_column.av-jmw8v7-45-723d05e770e86f66c87a91e00500af9e{\nborder-radius:0px 0px 0px 0px;\npadding:0px 0px 0px 0px;\n}\n<\/style>\n<div  class='flex_column av-jmw8v7-45-723d05e770e86f66c87a91e00500af9e av_one_third  avia-builder-el-14  el_after_av_one_third  el_before_av_one_third  flex_column_div av-zero-column-padding  column-top-margin'     ><p><div  class='avia-video av-jsqnxayx-44-f179cb72aa9d239b6ef2d3b29dd9d0c7 avia-video-16-9 av-no-preview-image avia-video-load-always av-lazyload-immediate av-lazyload-video-embed'  itemprop=\"video\" itemtype=\"https:\/\/schema.org\/VideoObject\"  data-original_url='https:\/\/youtu.be\/Ks7sMmc_QBI'><script type='text\/html' class='av-video-tmpl'><div class='avia-iframe-wrap'><iframe loading=\"lazy\" width=\"1500\" height=\"844\" src=\"https:\/\/www.youtube.com\/embed\/Ks7sMmc_QBI?feature=oembed&autoplay=0&loop=0&controls=1&mute=0\" frameborder=\"0\" allow=\"accelerometer; autoplay; encrypted-media; gyroscope; picture-in-picture\" allowfullscreen><\/iframe><\/div><\/script><div class='av-click-to-play-overlay'><div class=\"avia_playpause_icon\"><\/div><\/div><\/div><br \/>\n<section  class='av_textblock_section av-jsqnxpp7-43-367b8cc53ed1c9ec5abfedf620cf443a '   itemscope=\"itemscope\" itemtype=\"https:\/\/schema.org\/CreativeWork\" ><div class='avia_textblock'  itemprop=\"text\" ><section class=\"av_textblock_section \">\n<div class=\"avia_textblock \">\n<p>80 Jahre \u00bbTag von Potsdam\u00ab \u2013\u00a0Faschismus in Deutschland (Agitpropaktion 2013)<\/p>\n<\/div>\n<\/section>\n<\/div><\/section><\/p><\/div>\n\n<style type=\"text\/css\" data-created_by=\"avia_inline_auto\" id=\"style-css-av-jmw8v7-42-deff5e979a900275519ca49fab773456\">\n.flex_column.av-jmw8v7-42-deff5e979a900275519ca49fab773456{\nborder-radius:0px 0px 0px 0px;\npadding:0px 0px 0px 0px;\n}\n<\/style>\n<div  class='flex_column av-jmw8v7-42-deff5e979a900275519ca49fab773456 av_one_third  avia-builder-el-17  el_after_av_one_third  el_before_av_one_third  flex_column_div av-zero-column-padding  column-top-margin'     ><p><div  class='avia-video av-jsqnxayx-41-2f3f12eea607d6b023b1a4697abdad5f avia-video-16-9 av-no-preview-image avia-video-load-always av-lazyload-immediate av-lazyload-video-embed'  itemprop=\"video\" itemtype=\"https:\/\/schema.org\/VideoObject\"  data-original_url='https:\/\/youtu.be\/UV6SxavrD4w'><script type='text\/html' class='av-video-tmpl'><div class='avia-iframe-wrap'><iframe loading=\"lazy\" width=\"1500\" height=\"844\" src=\"https:\/\/www.youtube.com\/embed\/UV6SxavrD4w?feature=oembed&autoplay=0&loop=0&controls=1&mute=0\" frameborder=\"0\" allow=\"accelerometer; autoplay; encrypted-media; gyroscope; picture-in-picture\" allowfullscreen><\/iframe><\/div><\/script><div class='av-click-to-play-overlay'><div class=\"avia_playpause_icon\"><\/div><\/div><\/div><br \/>\n<section  class='av_textblock_section av-jsqnxpp7-40-73eecf8150d1c1e9c987a7d04ff4d38c '   itemscope=\"itemscope\" itemtype=\"https:\/\/schema.org\/CreativeWork\" ><div class='avia_textblock'  itemprop=\"text\" ><section class=\"av_textblock_section \">\n<div class=\"avia_textblock \">\n<p>Es geht immer um Kunst! <span class=\"style_1\">\u2013 <\/span>Ausstellungser\u00f6ffnung \u201eLohnarbeit ist auch keine L\u00f6sung\u201c in der Leihb\u00fccherei Elli Fuchs in Berlin Neuk\u00f6lln November 2011 (Teil\u00a02\/2)<\/p>\n<\/div>\n<\/section>\n<\/div><\/section><\/p><\/div>\n\n<style type=\"text\/css\" data-created_by=\"avia_inline_auto\" id=\"style-css-av-jmw8v7-39-89172d1c93cea0aa5d03d703902fc1c2\">\n.flex_column.av-jmw8v7-39-89172d1c93cea0aa5d03d703902fc1c2{\nborder-radius:0px 0px 0px 0px;\npadding:0px 0px 0px 0px;\n}\n<\/style>\n<div  class='flex_column av-jmw8v7-39-89172d1c93cea0aa5d03d703902fc1c2 av_one_third  avia-builder-el-20  el_after_av_one_third  el_before_av_one_third  first flex_column_div av-zero-column-padding  column-top-margin'     ><p><div  class='avia-video av-jsqnxayx-38-3e0147c27173788978905aa31e3f506a avia-video-16-9 av-no-preview-image avia-video-load-always av-lazyload-immediate av-lazyload-video-embed'  itemprop=\"video\" itemtype=\"https:\/\/schema.org\/VideoObject\"  data-original_url='https:\/\/youtu.be\/2B0mudQL4bw'><script type='text\/html' class='av-video-tmpl'><div class='avia-iframe-wrap'><iframe loading=\"lazy\" width=\"1500\" height=\"844\" src=\"https:\/\/www.youtube.com\/embed\/2B0mudQL4bw?feature=oembed&autoplay=0&loop=0&controls=1&mute=0\" frameborder=\"0\" allow=\"accelerometer; autoplay; encrypted-media; gyroscope; picture-in-picture\" allowfullscreen><\/iframe><\/div><\/script><div class='av-click-to-play-overlay'><div class=\"avia_playpause_icon\"><\/div><\/div><\/div><br \/>\n<section  class='av_textblock_section av-jsqnxpp7-37-0a521ddee1d0fe00d75c9759131af8fd '   itemscope=\"itemscope\" itemtype=\"https:\/\/schema.org\/CreativeWork\" ><div class='avia_textblock'  itemprop=\"text\" ><section class=\"av_textblock_section \">\n<div class=\"avia_textblock \">\n<p>Die Kunst geht weiter \u2013\u00a0Vernissage-Er\u00f6ffnungsrede im Tacheles am 5.\u00a0September 2009<\/p>\n<\/div>\n<\/section>\n<\/div><\/section><\/p><\/div>\n\n<style type=\"text\/css\" data-created_by=\"avia_inline_auto\" id=\"style-css-av-jmw8v7-36-e38cff67e39b07274cae5188935ac034\">\n.flex_column.av-jmw8v7-36-e38cff67e39b07274cae5188935ac034{\nborder-radius:0px 0px 0px 0px;\npadding:0px 0px 0px 0px;\n}\n<\/style>\n<div  class='flex_column av-jmw8v7-36-e38cff67e39b07274cae5188935ac034 av_one_third  avia-builder-el-23  el_after_av_one_third  el_before_av_one_third  flex_column_div av-zero-column-padding  column-top-margin'     ><p><div  class='avia-video av-jsqnxayx-35-139eb670ba7ea6e33c04a9c483cb1521 avia-video-16-9 av-no-preview-image avia-video-load-always av-lazyload-immediate av-lazyload-video-embed'  itemprop=\"video\" itemtype=\"https:\/\/schema.org\/VideoObject\"  data-original_url='https:\/\/youtu.be\/i2QG86aRfnc'><script type='text\/html' class='av-video-tmpl'><div class='avia-iframe-wrap'><iframe loading=\"lazy\" width=\"1500\" height=\"844\" src=\"https:\/\/www.youtube.com\/embed\/i2QG86aRfnc?feature=oembed&autoplay=0&loop=0&controls=1&mute=0\" frameborder=\"0\" allow=\"accelerometer; autoplay; encrypted-media; gyroscope; picture-in-picture\" allowfullscreen><\/iframe><\/div><\/script><div class='av-click-to-play-overlay'><div class=\"avia_playpause_icon\"><\/div><\/div><\/div><br \/>\n<section  class='av_textblock_section av-jsqnxpp7-34-b03b9f7c3fd810f05ad3fd0415b0c200 '   itemscope=\"itemscope\" itemtype=\"https:\/\/schema.org\/CreativeWork\" ><div class='avia_textblock'  itemprop=\"text\" ><section class=\"av_textblock_section \">\n<div class=\"avia_textblock \">\n<p>Revolution\u00e4re 1.-Mai-Demo 2011 in Berlin Neuk\u00f6lln<\/p>\n<\/div>\n<\/section>\n<\/div><\/section><\/p><\/div>\n\n<style type=\"text\/css\" data-created_by=\"avia_inline_auto\" id=\"style-css-av-jmw8v7-33-bbdd572d9d0b54b4a1fdcb55b02dc0a7\">\n.flex_column.av-jmw8v7-33-bbdd572d9d0b54b4a1fdcb55b02dc0a7{\nborder-radius:0px 0px 0px 0px;\npadding:0px 0px 0px 0px;\n}\n<\/style>\n<div  class='flex_column av-jmw8v7-33-bbdd572d9d0b54b4a1fdcb55b02dc0a7 av_one_third  avia-builder-el-26  el_after_av_one_third  el_before_av_one_third  flex_column_div av-zero-column-padding  column-top-margin'     ><p><div  class='avia-video av-jsqnxayx-32-ea6d6afe24479c9403f5f240eb19f256 avia-video-16-9 av-no-preview-image avia-video-load-always av-lazyload-immediate av-lazyload-video-embed'  itemprop=\"video\" itemtype=\"https:\/\/schema.org\/VideoObject\"  data-original_url='https:\/\/youtu.be\/sdyrUynS7Sc'><script type='text\/html' class='av-video-tmpl'><div class='avia-iframe-wrap'><iframe loading=\"lazy\" width=\"1500\" height=\"844\" src=\"https:\/\/www.youtube.com\/embed\/sdyrUynS7Sc?feature=oembed&autoplay=0&loop=0&controls=1&mute=0\" frameborder=\"0\" allow=\"accelerometer; autoplay; encrypted-media; gyroscope; picture-in-picture\" allowfullscreen><\/iframe><\/div><\/script><div class='av-click-to-play-overlay'><div class=\"avia_playpause_icon\"><\/div><\/div><\/div><br \/>\n<section  class='av_textblock_section av-jsqnxpp7-31-db00fe8f62edf475b12388778dd68cf2 '   itemscope=\"itemscope\" itemtype=\"https:\/\/schema.org\/CreativeWork\" ><div class='avia_textblock'  itemprop=\"text\" ><section class=\"av_textblock_section \">\n<div class=\"avia_textblock \">\n<p>Die Harzburger Front \u2013 antifaschistischer Stadtrundgang durch Bad Lauterberg (Teil 1\/4)<\/p>\n<\/div>\n<\/section>\n<\/div><\/section><\/p><\/div>\n\n<style type=\"text\/css\" data-created_by=\"avia_inline_auto\" id=\"style-css-av-jmw8v7-30-4a6b1c84b124d191b879dd31bd9286b0\">\n.flex_column.av-jmw8v7-30-4a6b1c84b124d191b879dd31bd9286b0{\nborder-radius:0px 0px 0px 0px;\npadding:0px 0px 0px 0px;\n}\n<\/style>\n<div  class='flex_column av-jmw8v7-30-4a6b1c84b124d191b879dd31bd9286b0 av_one_third  avia-builder-el-29  el_after_av_one_third  el_before_av_one_third  first flex_column_div av-zero-column-padding  column-top-margin'     ><p><div  class='avia-video av-jsqnxayx-29-1234cc843761ccd553514d74998645d9 avia-video-16-9 av-no-preview-image avia-video-load-always av-lazyload-immediate av-lazyload-video-embed'  itemprop=\"video\" itemtype=\"https:\/\/schema.org\/VideoObject\"  data-original_url='https:\/\/youtu.be\/x1_NrZMWzfc'><script type='text\/html' class='av-video-tmpl'><div class='avia-iframe-wrap'><iframe loading=\"lazy\" width=\"1500\" height=\"844\" src=\"https:\/\/www.youtube.com\/embed\/x1_NrZMWzfc?feature=oembed&autoplay=0&loop=0&controls=1&mute=0\" frameborder=\"0\" allow=\"accelerometer; autoplay; encrypted-media; gyroscope; picture-in-picture\" allowfullscreen><\/iframe><\/div><\/script><div class='av-click-to-play-overlay'><div class=\"avia_playpause_icon\"><\/div><\/div><\/div><br \/>\n<section  class='av_textblock_section av-jsqnxpp7-28-ffd1398482b8bddc29e70434f057e52d '   itemscope=\"itemscope\" itemtype=\"https:\/\/schema.org\/CreativeWork\" ><div class='avia_textblock'  itemprop=\"text\" ><section class=\"av_textblock_section \">\n<div class=\"avia_textblock \">\n<p>Einheitsfront \u2013 antifaschistischer Stadtrundgang durch Bad Lauterberg (Teil\u00a02\/4)<\/p>\n<\/div>\n<\/section>\n<\/div><\/section><\/p><\/div>\n\n<style type=\"text\/css\" data-created_by=\"avia_inline_auto\" id=\"style-css-av-jmw8v7-27-766d158e6b7bb09b3f5e104b3d038feb\">\n.flex_column.av-jmw8v7-27-766d158e6b7bb09b3f5e104b3d038feb{\nborder-radius:0px 0px 0px 0px;\npadding:0px 0px 0px 0px;\n}\n<\/style>\n<div  class='flex_column av-jmw8v7-27-766d158e6b7bb09b3f5e104b3d038feb av_one_third  avia-builder-el-32  el_after_av_one_third  el_before_av_one_third  flex_column_div av-zero-column-padding  column-top-margin'     ><p><div  class='avia-video av-jsqnxayx-26-e1dbc01c7210c6515e2ed98f24ac56b6 avia-video-16-9 av-no-preview-image avia-video-load-always av-lazyload-immediate av-lazyload-video-embed'  itemprop=\"video\" itemtype=\"https:\/\/schema.org\/VideoObject\"  data-original_url='https:\/\/youtu.be\/uiPeJg9hU-0'><script type='text\/html' class='av-video-tmpl'><div class='avia-iframe-wrap'><iframe loading=\"lazy\" width=\"1500\" height=\"844\" src=\"https:\/\/www.youtube.com\/embed\/uiPeJg9hU-0?feature=oembed&autoplay=0&loop=0&controls=1&mute=0\" frameborder=\"0\" allow=\"accelerometer; autoplay; encrypted-media; gyroscope; picture-in-picture\" allowfullscreen><\/iframe><\/div><\/script><div class='av-click-to-play-overlay'><div class=\"avia_playpause_icon\"><\/div><\/div><\/div><br \/>\n<section  class='av_textblock_section av-jsqnxpp7-25-095ea227e682dcc1aae338f0fc642d6e '   itemscope=\"itemscope\" itemtype=\"https:\/\/schema.org\/CreativeWork\" ><div class='avia_textblock'  itemprop=\"text\" ><section class=\"av_textblock_section \">\n<div class=\"avia_textblock \">\n<p>Kommunistenverfolgung in den 1950er Jahren \u2013 antifaschistischer Stadtrund-gang durch Bad Lauterberg (Teil 3\/4)<\/p>\n<\/div>\n<\/section>\n<\/div><\/section><\/p><\/div>\n\n<style type=\"text\/css\" data-created_by=\"avia_inline_auto\" id=\"style-css-av-jmw8v7-24-209f0e48f1dc293ee9cfb11a80f3abc0\">\n.flex_column.av-jmw8v7-24-209f0e48f1dc293ee9cfb11a80f3abc0{\nborder-radius:0px 0px 0px 0px;\npadding:0px 0px 0px 0px;\n}\n<\/style>\n<div  class='flex_column av-jmw8v7-24-209f0e48f1dc293ee9cfb11a80f3abc0 av_one_third  avia-builder-el-35  el_after_av_one_third  el_before_av_one_third  flex_column_div av-zero-column-padding  column-top-margin'     ><p><div  class='avia-video av-jsqnxayx-23-0fe6b88cb547abc67860b787d0d78974 avia-video-16-9 av-no-preview-image avia-video-load-always av-lazyload-immediate av-lazyload-video-embed'  itemprop=\"video\" itemtype=\"https:\/\/schema.org\/VideoObject\"  data-original_url='https:\/\/youtu.be\/DaPULC_MMws'><script type='text\/html' class='av-video-tmpl'><div class='avia-iframe-wrap'><iframe loading=\"lazy\" width=\"1500\" height=\"844\" src=\"https:\/\/www.youtube.com\/embed\/DaPULC_MMws?feature=oembed&autoplay=0&loop=0&controls=1&mute=0\" frameborder=\"0\" allow=\"accelerometer; autoplay; encrypted-media; gyroscope; picture-in-picture\" allowfullscreen><\/iframe><\/div><\/script><div class='av-click-to-play-overlay'><div class=\"avia_playpause_icon\"><\/div><\/div><\/div><br \/>\n<section  class='av_textblock_section av-jsqnxpp7-22-af5694a20d43c91efebe2cb28a68a9ac '   itemscope=\"itemscope\" itemtype=\"https:\/\/schema.org\/CreativeWork\" ><div class='avia_textblock'  itemprop=\"text\" ><section class=\"av_textblock_section \">\n<div class=\"avia_textblock \">\n<p>Gedenken am VVN-Stein \u2013 antifaschistischer Stadtrundgang durch Bad Lauterberg (Teil 4\/4)<\/p>\n<\/div>\n<\/section>\n<\/div><\/section><\/p><\/div>\n\n<style type=\"text\/css\" data-created_by=\"avia_inline_auto\" id=\"style-css-av-jmw8v7-21-8a228a530db016a59742ab14e3cda0c7\">\n.flex_column.av-jmw8v7-21-8a228a530db016a59742ab14e3cda0c7{\nborder-radius:0px 0px 0px 0px;\npadding:0px 0px 0px 0px;\n}\n<\/style>\n<div  class='flex_column av-jmw8v7-21-8a228a530db016a59742ab14e3cda0c7 av_one_third  avia-builder-el-38  el_after_av_one_third  el_before_av_hr  first flex_column_div av-zero-column-padding  column-top-margin'     ><p><div  class='avia-video av-jsqnxayx-20-837b35cf0f710fca29d8cddddbcee9d0 avia-video-16-9 av-no-preview-image avia-video-load-always av-lazyload-immediate av-lazyload-video-embed'  itemprop=\"video\" itemtype=\"https:\/\/schema.org\/VideoObject\"  data-original_url='https:\/\/youtu.be\/t249k-PlAV4'><script type='text\/html' class='av-video-tmpl'><div class='avia-iframe-wrap'><iframe loading=\"lazy\" width=\"1333\" height=\"1000\" src=\"https:\/\/www.youtube.com\/embed\/t249k-PlAV4?feature=oembed&autoplay=0&loop=0&controls=1&mute=0\" frameborder=\"0\" allow=\"accelerometer; autoplay; encrypted-media; gyroscope; picture-in-picture\" allowfullscreen><\/iframe><\/div><\/script><div class='av-click-to-play-overlay'><div class=\"avia_playpause_icon\"><\/div><\/div><\/div><br \/>\n<section  class='av_textblock_section av-jsqnxpp7-19-d2563a7fcead3e2c9a0fa617af35ae0b '   itemscope=\"itemscope\" itemtype=\"https:\/\/schema.org\/CreativeWork\" ><div class='avia_textblock'  itemprop=\"text\" ><section class=\"av_textblock_section \">\n<div class=\"avia_textblock \">\n<p>Dokumentation zur Autonomen Antifa (M), insbesondere dem \u00a7129a-Verfahren<\/p>\n<\/div>\n<\/section>\n<\/div><\/section><\/p><\/div>\n<div  class='hr av-2as6k3-413da6c85586f02f86101c2675d0b462 hr-default  avia-builder-el-41  el_after_av_one_third  el_before_av_heading '><span class='hr-inner '><span class=\"hr-inner-style\"><\/span><\/span><\/div>\n\n<style type=\"text\/css\" data-created_by=\"avia_inline_auto\" id=\"style-css-av-a6mt1-8a0dbacae559f2b44790c5ff1431574b\">\n#top .av-special-heading.av-a6mt1-8a0dbacae559f2b44790c5ff1431574b{\npadding-bottom:10px;\n}\nbody .av-special-heading.av-a6mt1-8a0dbacae559f2b44790c5ff1431574b .av-special-heading-tag .heading-char{\nfont-size:25px;\n}\n.av-special-heading.av-a6mt1-8a0dbacae559f2b44790c5ff1431574b .av-subheading{\nfont-size:15px;\n}\n<\/style>\n<div  class='av-special-heading av-a6mt1-8a0dbacae559f2b44790c5ff1431574b av-special-heading-h2  avia-builder-el-42  el_after_av_hr  el_before_av_one_half '><h2 class='av-special-heading-tag '  itemprop=\"headline\"  >Audiobeitr\u00e4ge im Audioportal Freier Radios<\/h2><div class=\"special-heading-border\"><div class=\"special-heading-inner-border\"><\/div><\/div><\/div>\n\n<style type=\"text\/css\" data-created_by=\"avia_inline_auto\" id=\"style-css-av-dl7kph-68a9f978528157af0cf6308712ae8287\">\n.flex_column.av-dl7kph-68a9f978528157af0cf6308712ae8287{\nborder-radius:0px 0px 0px 0px;\npadding:0px 0px 0px 0px;\n}\n<\/style>\n<div  class='flex_column av-dl7kph-68a9f978528157af0cf6308712ae8287 av_one_half  avia-builder-el-43  el_after_av_heading  el_before_av_one_half  first flex_column_div av-zero-column-padding  '     ><section  class='av_textblock_section av-jsqojuju-e561f29ccf141a8486fab48ffc87f176 '   itemscope=\"itemscope\" itemtype=\"https:\/\/schema.org\/CreativeWork\" ><div class='avia_textblock'  itemprop=\"text\" ><h3>Revolution und bewaffnete Aufst\u00e4nde in Deutschland 1918 \u2013 23 (Teil 1)<\/h3>\n<p>1. teil eines \u00fcberblickes der geschichte der aufst\u00e4nde in der weimarer republik mit schwerpunkt mitteldeutschland. einf\u00fchrung zur situation 1918 in berlin<\/p>\n<p>57:46 min, 53 MB, mp3, 128 kbit\/s, Stereo (44100 kHz) | Upload vom 13.11.2010<\/p>\n<\/div><\/section><br \/>\n<div  class='avia-button-wrap av-jsqokxag-ec374baa729dad7aa4957fb3de33cfd1-wrap avia-button-left  avia-builder-el-45  el_after_av_textblock  avia-builder-el-last '><a href='https:\/\/www.freie-radios.net\/37290'  class='avia-button av-jsqokxag-ec374baa729dad7aa4957fb3de33cfd1 av-link-btn avia-icon_select-yes-left-icon avia-size-small avia-position-left avia-color-theme-color'  target=\"_blank\"  rel=\"noopener noreferrer\"  aria-label=\"Anh\u00f6ren\"><span class='avia_button_icon avia_button_icon_left avia-iconfont avia-font-entypo-fontello' data-av_icon='\ue801' data-av_iconfont='entypo-fontello' ><\/span><span class='avia_iconbox_title' >Anh\u00f6ren<\/span><\/a><\/div><\/p><\/div>\n\n<style type=\"text\/css\" data-created_by=\"avia_inline_auto\" id=\"style-css-av-1a8fhh-c598d88a1520c43fdbed4e1a525565f9\">\n.flex_column.av-1a8fhh-c598d88a1520c43fdbed4e1a525565f9{\nborder-radius:0px 0px 0px 0px;\npadding:0px 0px 0px 0px;\n}\n<\/style>\n<div  class='flex_column av-1a8fhh-c598d88a1520c43fdbed4e1a525565f9 av_one_half  avia-builder-el-46  el_after_av_one_half  el_before_av_one_half  flex_column_div av-zero-column-padding  '     ><section  class='av_textblock_section av-jsqojuju-18-815f2344bf3b5d34ce090d1b91a4e6ad '   itemscope=\"itemscope\" itemtype=\"https:\/\/schema.org\/CreativeWork\" ><div class='avia_textblock'  itemprop=\"text\" ><h3>Revolution und bewaffnete Aufst\u00e4nde in Deutschland 1918 \u2013 23 (Teil 2)<\/h3>\n<p>2. teil eines \u00fcberblickes der geschichte der aufst\u00e4nde in der weimarer republik mit schwerpunkt mitteldeutschland. einf\u00fchrung zur situation 1918 in berlin.<br \/>\n50:19 min, 46 MB, mp3, 128 kbit\/s, Stereo (44100 kHz) | Upload vom 13.11.2010 \/ 17:26<br \/>\nAnh\u00f6ren<\/p>\n<\/div><\/section><br \/>\n<div  class='avia-button-wrap av-jsqokxag-17-c79696f09ea5a4da78e679058a7af05c-wrap avia-button-left  avia-builder-el-48  el_after_av_textblock  avia-builder-el-last '><a href='https:\/\/www.freie-radios.net\/37291'  class='avia-button av-jsqokxag-17-c79696f09ea5a4da78e679058a7af05c av-link-btn avia-icon_select-yes-left-icon avia-size-small avia-position-left avia-color-theme-color'  target=\"_blank\"  rel=\"noopener noreferrer\"  aria-label=\"Anh\u00f6ren\"><span class='avia_button_icon avia_button_icon_left avia-iconfont avia-font-entypo-fontello' data-av_icon='\ue801' data-av_iconfont='entypo-fontello' ><\/span><span class='avia_iconbox_title' >Anh\u00f6ren<\/span><\/a><\/div><\/p><\/div>\n\n<style type=\"text\/css\" data-created_by=\"avia_inline_auto\" id=\"style-css-av-atq98l-760b6391d02496e688d15fe4cbd92dff\">\n.flex_column.av-atq98l-760b6391d02496e688d15fe4cbd92dff{\nborder-radius:0px 0px 0px 0px;\npadding:0px 0px 0px 0px;\n}\n<\/style>\n<div  class='flex_column av-atq98l-760b6391d02496e688d15fe4cbd92dff av_one_half  avia-builder-el-49  el_after_av_one_half  el_before_av_one_half  first flex_column_div av-zero-column-padding  column-top-margin'     ><section  class='av_textblock_section av-jsqojuju-16-b4e46053d1fe7282dbd47dc8e3e6ea24 '   itemscope=\"itemscope\" itemtype=\"https:\/\/schema.org\/CreativeWork\" ><div class='avia_textblock'  itemprop=\"text\" ><h3>Revolution und bewaffnete Aufst\u00e4nde in Deutschland 1918 \u2013 23 (Teil 3)<\/h3>\n<p>3. teil eines \u00fcberblickes der geschichte der aufst\u00e4nde in der weimarer republik mit schwerpunkt mitteldeutschland.<\/p>\n<p>22:39\u00a0min, 21\u00a0MB, mp3, 128\u00a0kbit\/s, Stereo (44100\u00a0kHz) | Upload vom 13.11.2010<\/p>\n<\/div><\/section><br \/>\n<div  class='avia-button-wrap av-jsqokxag-15-ec703eef444860b91f8e599f57ae2e00-wrap avia-button-left  avia-builder-el-51  el_after_av_textblock  avia-builder-el-last '><a href='https:\/\/www.freie-radios.net\/37292'  class='avia-button av-jsqokxag-15-ec703eef444860b91f8e599f57ae2e00 av-link-btn avia-icon_select-yes-left-icon avia-size-small avia-position-left avia-color-theme-color'  target=\"_blank\"  rel=\"noopener noreferrer\"  aria-label=\"Anh\u00f6ren\"><span class='avia_button_icon avia_button_icon_left avia-iconfont avia-font-entypo-fontello' data-av_icon='\ue801' data-av_iconfont='entypo-fontello' ><\/span><span class='avia_iconbox_title' >Anh\u00f6ren<\/span><\/a><\/div><\/p><\/div>\n\n<style type=\"text\/css\" data-created_by=\"avia_inline_auto\" id=\"style-css-av-uistx-0845cda16ad81257afbdf07ec742c7f2\">\n.flex_column.av-uistx-0845cda16ad81257afbdf07ec742c7f2{\nborder-radius:0px 0px 0px 0px;\npadding:0px 0px 0px 0px;\n}\n<\/style>\n<div  class='flex_column av-uistx-0845cda16ad81257afbdf07ec742c7f2 av_one_half  avia-builder-el-52  el_after_av_one_half  el_before_av_one_half  flex_column_div av-zero-column-padding  column-top-margin'     ><section  class='av_textblock_section av-jsqojuju-14-9f29157da77633dc0cc1ae9d8262fa80 '   itemscope=\"itemscope\" itemtype=\"https:\/\/schema.org\/CreativeWork\" ><div class='avia_textblock'  itemprop=\"text\" ><h3>Revolution und bewaffnete Aufst\u00e4nde in Deutschland 1918 \u2013 23 (Teil 4)<\/h3>\n<p>Revolution und bewaffnete Aufst\u00e4nde in Deutschland 1918 \u2013 23 (Teil 4)<br \/>\nbernd langer hat ein gleichnamiges buch geschrieben und erz\u00e4hlt zu dem thema. schwerpunkt der serie ist der mitteldeutsche aufstand m\u00e4rz 1921.<br \/>\n53:25\u00a0min, 46\u00a0MB, mp3, 121\u00a0kbit\/s, Stereo (44100\u00a0kHz) | Upload vom 21.03.2011<\/p>\n<\/div><\/section><br \/>\n<div  class='avia-button-wrap av-jsqokxag-13-a56f4679f3fbc95bb5fe607037a85af8-wrap avia-button-left  avia-builder-el-54  el_after_av_textblock  avia-builder-el-last '><a href='https:\/\/www.freie-radios.net\/39824'  class='avia-button av-jsqokxag-13-a56f4679f3fbc95bb5fe607037a85af8 av-link-btn avia-icon_select-yes-left-icon avia-size-small avia-position-left avia-color-theme-color'  target=\"_blank\"  rel=\"noopener noreferrer\"  aria-label=\"Anh\u00f6ren\"><span class='avia_button_icon avia_button_icon_left avia-iconfont avia-font-entypo-fontello' data-av_icon='\ue801' data-av_iconfont='entypo-fontello' ><\/span><span class='avia_iconbox_title' >Anh\u00f6ren<\/span><\/a><\/div><\/p><\/div>\n\n<style type=\"text\/css\" data-created_by=\"avia_inline_auto\" id=\"style-css-av-7oigud-3cb53d7fd68ae3fe7f4f362c3f7cc099\">\n.flex_column.av-7oigud-3cb53d7fd68ae3fe7f4f362c3f7cc099{\nborder-radius:0px 0px 0px 0px;\npadding:0px 0px 0px 0px;\n}\n<\/style>\n<div  class='flex_column av-7oigud-3cb53d7fd68ae3fe7f4f362c3f7cc099 av_one_half  avia-builder-el-55  el_after_av_one_half  el_before_av_one_half  first flex_column_div av-zero-column-padding  column-top-margin'     ><section  class='av_textblock_section av-jsqojuju-12-959e508f56a53dc078bdffd853f8e6ab '   itemscope=\"itemscope\" itemtype=\"https:\/\/schema.org\/CreativeWork\" ><div class='avia_textblock'  itemprop=\"text\" ><h3>Revolution und bewaffnete Aufst\u00e4nde in Deutschland 1918 \u2013 23 (Teil 5)<\/h3>\n<p>schwerpunkt der serie ist der mitteldeutsche aufstand m\u00e4rz 1921.<br \/>\n53:25\u00a0min, 46\u00a0MB, mp3, 121\u00a0kbit\/s, Stereo (44100\u00a0kHz) | Upload vom 03.04.2011<\/p>\n<\/div><\/section><br \/>\n<div  class='avia-button-wrap av-jsqokxag-11-5fc922b7bf821cd5a0b718c12d74b7c4-wrap avia-button-left  avia-builder-el-57  el_after_av_textblock  avia-builder-el-last '><a href='https:\/\/www.freie-radios.net\/40139'  class='avia-button av-jsqokxag-11-5fc922b7bf821cd5a0b718c12d74b7c4 av-link-btn avia-icon_select-yes-left-icon avia-size-small avia-position-left avia-color-theme-color'  target=\"_blank\"  rel=\"noopener noreferrer\"  aria-label=\"Anh\u00f6ren\"><span class='avia_button_icon avia_button_icon_left avia-iconfont avia-font-entypo-fontello' data-av_icon='\ue801' data-av_iconfont='entypo-fontello' ><\/span><span class='avia_iconbox_title' >Anh\u00f6ren<\/span><\/a><\/div><\/p><\/div>\n\n<style type=\"text\/css\" data-created_by=\"avia_inline_auto\" id=\"style-css-av-6igu3p-f6833af9f0d8fc51780e5d50c1f5a8a2\">\n.flex_column.av-6igu3p-f6833af9f0d8fc51780e5d50c1f5a8a2{\nborder-radius:0px 0px 0px 0px;\npadding:0px 0px 0px 0px;\n}\n<\/style>\n<div  class='flex_column av-6igu3p-f6833af9f0d8fc51780e5d50c1f5a8a2 av_one_half  avia-builder-el-58  el_after_av_one_half  el_before_av_one_half  flex_column_div av-zero-column-padding  column-top-margin'     ><section  class='av_textblock_section av-jsqojuju-10-600c56d629423184e69b50c673620a38 '   itemscope=\"itemscope\" itemtype=\"https:\/\/schema.org\/CreativeWork\" ><div class='avia_textblock'  itemprop=\"text\" ><h3>Revolution und bewaffnete Aufst\u00e4nde in Deutschland 1918 \u2013 23 (Teil 6)<\/h3>\n<p>schwerpunkt der serie ist der mitteldeutsche aufstand m\u00e4rz 1921.<br \/>\n01:08:54\u00a0h, 62\u00a0MB, mp3, 126\u00a0kbit\/s, Stereo (44100\u00a0kHz) | Upload vom 22.03.2011<\/p>\n<\/div><\/section><br \/>\n<div  class='avia-button-wrap av-jsqokxag-9-a5bbd4934120901e23a221d98eaf2ebe-wrap avia-button-left  avia-builder-el-60  el_after_av_textblock  avia-builder-el-last '><a href='https:\/\/www.freie-radios.net\/39849'  class='avia-button av-jsqokxag-9-a5bbd4934120901e23a221d98eaf2ebe av-link-btn avia-icon_select-yes-left-icon avia-size-small avia-position-left avia-color-theme-color'  target=\"_blank\"  rel=\"noopener noreferrer\"  aria-label=\"Anh\u00f6ren\"><span class='avia_button_icon avia_button_icon_left avia-iconfont avia-font-entypo-fontello' data-av_icon='\ue801' data-av_iconfont='entypo-fontello' ><\/span><span class='avia_iconbox_title' >Anh\u00f6ren<\/span><\/a><\/div><\/p><\/div>\n\n<style type=\"text\/css\" data-created_by=\"avia_inline_auto\" id=\"style-css-av-4bgm4l-088d1e5539341c3052a6efe300ae2f96\">\n.flex_column.av-4bgm4l-088d1e5539341c3052a6efe300ae2f96{\nborder-radius:0px 0px 0px 0px;\npadding:0px 0px 0px 0px;\n}\n<\/style>\n<div  class='flex_column av-4bgm4l-088d1e5539341c3052a6efe300ae2f96 av_one_half  avia-builder-el-61  el_after_av_one_half  el_before_av_one_half  first flex_column_div av-zero-column-padding  column-top-margin'     ><section  class='av_textblock_section av-jsqojuju-8-f81a9d8ff95498885e03918c99ec49d6 '   itemscope=\"itemscope\" itemtype=\"https:\/\/schema.org\/CreativeWork\" ><div class='avia_textblock'  itemprop=\"text\" ><h3>Revolution und bewaffnete Aufst\u00e4nde in Deutschland 1918 \u2013 23 (Teil 7)<\/h3>\n<p>schwerpunkt der serie ist der mitteldeutsche aufstand m\u00e4rz 1921.<br \/>\n53:25\u00a0min, 46\u00a0MB, mp3, 121\u00a0kbit\/s, Stereo (44100\u00a0kHz) | Upload vom 03.04.2011<\/p>\n<\/div><\/section><br \/>\n<div  class='avia-button-wrap av-jsqokxag-7-8de6cba4ca72b1ebdde3ab5ef1d4b2e8-wrap avia-button-left  avia-builder-el-63  el_after_av_textblock  avia-builder-el-last '><a href='https:\/\/www.freie-radios.net\/39885'  class='avia-button av-jsqokxag-7-8de6cba4ca72b1ebdde3ab5ef1d4b2e8 av-link-btn avia-icon_select-yes-left-icon avia-size-small avia-position-left avia-color-theme-color'  target=\"_blank\"  rel=\"noopener noreferrer\"  aria-label=\"Anh\u00f6ren\"><span class='avia_button_icon avia_button_icon_left avia-iconfont avia-font-entypo-fontello' data-av_icon='\ue801' data-av_iconfont='entypo-fontello' ><\/span><span class='avia_iconbox_title' >Anh\u00f6ren<\/span><\/a><\/div><\/p><\/div>\n\n<style type=\"text\/css\" data-created_by=\"avia_inline_auto\" id=\"style-css-av-2nhu2t-fd1f061e91005a6b7fca7c8c156cabea\">\n.flex_column.av-2nhu2t-fd1f061e91005a6b7fca7c8c156cabea{\nborder-radius:0px 0px 0px 0px;\npadding:0px 0px 0px 0px;\n}\n<\/style>\n<div  class='flex_column av-2nhu2t-fd1f061e91005a6b7fca7c8c156cabea av_one_half  avia-builder-el-64  el_after_av_one_half  avia-builder-el-last  flex_column_div av-zero-column-padding  column-top-margin'     ><section  class='av_textblock_section av-jsqojuju-6-51e519adaa40926a17afe375b309fbf4 '   itemscope=\"itemscope\" itemtype=\"https:\/\/schema.org\/CreativeWork\" ><div class='avia_textblock'  itemprop=\"text\" ><h3>Interview zur Kampagne \u201eEs gilt die Tat! 90 Jahre Mitteldeutscher Aufstand\u201c<\/h3>\n<p>Im M\u00e4rz 1921 kam es im Industriegebiet um Halle\/Merseburg und dem Mansfelder Land (heute Sachsen-Anhalt mit angrenzenden Gebieten Th\u00fcringens und Sachsens) zum letzten gro\u00dfen bewaffneten Aufstand in Deutschland. In der DDR galt dieses Ereignis als bedeutende historische Tat, freilich nur in der sehr eigenwilligen Interpretation der SED. Heute hingegen kommt der Aufstand in der Geschichtsschreibung kaum noch vor \u2013 was politisch erkl\u00e4rbar ist, liegt dieses linksradikale Ereignis doch quer zu vielen gesellschaftlichen Entwicklungen. Bernd Langer forscht bereits seit Jahren zu den Ereignissen dieser Zeit. Radio Corax sprach mit ihm \u00fcber die Hintergr\u00fcnder der damaligen Ereignisse.<br \/>\n11:39\u00a0min, 16\u00a0MB, mp3, 192\u00a0kbit\/s, Stereo (44100\u00a0kHz) | Upload vom 29.03.2011<\/p>\n<\/div><\/section><br \/>\n<div  class='avia-button-wrap av-jsqokxag-5-b848b893f0eacae1c9fbcc0e26674e3b-wrap avia-button-left  avia-builder-el-66  el_after_av_textblock  avia-builder-el-last '><a href='https:\/\/www.freie-radios.net\/40010'  class='avia-button av-jsqokxag-5-b848b893f0eacae1c9fbcc0e26674e3b av-link-btn avia-icon_select-yes-left-icon avia-size-small avia-position-left avia-color-theme-color'  target=\"_blank\"  rel=\"noopener noreferrer\"  aria-label=\"Anh\u00f6ren\"><span class='avia_button_icon avia_button_icon_left avia-iconfont avia-font-entypo-fontello' data-av_icon='\ue801' data-av_iconfont='entypo-fontello' ><\/span><span class='avia_iconbox_title' >Anh\u00f6ren<\/span><\/a><\/div><\/p><\/div>\n","protected":false},"excerpt":{"rendered":"","protected":false},"author":1,"featured_media":0,"parent":0,"menu_order":0,"comment_status":"closed","ping_status":"closed","template":"","meta":{"footnotes":""},"class_list":["post-5653","page","type-page","status-publish","hentry"],"_links":{"self":[{"href":"https:\/\/kunst-und-kampf.de\/WordPress_02\/wp-json\/wp\/v2\/pages\/5653","targetHints":{"allow":["GET"]}}],"collection":[{"href":"https:\/\/kunst-und-kampf.de\/WordPress_02\/wp-json\/wp\/v2\/pages"}],"about":[{"href":"https:\/\/kunst-und-kampf.de\/WordPress_02\/wp-json\/wp\/v2\/types\/page"}],"author":[{"embeddable":true,"href":"https:\/\/kunst-und-kampf.de\/WordPress_02\/wp-json\/wp\/v2\/users\/1"}],"replies":[{"embeddable":true,"href":"https:\/\/kunst-und-kampf.de\/WordPress_02\/wp-json\/wp\/v2\/comments?post=5653"}],"version-history":[{"count":20,"href":"https:\/\/kunst-und-kampf.de\/WordPress_02\/wp-json\/wp\/v2\/pages\/5653\/revisions"}],"predecessor-version":[{"id":7283,"href":"https:\/\/kunst-und-kampf.de\/WordPress_02\/wp-json\/wp\/v2\/pages\/5653\/revisions\/7283"}],"wp:attachment":[{"href":"https:\/\/kunst-und-kampf.de\/WordPress_02\/wp-json\/wp\/v2\/media?parent=5653"}],"curies":[{"name":"wp","href":"https:\/\/api.w.org\/{rel}","templated":true}]}}