{"id":7181,"date":"2026-01-17T13:13:47","date_gmt":"2026-01-17T13:13:47","guid":{"rendered":"https:\/\/kunst-und-kampf.de\/WordPress_02\/?page_id=7181"},"modified":"2026-03-14T22:56:49","modified_gmt":"2026-03-14T22:56:49","slug":"trilogie-antifaschistische-aktion","status":"publish","type":"page","link":"https:\/\/kunst-und-kampf.de\/WordPress_02\/service\/trilogie-antifaschistische-aktion\/","title":{"rendered":"Buch-Trilogie Antifaschistische Aktion"},"content":{"rendered":"<div  class='flex_column av-7p3ah9-7bd94119045f977b950fc9305e3b69aa av_two_third  avia-builder-el-0  el_before_av_one_third  avia-builder-el-first  first flex_column_div  '     ><section  class='av_textblock_section av-m1ma9ikc-091cf8c173883a3c6a9881740bb6e05a '   itemscope=\"itemscope\" itemtype=\"https:\/\/schema.org\/CreativeWork\" ><div class='avia_textblock'  itemprop=\"text\" ><p>Die <strong>Trilogie<\/strong> zur <strong>Antifaschistischen Aktion<\/strong> stellt die umfangreichste Arbeit zum Antifaschismus in der Bundesrepublik Deutschland dar. Ausgehend vom Ersten Weltkrieg werden die historischen Hintergr\u00fcnde f\u00fcr die Entstehung von Faschismus und Antifaschismus erl\u00e4utert und ihre Geschichte beschrieben. Wesentlich ist dabei die Frage, was Faschismus bzw. Antifaschismus ausmacht: Neben einer theoretischen Besch\u00e4ftigung wird dokumentiert, wie sich der Kampf dieser Antipoden praktisch dargestellt hat.<\/p>\n<p>Die Analyse wird umso detaillierter, je mehr sie in die Gegenwart reicht \u2013 die Trilogie ist also kein blo\u00dfes Geschichtswerk. Vielmehr soll ein Einblick in den Antifaschismus erm\u00f6glicht werden, der seine Inhalte kl\u00e4rt, die aktuelle Situation zu verstehen hilft und so hoffentlich dazu beitr\u00e4gt, sich aktiv zu beteiligen.<\/p>\n<\/div><\/section><\/div>\n\n<style type=\"text\/css\" data-created_by=\"avia_inline_auto\" id=\"style-css-av-bcsl7h-699d86a3603da749b1f2973a057377a3\">\n.flex_column.av-bcsl7h-699d86a3603da749b1f2973a057377a3{\npadding:20px 20px 20px 20px;\nbackground-color:#d65799;\n}\n<\/style>\n<div  class='flex_column av-bcsl7h-699d86a3603da749b1f2973a057377a3 av_one_third  avia-builder-el-2  el_after_av_two_third  el_before_av_one_third  flex_column_div  '     ><section  class='av_textblock_section av-mkic52vy-2652401dc66d48097dbf2150f9038acb '   itemscope=\"itemscope\" itemtype=\"https:\/\/schema.org\/CreativeWork\" ><div class='avia_textblock'  itemprop=\"text\" ><h3><a href=\"#Quellen\">\u2193 Band 3 | Verzeichnis Fu\u00dfnoten mit kompletten URLs der Onlinequellen<\/a><\/h3>\n<\/div><\/section><\/div>\n<div  class='flex_column av-mrjzx-b75e71afac4bdb793fb4e9b1ed2e1ee4 av_one_third  avia-builder-el-4  el_after_av_one_third  el_before_av_one_third  first flex_column_div  column-top-margin'     ><p>\n<style type=\"text\/css\" data-created_by=\"avia_inline_auto\" id=\"style-css-av-4a2x6l-40685da171c5ea547824fb548c235093\">\n.avia-image-container.av-4a2x6l-40685da171c5ea547824fb548c235093 img.avia_image{\nbox-shadow:none;\n}\n.avia-image-container.av-4a2x6l-40685da171c5ea547824fb548c235093 .av-image-caption-overlay-center{\ncolor:#ffffff;\n}\n<\/style>\n<div  class='avia-image-container av-4a2x6l-40685da171c5ea547824fb548c235093 av-styling- avia-align-center  avia-builder-el-5  el_before_av_textblock  avia-builder-el-first '   itemprop=\"image\" itemscope=\"itemscope\" itemtype=\"https:\/\/schema.org\/ImageObject\" ><div class=\"avia-image-container-inner\"><div class=\"avia-image-overlay-wrap\"><img decoding=\"async\" fetchpriority=\"high\" class='wp-image-7212 avia-img-lazy-loading-not-7212 avia_image ' src=\"https:\/\/kunst-und-kampf.de\/wp-content\/uploads\/2026\/01\/Cover_1.jpg\" alt='' title='Cover_1'  height=\"1200\" width=\"800\"  itemprop=\"thumbnailUrl\" srcset=\"https:\/\/kunst-und-kampf.de\/wp-content\/uploads\/2026\/01\/Cover_1.jpg 800w, https:\/\/kunst-und-kampf.de\/wp-content\/uploads\/2026\/01\/Cover_1-200x300.jpg 200w, https:\/\/kunst-und-kampf.de\/wp-content\/uploads\/2026\/01\/Cover_1-768x1152.jpg 768w, https:\/\/kunst-und-kampf.de\/wp-content\/uploads\/2026\/01\/Cover_1-456x684.jpg 456w, https:\/\/kunst-und-kampf.de\/wp-content\/uploads\/2026\/01\/Cover_1-473x710.jpg 473w, https:\/\/kunst-und-kampf.de\/wp-content\/uploads\/2026\/01\/Cover_1-470x705.jpg 470w\" sizes=\"(max-width: 800px) 100vw, 800px\" \/><\/div><\/div><\/div><br \/>\n<section  class='av_textblock_section av-1xwfyl-160fa4194d24ff1fbe4f0208739e99b3 '   itemscope=\"itemscope\" itemtype=\"https:\/\/schema.org\/CreativeWork\" ><div class='avia_textblock'  itemprop=\"text\" ><h3>Band 1: Antifaschistische Aktion<br \/>\nGeschichte einer linksradikalen Bewegung<\/h3>\n<p>1918 \u2013 2010, inkl. Exkurs zum italienischen Faschismus<\/p>\n<p>408 Seiten, 22 \u20ac<br \/>\nISBN 978-3-89771-180-8<\/p>\n<\/div><\/section><\/p><\/div>\n<div  class='flex_column av-7852vx-7ad37f65256e0a733aa8553e138a1bfa av_one_third  avia-builder-el-7  el_after_av_one_third  el_before_av_one_third  flex_column_div  column-top-margin'     ><p>\n<style type=\"text\/css\" data-created_by=\"avia_inline_auto\" id=\"style-css-av-5a5sfx-88ef2db70db950d0837d800f555c4364\">\n.avia-image-container.av-5a5sfx-88ef2db70db950d0837d800f555c4364 img.avia_image{\nbox-shadow:none;\n}\n.avia-image-container.av-5a5sfx-88ef2db70db950d0837d800f555c4364 .av-image-caption-overlay-center{\ncolor:#ffffff;\n}\n<\/style>\n<div  class='avia-image-container av-5a5sfx-88ef2db70db950d0837d800f555c4364 av-styling- avia-align-center  avia-builder-el-8  el_before_av_textblock  avia-builder-el-first '   itemprop=\"image\" itemscope=\"itemscope\" itemtype=\"https:\/\/schema.org\/ImageObject\" ><div class=\"avia-image-container-inner\"><div class=\"avia-image-overlay-wrap\"><img decoding=\"async\" fetchpriority=\"high\" class='wp-image-7213 avia-img-lazy-loading-not-7213 avia_image ' src=\"https:\/\/kunst-und-kampf.de\/wp-content\/uploads\/2026\/01\/Cover_2.jpg\" alt='' title='Cover_2'  height=\"1200\" width=\"800\"  itemprop=\"thumbnailUrl\" srcset=\"https:\/\/kunst-und-kampf.de\/wp-content\/uploads\/2026\/01\/Cover_2.jpg 800w, https:\/\/kunst-und-kampf.de\/wp-content\/uploads\/2026\/01\/Cover_2-200x300.jpg 200w, https:\/\/kunst-und-kampf.de\/wp-content\/uploads\/2026\/01\/Cover_2-768x1152.jpg 768w, https:\/\/kunst-und-kampf.de\/wp-content\/uploads\/2026\/01\/Cover_2-456x684.jpg 456w, https:\/\/kunst-und-kampf.de\/wp-content\/uploads\/2026\/01\/Cover_2-473x710.jpg 473w, https:\/\/kunst-und-kampf.de\/wp-content\/uploads\/2026\/01\/Cover_2-470x705.jpg 470w\" sizes=\"(max-width: 800px) 100vw, 800px\" \/><\/div><\/div><\/div><br \/>\n<section  class='av_textblock_section av-mkic58xi-01f7e1cc1acd484cd734026a19ecd55f '   itemscope=\"itemscope\" itemtype=\"https:\/\/schema.org\/CreativeWork\" ><div class='avia_textblock'  itemprop=\"text\" ><h3>Band 2: Antifaschistische Aktion<br \/>\nVon der Geschichte in die Gegenwart<\/h3>\n<p>2010 \u2013 2020, inkl. Exkurs zum Islamismus<\/p>\n<p>384 Seiten, 22 \u20ac<br \/>\nISBN 978-3-89771-363-5<\/p>\n<\/div><\/section><\/p><\/div>\n<div  class='flex_column av-4588lp-c3ebf9084da30c530a3635485be4fa24 av_one_third  avia-builder-el-10  el_after_av_one_third  el_before_av_hr  flex_column_div  column-top-margin'     ><p>\n<style type=\"text\/css\" data-created_by=\"avia_inline_auto\" id=\"style-css-av-2nwvdp-f0d7264e226d48df692904848484e1f7\">\n.avia-image-container.av-2nwvdp-f0d7264e226d48df692904848484e1f7 img.avia_image{\nbox-shadow:none;\n}\n.avia-image-container.av-2nwvdp-f0d7264e226d48df692904848484e1f7 .av-image-caption-overlay-center{\ncolor:#ffffff;\n}\n<\/style>\n<div  class='avia-image-container av-2nwvdp-f0d7264e226d48df692904848484e1f7 av-styling- avia-align-center  avia-builder-el-11  el_before_av_textblock  avia-builder-el-first '   itemprop=\"image\" itemscope=\"itemscope\" itemtype=\"https:\/\/schema.org\/ImageObject\" ><div class=\"avia-image-container-inner\"><div class=\"avia-image-overlay-wrap\"><img decoding=\"async\" fetchpriority=\"high\" class='wp-image-7214 avia-img-lazy-loading-not-7214 avia_image ' src=\"https:\/\/kunst-und-kampf.de\/wp-content\/uploads\/2026\/01\/Cover_3.jpg\" alt='' title='Cover_3'  height=\"1200\" width=\"800\"  itemprop=\"thumbnailUrl\" srcset=\"https:\/\/kunst-und-kampf.de\/wp-content\/uploads\/2026\/01\/Cover_3.jpg 800w, https:\/\/kunst-und-kampf.de\/wp-content\/uploads\/2026\/01\/Cover_3-200x300.jpg 200w, https:\/\/kunst-und-kampf.de\/wp-content\/uploads\/2026\/01\/Cover_3-768x1152.jpg 768w, https:\/\/kunst-und-kampf.de\/wp-content\/uploads\/2026\/01\/Cover_3-456x684.jpg 456w, https:\/\/kunst-und-kampf.de\/wp-content\/uploads\/2026\/01\/Cover_3-473x710.jpg 473w, https:\/\/kunst-und-kampf.de\/wp-content\/uploads\/2026\/01\/Cover_3-470x705.jpg 470w\" sizes=\"(max-width: 800px) 100vw, 800px\" \/><\/div><\/div><\/div><br \/>\n<section  class='av_textblock_section av-mkic5fat-efe66e144093e2587837167ad62fac36 '   itemscope=\"itemscope\" itemtype=\"https:\/\/schema.org\/CreativeWork\" ><div class='avia_textblock'  itemprop=\"text\" ><h3>Band 3: Antifaschistische Aktion<br \/>\nin Zeiten von Corona und Rechtspopulismus<\/h3>\n<p>Entwicklungen ab 2020<\/p>\n<p>438 Seiten, 22 \u20ac<br \/>\nISBN 978-3-89771-382-6<\/p>\n<\/div><\/section><\/p><\/div>\n<div  class='hr av-32bk7x-f87404e7bf16e9263fd7b827904705c9 hr-default  avia-builder-el-13  el_after_av_one_third  el_before_av_one_full '><span class='hr-inner '><span class=\"hr-inner-style\"><\/span><\/span><\/div>\n<div  class='flex_column av-21x4al-fa2e3b3009bb87ea71fa7f7b82f38539 av_one_full  avia-builder-el-14  el_after_av_hr  el_before_av_submenu  avia-builder-el-last  first flex_column_div  '     ><section  id=\"Quellen\"  class='av_textblock_section av-mkich45r-469a35bccb2a256fd8d8eb4ae776218c '   itemscope=\"itemscope\" itemtype=\"https:\/\/schema.org\/CreativeWork\" ><div class='avia_textblock'  itemprop=\"text\" ><h2>Band 3<br \/>\nVerzeichnis Fu\u00dfnoten mit kompletten URLs der Onlinequellen<\/h2>\n<\/div><\/section><\/div>\n<\/div><\/div><\/div><!-- close content main div --><\/div><\/div><div class='clear'><\/div><div id='sub_menu1'  class='av-submenu-container av-mkicpqjp-efdfcc7d880d8886aef5692dc813d72c main_color  avia-builder-el-16  el_after_av_one_full  el_before_av_textblock  av-sticky-submenu submenu-not-first container_wrap sidebar_right' style='z-index:301' ><div class='container av-menu-mobile-disabled av-submenu-pos-center'><ul id='av-custom-submenu-1' class='av-subnav-menu' role='menu'>\n<li class='menu-item av-mkicpg3i-1-1-729328653fd76ed435d5a4c8733b6a0c menu-item-top-level menu-item-top-level-1' role='menuitem'><a href='#eins'  ><span class='avia-bullet'><\/span><span class='avia-menu-text'>1<\/span><\/a><\/li>\n<li class='menu-item av-mkicpg3i-b254dafe5c9b8749124b9446f762f8b1 menu-item-top-level menu-item-top-level-2' role='menuitem'><a href='#einhundert'  ><span class='avia-bullet'><\/span><span class='avia-menu-text'>100<\/span><\/a><\/li>\n<li class='menu-item av-mkicpg3i-1-b7ceb6467c32b34263d1b263b54c20ba menu-item-top-level menu-item-top-level-3' role='menuitem'><a href='#zweihundert'  ><span class='avia-bullet'><\/span><span class='avia-menu-text'>200<\/span><\/a><\/li>\n<li class='menu-item av-mkicpg3i-1-7-02fb51109fcf7a781ff02b7b85eaaa22 menu-item-top-level menu-item-top-level-4' role='menuitem'><a href='#dreihundert'  ><span class='avia-bullet'><\/span><span class='avia-menu-text'>300<\/span><\/a><\/li>\n<li class='menu-item av-mkicpg3i-1-6-b84d0dc848ccebfd6fc7ed50dfe69815 menu-item-top-level menu-item-top-level-5' role='menuitem'><a href='#vierhundert'  ><span class='avia-bullet'><\/span><span class='avia-menu-text'>400<\/span><\/a><\/li>\n<li class='menu-item av-mkicpg3i-1-5-98034fd252fe95a661183530d2d80701 menu-item-top-level menu-item-top-level-6' role='menuitem'><a href='#fuenfhundert'  ><span class='avia-bullet'><\/span><span class='avia-menu-text'>500<\/span><\/a><\/li>\n<li class='menu-item av-mkicpg3i-1-4-8cfc2af09057ee712b948406980953c1 menu-item-top-level menu-item-top-level-7' role='menuitem'><a href='#sechshundert'  ><span class='avia-bullet'><\/span><span class='avia-menu-text'>600<\/span><\/a><\/li>\n<li class='menu-item av-mkicpg3i-1-3-35d249c201aceb18007ecbc9bb371744 menu-item-top-level menu-item-top-level-8' role='menuitem'><a href='#siebenhundert'  ><span class='avia-bullet'><\/span><span class='avia-menu-text'>700<\/span><\/a><\/li>\n<li class='menu-item av-mkicpg3i-1-2-4107fd01331dee436a8bc3c9ba085830 menu-item-top-level menu-item-top-level-9' role='menuitem'><a href='#achthundert'  ><span class='avia-bullet'><\/span><span class='avia-menu-text'>800<\/span><\/a><\/li>\n<li class='menu-item av-mkicpg3i-1-1-1-472e58cdb2bd22ec82c2cec1f6389c99 menu-item-top-level menu-item-top-level-10' role='menuitem'><a href='#neunhundert'  ><span class='avia-bullet'><\/span><span class='avia-menu-text'>900<\/span><\/a><\/li>\n<\/ul><\/div><\/div><div class='sticky_placeholder'><\/div><div id='after_submenu_1'  class='main_color av_default_container_wrap container_wrap sidebar_right'  ><div class='container av-section-cont-open' ><div class='template-page content  av-content-small alpha units'><div class='post-entry post-entry-type-page post-entry-7181'><div class='entry-content-wrapper clearfix'>\n<section  id=\"eins\"  class='av_textblock_section av-mlgyf94c-657abacd475a405909f4be09d7f0a213 '   itemscope=\"itemscope\" itemtype=\"https:\/\/schema.org\/CreativeWork\" ><div class='avia_textblock'  itemprop=\"text\" ><h3><strong>1<\/strong><\/h3>\n<\/div><\/section>\n<section  class='av_textblock_section av-mkicony6-97f05a275927c0439a35822b9494de99 '   itemscope=\"itemscope\" itemtype=\"https:\/\/schema.org\/CreativeWork\" ><div class='avia_textblock'  itemprop=\"text\" ><hr \/>\n<p><strong>1<\/strong> Oswald Bernd: Querdenker: wer sie sind \u2013 und wie sich die Bewegung entwickelt, in: BR24, 7.2.2021,<br \/>\n<a href=\"https:\/\/www.br.de\/nachrichten\/deutschland-welt\/die-querdenker-eine-heterogene-protestbewegung,SO9TvdX\" target=\"_blank\" rel=\"noopener\">Online-Quelle<\/a><br \/>\n[12.9.2021].<\/p>\n<hr \/>\n<p><strong>2<\/strong> Querdenken 771-Stuttgart: Unser Manifest, in webside,<br \/>\n<a href=\"https:\/\/querdenken-711.de\/manifest\/\" target=\"_blank\" rel=\"noopener\"> Online-Quelle<\/a><br \/>\n[12.9.2021].<\/p>\n<hr \/>\n<p><strong>3<\/strong> Bilger, Christine \/ Bosch, Julia: So verlief die Demonstration mit Tausenden auf dem Wasen, in: Stuttgarter Zeitung, 9.5.2020,<br \/>\n<a href=\"https:\/\/www.stuttgarter-zeitung.de\/inhalt.coronavirus-in-stuttgart-auf-dem-wasen-werden-es-immer-mehr.7d3d8359-4868-48a6-8ac9-635e5e441bbb.html\" target=\"_blank\" rel=\"noopener\"> Online-Quelle<\/a><br \/>\n[12.9.2021].<\/p>\n<hr \/>\n<p><strong>4<\/strong> Soldt, R\u00fcdiger: Corona-Demonstration. Kein Wasser auf die M\u00fchlen der Verschw\u00f6rungstheoretiker, in: Frankfurter Allgemeine, 11.5.2020,<br \/>\n<a href=\"https:\/\/www.faz.net\/aktuell\/politik\/inland\/corona-demonstrationen-wie-reagieren-die-staedte-16765014.html\" target=\"_blank\" rel=\"noopener\"> Online-Quelle<\/a><br \/>\n[12.9.2021].<\/p>\n<hr \/>\n<p><strong>5<\/strong> Solidarit\u00e4t. Freiheitsrechte. Klare Kante gegen rechts, in: Beobachter News. Magazin f\u00fcr politische Bewegung im S\u00fcdwesten, 16.5.2020,<br \/>\n<a href=\"https:\/\/t.me\/s\/BeobachterNews_de?q=16.5.2020\" target=\"_blank\" rel=\"noopener\"> Online-Quelle<\/a><br \/>\n[9.9.2021].<\/p>\n<hr \/>\n<p><strong>6<\/strong> Herrmann, Steffen: Bei Demo vor Reichstag, Attila Hildmann von der Polizei abgef\u00fchrt, in: Frankfurter Rundschau, 9.5.2020,<br \/>\n<a href=\"https:\/\/www.fr.de\/panorama\/attila-hildmann-vegan-koch-corona-verschwoerungstheorie-kaufland-vitalia-verbannen-produkte-zr-13753605.html\" target=\"_blank\" rel=\"noopener\"> Online-Quelle<\/a><br \/>\n[8.8.2021].<\/p>\n<hr \/>\n<p><strong>7<\/strong> Aggressivit\u00e4t bei Corona-Demo auf dem Alexanderplatz, in: Berliner Morgenpost, 10.5.2020,<br \/>\n<a href=\"https:\/\/www.morgenpost.de\/berlin\/article229085915\/Polizei-Aggressivitaet-bei-Corona-Demo-am-Alexanderplatz.html\" target=\"_blank\" rel=\"noopener\"> Online-Quelle<\/a><br \/>\n[8.8.2021].<\/p>\n<hr \/>\n<p><strong>8<\/strong> Hunger, Anna: Prozess in Stammheim. Schlimme Geschichte, in: Kontext. Wochenzeitung. Ausgabe 525, 21.4.2021,<br \/>\n<a href=\"https:\/\/www.kontextwochenzeitung.de\/gesellschaft\/525\/schlimme-geschichte-7447.html\" target=\"_blank\" rel=\"noopener\"> Online-Quelle<\/a><br \/>\n[24.9.2021].<\/p>\n<hr \/>\n<p><strong>9<\/strong> Strauch, Jan W.: Kein Durchbruch, in: der rechte rand, Ausgabe 171, M\u00e4rz 2018.<br \/>\n<a href=\"https:\/\/www.der-rechte-rand.de\/archive\/3285\/zentrum-automobil-afd\/\" target=\"_blank\" rel=\"noopener\"> Online-Quelle<\/a><br \/>\n[24.9.2021].<\/p>\n<hr \/>\n<p><strong>10<\/strong> Stuttgart. Nach Angriff auf dem Weg zur Demo. Opfer schwebt in Lebensgefahr, in: S\u00fcddeutsche Zeitung, 19.5.2020,<br \/>\n<a href=\"https:\/\/www.sueddeutsche.de\/panorama\/stuttgart-nach-angriff-auf-weg-zur-demo-opfer-schwebt-in-lebensgefahr-dpa.urn-newsml-dpa-com-20090101-200519-99-117136\" target=\"_blank\" rel=\"noopener\"> Online-Quelle<\/a><br \/>\n[24.9.2021].<\/p>\n<hr \/>\n<p><strong>11<\/strong> Einige Antifas: Zum antifaschistischen Angriff am 16. Mai in Stuttgart\/Zur Frage antifaschistischer Gewalt, in: indymedia.org, 27.5.2020,<br \/>\n<a href=\"https:\/\/de.indymedia.org\/node\/84673\" target=\"_blank\" rel=\"noopener\"> Online-Quelle<\/a><br \/>\n[14.10.2021].<\/p>\n<hr \/>\n<p><strong>12<\/strong> Maier, Sascha: Corona-Demos in Stuttgart. Gewerkschaft des \u00dcberfall-Opfers setzt Belohnung aus, in: StN.de Stuttgarter Nachrichten, 2.7.2020,<br \/>\n<a href=\"https:\/\/www.stuttgarter-zeitung.de\/inhalt.corona-demos-in-stuttgart-gewerkschaft-des-ueberfall-opfers-setzt-belohnung-aus.dc460a6b-cd7b-41f0-b0f8-a6db6b5d07a4.html\" target=\"_blank\" rel=\"noopener\"> Online-Quelle<\/a><br \/>\n[24.9.2021].<\/p>\n<hr \/>\n<p><strong>13<\/strong> Willi Bleicher, geboren 1907, seit 1920 Mitglied der KPD und nach seinem Parteiausschluss 1929, in der KPO (O f\u00fcr Opposition) organisiert. 1936 von einem Spitzel verraten und wegen illegaler kommunistischer T\u00e4tigkeit inhaftiert. Nach Ende der Haftstrafe 1938 H\u00e4ftling im KZ-Buchenwald. Willi Bleicher war Kapo (von der SS eingesetzte Vorarbeiter) in der Effektenkammer, und die Vorlage f\u00fcr einen Protagonisten im Jahr 1958 ver\u00f6ffentlichten Roman Nackt unter W\u00f6lfen. Der Autor Bruno Apitz beschreibt in dem Roman die Rettung eines kleinen polnischen Kindes durch eine Gruppe von H\u00e4ftlingen. Ab 1948 war Bleicher hauptamtlicher Gewerkschaftsfunktion\u00e4r und stieg in den 1950er-Jahren an die Spitze der IG Metall in Baden-W\u00fcrttemberg auf.<\/p>\n<hr \/>\n<p><strong>14<\/strong> IBD hisst Banner am Gewerkschaftshaus, in: Ministerium f\u00fcr Verfassungsschutz Baden-W\u00fcrttemberg, Rechtsextremismus 7\/2020,<br \/>\n<a href=\"https:\/\/verfassungsschutz-bw.de\/LfV3,Lfr\/Startseite\/Arbeitsfelder\/IBD+hisst+Banner+an+Gewerkschaftshaus\" target=\"_blank\" rel=\"noopener\"> Online-Quelle<\/a><br \/>\n[24.9.2021].<\/p>\n<hr \/>\n<p><strong>15<\/strong> Gr\u00e4ber, Daniel: Festnahmen und Hausdurchsuchungen auch in Karlsruher Antifa-Szene, in: Badische Neuste Nachrichten, 3.7.2020,<br \/>\n<a href=\"https:\/\/bnn.de\/karlsruhe\/festnahme-und-hausdurchsuchungen-auch-in-karlsruher-antifa-szene\" target=\"_blank\" rel=\"noopener\"> Online-Quelle<\/a><br \/>\n[13.3.2023].<\/p>\n<hr \/>\n<p><strong>16<\/strong> Bock, J\u00fcrgen: Razzien in der linksautonomen Szene. Tatverd\u00e4chtiger kommt aus Ludwigsburg, in: Stuttgarter Nachrichten, 2.7.2020,<br \/>\n<a href=\"https:\/\/www.stuttgarter-nachrichten.de\/inhalt.razzien-in-linksautonomer-szene-tatverdaechtiger-kommt-aus-ludwigsburg.997437ad-f769-47c7-b07a-670033ca9367.html\" target=\"_blank\" rel=\"noopener\"> Online-Quelle<\/a><br \/>\n[13.3.2023].<\/p>\n<hr \/>\n<p><strong>17<\/strong> Baur, Tilmann: Nach Razzien in Stuttgart. Antifaschisten bekunden Solidarit\u00e4t mit Tatverd\u00e4chtigen, in: Stuttgarter Zeitung, 2.7.2021,<br \/>\n<a href=\"https:\/\/www.stuttgarter-zeitung.de\/inhalt.nach-razzien-in-stuttgart-antifaschisten-bekunden-solidaritaet-mit-tatverdaechtigen.90666a5f-eb1b-4529-bb88-6b45e98bd3fc.html\" target=\"_blank\" rel=\"noopener\"> Online-Quelle<\/a><br \/>\n[24.9.2021].<\/p>\n<hr \/>\n<p><strong>18<\/strong> Hyslop, Patrick: Daimler-Betriebsrat ins Koma gepr\u00fcgelt: Linksradikale protestieren gegen Festnahme eines \u00bbGenossen\u00ab, in: Tag 24, 4.7.2020,<br \/>\n<a href=\"https:\/\/www.tag24.de\/stuttgart\/crime\/stuttgart-linksradikale-pruegeln-daimler-betriebsrat-ins-koma-festnahme-tatverdaechtiger-protest-indymedia-1568143\" target=\"_blank\" rel=\"noopener\"> Online-Quelle<\/a><br \/>\n[24.9.2021].<\/p>\n<hr \/>\n<p><strong>19<\/strong> Maier, Sascha: Mann nach Corona-Demo in Stuttgart im Koma. IG-Metall weist Schuldvorw\u00fcrfe von Zentrum Automobil zur\u00fcck, in: StN.de Stuttgarter Nachrichten, 25.5.2020,<br \/>\n<a href=\"https:\/\/www.stuttgarter-nachrichten.de\/inhalt.mann-nach-corona-demo-in-stuttgart-im-koma-ig-metall-weist-schuldvorwuerfe-von-zentrum-automobil-zurueck.ee0483f3-0569-43c5-98c8-ad455a90b712.html\" target=\"_blank\" rel=\"noopener\"> Online-Quelle<\/a><br \/>\n[24.9.2021].<\/p>\n<hr \/>\n<p><strong>20<\/strong> Maier, Sascha: Nach Razzien wegen versuchten Totschlags. Stuttgarter Antifa-Gruppe ruft zu Demo f\u00fcr Verhaftete auf, in: StN.de Stuttgarter Nachrichten, 2.7.2020,<br \/>\n<a href=\"https:\/\/www.stuttgarter-nachrichten.de\/inhalt.nach-razzien-wegen-versuchtem-totschlag-stuttgarter-antifa-gruppe-ruft-zu-demo-fuer-verhaftete-auf.fbe604c1-2bf5-43d9-aecf-bb13f649fba1.html\" target=\"_blank\" rel=\"noopener\"> Online-Quelle<\/a><br \/>\n[24.9.2021].<\/p>\n<hr \/>\n<p><strong>21<\/strong> Obst, Wolf-Dieter: Zweiter Haftbefehl nach \u00dcberfall vor dem Stadion, in: StN.de, 9.11.2020,<br \/>\n<a href=\"https:\/\/www.stuttgarternachrichten.de\/inhalt.ermittlungen-in-stuttgart-zweiter-haftbefehl-nach-ueberfall-vor-dem-stadion.d3c7bbc4-1928-4a50-bc6f-d30a3d6ca196.html\" target=\"_blank\" rel=\"noopener\"> Online-Quelle<\/a><br \/>\n[ 17.10.2021].<\/p>\n<hr \/>\n<p><strong>22<\/strong> Revolution\u00e4re Aktion Stuttgart: Jo ist frei!, 14.1.2021,<br \/>\n<a href=\"https:\/\/revolutionaere-aktion.org\/2021\/01\/14\/jo-ist-frei\/\" target=\"_blank\" rel=\"noopener\"> Online-Quelle<\/a><br \/>\n[25.8.2025].<\/p>\n<hr \/>\n<p><strong>23<\/strong> Stieber, Benno: Nach Angriff auf Rechte in Stuttgart. Zwei Antifas vor Gericht, in: taz, 26.4.2021<br \/>\n<a href=\"https:\/\/taz.de\/Nach-Angriff-auf-Rechte-in-Stuttgart\/!5762708\/\" target=\"_blank\" rel=\"noopener\">Online-Quelle<\/a><br \/>\n[ 21.9.2021].<\/p>\n<hr \/>\n<p><strong>24<\/strong> Stieber, Benno: Angriff auf Querdenker Demo in Stuttgart. \u201eDas waren doch Nazis\u201c, in: taz, 13.10.2021,<br \/>\n<a href=\"https:\/\/taz.de\/Angriff-vor-Querdenkerdemo-in-Stuttgart\/!5807787\/\" target=\"_blank\" rel=\"noopener\"> Online-Quelle<\/a><br \/>\n[ 14.10.2021].<\/p>\n<hr \/>\n<p><strong>25<\/strong> Landgericht Stuttgart: Mehrj\u00e4hrige Haftstrafe f\u00fcr brutalen Angriff auf \u201eQuerdenken-Demo\u201c, in: SWR aktuell, 13.10.2021,<br \/>\n<a href=\"https:\/\/www.swr.de\/swraktuell\/baden-wuerttemberg\/stuttgart\/urteil-landgericht-stuttgart-wasen-corona-demo-angriffe-100.html\" target=\"_blank\" rel=\"noopener\"> Online-Quelle<\/a><br \/>\n[16.10.2021].<\/p>\n<hr \/>\n<p><strong>26<\/strong> F\u00fcnfeinhalb und viereinhalb Jahre Gef\u00e4ngnis ohne handfeste Beweise, in: Beobachter News, 13.10.2021,<br \/>\n<a href=\"https:\/\/www.youtube.com\/watch?v=fdRe9nxWIK4\" target=\"_blank\" rel=\"noopener\"> Online-Quelle<\/a><br \/>\n[16.10.2021].<\/p>\n<hr \/>\n<p><strong>27<\/strong> Stieber, Benno: Angriff auf Querdenker Demo in Stuttgart. \u201eDas waren doch Nazis\u201c, in: taz, 13.10.2021,<br \/>\n<a href=\"https:\/\/taz.de\/Angriff-vor-Querdenkerdemo-in-Stuttgart\/!5807787\/\" target=\"_blank\" rel=\"noopener\"> Online-Quelle<\/a><br \/>\n[16.10.2021].<\/p>\n<hr \/>\n<p><strong>28<\/strong> Ebenda.<\/p>\n<hr \/>\n<p><strong>29<\/strong> Ebenda.<\/p>\n<hr \/>\n<p><strong>30<\/strong> Hunger, Anna: Antifa-Prozess. Hartes Urteil, in Kontext Wochenzeitung, Ausg. 550, 13.10.2021,<br \/>\n<a href=\"https:\/\/www.kontextwochenzeitung.de\/gesellschaft\/550\/urteil-7777.html\" target=\"_blank\" rel=\"noopener\"> Online-Quelle<\/a><br \/>\n[16.10.2021].<\/p>\n<hr \/>\n<p><strong>31<\/strong> Ebenda.<\/p>\n<hr \/>\n<p><strong>32<\/strong> Revisionsantr\u00e4ge abgewiesen. Attacke am Rande von \u201eQuerdenker\u201c-Demo: Urteil best\u00e4tigt, in: SWR Aktuell, 21.7.2022,<br \/>\n<a href=\"https:\/\/www.swr.de\/swraktuell\/baden-wuerttemberg\/stuttgart\/querdenken-demo-urteil-gegen-linksautonome-bestaetigt-100.html\" target=\"_blank\" rel=\"noopener\"> Online-Quelle<\/a><br \/>\n[27.3.2023].<\/p>\n<hr \/>\n<p><strong>33<\/strong> Mbo: Amtsgericht in Ludwigsburg. Antifa bekennt sich zu Schmierereien, in: Stuttgarter Zeitung, 26.82022,<br \/>\n<a href=\"https:\/\/www.stuttgarter-zeitung.de\/inhalt.amtsgericht-in-ludwigsburg-antifa-bekennt-sich-zu-schmierereien.2d72bb8f-dee5-4b62-ae95-cc7dbf52b751.html\" target=\"_blank\" rel=\"noopener\"> Online-Quelle<\/a><br \/>\n[23.5.2023].<\/p>\n<hr \/>\n<p><strong>34<\/strong> Baden-W\u00fcrttemberg.de, Amtliches Endergebnis der Landtagswahl 2021,<br \/>\n<a href=\"https:\/\/www.baden-wuerttemberg.de\/de\/service\/presse\/pressemitteilung\/pid\/amtliches-endergebnis-der-landtagswahl-2021-1\/\" target=\"_blank\" rel=\"noopener\"> Online-Quelle<\/a><br \/>\n[9.9.2021].<\/p>\n<hr \/>\n<p><strong>35<\/strong> Kundgebung der Corona-Leugner am Brandenburger Tor aufgel\u00f6st, in: rbb 24, 1.8.2020,<br \/>\n<a href=\"https:\/\/www.rbb24.de\/politik\/thema\/2020\/coronavirus\/beitraege_neu\/2020\/08\/demonstrationen-corona-berlin-mitte-polizei.html\" target=\"_blank\" rel=\"noopener\"> Online-Quelle<\/a><br \/>\n[9.8.2021].<\/p>\n<hr \/>\n<p><strong>36<\/strong> Drutschmann, Dominik: \u201eWir sind die zweite Welle\u201c, in: ZEIT ONLINE, 1.8.2020,<br \/>\n<a href=\"https:\/\/www.zeit.de\/gesellschaft\/zeitgeschehen\/2020-08\/corona-demonstration-berlin-schutzmassnahmen-kundgebung-polizei\" target=\"_blank\" rel=\"noopener\"> Online-Quelle<\/a><br \/>\n[8.8.2021].<\/p>\n<hr \/>\n<p><strong>37<\/strong> Ebenda.<\/p>\n<hr \/>\n<p><strong>38<\/strong> #Faktenfuchs: Wie viele Leute waren auf Corona-Demo in Berlin, in: BR24, 3.8.2020,<br \/>\n<a href=\"https:\/\/web.archive.org\/web\/20200812144333\/https:\/\/www.br.de\/nachrichten\/wissen\/faktenfuchs-wie-viele-leute-waren-auf-corona-demo-in-berlin,S6bfRBo\" target=\"_blank\" rel=\"noopener\"> Online-Quelle<\/a><br \/>\n[13.9.2021].<\/p>\n<hr \/>\n<p><strong>39<\/strong> Betschka, Julius: Auf der ersten Corona-Demo waren doch 30.000 Menschen, in: Der Tagesspiegel, 28.8.2020,<br \/>\n<a href=\"https:\/\/www.tagesspiegel.de\/berlin\/polizei-korrigiert-zahlen-nach-oben-auf-der-ersten-corona-demo-in-berlin-waren-doch-30-000-menschen\/26136252.html\" target=\"_blank\" rel=\"noopener\"> Online-Quelle<\/a><br \/>\n[ 8.8.2021].<\/p>\n<hr \/>\n<p><strong>40<\/strong> Khamis, Sammy \/ Rohrmeier, Sophie: #Faktenfuchs: Wie viele Leute waren auf Corona-Demo in Berlin, in: BR24, 3.8.2020,<br \/>\n<a href=\"https:\/\/web.archive.org\/web\/20200812144333\/https:\/\/www.br.de\/nachrichten\/wissen\/faktenfuchs-wie-viele-leute-waren-auf-corona-demo-in-berlin,S6bfRBo\" target=\"_blank\" rel=\"noopener\"> Online-Quelle<\/a><br \/>\n[13.9.2021].<\/p>\n<hr \/>\n<p><strong>41<\/strong> Betschka, Julius: So will die extreme Rechte den Corona Protest unterwandern, in: Der Tagesspiegel, 25.8.2020,<br \/>\n<a href=\"https:\/\/www.tagesspiegel.de\/berlin\/querdenker-demonstration-in-berlin-so-will-die-extreme-rechte-den-corona-protest-unterwandern\/26123250.html\" target=\"_blank\" rel=\"noopener\"> Online-Quelle<\/a><br \/>\n[19.8.2021].<\/p>\n<hr \/>\n<p><strong>42<\/strong> Der Xavier-Naidoo-Faktenscheck: Deutschland ein \u201eUnrechtssystem\u201c?, in: Mannheim24, Promi &amp; Show, 24.10.2020, aktualisiert 11.3.2021,<br \/>\n<a href=\"https:\/\/www.mannheim24.de\/promi-show\/xavier-naidoo-verschwoerung-saenger-fluechtlinge-reichsbuerger-mannheim-fakten-deutschland-verschwoerungstheorie-brd-kanzlerakte-bilderberger-13642953.html\" target=\"_blank\" rel=\"noopener\"> Online-Quelle<\/a><br \/>\n[19.8.2021].<\/p>\n<hr \/>\n<p><strong>43<\/strong> Demo aufgel\u00f6st \u2013 Proteste gehen weiter, in: tagesschau, 29.8.2020,<br \/>\n<a href=\"https:\/\/www.ardmediathek.de\/video\/phoenix-unvergessene-szenen\/anti-corona-demonstration-in-berlin-onthisday-29-08-2020\/phoenix\/Y3JpZDovL3dkci5kZS9CZWl0cmFnLTUxMTU0ODAwLTNkODktNDUyNC05NzhmLTEwZmI4YWYxMzE3NA\" target=\"_blank\" rel=\"noopener\"> Online-Quelle<\/a><br \/>\n[11.8.2021].<\/p>\n<hr \/>\n<p><strong>44<\/strong> Corona-Kundgebungen in Berlin. Polizei stoppt Demonstranten vor Reichstag, in: ntv, 29.8.2020,<br \/>\n<a href=\"https:\/\/www.n-tv.de\/panorama\/Polizei-stoppt-Demonstranten-vor-Reichstag-article22003857.html\" target=\"_blank\" rel=\"noopener\"> Online-Quelle<\/a><br \/>\n[14.9.2021].<\/p>\n<hr \/>\n<p><strong>45<\/strong> Attila Hildmann bei Corona-Leugner-Demo in Berlin von Polizei festgenommen, in: BZ, 29.8.2020,<br \/>\n<a href=\"https:\/\/www.bz-berlin.de\/berlin\/festnahme-attila-hildmann-bei-corona-leugner-demo-in-berlin-polizei\" target=\"_blank\" rel=\"noopener\"> Online-Quelle<\/a><br \/>\n[11.8.2021].<\/p>\n<hr \/>\n<p><strong>46<\/strong> Patrick Gensing: \u201eSturm\u201c auf das Reichstagsgeb\u00e4ude. Mit gezielten Falschmeldungen aufgehetzt, in: tagesschau.de, 31.8.2020,<br \/>\n<a href=\"https:\/\/www.tagesschau.de\/faktenfinder\/reichstag-berlin-sturm-fakenews-101.html\" target=\"_blank\" rel=\"noopener\"> Online-Quelle<\/a><br \/>\n[13.9.2021].<\/p>\n<hr \/>\n<p><strong>47<\/strong> Ebenda.<\/p>\n<hr \/>\n<p><strong>48<\/strong> Ebenda.<\/p>\n<hr \/>\n<p><strong>49<\/strong> Tim Vincent Dicke\/Katja Thorwarth: \u201eQuerdenker-711\u201c in Berlin, Veranstalter will \u201ekeine Rechtsextremen gesehen\u201c haben, in: FR.de, 3.9.2020,<br \/>\n<a href=\"https:\/\/www.fr.de\/politik\/berlin-corona-demo-kundgebung-querdenken-711-protest-polizei-zr-90033019.html\" target=\"_blank\" rel=\"noopener\"> Online-Quelle<\/a><br \/>\n[12.8.2021].<\/p>\n<hr \/>\n<p><strong>50<\/strong> Corona-Kundgebungen in Berlin. Polizei stoppt Demonstranten vor Reichstag, in: ntv, 29.8.2020,<br \/>\n<a href=\"https:\/\/www.n-tv.de\/panorama\/Polizei-stoppt-Demonstranten-vor-Reichstag-article22003857.html\" target=\"_blank\" rel=\"noopener\"> Online-Quelle<\/a><br \/>\n[14.9.2021].<\/p>\n<hr \/>\n<p><strong>51<\/strong> Alexander Fr\u00f6hlich\/Sophie Krause: Demo-Blog f\u00fcr Berlin. Ermittlungen gegen Polizisten nach Corona-Demo, in: Der Tagesspiegel, 31.8.2020,<br \/>\n<a href=\"https:\/\/www.tagesspiegel.de\/berlin\/demo-blog-fuer-berlin-ermittlungen-gegen-polizisten-nach-corona-demo\/26139046.html\" target=\"_blank\" rel=\"noopener\"> Online-Quelle<\/a><br \/>\n[15.3.2023].<\/p>\n<hr \/>\n<p><strong>52<\/strong> Polizei ermittelt gegen Tamara K. wegen \u201eaufwieglerischen Landfriedensbruchs\u201c, in: Der Tagesspiegel, 4.9.2020,<br \/>\n<a href=\"https:\/\/www.tagesspiegel.de\/berlin\/aufruf-zum-sturm-auf-den-reichstag-polizei-ermittelt-gegen-tamara-k-wegen-aufwieglerischen-landfriedensbruchs\/26158590.html\" target=\"_blank\" rel=\"noopener\"> Online-Quelle<\/a><br \/>\n[12.8.2021].<\/p>\n<hr \/>\n<p><strong>53<\/strong> Ebenda.<\/p>\n<hr \/>\n<p><strong>54<\/strong> Z\u00e4pfel, Christina: Corona Proteste. Autogramme, Blumen, Warnungen: Hunderte feiern Querdenker Star Bodo Schiffmann, in: Badische Neuste Nachrichten, 21.11.2020,<br \/>\n<a href=\"https:\/\/bnn.de\/pforzheim\/autogramme-blumen-warnungen-hunderte-feiern-querdenker-star-bodo-schiffmann-in-pforzheim\" target=\"_blank\" rel=\"noopener\"> Online-Quelle<\/a><br \/>\n[27.5.2022].<\/p>\n<hr \/>\n<p><strong>55<\/strong> Gerke, Christian \/ Richard, Eric: Mehrere Festnahmen: Polizei st\u00fcrmt Querdenken-B\u00fchne in Berlin, in: Berliner Zeitung, 25.10.2020,<br \/>\n<a href=\"https:\/\/www.berliner-zeitung.de\/news\/mehrere-anti-corona-demos-in-berlin-li.113792\" target=\"_blank\" rel=\"noopener\"> Online-Quelle<\/a><br \/>\n[20.8.2021].<\/p>\n<hr \/>\n<p><strong>56<\/strong> Trotz Pegida-Absage: Dresden will \u201eHerz statt Hetze\u201c zeigen, in: Zeit online, 20.10.2020,<br \/>\n<a href=\"https:\/\/www.zeit.de\/news\/2020-10\/20\/trotz-pegida-absage-dresden-will-herz-statt-hetze-zeigen\" target=\"_blank\" rel=\"noopener\"> Online-Quelle<\/a><br \/>\n[28.7.2021].<\/p>\n<hr \/>\n<p><strong>57<\/strong> Bartsch, Michael: Hass und Hetze statt Gedenken, in: taz, 10.11.2020,<br \/>\n<a href=\"https:\/\/taz.de\/Rechtsextreme-Pegida-Demo-in-Dresden\/!5727880\/\" target=\"_blank\" rel=\"noopener\"> Online-Quelle<\/a><br \/>\n[28.7.2021].<\/p>\n<hr \/>\n<p><strong>58<\/strong> Entsetzen nach gewaltt\u00e4tigen Auseinandersetzungen in Leipzig, in: mdr sachsen, 8.11.2020,<br \/>\n<a href=\"https:\/\/www.mdr.de\/nachrichten\/sachsen\/leipzig\/leipzig-leipzig-land\/corona-querdenken-gegendemonstrationen-100.html\" target=\"_blank\" rel=\"noopener\"> Online-Quelle<\/a><br \/>\n[29.7.2021].<\/p>\n<hr \/>\n<p><strong>59<\/strong> Pegida-Demonstration. Protest gegen H\u00f6cke Auftritt in Dresden, in: Frankfurter Allgemeine, 14.9.2021,<br \/>\n<a href=\"https:\/\/www.faz.net\/aktuell\/politik\/inland\/protest-gegen-bjoern-hoecke-bei-pegida-demonstration-in-dresden-17536093.html\" target=\"_blank\" rel=\"noopener\"> Online-Quelle<\/a><br \/>\n[15.9.2021].<\/p>\n<hr \/>\n<p><strong>60<\/strong> Hunderte demonstrieren gegen Bj\u00f6rn H\u00f6cke und Pegida, in: Die Zeit, 14.9.2021,<br \/>\n<a href=\"https:\/\/www.zeit.de\/politik\/deutschland\/2021-09\/dresden-protest-gegendemonstration-afd-bjoern-hoecke-pegida\" target=\"_blank\" rel=\"noopener\"> Online-Quelle<\/a><br \/>\n[14.9.2021].<\/p>\n<hr \/>\n<p><strong>61<\/strong> Pegida-Demonstration. Protest gegen H\u00f6cke Auftritt in Dresden, in: Frankfurter Allgemeine, 14.9.2021,<br \/>\n<a href=\"https:\/\/www.faz.net\/aktuell\/politik\/inland\/protest-gegen-bjoern-hoecke-bei-pegida-demonstration-in-dresden-17536093.html\" target=\"_blank\" rel=\"noopener\"> Online-Quelle<\/a><br \/>\n[15.9.2021].<\/p>\n<hr \/>\n<p><strong>62<\/strong> Hunderte demonstrieren gegen Bj\u00f6rn H\u00f6cke und Pegida, in: Die Zeit, 14.9.2021,<br \/>\n<a href=\"https:\/\/www.zeit.de\/politik\/deutschland\/2021-09\/dresden-protest-gegendemonstration-afd-bjoern-hoecke-pegida\" target=\"_blank\" rel=\"noopener\"> Online-Quelle<\/a><br \/>\n[14.9.2021].<\/p>\n<hr \/>\n<p><strong>63<\/strong> Brautzsch, Jessica: Querdenken-Demo. Leipzig bereitet sich auf 27 Kundgebungen und Versammlungen vor, in: MDR AKTUELL<br \/>\n<a href=\"https:\/\/www.mdr.de\/nachrichten\/deutschland\/politik\/querdenken-demo-leipzig-vorbereitungen-stadt-102.html\" target=\"_blank\" rel=\"noopener\"> Online-Quelle<\/a><br \/>\n[12.9.2021].<\/p>\n<hr \/>\n<p><strong>64<\/strong> Neonazis greifen Polizei an: Randale bei Querdenken Demo in Leipzig, in: democ. Zentrum demokratischer Widerspruch, 7.11.2020,<br \/>\n<a href=\"https:\/\/democ.de\/artikel\/neonazis-greifen-polizei-an-randale-bei-querdenken-demo-in-leipzig\/\" target=\"_blank\" rel=\"noopener\"> Online-Quelle<\/a><br \/>\n[12.9.2021].<\/p>\n<hr \/>\n<p><strong>65<\/strong> Hagen Grell, nach eigenen Aussagen ein \u00fcberzeugter AfD-W\u00e4hler, unterst\u00fctzt mit seinen YouTube-Videos propagandistisch die Rechtspopulisten. Grell selbst gilt als Truther, abgeleitet vom englischen Truth. Bezeichnung f\u00fcr Menschen, die glauben, eine geheime Wahrheit hinter den durch Medien und Politik verbreiteten Informationen zu kennen.<\/p>\n<hr \/>\n<p><strong>66<\/strong> Thomas Grabinger betreibt einen Computerreparaturladen in Berlin. Mit technisch versierten Videos ist der bekennende AfD-W\u00e4hler seit 2019 als Digitaler Chronist\/Alternative auf YouTube t\u00e4tig und hat dort mehr als 50.000 Abonnent_innen.<\/p>\n<hr \/>\n<p><strong>67<\/strong> Ausschreitungen in Leipzig am 7. November 2020, in: Deutscher Bundestag. Parlamentsnachrichten, 18.1.2021,<br \/>\n<a href=\"https:\/\/www.bundestag.de\/presse\/hib\/817980-817980\" target=\"_blank\" rel=\"noopener\"> Online-Quelle<\/a><br \/>\n[12.9.2021].<\/p>\n<hr \/>\n<p><strong>68 <\/strong> Autonomer Aufruf: Tod dem Faschismus \u2013 Querdenker-Demo angreifen, in: de.indyedia.org, 29.10.2020,<br \/>\n<a href=\"https:\/\/de.indymedia.org\/node\/113751\" target=\"_blank\" rel=\"noopener\"> Online-Quelle<\/a><br \/>\n[12.9.2021].<\/p>\n<hr \/>\n<p><strong>69<\/strong> Leipzig. Querdenken darf doch mitten in der Stadt demonstrieren, in: ZEIT ONLINE, 7.11.2020,<br \/>\n<a href=\"https:\/\/www.zeit.de\/politik\/deutschland\/2020-11\/leipzig-querdenken-demo-corona-politik-ovg-bautzen-innenstadt\" target=\"_blank\" rel=\"noopener\"> Online-Quelle<\/a><br \/>\n[13.9.2021].<\/p>\n<hr \/>\n<p><strong>70<\/strong> \u201eQuerdenken-Demo\u201c hinterl\u00e4sst Spuren in Leipzig \u2013 Liveticker zum Nachlesen, in Leipziger Volkszeitung, 7.11.2020,<br \/>\n<a href=\"https:\/\/www.lvz.de\/Leipzig\/Lokales\/Querdenken-in-Leipzig-Liveticker-zur-Demonstration-in-der-Innenstadt\" target=\"_blank\" rel=\"noopener\"> Online-Quelle<\/a><br \/>\n[12.9.2021].<\/p>\n<hr \/>\n<p><strong>71<\/strong> Ebenda.<\/p>\n<hr \/>\n<p><strong>72<\/strong> Viel Kritik und R\u00fccktrittforderungen nach Einsatz in Leipzig, in: mdr.liveticker, 8.11.2020,<br \/>\n<a href=\"https:\/\/www.mdr.de\/nachrichten\/sachsen\/leipzig\/corona-demonstration-querdenken-polizei-102.html\" target=\"_blank\" rel=\"noopener\"> Online-Quelle<\/a><br \/>\n[12.9.2021].<\/p>\n<hr \/>\n<p><strong>73<\/strong> \u201eQuerdenken\u201c-Kundgebung. Entsetzen nach gewaltt\u00e4tigen Auseinandersetzungen in Leipzig, in: mdr\/sachsen, 8.11.2020<br \/>\n<a href=\"https:\/\/www.mdr.de\/nachrichten\/sachsen\/leipzig\/leipzig-leipzig-land\/corona-querdenken-gegendemonstrationen-100.html#sprung3\" target=\"_blank\" rel=\"noopener\"> Online-Quelle<\/a><br \/>\n[15.3.2023].<\/p>\n<hr \/>\n<p><strong>74<\/strong> Querdenken-Demo am 7.11.2020 in Leipzig: Nach dem Demo-Debakel! W\u00f6ller und Kretschmar verteidigen die Polizei, in: news.de, 12.11.2020,<br \/>\n<a href=\"https:\/\/www.news.de\/panorama\/855881038\/querdenken-demo-am-07-11-2020-in-leipzig-im-news-ticker-politiker-entsetzt-gewalt-szenen-polizei-kritisiert-behoerden-woeller\/1\/\" target=\"_blank\" rel=\"noopener\"> Online-Quelle<\/a><br \/>\n[12.9.2021].<\/p>\n<hr \/>\n<p><strong>75<\/strong> dju in ver.di verurteilt Angriffe auf Medienschaffende bei \u201eQuerdenken\u201c-Demo in Leipzig, in: ver.di Deutsche Journalistinnen- und Journalisten-Union, 8.11.2020,<br \/>\n<a href=\"https:\/\/dju.verdi.de\/presse\/pressemitteilungen\/++co++79521560-21a6-11eb-bdd1-001a4a16012a\" target=\"_blank\" rel=\"noopener\"> Online-Quelle<\/a><br \/>\n[12.9.2021].<\/p>\n<hr \/>\n<p><strong>76<\/strong> Neue Regelungen f\u00fcr Versammlungen, in: sachsen.de s\u00e4chsische staatskanzlei, 11.11.2020,<br \/>\n<a href=\"https:\/\/www.medienservice.sachsen.de\/medien\/news\/242864\" target=\"_blank\" rel=\"noopener\"> Online-Quelle<\/a><br \/>\n[12.9.2021].<\/p>\n<hr \/>\n<p><strong>77<\/strong> Massive Angriffe bei Corona-Demo: Fast 80 verletzte Beamte, in: Die Zeit, 19.11.2020,<br \/>\n<a href=\"https:\/\/www.zeit.de\/news\/2020-11\/19\/massive-angriffe-bei-corona-demo-fast-80-verletzte-beamte\" target=\"_blank\" rel=\"noopener\"> Online-Quelle<\/a><br \/>\n[9.9.2021].<\/p>\n<hr \/>\n<p><strong>78<\/strong> Corona Proteste in Berlin, Polizei beendet Demo mit Wasserwerfern \u2013 365 Festnahmen, in: rbb, 18.11.2020,<br \/>\n<a href=\"https:\/\/www.rbb24.de\/politik\/thema\/2020\/coronavirus\/beitraege_neu\/2020\/11\/demonstrationen-corona-gegner-bundestag-infektionsschutzgesetz.html\" target=\"_blank\" rel=\"noopener\"> Online-Quelle<\/a><br \/>\n[9.9.2021].<\/p>\n<hr \/>\n<p><strong>79<\/strong> Massive Angriffe bei Corona-Demo: Fast 80 verletzte Beamte, in: Die Zeit, 19.11.2020,<br \/>\n<a href=\"https:\/\/www.zeit.de\/news\/2020-11\/19\/massive-angriffe-bei-corona-demo-fast-80-verletzte-beamte\" target=\"_blank\" rel=\"noopener\"> Online-Quelle<\/a><br \/>\n[9.9.2021].<\/p>\n<hr \/>\n<p><strong>80<\/strong> Nach abgesagter Kundgebung. Stundenlanges \u201eKatz-und-Maus-Spiel\u201c in Leipzig, in: ntv, 21.11.2020,<br \/>\n<a href=\"https:\/\/www.n-tv.de\/politik\/Stundenlanges-Katz-und-Maus-Spiel-in-Leipzig-article22184478.html\" target=\"_blank\" rel=\"noopener\"> Online-Quelle<\/a><br \/>\n[19.10.2021].<\/p>\n<hr \/>\n<p><strong>81<\/strong> Freitag, Michael: H\u00e4rtere Gangart bei \u201eQuerdenken\u201c am Samstag in Leipzig: Auflagen und ein Infektionsschutzgesetz im R\u00fccken + updates, in: Leipziger Zeitung, 19.11.2020,<br \/>\n<a href=\"https:\/\/www.l-iz.de\/leben\/gesellschaft\/2020\/11\/Haertere-Gangart-bei-Querdenken-am-Samstag-Leipzig-Auflagen-und-ein-Infektionsschutzgesetz-im-Ruecken-360288\" target=\"_blank\" rel=\"noopener\"> Online-Quelle<\/a><br \/>\n[19.10.2021].<\/p>\n<hr \/>\n<p><strong>82<\/strong> Nach abgesagter Kundgebung. Stundenlanges \u201eKatz-und-Maus-Spiel\u201c in Leipzig, in: ntv, 21.11.2020,<br \/>\n<a href=\"https:\/\/www.n-tv.de\/politik\/Stundenlanges-Katz-und-Maus-Spiel-in-Leipzig-article22184478.html\" target=\"_blank\" rel=\"noopener\"> Online-Quelle<\/a><br \/>\n[19.10.2021].<\/p>\n<hr \/>\n<p><strong>83<\/strong> Nach abgesagter Querdenken-Demo. Leipzig: Mob pr\u00fcgelt auf am Boden liegende Person ein \u2013 Polizei gibt Warnschuss ab, in: FOCUS online, 23.11.2020,<br \/>\n<a href=\"https:\/\/www.focus.de\/gesundheit\/coronavirus\/nach-abgesagter-querdenken-demo-leipzig-mob-pruegelt-auf-am-boden-liegende-person-ein-polizei-gibt-warnschuss-ab_id_12688096.html\" target=\"_blank\" rel=\"noopener\"> Online-Quelle<\/a><br \/>\n[19.10.2021].<\/p>\n<hr \/>\n<p><strong>84<\/strong> Ebenda.<\/p>\n<hr \/>\n<p><strong>85<\/strong> Bundesministerium des Innern, f\u00fcr Bau und Heimat: Verfassungsschutzbericht 2020, Berlin, S. 130 f.<\/p>\n<hr \/>\n<p><strong>86<\/strong> S\u00e4chsisches Staatsministerium des Innern und Landesamt f\u00fcr Verfassungsschutz Sachsen: S\u00e4chsischer Verfassungsschutzbericht 2020, Dresden 2021, S. 156.<\/p>\n<hr \/>\n<p><strong>87<\/strong> Harald H\u00e4nisch. S\u00e4chsischer AfD-Politiker ist tot. Starb er an Corona?, in: Focus, 14.12.2020,<br \/>\n<a href=\"https:\/\/www.focus.de\/politik\/deutschland\/partei-trauert-stadtrat-stirbt-nach-krankheit-afd-politiker-harald-haenisch-ist-tot_id_12766882.html\" target=\"_blank\" rel=\"noopener\"> Online-Quelle<\/a><br \/>\n[5.1.2024].<\/p>\n<hr \/>\n<p><strong>88<\/strong> Teilnehmer von \u201eQuerdenken\u201c-Demo. AfD-Stadtrat nach Corona-Erkrankung gestorben, in: Bild \/ Regional \/ Leipzig, 12.12.2020,<br \/>\n<a href=\"https:\/\/www.bild.de\/regional\/leipzig\/leipzig-news\/boehlen-afd-stadtrat-nach-corona-erkrankung-gestorben-74430904.bild.html\" target=\"_blank\" rel=\"noopener\"> Online-Quelle<\/a><br \/>\n[5.1.2024].<\/p>\n<hr \/>\n<p><strong>89<\/strong> Fahndung der Berliner Polizei. Tatverd\u00e4chtiger bei Anschlag auf Robert-Koch-Institut unschuldig, in: Der Tagesspiegel, 17.4.2021,<br \/>\n<a href=\"https:\/\/www.tagesspiegel.de\/berlin\/polizei-justiz\/fahndung-der-berliner-polizei-tatverdaechtiger-bei-anschlag-auf-robert-koch-institut-unschuldig\/27102054.html\" target=\"_blank\" rel=\"noopener\"> Online-Quelle<\/a><br \/>\n[14.9.2021].<\/p>\n<hr \/>\n<p><strong>90<\/strong> Verfassungsschutzrelevante Delegitimierung des Staates, in: Bundesamt f\u00fcr Verfassungsschutz, Neuer Ph\u00e4nomenbereich, 29.4.2021,<br \/>\n<a href=\"https:\/\/www.verfassungsschutz.de\/SharedDocs\/kurzmeldungen\/DE\/2021\/2021-04-29-querdenker.html\" target=\"_blank\" rel=\"noopener\"> Online-Quelle<\/a><br \/>\n[9.9.2021].<\/p>\n<hr \/>\n<p><strong>91<\/strong> Ebenda.<\/p>\n<hr \/>\n<p><strong>92<\/strong> Totaro, Dominik: Demonstration in Hellersdorf, in: Blaulicht Report Berlin City, 16.4.2021,<br \/>\n<a href=\"https:\/\/blaulichtreportberlincity.com\/2021\/04\/16\/demonstration-in-hellersdorf\/\" target=\"_blank\" rel=\"noopener\"> Online-Quelle<\/a><br \/>\n[26.1.2022].<\/p>\n<hr \/>\n<p><strong>93<\/strong> Krzyzanski, Diane: Attila Hiltmann heute: Deshalb wurde er noch nicht geschnappt, in: Berliner Morgenpost, 10.9.2024,<br \/>\n<a href=\"https:\/\/www.morgenpost.de\/panorama\/article406982392\/was-macht-eigentlich-verschwoerungsideologe-attila-hildmann.html\" target=\"_blank\" rel=\"noopener\"> Online-Quelle<\/a><br \/>\n[19.5.2025].<\/p>\n<hr \/>\n<p><strong>94<\/strong> Interview mit Pedro Kreye (Freie Linke), in: YouTube, 20.5.2021,<br \/>\n<a href=\"https:\/\/www.youtube.com\/watch?v=RHdD_m9-DzY\" target=\"_blank\" rel=\"noopener\"> Online-Quelle<\/a><br \/>\n[14.9.2021].<\/p>\n<hr \/>\n<p><strong>95<\/strong> Rechter Aktivismus und Corona-Leugnung unter linkem Label: Die \u201eFreedom-Parade\u201c um den Selbstdarsteller Michael Br\u00fcndel \u201eCaptain Future\u201c, in: Friedensdemo-Watch, 9.12.2020,<br \/>\n<a href=\"https:\/\/www.friedensdemowatch.com\/2020\/12\/09\/rechter-aktivismus-und-corona-leugnung-unter-linken-labeln-die-freedom-parade-um-den-selbstdarsteller-michael-bruendel-captain-future\/\" target=\"_blank\" rel=\"noopener\"> Online-Quelle<\/a><br \/>\n[9.12.2021].<\/p>\n<hr \/>\n<p><strong>96<\/strong> So lief der 1. Mai in Berlin. Gewaltorgie bei Revolution\u00e4rer 1. Mai-Demo. +++ Steine. Flaschen. B\u00f6ller gegen Polizisten: Verletzte, Festnahmen, Demo-Abbruch!, in: Berliner Kurier, 1.5.2021,<br \/>\n<a href=\"https:\/\/www.berliner-kurier.de\/berlin\/1mai-in-berlin-newsblog-des-berliner-kurier-li.156304\" target=\"_blank\" rel=\"noopener\"> Online-Quelle<\/a><br \/>\n[14.9.2021].<\/p>\n<hr \/>\n<p><strong>97<\/strong> Peter, Erik: Protest gegen Bundesnotbremse, in: taz, 21.4.2021,<br \/>\n<a href=\"https:\/\/taz.de\/Aenderung-des-Infektionsschutzgesetzes\/!5768105\/\" target=\"_blank\" rel=\"noopener\"> Online-Quelle<\/a><br \/>\n[4.8.2021].<\/p>\n<hr \/>\n<p><strong>98<\/strong> Schedule Remote Chaos Experience: Speaker: antiverschwurbelte aktion, 27.12.2020,<br \/>\n<a href=\"https:\/\/fahrplan.events.ccc.de\/rc3\/2020\/Fahrplan\/events\/11498.html\" target=\"_blank\" rel=\"noopener\"> Online-Quelle<\/a><br \/>\n[5.9.2021].<\/p>\n<hr \/>\n<p><strong>99<\/strong> Schedule Remote Chaos Experience: Other: Schwurblerdemos der Neuen Rechten und Gegenprotest, 27.12.2020,<br \/>\n<a href=\"https:\/\/fahrplan.events.ccc.de\/rc3\/2020\/Fahrplan\/events\/11498.html\" target=\"_blank\" rel=\"noopener\"> Online-Quelle<\/a><br \/>\n[5.9.2021].<\/p>\n<hr \/>\n<\/div><\/section>\n<section  id=\"einhundert\"  class='av_textblock_section av-mlfjx1cw-99ca1e6cc5bc5c01e3e11767c58cba82 '   itemscope=\"itemscope\" itemtype=\"https:\/\/schema.org\/CreativeWork\" ><div class='avia_textblock'  itemprop=\"text\" ><h3><strong>100<\/strong><\/h3>\n<\/div><\/section>\n<section  class='av_textblock_section av-mlfjxvkb-fca0da311ac5e48f7697dd11f8b22edb '   itemscope=\"itemscope\" itemtype=\"https:\/\/schema.org\/CreativeWork\" ><div class='avia_textblock'  itemprop=\"text\" ><hr \/>\n<p><strong>100<\/strong> Leber, Sebastian: Protest gegen Corona-Leugner im Echsenkost\u00fcm. \u201eNicht l\u00e4nger als f\u00fcnf Minuten mit Verschw\u00f6rungsgl\u00e4ubigen reden\u201c, in: Der Tagesspiegel, 21.3.2021,<br \/>\n<a href=\"https:\/\/www.tagesspiegel.de\/berlin\/protest-gegen-coronaleugner-im-echsenkostuem-nicht-laenger-als-fuenf-minuten-mit-verschwoerungsglaeubigen-reden\/27025042.html\" target=\"_blank\" rel=\"noopener\"> Online-Quelle<\/a><br \/>\n[5.9.2021].<\/p>\n<hr \/>\n<p><strong>101<\/strong> Geradedenken Kollektiv: in: Website,<br \/>\n<a href=\"https:\/\/geradedenken.net\/\" target=\"_blank\" rel=\"noopener\"> Online-Quelle<\/a><br \/>\n[1.10.2025].<\/p>\n<hr \/>\n<p><strong>102<\/strong> Geradedenken Kollektiv: in: Website,<br \/>\n<a href=\"https:\/\/geradedenken.net\/\" target=\"_blank\" rel=\"noopener\"> Online-Quelle<\/a><br \/>\n[1.10.2025].<\/p>\n<hr \/>\n<p><strong>103<\/strong> Welche Rolle spielt der Drahtzieher der Chemnitzer Demos?, in: Report Mainz, 4.9.2018,<br \/>\n<a href=\"https:\/\/www.ardmediathek.de\/video\/report-mainz\/welche-rolle-spielt-der-drahtzieher-der-chemnitzer-demos\/das-erste\/Y3JpZDovL3N3ci5kZS9hZXgvbzEwNTE2MTI#:~:text=Als%20Chef%20der%20rechtsextrem%20Gruppierung,sein%20Geld%20mit%20abgelehnten%20Asylbewerbern.\" target=\"_blank\" rel=\"noopener\"> Online-Quelle<\/a><br \/>\n[23.7.2022].<\/p>\n<hr \/>\n<p><strong>104<\/strong> Statistisches Landesamt des Freistaats Sachsen: Wahlergebnisse; Kommunalwahlen; 2024; Ergebnisse, 9.6.2024,<br \/>\n<a href=\"https:\/\/wahlen.sachsen.de\/gemeinderatswahlen-2024-wahlergebnisse.php\" target=\"_blank\" rel=\"noopener\"> Online-Quelle<\/a><br \/>\n[7.10.2025].<\/p>\n<hr \/>\n<p><strong>105<\/strong> S\u00e4chsisches Innenministerium: S\u00e4chsischer Verfassungsschutzbericht 2024, Dresden, 21.5.2025, S.37.<\/p>\n<p><strong>106<\/strong> \u201eFreie Sachsen\u201c: MDR-Serie \u201eexactly\u201c mit neuer Folge \u00fcber Propaganda und Proteste, in: mdr, 20.5.2022,<br \/>\n<a href=\"https:\/\/www.presseportal.de\/pm\/7880\/5227831\" target=\"_blank\" rel=\"noopener\"> Online-Quelle<\/a><br \/>\n[25.7.2022].<\/p>\n<hr \/>\n<p><strong>107<\/strong> Wof\u00fcr wir stehen, in: Freie Sachsen,<br \/>\n<a href=\"https:\/\/freie-sachsen.info\/wofuer-wir-stehen\/\" target=\"_blank\" rel=\"noopener\"> Online-Quelle<\/a><br \/>\n[25.7.2022].<\/p>\n<hr \/>\n<p><strong>108<\/strong> Ebenda.<\/p>\n<hr \/>\n<p><strong>109<\/strong> Winter, Stefan: Nachkomme des letzten K\u00f6nigs will Freien Sachsen Verwendung eines Wappens untersagen, in: Spiegel, 4.2.2022,<br \/>\n<a href=\"https:\/\/www.spiegel.de\/panorama\/gesellschaft\/freie-sachsen-nachkomme-des-letzten-koenigs-will-verwendung-eines-wappens-untersagen-a-d0a684ca-45b1-469e-bd60-7024acd449d9\" target=\"_blank\" rel=\"noopener\"> Online-Quelle<\/a><br \/>\n[24.7.2022].<\/p>\n<hr \/>\n<p><strong>110<\/strong> Driesen, Oliver: Tod eines Widergeborenen, in: TWASPO, 1.8.2024,<br \/>\n<a href=\"https:\/\/twasbo.de\/tod-eines-neugeborenen\/\" target=\"_blank\" rel=\"noopener\"> Online-Quelle<\/a><br \/>\n[1.10.2025].<\/p>\n<hr \/>\n<p><strong>111<\/strong> Giebel, Marcus: Querdenker-Demo in Berlin: Demonstranten attackieren Journalisten-Vertreter und schlagen auf ihn ein, in: Merkur.de, 2.8.2021,<br \/>\n<a href=\"https:\/\/www.merkur.de\/politik\/corona-massnahmen-ausschreitungen-berlin-polizei-querdenker-wasserwerfer-raeumpanzer-festnahmen-zr-90895699.html\" target=\"_blank\" rel=\"noopener\"> Online-Quelle<\/a><br \/>\n[5.9.2021].<\/p>\n<hr \/>\n<p><strong>112<\/strong> Maier, Michael: Polizeigewalt in Berlin: UN-Beauftragter k\u00fcndigt Intervention an, in: Berliner Zeitung, 5.8.2021,<br \/>\n<a href=\"https:\/\/www.berliner-zeitung.de\/politik-gesellschaft\/polizeigewalt-in-berlin-un-sonderbeauftragter-kuendigt-intervention-an-li.175271\" target=\"_blank\" rel=\"noopener\"> Online-Quelle<\/a><br \/>\n[14.9.2021].<\/p>\n<hr \/>\n<p><strong>113<\/strong> Wir waren in Berlin \u2013 die Gro\u00dfdemonstration am 1. August 2021 war ein voller Erfolg, in: Querdenken-716.de,<br \/>\n<a href=\"https:\/\/querdenken-761.de\/querdenken-grossdemonstration-in-berlin-28-august-2021\/\" target=\"_blank\" rel=\"noopener\"> Online-Quelle<\/a><br \/>\n[9.9.2021].<\/p>\n<hr \/>\n<p><strong>114<\/strong> 5.000 Demonstrierende trotz Verbots. Polizei zieht Bilanz nach \u201eQuerdenker\u201c-Demos in Berlin, in: rbb24, 2.8.2021,<br \/>\n<a href=\"https:\/\/www.rbb24.de\/panorama\/thema\/corona\/beitraege\/2021\/08\/berlin-querdenker-autokorso-demonstrationen-protest.html\" target=\"_blank\" rel=\"noopener\"> Online-Quelle<\/a><br \/>\n[5.9.2021].<\/p>\n<hr \/>\n<p><strong>115<\/strong> Agar, Volkan: Angriff auf DJU-Chef J\u00f6rg Reichel. Geschlagen und getreten, in: taz, 2.8.2021,<br \/>\n<a href=\"https:\/\/taz.de\/Angriff-auf-DJU-Chef-Joerg-Reichel\/!5790677\/\" target=\"_blank\" rel=\"noopener\"> Online-Quelle<\/a><br \/>\n[5.9.2021].<\/p>\n<hr \/>\n<p><strong>116<\/strong> Hunderte gedenken des verstorbenen \u201eQuerdenker\u201c-Demonstranten, in: rbb24, 7.8.2021,<br \/>\n<a href=\"https:\/\/www.rbb24.de\/panorama\/beitrag\/2021\/08\/berlin-querdenker-demonstration-die-basis.html\" target=\"_blank\" rel=\"noopener\"> Online-Quelle<\/a><br \/>\n[6.9.2021].<\/p>\n<hr \/>\n<p><strong>117<\/strong> Driesen, Oliver: Tod eines Wiedergeborenen, in: TWASPO Magazin, 1.8.2024,<br \/>\n<a href=\"https:\/\/twasbo.de\/tod-eines-neugeborenen\/\" target=\"_blank\" rel=\"noopener\"> Online-Quelle<\/a><br \/>\n[6.9.2024].<\/p>\n<hr \/>\n<p><strong>118<\/strong> Budler, Kai: Traum von der rechten Einheit, in: bnr.de Blick nach rechts, 29.7.2021,<br \/>\n<a href=\"https:\/\/www.bnr.de\/artikel\/aktuelle-meldungen\/traum-von-der-rechten-einheit\" target=\"_blank\" rel=\"noopener\"> Online-Quelle<\/a><br \/>\n[6.9.2021].<\/p>\n<hr \/>\n<p><strong>119<\/strong> 1400 Menschen bei Protestdemo gegen Neonazi-Aufzug in Weimar, in: Zeit online, 8.8.2021,<br \/>\n<a href=\"https:\/\/www.zeit.de\/news\/2021-08\/07\/hunderte-menschen-bei-demo-gegen-aufzug-von-rechtsextremen?utm_referrer=\u2028https%3A%2F%2Fwww.google.de%2F\" target=\"_blank\" rel=\"noopener\"> Online-Quelle<\/a><br \/>\n[9.9.2021].<\/p>\n<hr \/>\n<p><strong>120<\/strong> Lenze, Dominik: Aufmarsch der Erfolglosen, in: Zeit online, Blog: St\u00f6rungsmelder, 8.8.2021,<br \/>\n<a href=\"https:\/\/blog.zeit.de\/stoerungsmelder\/2021\/08\/08\/aufmarsch-der-erfolglosen_30942\" target=\"_blank\" rel=\"noopener\"> Online-Quelle<\/a><br \/>\n[6.9.2021].<\/p>\n<hr \/>\n<p><strong>121<\/strong> Dpa: Polizei z\u00e4hlt 25 Teilnehmer bei Demo des III. Wegs in Plauen, in: Zeit online, 1.5.2021,<br \/>\n<a href=\"https:\/\/www.zeit.de\/news\/2021-05\/01\/ovg-laesst-demo-des-rechtsextremen-iii-wegs-in-plauen-zu\" target=\"_blank\" rel=\"noopener\"> Online-Quelle<\/a><br \/>\n[23.3.2023].<\/p>\n<hr \/>\n<p><strong>122<\/strong> Demos in Berlin: Tausende Demonstranten am Sonntag, 80 Festnahmen, in: Berliner Zeitung, Newsblog, 28.\/29.8.2021,<br \/>\n<a href=\"https:\/\/www.berliner-zeitung.de\/news\/corona-demos-in-berlin-august-ticker-li.179515\" target=\"_blank\" rel=\"noopener\"> Online-Quelle<\/a><br \/>\n[10.9.2021].<\/p>\n<hr \/>\n<p><strong>123<\/strong> Dicke, Tim Vincent: Querdenken Demo: Aufgeheizte Stimmung in Berlin, in: FR.de, 29.8.2021,<br \/>\n<a href=\"https:\/\/www.fr.de\/panorama\/querdenken-demo-berlin-corona-coronavirus-demonstration-protest-polizei-b2808-90947562.html\" target=\"_blank\" rel=\"noopener\"> Online-Quelle<\/a><br \/>\n[10.9.2021].<\/p>\n<hr \/>\n<p><strong>124<\/strong> Versammlungslage am 28. und 29. August in Berlin \u2013 Polizei zieht Bilanz, in: Polizeimeldung, 30.9.2021,<br \/>\n<a href=\"https:\/\/www.berlin.de\/polizei\/polizeimeldungen\/2021\/pressemitteilung.1121000.php\" target=\"_blank\" rel=\"noopener\"> Online-Quelle<\/a><br \/>\n[10.9.2021].<\/p>\n<hr \/>\n<p><strong>125<\/strong> Polizei verbietet Querdenker-Demos in Berlin, in: M\u00e4rkische Allgemeine, 26.8.2021,<br \/>\n<a href=\"https:\/\/www.maz-online.de\/Nachrichten\/Berlin\/Querdenken-in-Berlin-Polizei-verbietet-Demos-am-Samstag-und-am-Sonntag\" target=\"_blank\" rel=\"noopener\"> Online-Quelle<\/a><br \/>\n[10.9.2021].<\/p>\n<hr \/>\n<p><strong>126<\/strong> Christian Drosten, Virologe, Professor, Lehrstuhlinhaber und Institutsdirektor an der Charit\u00e9, gleichzeitig Leiter des Fachbereichs Virologie von Labor Berlin \u2013 Charit\u00e9 Vivantes Services GmbH. Wissenschaftlicher Berater der Bundes- und Landesregierungen in der Covid-19 Pandemie.<\/p>\n<hr \/>\n<p><strong>127<\/strong> Trotz Verbots. Tausende protestieren in Berlin gegen Politik, in: BR24, 29.8.2021,<br \/>\n<a href=\"https:\/\/www.br.de\/nachrichten\/deutschland-welt\/trotz-verbots-tausende-protestieren-in-berlin-gegen-politik,ShSwHj2\" target=\"_blank\" rel=\"noopener\"> Online-Quelle<\/a><br \/>\n[10.9.2021].<\/p>\n<hr \/>\n<p><strong>128<\/strong> Meischen, Dennis \/ Siebert, Philipp: Das ist die Bilanz der \u201eQuerdenker\u201c-Demonstration in Berlin, in: Berliner Morgenpost, 30.8.2021,<br \/>\n<a href=\"https:\/\/www.morgenpost.de\/berlin\/article233161889\/demo-berlin-heute-querdenker-corona-polizei.html\" target=\"_blank\" rel=\"noopener\"> Online-Quelle<\/a><br \/>\n[10.9.2021].<\/p>\n<hr \/>\n<p><strong>129<\/strong> Demos in Berlin: Tausende Demonstranten am Sonntag, 80 Festnahmen, in: Berliner Zeitung, Newsblog, 28.\/29.8.2021,<br \/>\n<a href=\"https:\/\/www.berliner-zeitung.de\/news\/corona-demos-in-berlin-august-ticker-li.179515\" target=\"_blank\" rel=\"noopener\"> Online-Quelle<\/a><br \/>\n[10.9.2021].<\/p>\n<hr \/>\n<p><strong>130<\/strong> Meischen, Dennis \/ Siebert, Philipp: Das ist die Bilanz der \u201eQuerdenker\u201c-Demonstration in Berlin, in: Berliner Morgenpost,<br \/>\n<a href=\"https:\/\/www.morgenpost.de\/berlin\/article233161889\/demo-berlin-heute-querdenker-corona-polizei.html\" target=\"_blank\" rel=\"noopener\"> Online-Quelle<\/a><br \/>\n[14.9.2021].<\/p>\n<hr \/>\n<p><strong>131<\/strong> Meischen, Dennis \/ Siebert, Philipp: Das ist die Bilanz der \u201eQuerdenker\u201c-Demonstration in Berlin, in: Berliner Morgenpost,<br \/>\n<a href=\"https:\/\/www.morgenpost.de\/berlin\/article233161889\/demo-berlin-heute-querdenker-corona-polizei.html\" target=\"_blank\" rel=\"noopener\"> Online-Quelle<\/a><br \/>\n[10.9.2021].<\/p>\n<hr \/>\n<p><strong>132<\/strong> Ebenda.<\/p>\n<p><strong>133<\/strong> Polizei Berlin Einsatz, @PolizeiBerlin_E, 3:16 PM, Aug 29, 2021<\/p>\n<p><strong>134<\/strong> Meischen, Dennis \/ Siebert, Philipp: Das ist die Bilanz der \u201eQuerdenker\u201c-Demonstration in Berlin, in: Berliner Morgenpost, 30.8.2021,<br \/>\n<a href=\"https:\/\/www.morgenpost.de\/berlin\/article233161889\/demo-berlin-heute-querdenker-corona-polizei.html\" target=\"_blank\" rel=\"noopener\"> Online-Quelle<\/a><br \/>\n[10.9.2021].<\/p>\n<hr \/>\n<p><strong>135<\/strong> Ebenda.<\/p>\n<p><strong>136<\/strong> Versammlungslage am 28. und 29. August in Berlin \u2013 Polizei zieht Bilanz, in: Polizeimeldung, 30.9.2021,<br \/>\n<a href=\"https:\/\/www.berlin.de\/polizei\/polizeimeldungen\/2021\/pressemitteilung.1121000.php\" target=\"_blank\" rel=\"noopener\"> Online-Quelle<\/a><br \/>\n[10.9.2021].<\/p>\n<hr \/>\n<p><strong>137<\/strong> Schindler, Federik: Querdenker-Partei profitiert jetzt von Staatsgeldern, in: Welt+, 30.9.2021,<br \/>\n<a href=\"https:\/\/www.welt.de\/politik\/bundestagswahl\/plus234079760\/Corona-Protest-Querdenker-Partei-Die-Basis-erhaelt-nun-Staatsgelder.html\" target=\"_blank\" rel=\"noopener\"> Online-Quelle<\/a><br \/>\n[1.10.2021].<\/p>\n<hr \/>\n<p><strong>138<\/strong> Die 2 G-Regel steht f\u00fcr geimpft oder genesen. Nur Personen mit einem entsprechenden Nachweis haben Zutritt in bestimmten Innenr\u00e4umen bzw. bei Veranstaltungen.<\/p>\n<hr \/>\n<p><strong>139<\/strong> Laufer, Daniel: Querdenken \u2013 Der gesch\u00e4ftige Herr Ballweg, in: NETZPOLITIK.ORG, 18.12.2020,<br \/>\n<a href=\"https:\/\/netzpolitik.org\/2020\/querdenken-der-geschaeftige-herr-ballweg\/\" target=\"_blank\" rel=\"noopener\"> Online-Quelle<\/a><br \/>\n[12.6.2022].<\/p>\n<hr \/>\n<p><strong>140<\/strong> Litschko, Konrad: Stuttgarter Querdenken-Chef verhaftet \u2013 Ballweg weg vom Fenster, in: taz, 29.6.2022,<br \/>\n<a href=\"https:\/\/taz.de\/Stuttgarter-Querdenken-Chef-verhaftet\/!5864702\/\" target=\"_blank\" rel=\"noopener\"> Online-Quelle<\/a><br \/>\n[29.6.2022].<\/p>\n<hr \/>\n<p><strong>141<\/strong> Corona-Ma\u00dfnahmen. Tausende auf der Stra\u00dfe \u2013 daf\u00fcr und dagegen, in: tagesschau, 18.1.2022,<br \/>\n<a href=\"https:\/\/www.youtube.com\/watch?v=dRA5NSmRtZ8\" target=\"_blank\" rel=\"noopener\"> Online-Quelle<\/a><br \/>\n[14.6.2022].<\/p>\n<hr \/>\n<p><strong>142<\/strong> Berlin Mitte. Deutlich weniger Menschen bei Corona-Demo als erwartet, in: Berliner Morgenpost, 18.3.2022,<br \/>\n<a href=\"https:\/\/www.morgenpost.de\/bezirke\/mitte\/article234848275\/Mitte-Demos-mit-Tausenden-Teilnehmern-angemeldet.html\" target=\"_blank\" rel=\"noopener\"> Online-Quelle<\/a><br \/>\n[14.6.2022].<\/p>\n<hr \/>\n<p><strong>143<\/strong> Festnahmen wegen Anschlagspl\u00e4nen: Ermittler nennen Details, in: NDR, 20.4.2022,<br \/>\n<a href=\"https:\/\/www.ndr.de\/nachrichten\/niedersachsen\/Festnahmen-wegen-Anschlagsplaenen-Ermittler-nennen-Details,anschlaege152.html\" target=\"_blank\" rel=\"noopener\"> Online-Quelle<\/a><br \/>\n[14.6.2022].<\/p>\n<hr \/>\n<p><strong>144<\/strong> Gro\u00dfdemo gegen Rassismus. Mehr als 100.000 ziehen durch Berlin, in: ntv, 13.10.2018,<br \/>\n<a href=\"https:\/\/www.n-tv.de\/politik\/Mehr-als-100-000-ziehen-durch-Berlin-article20669883.html\" target=\"_blank\" rel=\"noopener\"> Online-Quelle<\/a><br \/>\n[1.10.2025].<\/p>\n<hr \/>\n<p><strong>145<\/strong> Unteilbar. Tausende demonstrieren in Dresden f\u00fcr offene Gesellschaft, in: Die Zeit, 24.8.2019,<br \/>\n<a href=\"https:\/\/www.zeit.de\/politik\/deutschland\/2019-08\/unteilbar-dresden-demonstration-rechtsruck-aktivismus\" target=\"_blank\" rel=\"noopener\"> Online-Quelle<\/a><br \/>\n[1.10.2025].<\/p>\n<hr \/>\n<p><strong>146<\/strong> Kamm, Jana \/ Krause, Sophie \/ Kr\u00fcger, Vivien: \u201eUnteilbar\u201c-Demo in Berlin. Tausende Menschen spannen \u201eBand der Solidarit\u00e4t\u201c durch Berlin, in: Tagesspiegel, 14.5.2020,<br \/>\n<a href=\"https:\/\/www.tagesspiegel.de\/berlin\/liveblog\/tausende-menschen-spannen-band-der-solidaritat-durch-berlin-4175128.html\" target=\"_blank\" rel=\"noopener\"> Online-Quelle<\/a><br \/>\n[27.2.2023].<\/p>\n<hr \/>\n<p><strong>147<\/strong> \u201eUnteilbar\u201c-Demo: 250.000 Menschen feiern Party in Berlin, in: Merkur.de, 14.10.2018,<br \/>\n<a href=\"https:\/\/www.merkur.de\/politik\/berliner-unteilbar-demo-250-000-menschen-feiern-party-fuer-weltoffenes-deutschland-zr-10325014.html\" target=\"_blank\" rel=\"noopener\"> Online-Quelle<\/a><br \/>\n[8.1.2026].<\/p>\n<hr \/>\n<p><strong>148<\/strong> Wertmer, Jonah: Unteilbar-Demo. Wenn sich die linke Familie trifft, in: S\u00fcddeutsche Zeitung, 4.9.2021,<br \/>\n<a href=\"https:\/\/www.sueddeutsche.de\/politik\/unteilbar-demonstration-berlin-1.5401068\" target=\"_blank\" rel=\"noopener\"> Online-Quelle<\/a><br \/>\n[27.2.2023].<\/p>\n<hr \/>\n<p><strong>149<\/strong> Nedelmann, Franziska \/ Klinggr\u00e4ff, Ulrich von: #unteilbar hat sich aufgel\u00f6st. Zeit f\u00fcr einen neuen Aufbruch, in: Infobrief 124, Republikanischer Anw\u00e4ltinnen- und Anwaltsverein e.V. (RAV), Dez. 2022,<br \/>\n<a href=\"https:\/\/www.rav.de\/publikationen\/rav-infobriefe\/infobrief-124-2022\/unteilbar-hat-sich-aufgeloest\" target=\"_blank\" rel=\"noopener\"> Online-Quelle<\/a><br \/>\n[18.2.2023].<\/p>\n<p><strong>150<\/strong> Zug durch Mitte. Demonstranten protestieren in Berlin gegen Corona-Ma\u00dfnahmen, in: rbb24, 30.7.2022,<br \/>\n<a href=\"https:\/\/www.rbb24.de\/politik\/thema\/corona\/beitraege\/2022\/07\/querdenker-demonstration-berlin-.html\" target=\"_blank\" rel=\"noopener\"> Online-Quelle<\/a><br \/>\n[31.7.2022].<\/p>\n<hr \/>\n<p><strong>151<\/strong> Coronaleugner demonstrieren in Berlin. Protestwoche der Nimmerm\u00fcden, in: taz, 31.7.2022,<br \/>\n<a href=\"https:\/\/taz.de\/Coronaleugner-demonstrieren-in-Berlin\/!5867700\/\" target=\"_blank\" rel=\"noopener\"> Online-Quelle<\/a><br \/>\n[27.2.2023].<\/p>\n<hr \/>\n<p><strong>152<\/strong> Wienand, Lars: Besuch in der JVA. Ballweg Anwalt: \u201eEr wollte nicht auswandern\u201c, in: t-online, 8.7.2022,<br \/>\n<a href=\"https:\/\/www.t-online.de\/region\/stuttgart\/id_100027094\/anwalt-nach-treffen-mit-ballweg-in-jva-er-wollte-nicht-auswandern-.html\" target=\"_blank\" rel=\"noopener\"> Online-Quelle<\/a><br \/>\n[27.2.2023].<\/p>\n<hr \/>\n<p><strong>153<\/strong> \u201eWoche der Demokratie\u201c. Querdenker und Montagsspazierg\u00e4nger proben den Aufstand, in: rbb24, 2.8.2022,<br \/>\n<a href=\"https:\/\/www.rbb24.de\/politik\/thema\/corona\/beitraege\/2022\/08\/berlin-demonstration-querdenker-corona-regeln.html\" target=\"_blank\" rel=\"noopener\"> Online-Quelle<\/a><br \/>\n[15.3.2023].<\/p>\n<hr \/>\n<p><strong>154<\/strong> Sundermeyer, Olaf: Proteste in Berlin-Mitte. Tausende Menschen demonstrierten erneut gegen Corona-Ma\u00dfnahmen, in: rbb24, 2.8.2022,<br \/>\n<a href=\"https:\/\/www.rbb24.de\/politik\/thema\/corona\/beitraege\/2022\/08\/berlin-querdenker-demonstration-corona.html\" target=\"_blank\" rel=\"noopener\"> Online-Quelle<\/a><br \/>\n[15.3.2023].<\/p>\n<hr \/>\n<p><strong>155<\/strong> Litschko, Konrad: Reichsb\u00fcrger wollten Bundestag st\u00fcrmen. \u201eDas ist wie Krieg\u201c, in: taz, 1.8.2023,<br \/>\n<a href=\"https:\/\/taz.de\/Reichsbuerger-wollten-Bundestag-stuermen\/!5951873\/\" target=\"_blank\" rel=\"noopener\"> Online-Quelle<\/a><br \/>\n[5.8.2023].<\/p>\n<hr \/>\n<p><strong>156<\/strong> Dohna, Jesko zu: Warum der vereitelte Reichsb\u00fcrger-Putsch vor allem ein am\u00fcsanter PR-Coup der Beh\u00f6rden war, in: Berliner Zeitung, 8.12.2022,<br \/>\n<a href=\"https:\/\/www.berliner-zeitung.de\/politik-gesellschaft\/warum-die-vereitelung-reichsbuerger-putsches-vor-allen-ein-amuesanter-pr-coup-der-behoerden-war-li.295380\" target=\"_blank\" rel=\"noopener\"> Online-Quelle<\/a><br \/>\n[5.8.2023].<\/p>\n<hr \/>\n<p><strong>157<\/strong> Litschko, Konrad: Reichsb\u00fcrger wollten Bundestag st\u00fcrmen. \u201eDas ist wie Krieg\u201c, in: taz, 1.8.2023,<br \/>\n<a href=\"https:\/\/taz.de\/Reichsbuerger-wollten-Bundestag-stuermen\/!5951873\/\" target=\"_blank\" rel=\"noopener\"> Online-Quelle<\/a><br \/>\n[5.8.2023].<\/p>\n<hr \/>\n<p><strong>158<\/strong> Flade, Florian \/ Riedel, Katja \/ Pittelkow, Sebastian: \u201ePatriotische Union\u201c. Sch\u00fcsse bei neuer \u201eReichsb\u00fcrger\u201c-Razzia, in: tagesschau<br \/>\n<a href=\"https:\/\/www.tagesschau.de\/investigativ\/ndr-wdr\/razzia-reichsbuerger-polizisten-101.html\" target=\"_blank\" rel=\"noopener\"> Online-Quelle<\/a><br \/>\n[5.5.2024].<\/p>\n<hr \/>\n<p><strong>159<\/strong> St\u00f6cker, Christian: Vereitelte Terrorpl\u00e4ne. Die flei\u00dfige Phalanx der Verharmloster, in: Spiegel, 11.12.2022,<br \/>\n<a href=\"https:\/\/www.spiegel.de\/wissenschaft\/mensch\/vereitelte-reichsbuerger-terrorplaene-die-fleissige-phalanx-der-verharmloser-kolumne-a-4530f1bd-14e9-43c5-9b3c-244cdf874248\" target=\"_blank\" rel=\"noopener\"> Online-Quelle<\/a><br \/>\n[1.1.2024].<\/p>\n<hr \/>\n<p><strong>160<\/strong> Giebel, Marcus: \u201eReichsb\u00fcrger\u201c-Prozess: Teils bizarre Anklage verlesen, in: Frankfurter Rundschau: 30.4.2024,<br \/>\n<a href=\"https:\/\/www.fr.de\/politik\/reichsbuerger-prozess-stuttgart-gruppe-prinz-reuss-eder-gericht-faeser-93040230.html\" target=\"_blank\" rel=\"noopener\"> Online-Quelle<\/a><br \/>\n[5.5.2024].<\/p>\n<hr \/>\n<p><strong>161<\/strong> G\u00f6tschenberg, Michael\/Schmidt, Holger: Angeklagte der \u201eGruppe Reu\u00df\u201c aus Haft entlassen, in: tagesschau, 22.8.2025,<br \/>\n<a href=\"https:\/\/www.faz.net\/aktuell\/politik\/inland\/corona-demonstrationen-wie-reagieren-die-staedte-16765014.html\" target=\"_blank\" rel=\"noopener\"> Online-Quelle<\/a><br \/>\n[21.1.2026].<\/p>\n<hr \/>\n<p><strong>162<\/strong> Garzke, Ren\u00e9 \/ Fr\u00f6hlich, Alexander: Hackte NPD-Jugend Punk-Versand?, Zeit Online 27.1.2015,<br \/>\n<a href=\"https:\/\/blog.zeit.de\/stoerungsmelder\/2015\/01\/27\/hackte-npd-jugend-punk-versand_18392\" target=\"_blank\" rel=\"noopener\"> Online-Quelle<\/a><br \/>\n[26.3.2024].<\/p>\n<hr \/>\n<p><strong>163<\/strong> Ebenda.<\/p>\n<hr \/>\n<p><strong>164<\/strong> 400 Milit\u00e4rdevotionalien in Kasernen gefunden, in: Zeit Online, 6.5.2017, 30.5.2017,<br \/>\n<a href=\"https:\/\/www.zeit.de\/gesellschaft\/zeitgeschehen\/2017-05\/bundeswehr-kasernen-durchsuchung-wehrmacht-andenken\" target=\"_blank\" rel=\"noopener\"> Online-Quelle<\/a><br \/>\n[26.4.2024].<\/p>\n<hr \/>\n<p><strong>165<\/strong> Generalinspekteur ordnet Durchsuchung aller Kasernen an, in: Zeit Online, 7.5.2017,<br \/>\n<a href=\"https:\/\/www.zeit.de\/gesellschaft\/zeitgeschehen\/2017-05\/bundeswehr-kasernen-durchsuchung-wehrmacht-andenken\" target=\"_blank\" rel=\"noopener\"> Online-Quelle<\/a><br \/>\n[26.4.2024].<\/p>\n<hr \/>\n<p><strong>166<\/strong> Extremismus Schwerin. Kipping fordert Informationen \u00fcber \u201eNordkreuz\u201c-Liste, in: S\u00fcddeutsche Zeitung, 7.7.2019,<br \/>\n<a href=\"https:\/\/www.sueddeutsche.de\/politik\/extremismus-schwerin-kipping-fordert-information-ueber-nordkreuz-liste-dpa.urn-newsml-dpa-com-20090101-190706-99-951297\" target=\"_blank\" rel=\"noopener\"> Online-Quelle<\/a><br \/>\n[14.4.2024].<\/p>\n<hr \/>\n<p><strong>167<\/strong> Ebenda.<\/p>\n<hr \/>\n<p><strong>168<\/strong> Ebenda.<\/p>\n<hr \/>\n<p><strong>169<\/strong> Speit, Andreas: Brisanter Chat unter Rechten. \u201eGut gef\u00fcllter Waffenschrank\u201c, in: taz, 31.8.2017,<br \/>\n<a href=\"https:\/\/taz.de\/Brisanter-Chat-unter-Rechten\/!5443989\/\" target=\"_blank\" rel=\"noopener\"> Online-Quelle<\/a><br \/>\n[14.4.2024].<\/p>\n<hr \/>\n<p><strong>170<\/strong> Hurst, Fabienne \/ Bongen, Robert \/ Feldmann Julian: Rechtsterror-Ermittlungen: Gr\u00fcnder der \u201ePrepper-Gruppe\u201c ist Polizist, in: ARD-Sendearchiv, Panorama, 7.9.2017,<br \/>\n<a href=\"https:\/\/daserste.ndr.de\/panorama\/archiv\/2017\/Rechtsterror-Ermittlungen-Gruender-der-Prepper-Gruppe-ist-Polizist,prepper100.html\" target=\"_blank\" rel=\"noopener\"> Online-Quelle<\/a><br \/>\n[15.4.2024].<\/p>\n<hr \/>\n<p><strong>171<\/strong> Ebenda.<\/p>\n<hr \/>\n<p><strong>172<\/strong> Schmidt, Christiane \/ Erb, Sebastian \/ Meinert, Natalie \/ Schulz, Daniel: Rechte Prepper-Gruppe Nordkreuz. Die Spur nach G\u00fcstrow, in: taz, 4.4.2020,<br \/>\n<a href=\"https:\/\/taz.de\/Rechte-Prepper-Gruppe-Nordkreuz\/!5674282\/\" target=\"_blank\" rel=\"noopener\"> Online-Quelle<\/a><br \/>\n[15.4.2024].<\/p>\n<hr \/>\n<p><strong>173<\/strong> Kontakte zur \u201ePrepper-Szene\u201c. Polizisten sollen LKA-Munition entwendet haben \u2013 vier Festnahmen, in: Tagesspiegel, 12.6.2019,<br \/>\n<a href=\"https:\/\/www.tagesspiegel.de\/gesellschaft\/panorama\/polizisten-sollen-lka-munition-entwendet-haben--vier-festnahmen-6595762.html\" target=\"_blank\" rel=\"noopener\"> Online-Quelle<\/a><br \/>\n[13.4.2024].<\/p>\n<hr \/>\n<p><strong>174<\/strong> Feldmann, Julian: Bew\u00e4hrungsstrafe f\u00fcr \u201eNordkreuz\u201c-Chef, in: Das Erste, 20.12.2019,<br \/>\n<a href=\"https:\/\/daserste.ndr.de\/panorama\/aktuell\/Bewaehrungsstrafe-fuer-Nordkreuz-Chef,prepper126.html\" target=\"_blank\" rel=\"noopener\"> Online-Quelle<\/a><br \/>\n[15.4.2024].<\/p>\n<hr \/>\n<p><strong>175<\/strong> Erb, Sebastian: Urteil im Prepper-Prozess. Bew\u00e4hrung f\u00fcr den Nordkreuz Admin, in: taz: 19.12.2019,<br \/>\n<a href=\"https:\/\/taz.de\/Urteil-im-Prepper-Prozess\/!5647333\/\" target=\"_blank\" rel=\"noopener\"> Online-Quelle<\/a><br \/>\n[15.4.2024].<\/p>\n<hr \/>\n<p><strong>176<\/strong> Extremismus Verdacht. Durchsuchungen bei f\u00fcnf Polizisten aus dem \u201eNordkreuz\u201c-Umfeld, in: Nordkurier, 15.2.2023,<br \/>\n<a href=\"https:\/\/www.nordkurier.de\/regional\/mecklenburg-vorpommern\/durchsuchungen-bei-funf-polizisten-aus-dem-%22nordkreuz%22-umfeld-1395453\" target=\"_blank\" rel=\"noopener\"> Online-Quelle<\/a><br \/>\n[15.4.2024].<\/p>\n<hr \/>\n<p><strong>177<\/strong> Nordadler-Mitglied bezeichnet sich als Neonazi, in: Zeit Online, 18.4.2018,<br \/>\n<a href=\"https:\/\/www.zeit.de\/gesellschaft\/zeitgeschehen\/2018-04\/rechtsextremismus-nordadler-nationalsozialismus-antisemitismus-generalbundesanwalt-razzia\" target=\"_blank\" rel=\"noopener\"> Online-Quelle<\/a><br \/>\n[16.4.2024].<\/p>\n<hr \/>\n<p><strong>178<\/strong> Radke, Johannes: Neue deutsche Nazis. Flashmobs gegen Demokratie, in: Zeit Online, 21.3.2012,<br \/>\n<a href=\"https:\/\/www.zeit.de\/gesellschaft\/zeitgeschehen\/2012-03\/unsterbliche-flashmobs-neonazis-bautzen\" target=\"_blank\" rel=\"noopener\"> Online-Quelle<\/a><br \/>\n[29.3.2024].<\/p>\n<hr \/>\n<p><strong>179<\/strong> Deutscher Bundestag 17. Wahlperiode: Neonazistische Fackelz\u00fcge gegen \u201eVolkstod\u201c, in: Drucksache 17\/8888 vom 6.3.2012,<br \/>\n<a href=\"https:\/\/dserver.bundestag.de\/btd\/17\/088\/1708888.pdf\" target=\"_blank\" rel=\"noopener\"> Online-Quelle<\/a><br \/>\n[28.3.2024].<\/p>\n<hr \/>\n<p><strong>180<\/strong> Ebenda.<\/p>\n<hr \/>\n<p><strong>181<\/strong> Benannt nach dem SPD- und Reichsbanner Mitglied Anton-Schmaus. Als die SA am 20. Mai 1933 w\u00e4hrend der sogenannten K\u00f6penicker Blutwoche mitten in der Nacht seine Wohnung st\u00fcrmen wollte, erschoss Schmaus in Notwehr zwei SA-M\u00e4nner und verletzte einen weiteren. Nur in Badehose entkommen, stellte sich Schmaus kurz darauf der Polizei. Bei seiner \u00dcberstellung ins Polizeigef\u00e4ngnis Alexanderplatz wurde er von der SA angeschossen und war fortan von der H\u00fcfte abw\u00e4rts gel\u00e4hmt. Mitte Januar 1934 holte die SA den Schwerverletzten aus dem Polizeigef\u00e4ngnis. Anton-Schmaus verstarb am 16. Januar 1934 an der erlittenen Folter.<\/p>\n<p><strong>182<\/strong> Rechter Terror in Berlin Neuk\u00f6lln, in: AIB 119, 29.8.2018,<br \/>\n<a href=\"https:\/\/antifainfoblatt.de\/aib119\/rechter-terror-berlin-neukoelln\" target=\"_blank\" rel=\"noopener\"> Online-Quelle<\/a><br \/>\n[29.3.2024].<\/p>\n<hr \/>\n<p><strong>183<\/strong> Hasselmann, J\u00f6rn \/ Klages, Robert: Update \/ Berlin -Neuk\u00f6lln Rechte Gewalt: Zwei Brandanschl\u00e4ge auf Autos, in: Tagesspiegel, 23.1.2017,<br \/>\n<a href=\"https:\/\/www.tagesspiegel.de\/berlin\/polizei-justiz\/rechte-gewalt-zwei-brandanschlage-auf-autos-5489194.html\" target=\"_blank\" rel=\"noopener\"> Online-Quelle<\/a><br \/>\n[29.3.2024].<\/p>\n<hr \/>\n<p><strong>184<\/strong> Ebenda.<\/p>\n<hr \/>\n<p><strong>185<\/strong> Haarbach, Madlen: Verpr\u00fcgelt und abgeschoben. Der Berliner Polizist, der Asylbewerber \u2013 und eine verh\u00e4ngnisvolle Begegnung, in: Tagesspiegel, 17.1.2021,<br \/>\n<a href=\"https:\/\/www.tagesspiegel.de\/berlin\/der-berliner-polizist-der-asylbewerber--und-eine-verhangnisvolle-begegnung-7717759.html\" target=\"_blank\" rel=\"noopener\"> Online-Quelle<\/a><br \/>\n[31.3.2024].<\/p>\n<hr \/>\n<p><strong>186<\/strong> Haarbach, Madlen: Verpr\u00fcgelt und abgeschoben. Der Berliner Polizist, der Asylbewerber \u2013 und eine verh\u00e4ngnisvolle Begegnung, in: Tagesspiegel, 17.1.2021,<br \/>\n<a href=\"https:\/\/www.tagesspiegel.de\/berlin\/der-berliner-polizist-der-asylbewerber--und-eine-verhangnisvolle-begegnung-7717759.html\" target=\"_blank\" rel=\"noopener\"> Online-Quelle<\/a><br \/>\n[29.3.2024].<\/p>\n<hr \/>\n<p><strong>187<\/strong> Frank, Marie: Berliner Polizist verurteilt, in: taz, 6.5.2022,<br \/>\n<a href=\"https:\/\/taz.de\/Rassistische-Gewalt-gegen-Gefluechteten\/!5853152\/\" target=\"_blank\" rel=\"noopener\"> Online-Quelle<\/a><br \/>\n[29.3.2024].<\/p>\n<hr \/>\n<p><strong>188<\/strong> Hendrich, Karin: \u201eRassistische Tat\u201c: Polizist schlug auf Asylbewerber ein, in: BZ, 1.3.2013,<br \/>\n<a href=\"https:\/\/www.bz-berlin.de\/polizei\/menschen-vor-gericht\/polizist-prozess-berufung-koerperverletzung\" target=\"_blank\" rel=\"noopener\"> Online-Quelle<\/a><br \/>\n[29.3.2024].<\/p>\n<hr \/>\n<p><strong>189<\/strong> Polizei Berlin: Kurzfassung des Schlussberichts der BAO-Fokus,<br \/>\n<a href=\"https:\/\/www.berlin.de\/sen\/inneres\/presse\/weitere-informationen\/artikel.996761.php\" target=\"_blank\" rel=\"noopener\"> Online-Quelle<\/a><br \/>\n[4.4.2024].<\/p>\n<hr \/>\n<p><strong>190<\/strong> Richwin, Sven: Der Neuk\u00f6lln-Komplex, in: Republikanischer Anw\u00e4ltinnen- und Anwalts Verein, Infobrief #120, 2020,<br \/>\n<a href=\"https:\/\/www.rav.de\/publikationen\/rav-infobriefe\/infobrief-120-2020\/der-neukoelln-komplex\/\" target=\"_blank\" rel=\"noopener\"> Online-Quelle<\/a><br \/>\n[27.3.2024].<\/p>\n<hr \/>\n<p><strong>191<\/strong> Berliner Polizist soll Dienstgeheimnisse verraten haben, in: rbb, 28.9.2023,<br \/>\n<a href=\"https:\/\/www.rbb24.de\/politik\/beitrag\/2023\/09\/berlin-neukoelln-polizei-ermittlungen-gegen-rechts-dienst-geheimnis-verrat.html\" target=\"_blank\" rel=\"noopener\"> Online-Quelle<\/a><br \/>\n[29.3.2024].<\/p>\n<hr \/>\n<p><strong>192<\/strong> Kiesel, Robert: Verd\u00e4chtiger in der Anschlagserie von Neuk\u00f6lln. Berliner Neonazi Tilo P. hatte Bezug zur AfD, in: Tagesspiegel, 22.1.2021,<br \/>\n<a href=\"https:\/\/www.tagesspiegel.de\/berlin\/berliner-neonazi-tilo-p-hatte-bezug-zum-flugel-der-afd-5095522.html\" target=\"_blank\" rel=\"noopener\"> Online-Quelle<\/a><br \/>\n[2.4.2024].<\/p>\n<hr \/>\n<p><strong>193<\/strong> Fr\u00f6hlich, Andreas \/ F\u00fcchsel, Katja: Rechtsextremistische Neuk\u00f6llner Anschlagsserie. So verteidigt Berlins Generalstaatsanw\u00e4ltin ihr Vorgehen, in: Tagesspiegel, 7.8.2020,<br \/>\n<a href=\"https:\/\/www.tagesspiegel.de\/berlin\/so-verteidigt-berlins-generalstaatsanwaltin-ihr-vorgehen-4187722.html\" target=\"_blank\" rel=\"noopener\"> Online-Quelle<\/a><br \/>\n[1.4.2024].<\/p>\n<hr \/>\n<p><strong>194<\/strong> Schmidt, Florian: Senat ernennt Koppers als oberste Staatsanw\u00e4ltin, in: Berliner Morgenpost, 11.9.2018,<br \/>\n<a href=\"https:\/\/www.morgenpost.de\/berlin\/article215308047\/Senat-ernennt-Koppers-als-oberste-Staatsanwaeltin.html\" target=\"_blank\" rel=\"noopener\"> Online-Quelle<\/a><br \/>\n[1.4.2024].<\/p>\n<hr \/>\n<p><strong>195<\/strong> Fr\u00f6hlich, Andreas \/ F\u00fcchsel, Katja: Rechtsextremistische Neuk\u00f6llner Anschlagsserie. So verteidigt Berlins Generalstaatsanw\u00e4ltin ihr Vorgehen, in: Tagesspiegel, 7.8.2020,<br \/>\n<a href=\"https:\/\/www.tagesspiegel.de\/berlin\/so-verteidigt-berlins-generalstaatsanwaltin-ihr-vorgehen-4187722.html\" target=\"_blank\" rel=\"noopener\"> Online-Quelle<\/a><br \/>\n[1.4.2024].<\/p>\n<hr \/>\n<p><strong>196<\/strong> Vorw\u00fcrfe gegen Staatsanwalt nach rechter Anschlagsserie in Berlin. So reagieren Justizsenator, Gr\u00fcne, Linke und die Opposition, in: Tagesspiegel, 6.8.2020,<br \/>\n<a href=\"https:\/\/www.tagesspiegel.de\/berlin\/so-reagieren-justizsenator-grune-linke-und-die-opposition-6863578.html\" target=\"_blank\" rel=\"noopener\"> Online-Quelle<\/a><br \/>\n[2.4.2024].<\/p>\n<hr \/>\n<p><strong>197<\/strong> Neuk\u00f6llner Anschlagsserie. Das Vertrauen ist dahin, in: taz, 22.2.021,<br \/>\n<a href=\"https:\/\/taz.de\/Neukoellner-Anschlagsserie\/!5750246\/\" target=\"_blank\" rel=\"noopener\"> Online-Quelle<\/a><br \/>\n[2.4.2024].<\/p>\n<hr \/>\n<p><strong>198<\/strong> Haarbach, Madlen \/ Fr\u00f6hlich, Alexander: Exklusiv \/ Soko \u201eFundus\u201c zu rechtsextremen Anschl\u00e4gen in Neuk\u00f6lln. Ermittler haben viele Spuren aber keine Beweise, in: Tagesspiegel, 26.9.2020,<br \/>\n<a href=\"https:\/\/www.tagesspiegel.de\/berlin\/ermittler-haben-viele-spuren-aber-keine-beweise-gegen-neonazis-4718788.html\" target=\"_blank\" rel=\"noopener\"> Online-Quelle<\/a><br \/>\n[17.4.2024].<\/p>\n<hr \/>\n<p><strong>199<\/strong> Fr\u00f6hlich, Alexander \/ Haarbach, Madlen: Rechtsextrem Anschlagsserie in Neuk\u00f6lln. Dritter Tatverd\u00e4chtiger soll polizeibekannter Neonazi sein, in: Tagesspiegel, 17.2.2020,<br \/>\n<a href=\"https:\/\/www.tagesspiegel.de\/berlin\/dritter-tatverdachtiger-soll-polizeibekannter-neonazi-sein-7284055.html\" target=\"_blank\" rel=\"noopener\"> Online-Quelle<\/a><br \/>\n[4.4.2024].<\/p>\n<hr \/>\n<\/div><\/section>\n<section  id=\"zweihundert\"  class='av_textblock_section av-mlfjyfjx-8d61a83e02a6caa598dc3dd089be70be '   itemscope=\"itemscope\" itemtype=\"https:\/\/schema.org\/CreativeWork\" ><div class='avia_textblock'  itemprop=\"text\" ><h3><strong>200<\/strong><\/h3>\n<\/div><\/section>\n<section  class='av_textblock_section av-mlfk1pmj-e6dd535d72f8a9d949a810d65ecd5262 '   itemscope=\"itemscope\" itemtype=\"https:\/\/schema.org\/CreativeWork\" ><div class='avia_textblock'  itemprop=\"text\" ><hr \/>\n<p><strong>200<\/strong> Verd\u00e4chtiger in Berliner Brandserie. Neuk\u00f6llner Neonazi Sebastien T. bleibt in Haft, in: Tagesspiegel, 13.1.2021,<br \/>\n<a href=\"https:\/\/www.tagesspiegel.de\/berlin\/neukollner-neonazi-sebastian-t-bleibt-in-haft-3310138.html\" target=\"_blank\" rel=\"noopener\"> Online-Quelle<\/a><br \/>\n[20.8.2025].<\/p>\n<hr \/>\n<p><strong>201<\/strong> Gegen Linke ermittelt und Rechte \u00fcberf\u00fchrt? Immer neues vom Neuk\u00f6lln-Komplex, in: KONTRAPOLIS, 26.8.2022,<br \/>\n<a href=\"https:\/\/kontrapolis.info\/8030\/\" target=\"_blank\" rel=\"noopener\"> Online-Quelle<\/a><br \/>\n[20.8.2025].<\/p>\n<hr \/>\n<p><strong>202<\/strong> Peter, Erik: Rechtsextrem Anschlagsserie in Neuk\u00f6lln. Freispruch f\u00fcr Neonazi, in: taz, 15.12.2022,<br \/>\n<a href=\"https:\/\/taz.de\/Rechtsextreme-Terrorserie-in-Neukoelln\/!5903017\/\" target=\"_blank\" rel=\"noopener\"> Online-Quelle<\/a><br \/>\n[20.8.2025].<\/p>\n<hr \/>\n<p><strong>203<\/strong> Joswig, Gareth: Urteil im Neuk\u00f6lln-Komplex. 18 Monate Haft f\u00fcr Neonazi, in: taz, 7.2.2023,<br \/>\n<a href=\"https:\/\/taz.de\/Urteil-im-Neukoelln-Komplex\/!5910863\/\" target=\"_blank\" rel=\"noopener\"> Online-Quelle<\/a><br \/>\n[20.8.2025].<\/p>\n<hr \/>\n<p><strong>204<\/strong> Haarbach, Madlen: Rechte Anschlagserie in Berlin-Neuk\u00f6lln. Neonazi Sebastian T. wegen israelfeindlicher Propaganda zu Geldstrafe verurteilt, in: Tagesspiegel, 1.8.2023,<br \/>\n<a href=\"https:\/\/www.tagesspiegel.de\/berlin\/rechte-anschlagsserie-in-berlin-neukolln-neonazi-sebastian-t-wegen-israelfeindlicher-propaganda-zu-geldstrafe-verurteilt-10246675.html\" target=\"_blank\" rel=\"noopener\"> Online-Quelle<\/a><br \/>\n[4.4.2024].<\/p>\n<hr \/>\n<p><strong>205<\/strong> Komplexes Verfahren. Bericht zum bisherigen Verlauf des Berufungsprozesses zum Neuk\u00f6lln-Komplex, in: NSU-Watch, 14.11.2024,<br \/>\n<a href=\"https:\/\/www.nsu-watch.info\/2024\/11\/komplexes-verfahren-bericht-zum-bisherigen-verlauf-des-berufungsprozesses-zum-neukoelln-komplex\/\" target=\"_blank\" rel=\"noopener\"> Online-Quelle<\/a><br \/>\n[20.4.2024].<\/p>\n<hr \/>\n<p><strong>206<\/strong> Rechtsextremismus. Verteidigung akzeptiert Urteil zu Neuk\u00f6lln-Prozess nicht, in: Tagesspiegel, 13.12.2024,<br \/>\n<a href=\"https:\/\/www.tagesspiegel.de\/berlin\/rechtsextremismus-verteidigung-akzeptiert-urteil-zu-neukolln-komplex-nicht-12861574.html\" target=\"_blank\" rel=\"noopener\"> Online-Quelle<\/a><br \/>\n[20.4.2024].<\/p>\n<hr \/>\n<p><strong>207<\/strong> M\u00fcller, Sabine: Neuk\u00f6lln-Ausschuss endet, Forderung nach Aufkl\u00e4rung bleibt, in: rbb24, 4.7.2025,<br \/>\n<a href=\"https:\/\/www.rbb24.de\/politik\/beitrag\/2025\/07\/neukoelln-anschlaege-untersuchungsausschuss-letzte-zeugen.html\" target=\"_blank\" rel=\"noopener\"> Online-Quelle<\/a><br \/>\n[20.4.2024].<\/p>\n<hr \/>\n<p><strong>208<\/strong> Exklusiv: Revision im Neuk\u00f6lln-Prozess verworfen. Berliner Neonazis m\u00fcssen nach Brandanschl\u00e4gen in Haft, in: Tagesspiegel, 5.8.2025,<br \/>\n<a href=\"https:\/\/www.tagesspiegel.de\/berlin\/revision-im-neukolln-komplex-abgewiesen-berliner-neonazis-mussen-nach-brandanschlagen-in-haft-14135891.html\" target=\"_blank\" rel=\"noopener\"> Online-Quelle<\/a><br \/>\n[20.4.2024].<\/p>\n<hr \/>\n<p><strong>209<\/strong> Compact Spezial, Nr. 29, S. 3<\/p>\n<hr \/>\n<p><strong>210<\/strong> Razzia gegen Rechtsextremisten Liebich, in: hallespektum, 27.4.2022,<br \/>\n<a href=\"https:\/\/hallespektrum.de\/nachrichten\/politik\/razzia-gegen-rechtsextremist-liebig\/419339\/\" target=\"_blank\" rel=\"noopener\"> Online-Quelle<\/a><br \/>\n[6.10.2025].<\/p>\n<hr \/>\n<p><strong>211<\/strong> Vorreyer, Thomas: Berufungsprozess. Haftstrafe gegen Rechtsextremisten Sven Liebich vorerst nicht rechtskr\u00e4ftig, in: MDR-Sachsen-Anhalt, 12.8.2024,<br \/>\n<a href=\"https:\/\/www.mdr.de\/nachrichten\/sachsen-anhalt\/halle\/halle\/liebich-revision-urteil-berufung-volksverhetzung-100.html\" target=\"_blank\" rel=\"noopener\"> Online-Quelle<\/a><br \/>\n[28.8.2025].<\/p>\n<hr \/>\n<p><strong>212<\/strong> Rechtsextremist Sven Liebich zu Haftstrafe verurteilt, in: Welt, 25.9.2023,<br \/>\n<a href=\"https:\/\/www.welt.de\/vermischtes\/kriminalitaet\/article247658774\/Sven-Liebich-Rechtsextremist-wegen-Attacke-auf-Fotografen-verurteilt.html\" target=\"_blank\" rel=\"noopener\"> Online-Quelle<\/a><br \/>\n[17.4.2024].<\/p>\n<hr \/>\n<p><strong>213<\/strong> Vorwurf der gef\u00e4hrlichen K\u00f6rperverletzung. Landgericht Leipzig stellt Verfahren gegen Rechtsextremisten Liebich ein, in: MDR-Sachsen-Anhalt, 11.7.2025,<br \/>\n<a href=\"https:\/\/www.mdr.de\/nachrichten\/sachsen-anhalt\/halle\/halle\/prozess-rechtsextremistin-liebich-verfahren-eingestellt-100.html\" target=\"_blank\" rel=\"noopener\"> Online-Quelle<\/a><br \/>\n[31.8.2025].<\/p>\n<hr \/>\n<p><strong>214<\/strong> Monroy, Matthias: \u201cNius\u201d gewinnt gegen Marla-Svenja Liebich, in: nd, 20.8.2024,<br \/>\n<a href=\"https:\/\/www.nd-aktuell.de\/artikel\/1193403.gerichtsurteil-nius-gewinnt-gegen-marla-svenja-liebich.html\" target=\"_blank\" rel=\"noopener\"> Online-Quelle<\/a><br \/>\n[28.8.2025].<\/p>\n<hr \/>\n<p><strong>215<\/strong> Dudin, Mey: Antisemitismusbeauftragter \u00fcbt scharfe Kritik an Liebich \u201eVerh\u00f6hnt nicht nur J\u00fcdinnen und Juden, sondern alle gl\u00e4ubigen Menschen\u201c, in: Rheinische Post, 26.8.2024,<br \/>\n<a href=\"https:\/\/rp-online.de\/politik\/deutschland\/causa-liebich-antisemitismusbeauftragter-felix-klein-uebt-scharfe-kritik_aid-133671665\" target=\"_blank\" rel=\"noopener\"> Online-Quelle<\/a><br \/>\n[31.8.2025].<\/p>\n<hr \/>\n<p><strong>216<\/strong> Brautzsch, Jessica: Rechtsextremistin Liebich: Mit ge\u00e4nderten Geschlechtseintrag in die Frauen-JVA, in: MDR Aktuell, 21.8.2024,<br \/>\n<a href=\"https:\/\/www.mdr.de\/nachrichten\/deutschland\/gesellschaft\/liebich-geschlechtseintrag--frauengefaengnis-jva-haft-100.html\" target=\"_blank\" rel=\"noopener\"> Online-Quelle<\/a><br \/>\n[28.8.2025].<\/p>\n<hr \/>\n<p><strong>217<\/strong> H\u00f6hnische Posts in sozialen Netzwerken. Bundesweite Fahndung nach fl\u00fcchtiger Rechtsextremistin Liebich, in: Tagesspiegel, 31.8.2024,<br \/>\n<a href=\"https:\/\/www.tagesspiegel.de\/politik\/hohnische-posts-in-sozialen-netzwerken-bundesweite-fahndung-nach-fluchtiger-rechtsextremistin-liebich-14252900.html\" target=\"_blank\" rel=\"noopener\"> Online-Quelle<\/a><br \/>\n[31.8.2025].<\/p>\n<hr \/>\n<p><strong>218<\/strong> Diekmann, Nicole: Nach Razzia: AfD schlie\u00dft drei Mitglieder aus, in: zdf heute, 6.11.2024,<br \/>\n<a href=\"https:\/\/www.zdfheute.de\/politik\/deutschland\/afd-parteimitglieder-ausgeschlossen-saechsische-separatisten-100.html\" target=\"_blank\" rel=\"noopener\"> Online-Quelle<\/a><br \/>\n[7.10.2025].<\/p>\n<hr \/>\n<p><strong>219<\/strong> Litschko, Konrad \/ Baeck, Jean-Philipp \/ Fromm, Anne \/ Grunert, Johannes: Festnahmen von Neonazis in Sachsen. \u201eS\u00e4chsische Separatisten\u201c mit Verbindungen zu AfD, in: taz, 5.11.2024,<br \/>\n<a href=\"https:\/\/taz.de\/Festnahmen-von-Neonazis-in-Sachsen\/!6046702\/\" target=\"_blank\" rel=\"noopener\"> Online-Quelle<\/a><br \/>\n[7.10.2025].<\/p>\n<hr \/>\n<p><strong>220<\/strong> AfD-Politiker unter den Festgenommenen. Wer sind die \u201eS\u00e4chsischen Separatisten\u201c?, in: zdf heute, 5.11.2024,<br \/>\n<a href=\"https:\/\/www.zdfheute.de\/politik\/deutschland\/festnahmen-rechtsextreme-terrorgruppe-100.html\" target=\"_blank\" rel=\"noopener\"> Online-Quelle<\/a><br \/>\n[7.10.2025].<\/p>\n<hr \/>\n<p><strong>221<\/strong> B\u00f6ckmann, Nina \/ Datt, Thomas \/ Siepmann, Marcel \/ Lopez, Edgar \/ Radon, Albrecht \/ Engert, Marcus: Wie der Anf\u00fchrer die Terrorgruppe finanzieren wollte, in: tagesschau, 20.12.2024,<br \/>\n<a href=\"https:\/\/www.tagesschau.de\/investigativ\/mdr\/saechsische-separatisten-nsb-nationalsozialismus-rechtsterrorismus-100.html\" target=\"_blank\" rel=\"noopener\"> Online-Quelle<\/a><br \/>\n[7.10.2025].<\/p>\n<hr \/>\n<p><strong>222<\/strong> Hinweis auf \u201eS\u00e4chsischen Separatisten\u201c kam aus den USA, in: Die Zeit, 8.112024,<br \/>\n<a href=\"https:\/\/www.zeit.de\/news\/2024-11\/08\/hinweis-auf-saechsische-separatisten-kam-aus-den-usa\" target=\"_blank\" rel=\"noopener\"> Online-Quelle<\/a><br \/>\n[7.10.2025].<\/p>\n<hr \/>\n<p><strong>223<\/strong> Koopmann, Christoph: Jung, brutal, rechtsextrem, in: S\u00fcddeutsche, 21.5.2025,<br \/>\n<a href=\"https:\/\/www.sueddeutsche.de\/politik\/rechtsextreme-terror-letzte-verteidigungswelle-neonazis-li.3256438\" target=\"_blank\" rel=\"noopener\"> Online-Quelle<\/a><br \/>\n[7.10.2025].<\/p>\n<hr \/>\n<p><strong>224<\/strong> U-Haft f\u00fcr f\u00fcnf mutma\u00dfliche Rechtsterroristen, in: tagesschau, 22.5.2025,<br \/>\n<a href=\"https:\/\/www.tagesschau.de\/inland\/rechte-terrorzelle-u-haft-100.html\" target=\"_blank\" rel=\"noopener\"> Online-Quelle<\/a><br \/>\n[7.10.2025].<\/p>\n<hr \/>\n<p><strong>225<\/strong> Lischko, Konrad: Brutal jung, in: taz, 2.4.2025,<br \/>\n<a href=\"https:\/\/taz.de\/Rechtsextreme-Jugendszene\/!6076353\/\" target=\"_blank\" rel=\"noopener\"> Online-Quelle<\/a><br \/>\n[7.10.2025].<\/p>\n<hr \/>\n<p><strong>226<\/strong> Razzia gegen mutma\u00dfliche rechtsextremistische Terrorzelle, in: Die Zeit, 21.52025,<br \/>\n<a href=\"https:\/\/www.zeit.de\/gesellschaft\/2025-05\/razzia-rechtsextreme-terrorgruppe-letzte-verteidigungswelle\" target=\"_blank\" rel=\"noopener\"> Online-Quelle<\/a><br \/>\n[7.10.2025].<\/p>\n<hr \/>\n<p><strong>227<\/strong> Bechtold, Henry: Nach Brandanschlag gegen Kulutzentrum: Innenstadt von Saalfeld wird zur Demonstrationsmeile, in: Ostth\u00fcringer Zeitung, 23.1.2026,<br \/>\n<a href=\"https:\/\/www.otz.de\/lokales\/saalfeld-rudolstadt\/article411021002\/innenstadt-von-saalfeld-wird-zur-demonstrationsmeile.html\" target=\"_blank\" rel=\"noopener\"> Online-Quelle<\/a><br \/>\n[29.1.2026].<\/p>\n<hr \/>\n<p><strong>228<\/strong> Otto, Ferdinand \/ Winter, Steffen: Nach dem Tod von Kahlid B. Die Augen sind kalt geworden, in: Spiegel. Panorama, 16.1.2015,<br \/>\n<a href=\"https:\/\/www.spiegel.de\/panorama\/gesellschaft\/asylbewerber-in-dresden-die-angst-nach-dem-tod-von-khaled-b-a-1013462.html\" target=\"_blank\" rel=\"noopener\"> Online-Quelle<\/a><br \/>\n[25.9.2021].<\/p>\n<hr \/>\n<p><strong>229<\/strong> Erstochener Fl\u00fcchtling in Dresden. Volker Beck zeigt Ermittler an, in: Spiegel.Panorama, 15.1.2015,<br \/>\n<a href=\"https:\/\/www.spiegel.de\/panorama\/justiz\/toter-fluechtling-in-dresden-volker-beck-zeigt-ermittler-an-a-1013145.html\" target=\"_blank\" rel=\"noopener\"> Online-Quelle<\/a><br \/>\n[24.9.2021].<\/p>\n<hr \/>\n<p><strong>230<\/strong> Heidtmann, Jan: Wie es andersfarbigen ergeht, in: S\u00fcddeutsche Zeitung, 20.1.2015,<br \/>\n<a href=\"https:\/\/www.sueddeutsche.de\/panorama\/nach-fluechtlingsmord-in-dresden-keiner-hat-mal-gefragt-wie-es-denandersfarbigen-hier-ergeht-1.2310782\" target=\"_blank\" rel=\"noopener\"> Online-Quelle<\/a><br \/>\n[25.9.2021].<\/p>\n<hr \/>\n<p><strong>231<\/strong> Freitag, Michael: Quer durch Zentrum und S\u00fcdvorstadt: Randalieren, demonstrieren, kapitulieren, in: Leipziger Zeitung, 16.1.2015,<br \/>\n<a href=\"https:\/\/www.l-iz.de\/leben\/faelle-unfaelle\/2015\/01\/Eilmeldung-Quer-durch-Connewitz-Randalieren-demonstrieren-kapitulieren-60034\" target=\"_blank\" rel=\"noopener\"> Online-Quelle<\/a><br \/>\n[25.9.2021].<\/p>\n<hr \/>\n<p><strong>232<\/strong> B\u00f6hm, Alexander \/ Freitag, Michael: Quer durch Zentrum und S\u00fcdvorstadt (2): Eine sp\u00e4te Polizei und f\u00fcnf Stunden im Kessel, in: Leipziger Zeitung, 16.1.2015,<br \/>\n<a href=\"https:\/\/www.l-iz.de\/leben\/faelle-unfaelle\/2015\/01\/quer-durch-zentrum-und-suedvorstadt-2-spaete-polizei-stunden-im-kessel-59166\" target=\"_blank\" rel=\"noopener\"> Online-Quelle<\/a><br \/>\n[25.9.2021].<\/p>\n<hr \/>\n<p><strong>233<\/strong> Bundesgerichtshof, Beschluss 5 StR 138\/60, 22.6.3016,<br \/>\n<a href=\"http:\/\/juris.bundesgerichtshof.de\/cgi-bin\/rechtsprechung\/document.py?Gericht=bgh&amp;Art=en&amp;Datum=Aktuell&amp;Sort=8195&amp;Seite=1&amp;nr=75204&amp;pos=32&amp;anz=562\u201c target=\u201c_blank\u201c rel=\u201cnoopener\u201c\" target=\"_blank\" rel=\"noopener\"> Online-Quelle<\/a><br \/>\n[25.9.2021].<\/p>\n<hr \/>\n<p><strong>234<\/strong> B\u00f6hme, Lucas: Linke Stra\u00dfenkrawalle: Berufungsprozess gegen mutma\u00dflichen Steinewerfer vertagt, in: Leipziger Zeitung, 16.3.2018,<br \/>\n<a href=\"https:\/\/www.l-iz.de\/leben\/faelle-unfaelle\/2018\/03\/Linke-Strassenkrawalle-Berufungsprozess-gegen-mutmasslichen-Steinewerfer-vertagt-209931\" target=\"_blank\" rel=\"noopener\"> Online-Quelle<\/a><br \/>\n[27.9.2021].<\/p>\n<hr \/>\n<p><strong>235<\/strong> Ebenda<\/p>\n<hr \/>\n<p><strong>236<\/strong> B\u00f6hme, Lucas: Stra\u00dfenkrawalle 2015: Landgericht best\u00e4tigt Haftstrafe f\u00fcr mutma\u00dflichen Randalierer, in: Leipziger Zeitung, 19.4.2018,<br \/>\n<a href=\"https:\/\/www.l-iz.de\/leben\/faelle-unfaelle\/2018\/04\/strassenkrawalle-2015-landgericht-bestaetigt-haftstrafe-fuer-mutmasslichen-randalierer-214066\" target=\"_blank\" rel=\"noopener\"> Online-Quelle<\/a><br \/>\n[27.9.2021].<\/p>\n<hr \/>\n<p><strong>237<\/strong> Sch\u00f6ler, Martin \/ Freitag, Michael: Der Fall Lina E.: Ein erster Chronikversuch zu den Vorw\u00fcrfen, in: Leipziger Zeitung, 7.5.2021,<br \/>\n<a href=\"https:\/\/www.l-iz.de\/leben\/faelle-unfaelle\/2021\/05\/der-fall-lina-e-eine-erster-chronikversuch-zu-den-vorwuerfen-389041\" target=\"_blank\" rel=\"noopener\"> Online-Quelle<\/a><br \/>\n[27.9.2021].<\/p>\n<hr \/>\n<p><strong>238<\/strong> Rissmann, Diana \/ Meyer, Kathrin \/ Lohr, Matthias: Lina E.: Wie radikal ist die Studentin aus Kassel wirklich?, in: HNA, 27.3.2021,<br \/>\n<a href=\"https:\/\/www.hna.de\/kassel\/kassel-radikalisierung-frau-studentin-linksextremismus-lina-festnahme-terrorismus-news-90124639.html\" target=\"_blank\" rel=\"noopener\"> Online-Quelle<\/a><br \/>\n[1.10.2021].<\/p>\n<hr \/>\n<p><strong>239<\/strong> Litschko, Konrad: Lina E. vor Gericht. Der starke Staat will es wissen, in: taz, 7.9.2021,<br \/>\n<a href=\"https:\/\/taz.de\/Schwerpunkt-Antifa\/!t5020380\/\" target=\"_blank\" rel=\"noopener\"> Online-Quelle<\/a><br \/>\n[6.10.2021].<\/p>\n<hr \/>\n<p><strong>240<\/strong> D\u00f6ring, Frank: Polizeiticker Leipzig. Ex-NPD Kreischef. Vermummte \u00fcberfallen Enrico B\u00f6hm, in: Leipziger Volkszeitung, 2.10.2018,<br \/>\n<a href=\"https:\/\/www.lvz.de\/Leipzig\/Polizeiticker\/Polizeiticker-Leipzig\/Ueberfall-auf-Ex-NPD-Kreischef-in-Leipzig-Vermummte-verpruegeln-Stadtrat-Enrico-Boehm\" target=\"_blank\" rel=\"noopener\"> Online-Quelle<\/a><br \/>\n[3.10.2021].<\/p>\n<hr \/>\n<p><strong>241<\/strong> Ramm, Wiebke: Prozess gegen mutma\u00dfliche Extremistin Lina E. Die linke Angeklagte, der rechte Zeuge und viele offene Fragen, in: Spiegel PANORAMA, 23.9.2021,<br \/>\n<a href=\"https:\/\/www.spiegel.de\/panorama\/justiz\/prozess-gegen-mutmassliche-extremistin-lina-e-die-linke-angeklagte-der-rechte-zeuge-und-viele-offene-fragen-a-df05e1b3-da3b-4b2e-a733-26f9b40ab05f\" target=\"_blank\" rel=\"noopener\"> Online-Quelle<\/a><br \/>\n[3.10.2021].<\/p>\n<hr \/>\n<p><strong>242<\/strong> Ebenda.<\/p>\n<hr \/>\n<p><strong>243<\/strong> Der Nebenkl\u00e4ger Cederic Scholz, in: Soli-Antifa-Ost, 26.9.2021,<br \/>\n<a href=\"https:\/\/www.soli-antifa-ost.org\/der-nebenklaeger-cedric-scholz\/\" target=\"_blank\" rel=\"noopener\"> Online-Quelle<\/a><br \/>\n[3.10.2021].<\/p>\n<hr \/>\n<p><strong>244<\/strong> Ramm, Wiebke: Prozess gegen mutma\u00dfliche Linksextremisten. \u201eIm Fu\u00dfball w\u00fcrde man sagen, der hat meinen Kopf volley genommen\u201c, in: Spiegel PANORAMA, 1.10.2021,<br \/>\n<a href=\"https:\/\/www.spiegel.de\/panorama\/justiz\/dresden-prozess-gegen-mutmassliche-linksextremisten-um-lina-e-im-wuergegriff-a-0993aba9-405c-41b0-8838-37d6a3cd3b97\" target=\"_blank\" rel=\"noopener\"> Online-Quelle<\/a><br \/>\n[3.10.2021].<\/p>\n<hr \/>\n<p><strong>245<\/strong> Ramm, Wiebke: Prozess gegen mutma\u00dfliche Linksextremisten. \u201eDas ist ein Nazi, der hat es verdient\u201c, in: Spiegel PANORAMA, 15.9.2021,<br \/>\n<a href=\"https:\/\/www.spiegel.de\/panorama\/justiz\/dresden-prozess-gegen-mutmassliche-linksextremisten-um-lina-e-das-ist-ein-nazi-der-hat-es-verdient-a-aa91249c-3e76-43ec-88fa-f5364ea72482\" target=\"_blank\" rel=\"noopener\"> Online-Quelle<\/a><br \/>\n[3.10.2021].<\/p>\n<hr \/>\n<p><strong>246<\/strong> Ramm, Wiebke: Prozess gegen mutma\u00dfliche Linksextremisten. \u201eDas ist ein Nazi, der hat es verdient\u201c, in: Spiegel PANORAMA, 15.9.2021,<br \/>\n<a href=\"https:\/\/www.spiegel.de\/panorama\/justiz\/dresden-prozess-gegen-mutmassliche-linksextremisten-um-lina-e-das-ist-ein-nazi-der-hat-es-verdient-a-aa91249c-3e76-43ec-88fa-f5364ea72482\" target=\"_blank\" rel=\"noopener\"> Online-Quelle<\/a><br \/>\n[3.10.2021].<\/p>\n<hr \/>\n<p><strong>247<\/strong> Ebenda.<\/p>\n<hr \/>\n<p><strong>248<\/strong> Antifaschistische Gruppe S\u00fcdth\u00fcringen (AGST): Leon Ringl alias Antidemokrat \u2013 Fan der Terrorgruppe \u201eAtomwaffendivision\u201c \u2013 Outing zu seinen Strukturen \u201eNationaler Aufbau Eisenach\u201c und \u201eKnockout 51\u201c, in: Portalseite f\u00fcr antifaschistische Kritik und Aktion in S\u00fcdth\u00fcringen, 27.1.2020,<br \/>\n<a href=\"https:\/\/agst.noblogs.org\/post\/2020\/01\/27\/leon-ringl-alias-antidemokrat-fan-der-terrorgruppe-atomwaffendivisionouting-zu-seinen-strukturen-nationaler-aufbau-eisenach-und-knockout-51\/\" target=\"_blank\" rel=\"noopener\"> Online-Quelle<\/a><br \/>\n[5.10.2021].<\/p>\n<hr \/>\n<p><strong>249<\/strong> Vermummte attackieren Kneipeng\u00e4ste, in: ZEIT ONLINE, 19.10.2020,<br \/>\n<a href=\"https:\/\/www.zeit.de\/politik\/deutschland\/2019-10\/thueringen-eisenach-angriff-gaststaette-vermummte-rechter-treffpunkt\" target=\"_blank\" rel=\"noopener\"> Online-Quelle<\/a><br \/>\n[5.10.2021].<\/p>\n<hr \/>\n<p><strong>250<\/strong> Sch\u00f6ler, Martin \/ Freitag, Michael: Der Fall Lina E.: Ein erster Chronikversuch zu den Vorw\u00fcrfen, in: Leipziger Zeitung, 7.5.2021,<br \/>\n<a href=\"https:\/\/www.l-iz.de\/leben\/faelle-unfaelle\/2021\/05\/der-fall-lina-e-eine-erster-chronikversuch-zu-den-vorwuerfen-389041\" target=\"_blank\" rel=\"noopener\"> Online-Quelle<\/a><br \/>\n[5.10.2021].<\/p>\n<hr \/>\n<p><strong>251<\/strong> Schattauer, G\u00f6ran: Bundesanwaltschaft ermittelt. \u201eKommandof\u00fchrerin\u00ab und radikalen Paar in Haft: Staat greift gegen Linksextreme durch\u201c, in: FOCUS online, 11.11.2020,<br \/>\n<a href=\"https:\/\/www.focus.de\/politik\/sicherheitsreport\/bundesanwaltschaft-ermittelt-linksextremisten-in-haft-greift-der-staat-jetzt-endlich-hart-gegen-die-szene-durch_id_12647759.html\" target=\"_blank\" rel=\"noopener\"> Online-Quelle<\/a><br \/>\n[6.10.2021].<\/p>\n<hr \/>\n<p><strong>252<\/strong> Prozess gegen Lina E. Mit Nazi-Methoden gegen Nazis?, in: MDR, 9.9.2021,<br \/>\n<a href=\"https:\/\/www.mdr.de\/nachrichten\/sachsen\/leipzig\/linke-extremismus-gewalt-gegen-rechte-prozess-dresden-100.html\" target=\"_blank\" rel=\"noopener\"> Online-Quelle<\/a><br \/>\n[6.10.2021].<\/p>\n<hr \/>\n<p><strong>253<\/strong> Litschko. Konrad: Lina E. vor Gericht. Der starke Staat will es wissen, in: taz, 7.9.2021,<br \/>\n<a href=\"https:\/\/taz.de\/Lina-E-vor-Gericht\/!5794248\/\" target=\"_blank\" rel=\"noopener\"> Online-Quelle<\/a><br \/>\n[7.10.2021].<\/p>\n<hr \/>\n<p><strong>254<\/strong> Sch\u00f6ler, Martin \/ Freitag, Michael: Der Fall Lina E.: Ein erster Chronikversuch zu den Vorw\u00fcrfen, in: Leipziger Zeitung, 7.5.2021,<br \/>\n<a href=\"https:\/\/www.l-iz.de\/leben\/faelle-unfaelle\/2021\/05\/der-fall-lina-e-eine-erster-chronikversuch-zu-den-vorwuerfen-389041\" target=\"_blank\" rel=\"noopener\"> Online-Quelle<\/a><br \/>\n[5.10.2021].<\/p>\n<hr \/>\n<p><strong>255<\/strong> Schattauer, G\u00f6ran: Spezial Handys, Tarn-Namen, Per\u00fccken: Das geheime Leben der Linksextremistin Lina E., in: FOCUS online, 9.9.2021,<br \/>\n<a href=\"https:\/\/www.focus.de\/politik\/deutschland\/prozess-nach-politischen-gewalttaten-prozess-gegen-lina-e-in-dresden-linksextremisten-nutzten-spezial-handys_id_20925689.html\" target=\"_blank\" rel=\"noopener\"> Online-Quelle<\/a><br \/>\n[6.10.2021].<\/p>\n<hr \/>\n<p><strong>256<\/strong> Entgegen dem Polizeibericht ist in den Medien stets von sechs Rechtsradikalen die Rede.<\/p>\n<hr \/>\n<p><strong>257<\/strong> Litschko, Konrad: Anklage gegen Lina E. Gewaltige Vorw\u00fcrfe, in: taz, 30.5.2021,<br \/>\n<a href=\"https:\/\/taz.de\/Anklage-gegen-Lina-E\/!5771521\/\" target=\"_blank\" rel=\"noopener\"> Online-Quelle<\/a><br \/>\n[6.10.2021].<\/p>\n<hr \/>\n<p><strong>258<\/strong> Mehrere Verletzte nach Angriff am Bahnhof in Wurzen, in: Polizei Sachsen, 17.2.2020,<br \/>\n<a href=\"https:\/\/www.polizei.sachsen.de\/de\/MI_2020_70731.htm\" target=\"_blank\" rel=\"noopener\"> Online-Quelle<\/a><br \/>\n[6.10.2021].<\/p>\n<hr \/>\n<p><strong>259<\/strong> Sch\u00f6ler, Martin \/ Freitag, Michael: Der Fall Lina E.: Ein erster Chronikversuch zu den Vorw\u00fcrfen, in: Leipziger Zeitung, 7.5.2021,<br \/>\n<a href=\"https:\/\/www.l-iz.de\/leben\/faelle-unfaelle\/2021\/05\/der-fall-lina-e-eine-erster-chronikversuch-zu-den-vorwuerfen-389041\" target=\"_blank\" rel=\"noopener\"> Online-Quelle<\/a><br \/>\n[6.10.2021].<\/p>\n<hr \/>\n<p><strong>260<\/strong> Die Polizei im Publikum. Die Prozesse um die Silvesternacht in Leipzig lassen sich die Polizisten nicht entgehen, in: kreuzer online, 4.12.2020,<br \/>\n<a href=\"https:\/\/kreuzer-leipzig.de\/2020\/12\/04\/die-polizei-im-publikum\/\" target=\"_blank\" rel=\"noopener\"> Online-Quelle<\/a><br \/>\n[6.10.2021].<\/p>\n<hr \/>\n<p><strong>261<\/strong> Infos und Chronik zu den \u00a7 129-Verfahren um Lina E. und weiteren Beschuldigten, in: Kontrapolis, 28.7.2021,<br \/>\n<a href=\"https:\/\/kontrapolis.info\/4458\/\" target=\"_blank\" rel=\"noopener\"> Online-Quelle<\/a><br \/>\n[6.10.2021].<\/p>\n<hr \/>\n<p><strong>262<\/strong> Naber, Ibrahim: Der Mann den sie L\u00fccke nennen, in: Welt+, 15.2.2021,<br \/>\n<a href=\"https:\/\/www.welt.de\/politik\/deutschland\/plus226313839\/Radikale-Linke-Polizei-sucht-Verlobten-von-Lina-E.html\" target=\"_blank\" rel=\"noopener\"> Online-Quelle<\/a><br \/>\n[17.10.2021].<\/p>\n<hr \/>\n<p><strong>263<\/strong> mdr investigativ: Prozess gegen Lina E.: Die linksextreme Gewalt eskaliert | Doku, in: mdr timcode, 8.32 \u2013 8.58v<br \/>\n<a href=\"https:\/\/www.youtube.com\/watch?v=k8yT_EKxV1g\" target=\"_blank\" rel=\"noopener\"> Online-Quelle<\/a><br \/>\n[19.10.2021].<\/p>\n<hr \/>\n<p><strong>264<\/strong> Schattauer, G\u00f6ran: Spezial-Handys, Tarn-Namen, Per\u00fccken: Das geheime Leben der Lina E., in: FOCUS online, 9.9.2020,<br \/>\n<a href=\"https:\/\/www.focus.de\/politik\/deutschland\/prozess-nach-politischen-gewalttaten-prozess-gegen-lina-e-in-dresden-linksextremisten-nutzten-spezial-handys_id_20925689.html\" target=\"_blank\" rel=\"noopener\"> Online-Quelle<\/a><br \/>\n[17.10.2021].<\/p>\n<hr \/>\n<p><strong>265<\/strong> Linksextremistin Lina E. bleibt in Haft, in: Welt.de, 2.5.2021,<br \/>\n<a href=\"https:\/\/www.welt.de\/politik\/deutschland\/article230801805\/Neue-Vorwuerfe-Linksextremistin-Lina-E-bleibt-in-Haft.html\" target=\"_blank\" rel=\"noopener\"> Online-Quelle<\/a><br \/>\n[6.10.2021].<\/p>\n<hr \/>\n<p><strong>266<\/strong> Extremistin Lina E. \u2013 Ihre Strafakte ist l\u00e4nger als ihr Minirock, in: Bild Leipzig, 2.5.2021,<br \/>\n<a href=\"https:\/\/www.bild.de\/bild-plus\/regional\/leipzig\/leipzig-news\/leipzig-ihre-strafakte-ist-laenger-als-ihr-minirock-76265894,view=conversionToLogin.bild.html?wtmc=ob.feed\" target=\"_blank\" rel=\"noopener\"> Online-Quelle<\/a><br \/>\n[6.10.2021].<\/p>\n<hr \/>\n<p><strong>267<\/strong> Jansen, Frank: Bundesgerichtshof verst\u00e4rkt Tatverdacht gegen Linksradikale Lina E., in: Der Tagesspiegel, 1.7.2021,<br \/>\n<a href=\"https:\/\/www.tagesspiegel.de\/politik\/brutale-ueberfaelle-auf-rechtsextremisten-bundesgerichtshof-verstaerkt-tatverdacht-gegen-linksradikale-lina-e-\/27382324.html\" target=\"_blank\" rel=\"noopener\"> Online-Quelle<\/a><br \/>\n[17.10.2021].<\/p>\n<hr \/>\n<p><strong>268<\/strong> Schattauer, G\u00f6ran: Bundesanwaltschaft ermittelt. \u00bbKommandof\u00fchrerin\u00ab und Radikalen-Paar in Haft: Staat greift gegen Linksextreme durch, in: FOCUS online, 11.11.2020,<br \/>\n<a href=\"https:\/\/www.focus.de\/politik\/sicherheitsreport\/bundesanwaltschaft-ermittelt-linksextremisten-in-haft-greift-der-staat-jetzt-endlich-hart-gegen-die-szene-durch_id_12647759.html\" target=\"_blank\" rel=\"noopener\"> Online-Quelle<\/a><br \/>\n[17.10.2021].<\/p>\n<hr \/>\n<p><strong>269<\/strong> Wittek, Ronald: Die rote R\u00e4cherin. Lina E. (26) steht ab Mittwoch vor Gericht, in: Bild-Leipzig,<br \/>\n<a href=\"https:\/\/www.bild.de\/regional\/leipzig\/leipzig-news\/die-rote-raecherin-lina-e-26-steht-ab-mittwoch-vor-gericht-77602554.bild.html\" target=\"_blank\" rel=\"noopener\"> Online-Quelle<\/a><br \/>\n[17.10.2021].<\/p>\n<hr \/>\n<p><strong>270<\/strong> Schattauer, G\u00f6ran: Spezial-Handys, Tarn-Namen, Per\u00fccken: Das geheime Leben der Lina E., in: FOCUS online, 9.9.2020,<br \/>\n<a href=\"https:\/\/www.focus.de\/politik\/deutschland\/prozess-nach-politischen-gewalttaten-prozess-gegen-lina-e-in-dresden-linksextremisten-nutzten-spezial-handys_id_20925689.html\" target=\"_blank\" rel=\"noopener\"> Online-Quelle<\/a><br \/>\n[17.10.2021].<\/p>\n<hr \/>\n<p><strong>271<\/strong> Litschko, Konrad: Interna im Fall Lina E. durchgestochen. Ermittlungen gegen die Ermittler, in: taz, 1.10.2021,<br \/>\n<a href=\"https:\/\/taz.de\/Interna-im-Fall-Lina-E-durchgestochen\/!5805155\/\" target=\"_blank\" rel=\"noopener\"> Online-Quelle<\/a><br \/>\n[17.10.2021].<\/p>\n<hr \/>\n<p><strong>272<\/strong> Bekennervideo: Bullseye in Eisenach angegriffen \u2013 Fight Nazis Everyday, in: kolektiva.media, 12.1.2021,<br \/>\n<a href=\"https:\/\/kolektiva.media\/w\/1618a11f-5526-4e0f-a415-54bc0d7a45a4\" target=\"_blank\" rel=\"noopener\"> Online-Quelle<\/a><br \/>\n[20.10.2021].<\/p>\n<hr \/>\n<p><strong>273<\/strong> Fischer, Christian: Sprengsatz mit Butters\u00e4ure. Stinkbombenanschlag auf Rechtsextremen-Treff, in: Bild Th\u00fcringen, 11.1.2021,<br \/>\n<a href=\"https:\/\/www.bild.de\/regional\/thueringen\/thueringen-aktuell\/eisenach-stinkbomben-anschlag-auf-rechtsextremen-treff-74834792.bild.html\" target=\"_blank\" rel=\"noopener\"> Online-Quelle<\/a><br \/>\n[19.10.2021].<\/p>\n<hr \/>\n<p><strong>274<\/strong> Anonym: Bullseye in Eisenach angegriffen \u2013 Fight Nazis every day, in: de.indiymedia.org, 12.1.2021,<br \/>\n<a href=\"https:\/\/de.indymedia.org\/node\/132324\" target=\"_blank\" rel=\"noopener\"> Online-Quelle<\/a><br \/>\n[17.10.2021].<\/p>\n<hr \/>\n<p><strong>275<\/strong> FLINTA* steht f\u00fcr Frauen, Lesben, inter, non-binary und trans Personen, das A f\u00fcr agender Personen. Das Sternchen bedeutet, dass mit FLINTA* generell alle Menschen gemeint sind, die sich mit den genannten Geschlechtsidentit\u00e4ten oder keiner identifizieren.<\/p>\n<hr \/>\n<p><strong>276<\/strong> Bundesamt f\u00fcr Verfassungsschutz. In: Verfassungsschutzbericht 2019, 27. Juni 2020, S. 95.<br \/>\n<a href=\"https:\/\/www.verfassungsschutz.de\/embed\/vsbericht-2019.pdf\" target=\"_blank\" rel=\"noopener\"> Online-Quelle<\/a><br \/>\n[24.9.2021].<\/p>\n<hr \/>\n<p><strong>277<\/strong> Geduldete Gewalt? Brutaler \u00dcberfall von Linksextremisten auf Stadtrat. Paul Rzehaczek erkl\u00e4rt im Gespr\u00e4ch mit DS-TV, was geschehen ist, in: Deutsche Stimme, DS-TV, 15.3.2021,<br \/>\n<a href=\"https:\/\/deutsche-stimme.de\/geduldete-gewalt-brutaler-ueberfall-von-linksextremisten-auf-stadtrat\/\" target=\"_blank\" rel=\"noopener\"> Online-Quelle<\/a><br \/>\n[24.9.2021].<\/p>\n<hr \/>\n<p><strong>278<\/strong> Ebenda.<\/p>\n<hr \/>\n<p><strong>279<\/strong> Ebenda.<\/p>\n<hr \/>\n<p><strong>280<\/strong> Ebenda.<\/p>\n<hr \/>\n<p><strong>281<\/strong> Mosig, Luise: Nach Angriff auf Eilenburgern Neonazi 2021: Ein Tatverd\u00e4chtiger festgenommen, in: Leipziger Zeitung, 25.5.2023,<br \/>\n<a href=\"https:\/\/www.l-iz.de\/leben\/faelle-unfaelle\/2023\/05\/nach-angriff-auf-eilenburger-neonazi-2021-tatverdaechtiger-festgenommen-535996\" target=\"_blank\" rel=\"noopener\"> Online-Quelle<\/a><br \/>\n[7.6.2023].<\/p>\n<hr \/>\n<p><strong>282<\/strong> JN-Bundesvorsitzender Paul Rzehaczek zuhause angegriffen, in: chronik. Widerst\u00e4ndige Momente festgehalten, 11.3.2021,<br \/>\n<a href=\"https:\/\/chronik.blackblogs.org\/?p=14138\" target=\"_blank\" rel=\"noopener\"> Online-Quelle<\/a><br \/>\n[24.9.2021].<\/p>\n<hr \/>\n<p><strong>283<\/strong> Geiler, Julius: Brutale Attacke in Erfurt. \u201eFalsche Polizisten\u201c brechen Neonazis ein Bein und \u00fcbergie\u00dfen ihn mit Chlor, in: Der Tagesspiegel, 28.5.2021,<br \/>\n<a href=\"https:\/\/www.tagesspiegel.de\/politik\/brutale-attacke-in-erfurt-falsche-polizisten-brechen-neonazi-ein-bein-und-uebergiessen-ihn-mit-chlor\/27236962.html\" target=\"_blank\" rel=\"noopener\"> Online-Quelle<\/a><br \/>\n[17.10.2021].<\/p>\n<hr \/>\n<p><strong>284<\/strong> (EF) Pressemitteilung zur Operation Wespennest, in: de.indymedia.org, 28.5.2021,<br \/>\n<a href=\"https:\/\/de.indymedia.org\/node\/149375\" target=\"_blank\" rel=\"noopener\"> Online-Quelle<\/a><br \/>\n[17.10.2021].<\/p>\n<hr \/>\n<p><strong>285<\/strong> (EF) Pressemitteilung zur Operation Wespennest, in: de.indymedia.org, 28.5.2021,<br \/>\n<a href=\"https:\/\/de.indymedia.org\/node\/149375\" target=\"_blank\" rel=\"noopener\"> Online-Quelle<\/a><br \/>\n[17.10.2021].<\/p>\n<hr \/>\n<p><strong>286<\/strong> Nazitreffpunkte brennen in Th\u00fcringen, in: Autonome Antifa Freiburg, 25.4.2021,<br \/>\n<a href=\"https:\/\/autonome-antifa.org\/?breve7897\" target=\"_blank\" rel=\"noopener\"> Online-Quelle<\/a><br \/>\n[17.10.2021].<\/p>\n<hr \/>\n<p><strong>287<\/strong> Th\u00fcringen: Rechter Szenetreff brennt vollst\u00e4ndig aus \u2013 Brandstiftung immer wahrscheinlicher, in: Th\u00fcringen24, 20.4.2021,<br \/>\n<a href=\"https:\/\/www.thueringen24.de\/thueringen\/article232066719\/Thueringen-sonneberg-waldhaus-Gaststaette-feuerwehr-verletzt-rechtsextreme-verdacht-rechtsextremisten-Brandstiftung.html\" target=\"_blank\" rel=\"noopener\"> Online-Quelle<\/a><br \/>\n[17.10.2021].<\/p>\n<hr \/>\n<p><strong>288<\/strong> Nazitreffpunkte brennen in Th\u00fcringen, in: Autonome Antifa Freiburg, 25.4.2021,<br \/>\n<a href=\"https:\/\/autonome-antifa.org\/?breve7897\" target=\"_blank\" rel=\"noopener\"> Online-Quelle<\/a><br \/>\n[17.10.2021].<\/p>\n<hr \/>\n<p><strong>289<\/strong> Anschlagserie in Th\u00fcringen. Feuer in Hitlerschnitzel Szenetreff, in: t-online, 28.5.2021,<br \/>\n<a href=\"https:\/\/www.t-online.de\/region\/erfurt\/news\/id_90114000\/thueringen-feuer-in-hitlerschnitzel-szenetreff-von-tommy-frenck.html\" target=\"_blank\" rel=\"noopener\"> Online-Quelle<\/a><br \/>\n[17.10.2021].<\/p>\n<hr \/>\n<p><strong>290<\/strong> Bundesministerium des Innern und f\u00fcr Heimat: Linksextremismus, II. Aktuelle Entwicklungen im Linksextremismus, 1. Militanter \u201eAntifaschismus\u201c, in: Verfassungsschutzbericht 2022, Berlin, S. 131.<\/p>\n<hr \/>\n<p><strong>291<\/strong> Video\u00fcberwachung in Connewitz aufgeflogen, in: Antifa in Leipzig, 28.3.2014,<br \/>\n<a href=\"https:\/\/www.inventati.org\/leipzig\/?p=1759\" target=\"_blank\" rel=\"noopener\"> Online-Quelle<\/a><br \/>\n[7.7.2023].<\/p>\n<hr \/>\n<p><strong>292<\/strong> Leipzig: Peilsender und Wanze in Auto entdeckt, in: Enough14D, 20.11.2021,<br \/>\n<a href=\"https:\/\/enough-is-enough14.org\/2021\/11\/20\/leipzig-peilsender-und-wanze-in-auto-entdeckt\/\" target=\"_blank\" rel=\"noopener\"> Online-Quelle<\/a><br \/>\n[7.7.2023].<\/p>\n<hr \/>\n<p><strong>293<\/strong> Philipp Jonathan M., genannt \u201eNero\u201c, versuchte w\u00e4hrend einer Auseinandersetzung 2017 in der Rigaer Stra\u00dfe in Berlin einen Polizeihubschrauber mit einem Laserpointer zu blenden und wurde wegen gef\u00e4hrlicher K\u00f6rperverletzung und versuchtem gef\u00e4hrlichen Eingriff in den Luftverkehr zu 18 Monaten Freiheitsentzug ohne Bew\u00e4hrung verurteilt. Nachdem er, 24 Jahre alt, am 28. Januar 2019 aus der JVA-Tegel entlassen wurde, ver\u00f6ffentlichte das Magazin VICE eine Reportage \u00fcber ihn. Schwenn, Paul: Der Linksautonome, der einen Hubschrauber blendete und im Gef\u00e4ngnis landete, in: VICE, 18.6.2019,<br \/>\n<a href=\"https:\/\/www.vice.com\/de\/article\/3k34gk\/nero-berliner-linksautonomer-blendet-polizei-hubschrauber-landet-im-gefaengnis\" target=\"_blank\" rel=\"noopener\"> Online-Quelle<\/a><br \/>\n[2.7.2023].<\/p>\n<hr \/>\n<p><strong>294<\/strong> Verr\u00e4ter gehen, Vergewaltiger bleiben, in: EMRAWI \u2013 Infos zu sozialen Bewegungen und radikalen Analysen, 1.9.2022,<br \/>\n<a href=\"https:\/\/emrawi.org\/?Verrater-gehen-Vergewaltiger-bleiben-2277\" target=\"_blank\" rel=\"noopener\"> Online-Quelle<\/a><br \/>\n[2.7.2023].<\/p>\n<hr \/>\n<p><strong>295<\/strong> Litschko, Konrad: Aussagen im Prozess gegen Lina E. Der Mann, der gerne Kronzeuge w\u00e4re, in: taz: 28.7.2022,<br \/>\n<a href=\"https:\/\/taz.de\/Aussage-im-Prozess-gegen-Lina-E\/!5867480\/\" target=\"_blank\" rel=\"noopener\"> Online-Quelle<\/a><br \/>\n[2.7.2023].<\/p>\n<hr \/>\n<p><strong>296<\/strong> Litschko, Konrad: Ein Kronzeuge im Fall Lina E., in: taz, 17.6.2022,<br \/>\n<a href=\"https:\/\/taz.de\/Ein-Kronzeuge-im-Fall-Lina-E\/!5858322\/\" target=\"_blank\" rel=\"noopener\"> Online-Quelle<\/a><br \/>\n[2.7.2023].<\/p>\n<hr \/>\n<p><strong>297<\/strong> Ramm, Wiebke: So wurde ein Linksradikaler zum Kronzeugen, in: Spiegel, 22.9.2022,<br \/>\n<a href=\"https:\/\/www.spiegel.de\/panorama\/justiz\/dresden-prozess-gegen-lina-e-wie-ein-linksradikaler-zum-kronzeugen-wurde-a-a186075d-57f7-4f75-90bf-073d439fbe84\" target=\"_blank\" rel=\"noopener\"> Online-Quelle<\/a><br \/>\n[29.6.2023].<\/p>\n<hr \/>\n<p><strong>298<\/strong> Prozess-Meinigen. Bew\u00e4hrungsstrafe f\u00fcr Ex-Linksextremisten, in: S\u00fcddeutsche Zeitung, 27.2.2023,<br \/>\n<a href=\"https:\/\/www.sueddeutsche.de\/panorama\/prozesse-meiningen-bewaehrungsstrafe-fuer-ex-linksextremisten-dpa.urn-newsml-dpa-com-20090101-230227-99-760686\" target=\"_blank\" rel=\"noopener\"> Online-Quelle<\/a><br \/>\n[2.7.2023].<\/p>\n<hr \/>\n<p><strong>299<\/strong> Lopez, Edgar: Staatsanwaltschaft klagt weitere vier M\u00e4nner aus dem Umfeld von Lina E. an, in: MDR aktuell, 10.11.2022,<br \/>\n<a href=\"https:\/\/www.mdr.de\/nachrichten\/sachsen\/prozess-lina-e-staatsanwaltschaft-gera-vier-klagen-100.html\" target=\"_blank\" rel=\"noopener\"> Online-Quelle<\/a><br \/>\n[2.7.2023].<\/p>\n<hr \/>\n<\/div><\/section>\n<section  id=\"dreihundert\"  class='av_textblock_section av-mlfjyjop-6981a5a6a535b268656ca4807ffe6c25 '   itemscope=\"itemscope\" itemtype=\"https:\/\/schema.org\/CreativeWork\" ><div class='avia_textblock'  itemprop=\"text\" ><h3><strong>300<\/strong><\/h3>\n<\/div><\/section>\n<section  class='av_textblock_section av-mlfk3jbh-402dd77b2ca87c5aec076fda5d328122 '   itemscope=\"itemscope\" itemtype=\"https:\/\/schema.org\/CreativeWork\" ><div class='avia_textblock'  itemprop=\"text\" ><hr \/>\n<p><strong>300<\/strong> Litschko, Konrad: Prozess gegen \u201eKnockout51\u201c Neonazi-Kampfsportler vor Gericht, in: taz, 20.8.2023,<br \/>\n<a href=\"https:\/\/taz.de\/Prozess-gegen-Knockout51\/!5950710\/\" target=\"_blank\" rel=\"noopener\"> Online-Quelle<\/a><br \/>\n[18.4.2025].<\/p>\n<hr \/>\n<p><strong>301<\/strong> Revision nach Neonazi-Prozess. Generalbundesanwalt will wohl h\u00e4rtere Strafen f\u00fcr Knockout 51, in: t-online., 3.7.2024,<br \/>\n<a href=\"https:\/\/www.t-online.de\/nachrichten\/panorama\/kriminalitaet\/id_100440422\/neonazi-gruppe-knockout-51-generalbundesanwalt-will-wohl-haertere-strafen-.html\" target=\"_blank\" rel=\"noopener\"> Online-Quelle<\/a><br \/>\n[9.7.2024].<\/p>\n<hr \/>\n<p><strong>302<\/strong> Neonazi-Gruppe. Revision im Prozess gegen \u201eKnockout51\u201c: Bundesanwaltschaft fordert h\u00f6here Strafen, in: MDR Th\u00fcringen, 3.7.2024,<br \/>\n<a href=\"https:\/\/www.mdr.de\/nachrichten\/thueringen\/knockout-prozess-revision-rechtsetxrem-neonazi-gericht-100.html\" target=\"_blank\" rel=\"noopener\"> Online-Quelle<\/a><br \/>\n[18.4.2025].<\/p>\n<hr \/>\n<p><strong>303<\/strong> Keim, Karl: Totschl\u00e4ger Attacke in Budapest. Deutsche Linksextreme in Ungarn verhaftet, in: Bild, 14.2.2023,<br \/>\n<a href=\"https:\/\/www.bild.de\/regional\/leipzig\/leipzig-news\/totschlaeger-attacke-in-budapest-deutsche-linksextreme-in-ungarn-verhaftet-82884362.bild.html\" target=\"_blank\" rel=\"noopener\"> Online-Quelle<\/a><br \/>\n[31.12.2023].<\/p>\n<hr \/>\n<p><strong>304<\/strong> Ungv\u00e1ry, Kriszti\u00e1n: Die Schlacht um Budapest 1944\/45, M\u00fcnchen 1999, S. 10.<\/p>\n<hr \/>\n<p><strong>305<\/strong> Ungv\u00e1ry, Kriszti\u00e1n: Die Schlacht um Budapest 1944\/45, M\u00fcnchen 1999, S. 258.<\/p>\n<hr \/>\n<p><strong>306<\/strong> Ebenda, S.308.<\/p>\n<hr \/>\n<p><strong>307<\/strong> Ebenda, S. 292.<\/p>\n<hr \/>\n<p><strong>308<\/strong> Ebenda, S. 468.<\/p>\n<hr \/>\n<p><strong>309<\/strong> Horvath, Benjamin: Faschistisches Wandern mit staatlicher Unterst\u00fctzung, in: haGalil.com, 25.2.2020,<br \/>\n<a href=\"https:\/\/www.hagalil.com\/2020\/02\/neonazi-treffen\/\" target=\"_blank\" rel=\"noopener\"> Online-Quelle<\/a><br \/>\n[5.7.2023].<\/p>\n<hr \/>\n<p><strong>310<\/strong> 500 Neonazis begingen in Budapest den \u201eTag der Ehre\u201c, in: Kurier, 8.2.2020,<br \/>\n<a href=\"https:\/\/kurier.at\/chronik\/welt\/500-neonazis-begingen-in-budapest-den-tag-der-ehre\/400749099\" target=\"_blank\" rel=\"noopener\"> Online-Quelle<\/a><br \/>\n[5.7.2023].<\/p>\n<hr \/>\n<p><strong>311<\/strong> In Ungarn vor Gericht. H\u00e4ssliche Bilder: \u201eBehandelt wie ein Tier\u201c, in: S\u00fcdtirol News, 31.1.2024,<br \/>\n<a href=\"https:\/\/www.suedtirolnews.it\/italien\/haessliche-bilder-behandelt-wie-ein-tier\" target=\"_blank\" rel=\"noopener\"> Online-Quelle<\/a><br \/>\n[3.4.2025].<\/p>\n<hr \/>\n<p><strong>312<\/strong> Datt, Thomas: Gewalt von Links \u2013 Der Fall Lina E., in: MDR investigativ: exactly Doku, 2023, Timecode: 22.00 \u2013 33.00,<br \/>\n<a href=\"https:\/\/www.youtube.com\/watch?v=urB16PB_XKA\" target=\"_blank\" rel=\"noopener\"> Online-Quelle<\/a><br \/>\n[2.7.2023].<\/p>\n<hr \/>\n<p><strong>313<\/strong> Angriff auf Rechte in Ungarn. Ermittler durchsuchen Wohnungen mutma\u00dflicher Linksextremisten, in: Spiegel\/Politik, 15.3.2023,<br \/>\n<a href=\"https:\/\/www.spiegel.de\/politik\/deutschland\/deutschland-durchsuchungen-bei-linksextremen-nach-attacken-auf-rechte-in-ungarn-a-0c1c3a7c-cb07-4b3e-a633-4519cb4f4a57\" target=\"_blank\" rel=\"noopener\"> Online-Quelle<\/a><br \/>\n[2.4.2025].<\/p>\n<hr \/>\n<p><strong>314<\/strong> Lopez, Edgar: Der Prozess um Lina E. Die Neonazi-J\u00e4ger von Ostdeutschland, in: t-online, 18.1.2023,<br \/>\n<a href=\"https:\/\/www.t-online.de\/region\/leipzig\/id_100113948\/lina-e-prozess-in-sachsen-die-neonazi-jaeger-von-ostdeutschland.html\" target=\"_blank\" rel=\"noopener\"> Online-Quelle<\/a><br \/>\n[6.7.2023].<\/p>\n<hr \/>\n<p><strong>315<\/strong> Mosig, Luise: Nach Angriff auf Eilenburger Neonazi 2021: Tatverd\u00e4chtiger festgenommen, in: Leipziger Zeitung, 25.5.2023,<br \/>\n<a href=\"https:\/\/www.l-iz.de\/leben\/faelle-unfaelle\/2023\/05\/nach-angriff-auf-eilenburger-neonazi-2021-tatverdaechtiger-festgenommen-535996\" target=\"_blank\" rel=\"noopener\"> Online-Quelle<\/a><br \/>\n[6.7.2023].<\/p>\n<hr \/>\n<p><strong>316<\/strong> Dient die linke Lina als Liebesk\u00f6der?, in: Berliner Zeitung, Nr. 126\/22, Seite 24 und 25, 2.6.2023.<\/p>\n<p><strong>317<\/strong> Das sind die K\u00f6pfe der Hammerbande, in: Bild, 5.6.2023,<br \/>\n<a href=\"https:\/\/www.bild.de\/regional\/dresden\/dresden-aktuell\/deutschlands-gefaehrlichste-linksextreme-die-koepfe-der-hammerbande-84078608.bild.html\" target=\"_blank\" rel=\"noopener\"> Online-Quelle<\/a><br \/>\n[2.7.2023].<\/p>\n<hr \/>\n<p><strong>318<\/strong> Urteil im Staatsschutzverfahren gegen Lina E. u.a. verk\u00fcndet, in: S\u00e4chsische Staatskanzlei, 31.5.2023,<br \/>\n<a href=\"https:\/\/www.medienservice.sachsen.de\/medien\/news\/1066810\" target=\"_blank\" rel=\"noopener\"> Online-Quelle<\/a><br \/>\n[7.7.2023].<\/p>\n<hr \/>\n<p><strong>319<\/strong> Kempen, Aiko: Einsatzprotokolle zu \u201eTag X\u201c. Chaos und Widerspr\u00fcche zum Leipziger Polizeikessel, FragdenStaat, 13.2.2024,<br \/>\n<a href=\"https:\/\/fragdenstaat.de\/artikel\/exklusiv\/2024\/02\/chaos-und-widerspruche-zum-leipziger-polizeikessel\/\" target=\"_blank\" rel=\"noopener\"> Online-Quelle<\/a><br \/>\n[22.3.2025].<\/p>\n<hr \/>\n<p><strong>320<\/strong> Kleine Anfrage der Abgeordneten Jule Nagel, Drs.-Nr. 7\/13967, in: Staatsministerium des Innern, Freistaat Sachsen, 15.8.2023,<br \/>\n<a href=\"https:\/\/edas.landtag.sachsen.de\/viewer.aspx?dok_nr=13967&amp;dok_art=Drs&amp;leg_per=7&amp;pos_dok=1&amp;dok_id=undefined\" target=\"_blank\" rel=\"noopener\"> Online-Quelle<\/a><br \/>\n[25.3.2025].<\/p>\n<hr \/>\n<p><strong>321<\/strong> Peikert, Denise: Auswertung zum \u201eTag X\u201c in Leipzig zeigt: Mehrheit der Demonstranten reiste als Protest-Touristen an, in: Dresdner Neuste Nachrichten, 29.2.2024,<br \/>\n<a href=\"https:\/\/www.dnn.de\/der-osten\/sachsen-aeussert-sich-zu-tag-x-in-leipzig-antworten-und-offene-fragen-CZ3BL45CKBC6PKKOL5GGC5DAU4.html\" target=\"_blank\" rel=\"noopener\"> Online-Quelle<\/a><br \/>\n[25.3.2025].<\/p>\n<hr \/>\n<p><strong>322<\/strong> Polizeigewerkschaft. Linksextremismus nicht als Nebensache betrachten, in: Zeit Online, 4.6.2023,<br \/>\n<a href=\"https:\/\/www.zeit.de\/news\/2023-06\/04\/linksextremismus-nicht-als-nebensache-betrachten?utm_referrer=\u2028https%3A%2F%2Fwww.google.com%2F\" target=\"_blank\" rel=\"noopener\"> Online-Quelle<\/a><br \/>\n[7.7.2023].<\/p>\n<hr \/>\n<p><strong>323<\/strong> Kleine Anfrage der Abgeordneten Jule Nagel, Drs.-Nr. 7\/13967, in: Staatsministerium des Innern, Freistaat Sachsen, 15.8.2023,<br \/>\n<a href=\"https:\/\/edas.landtag.sachsen.de\/viewer.aspx?dok_nr=13967&amp;dok_art=Drs&amp;leg_per=7&amp;pos_dok=1&amp;dok_id=undefined\" target=\"_blank\" rel=\"noopener\"> Online-Quelle<\/a><br \/>\n[25.3.2025].<\/p>\n<hr \/>\n<p><strong>324<\/strong> Kempen, Aiko: Einsatzprotokolle zu \u201eTag X\u201c. Chaos und Widerspr\u00fcche zum Leipziger Polizeikessel, FragdenStaat, 13.2.2024,<br \/>\n<a href=\"https:\/\/fragdenstaat.de\/artikel\/exklusiv\/2024\/02\/chaos-und-widerspruche-zum-leipziger-polizeikessel\/\" target=\"_blank\" rel=\"noopener\"> Online-Quelle<\/a><br \/>\n[22.3.2025].<\/p>\n<hr \/>\n<p><strong>325<\/strong> Anonym: \u00dcbersicht: Aktueller Stand der Repression in Zusammenhang mit Tag X am 3.6.2023 in Leipzig, in: indymedia, 12.3.2025,<br \/>\n<a href=\"https:\/\/de.indymedia.org\/node\/497921\" target=\"_blank\" rel=\"noopener\"> Online-Quelle<\/a><br \/>\n[22.3.2025].<\/p>\n<hr \/>\n<p><strong>326<\/strong> Keim, Karl: Nach Attacken in Ungarn. Razzien bei Linksextremisten in Leipzig und Jena, in: Bild, Regional, Leipzig, 14.3.2023,<br \/>\n<a href=\"https:\/\/www.bild.de\/regional\/leipzig\/leipzig-news\/sek-razzien-in-sachsen-und-thueringen-linksextremisten-aus-budapest-gefasst-83210828.bild.html\" target=\"_blank\" rel=\"noopener\"> Online-Quelle<\/a><br \/>\n[23.3.2025].<\/p>\n<hr \/>\n<p><strong>327<\/strong> Prozessbericht 23.22.2023: Berufungsprozess LuWi-71 Besetzung im August-September 2023, in: knack.news Nachrichten aus Leipzig, 3.12.2023,<br \/>\n<a href=\"https:\/\/knack.news\/7556\" target=\"_blank\" rel=\"noopener\"> Online-Quelle<\/a><br \/>\n[5.4.2025].<\/p>\n<hr \/>\n<p><strong>328<\/strong> Bekennerschreiben aufgetaucht. Post-Transporter angez\u00fcndet, in: Bild, Regional, Leipzig, 16.1.2023,<br \/>\n<a href=\"https:\/\/www.bild.de\/regional\/leipzig\/leipzig-news\/leipzig-post-transporter-angezuendet-bekennerschreiben-aufgetaucht-82576554.bild.html\" target=\"_blank\" rel=\"noopener\"> Online-Quelle<\/a><br \/>\n[24.3.2025].<\/p>\n<hr \/>\n<p><strong>329<\/strong> Klug, Michael: Elite-Polizisten lauern vorm Gerichtssaal. Kommt doch raus ihr Linksextremisten \u2026, in: Bild, Regional, Leipzig, 23.11.2023,<br \/>\n<a href=\"https:\/\/www.bild.de\/regional\/leipzig\/leipzig-news\/leipzig-razzien-gegen-linksextreme-86196818.bild.html\" target=\"_blank\" rel=\"noopener\"> Online-Quelle<\/a><br \/>\n[24.3.2025].<\/p>\n<hr \/>\n<p><strong>330<\/strong> Keim, Karl: Molotowcocktails auf Polizisten geworfen. Gef\u00e4hrlicher Linksextremist untergetaucht!, in: Bild, Regional, Leipzig, 7.12.2023,<br \/>\n<a href=\"https:\/\/www.bild.de\/regional\/leipzig\/leipzig-news\/molotowcocktail-auf-polizisten-geworfen-gefaehrlicher-linksextremist-untergetauc-86361104.bild.html\" target=\"_blank\" rel=\"noopener\"> Online-Quelle<\/a><br \/>\n[23.3.2025].<\/p>\n<hr \/>\n<p><strong>331<\/strong> Molotowcocktail auf Polizisten geworfen. Linksextremist (25) stellt sich der Polizei, in: Bild, Regional, Leipzig, 5.1.2025,<br \/>\n<a href=\"https:\/\/www.bild.de\/regional\/leipzig\/leipzig-news\/leipzig-linksextremist-25-stellt-sich-der-polizei-86649314.bild.html\" target=\"_blank\" rel=\"noopener\"> Online-Quelle<\/a><br \/>\n[25.3.2025].<\/p>\n<hr \/>\n<p><strong>332<\/strong> Monroy, Matthias: Mordvorwurf nach Brands\u00e4tzen auf Polizisten, in: nd, 18.6.2024,<br \/>\n<a href=\"https:\/\/www.nd-aktuell.de\/artikel\/1183058.leipzig-mordvorwurf-nach-brandsaetzen-auf-polizisten.html\" target=\"_blank\" rel=\"noopener\"> Online-Quelle<\/a><br \/>\n[25.3.2025].<\/p>\n<hr \/>\n<p><strong>333<\/strong> Litschko, Konrad: Brandsatzwurf auf \u201eTag X\u201c-Demo. Vorwurf versuchter Mord, in: taz, 18.6.2024,<br \/>\n<a href=\"https:\/\/taz.de\/Brandsatzwurf-auf-Tag-X-Demo\/!6017553\/\" target=\"_blank\" rel=\"noopener\"> Online-Quelle<\/a><br \/>\n[5.4.2025].<\/p>\n<hr \/>\n<p><strong>334<\/strong> Monroy, Matthias: Gericht stoppt Anklage wegen Versuchten Mord im Fall \u201eBenni\u201c, in: nd, 10.9.2024,<br \/>\n<a href=\"https:\/\/www.nd-aktuell.de\/artikel\/1185136.tag-x-in-leipzig-gericht-stoppt-anklage-wegen-versuchtem-mord-im-fall-benni.html\" target=\"_blank\" rel=\"noopener\"> Online-Quelle<\/a><br \/>\n[25.3.2025].<\/p>\n<hr \/>\n<p><strong>335<\/strong> Kleemann, Birthe: Montag, der 3. Juni 2024: Demo zum Jahrestag des \u201eTag X\u201c, Leipziger Club-Studie und weitere Hochwassertote, in: Leipziger Zeitung, 3.6.2024,<br \/>\n<a href=\"https:\/\/www.l-iz.de\/der-tag\/2024\/06\/montag-der-3-juni-2024-demo-zum-jahrestag-von-tag-x-leipziger-club-studie-und-weitere-hochwasser-tote-592390\" target=\"_blank\" rel=\"noopener\"> Online-Quelle<\/a><br \/>\n[6.6.2025].<\/p>\n<hr \/>\n<p><strong>336<\/strong> Kleine Anfrage der Abgeordneten Juliane Nagel (Linke), S\u00e4chsisches Staatsministerium des Innern, 27.5.2025,<br \/>\n<a href=\"https:\/\/edas.landtag.sachsen.de\/viewer.aspx?dok_nr=2582&amp;dok_art=Drs&amp;leg_per=8&amp;pos_dok=1&amp;dok_id=undefined\" target=\"_blank\" rel=\"noopener\"> Online-Quelle<\/a><br \/>\n[17.6.2025].<\/p>\n<hr \/>\n<p><strong>337<\/strong> Loch, Ren\u00e9: Leipziger Kessel an Tag X: Staatsanwaltschaft hat Ermittlungen gegen fast 900 Beteiligte eingestellt, in: Leipziger Zeitung, 30.5.2025,<br \/>\n<a href=\"https:\/\/www.l-iz.de\/leben\/faelle-unfaelle\/2025\/05\/tag-x-staatsanwaltschaft-eingestellt-625657\" target=\"_blank\" rel=\"noopener\"> Online-Quelle<\/a><br \/>\n[5.6.2025].<\/p>\n<hr \/>\n<p><strong>338<\/strong> Bonkowski, Juliane: Tag-X-Trauermarsch durch Leipziger S\u00fcden: Anzeige wegen falschem Polizei-Maskottchen, in: Tag24, 4.6.2025,<br \/>\n<a href=\"https:\/\/www.tag24.de\/thema\/demonstration\/tag-x-trauermarsch-durch-leipziger-sueden-anzeige-gegen-falsches-polizei-maskottchen-3391898\" target=\"_blank\" rel=\"noopener\"> Online-Quelle<\/a><br \/>\n[5.6.2025].<\/p>\n<hr \/>\n<p><strong>339<\/strong> Rath, Christian: BGH-Urteil zu Lina E. Haftstrafe f\u00fcr militante Antifaschistin best\u00e4tigt, in: taz, 19.3.2025,<br \/>\n<a href=\"https:\/\/taz.de\/BGH-Urteil-zu-Lina-E\/!6073363\/\" target=\"_blank\" rel=\"noopener\"> Online-Quelle<\/a><br \/>\n[22.3.2025].<\/p>\n<hr \/>\n<p><strong>340<\/strong> Nach BGH-Urteil: Verurteilte Studentin Lina E. sitzt wieder im Gef\u00e4ngnis, in: MDR Sachsen, 28.4.2025,<br \/>\n<a href=\"https:\/\/www.mdr.de\/nachrichten\/sachsen\/lina-e-linksextremismus-gefaengnis-reststrafe-100.html\" target=\"_blank\" rel=\"noopener\"> Online-Quelle<\/a><br \/>\n[22.3.2025].<\/p>\n<hr \/>\n<p><strong>341<\/strong> Keim, Karl: Nach Attacke in Ungarn: Razzien bei Linksextremisten in Leipzig und Jena, in: Bild \/ regional \/ Leipzig, 15.3.2023,<br \/>\n<a href=\"https:\/\/www.bild.de\/regional\/leipzig\/leipzig-news\/sek-razzien-in-sachsen-und-thueringen-linksextremisten-aus-budapest-gefasst-83210828.bild.html\" target=\"_blank\" rel=\"noopener\"> Online-Quelle<\/a><br \/>\n[23.5.2025].<\/p>\n<hr \/>\n<p><strong>342<\/strong> Monroy, Matthias: Ungarn: Antifas bleiben im Gef\u00e4ngnis. Gericht in Budapest verl\u00e4ngert Untersuchungshaft f\u00fcr Deutschen und Italienerin, in: nd, 15.8.2023,<br \/>\n<a href=\"https:\/\/www.nd-aktuell.de\/artikel\/1175534.haftpruefung-ungarn-antifas-bleiben-im-gefaengnis.html\" target=\"_blank\" rel=\"noopener\"> Online-Quelle<\/a><br \/>\n[12.4.2025].<\/p>\n<hr \/>\n<p><strong>343<\/strong> Lopez, Edgar: Angriff auf Rechtsextreme? Nazi-Treffen in Budapest \u2013 Angeklagte in Ketten vor Gericht, in: t-online., 12.2.2024,<br \/>\n<a href=\"https:\/\/www.t-online.de\/nachrichten\/panorama\/id_100341398\/nazi-treffen-in-budapest-attackiert-angeklagte-an-kette-im-gericht.html\" target=\"_blank\" rel=\"noopener\"> Online-Quelle<\/a><br \/>\n[4.4.2025].<\/p>\n<hr \/>\n<p><strong>344<\/strong> Schilz, Bernhard: Berliner Linksextremist Tobias E. Schl\u00e4ger von \u201eHammerbande\u201c muss in Ungarn in Knast, in: Bild, Regional, Dresden, 29.1.2024,<br \/>\n<a href=\"https:\/\/www.bild.de\/regional\/dresden\/dresden-aktuell\/hammerbande-schlaeger-muss-drei-jahre-in-ungarn-knast-86955390.bild.html\" target=\"_blank\" rel=\"noopener\"> Online-Quelle<\/a><br \/>\n[25.3.2025].<\/p>\n<hr \/>\n<p><strong>345<\/strong> Litschko, Konrad: Urteil gegen deutschen Autonomen. Kurzer Prozess in Budapest, in: taz, 29.1.2024,<br \/>\n<a href=\"https:\/\/taz.de\/Urteil-gegen-deutschen-Autonomen\/!5988475\/\" target=\"_blank\" rel=\"noopener\"> Online-Quelle<\/a><br \/>\n[4.4.2025].<\/p>\n<hr \/>\n<p><strong>346<\/strong> Micalessin, Gian: \u201cIo, quasi ucciso dagli anarchici perch\u00e9 di destra\u201d, in: il Giornale, 7.2.2024,<br \/>\n<a href=\"https:\/\/www.ilgiornale.it\/news\/politica\/io-quasi-ucciso-dagli-anarchici-perch-destra-2279178.html#google_vignette\" target=\"_blank\" rel=\"noopener\"> Online-Quelle<\/a><br \/>\n[6.4.2025].<\/p>\n<hr \/>\n<p><strong>347<\/strong> Bachmann, Tobias: Prozess gegen Autonome. Deutungskampf nach Angriff, in: taz, 9.2.2024,<br \/>\n<a href=\"https:\/\/taz.de\/Prozess-gegen-Autonome\/!5991230\/\" target=\"_blank\" rel=\"noopener\"> Online-Quelle<\/a><br \/>\n[6.4.2025].<\/p>\n<hr \/>\n<p><strong>348<\/strong> Lopez, Edgar: Angriff auf Rechtsextreme? Nazi-Treffen in Budapest \u2013 Angeklagte mit Ketten im Gericht, in: t-online., 12.2.2014,<br \/>\n<a href=\"https:\/\/www.t-online.de\/nachrichten\/panorama\/id_100341398\/nazi-treffen-in-budapest-attackiert-angeklagte-an-kette-im-gericht.html\" target=\"_blank\" rel=\"noopener\"> Online-Quelle<\/a><br \/>\n[4.4.2025].<\/p>\n<hr \/>\n<p><strong>349<\/strong> In Ungarn vor Gericht mit Ketten an H\u00e4nden und F\u00fc\u00dfen \u2013 Video. H\u00e4ssliche Bilder: \u201eBehandelt wie ein Tier\u201c, in: S\u00fcdtirol News, 31.1.2024,<br \/>\n<a href=\"https:\/\/www.suedtirolnews.it\/italien\/haessliche-bilder-behandelt-wie-ein-tier\" target=\"_blank\" rel=\"noopener\"> Online-Quelle<\/a><br \/>\n[4.4.2025].<\/p>\n<hr \/>\n<p><strong>350<\/strong> Book, Carina: Kerker in Budapest, in: ak, 20.4.2024,<br \/>\n<a href=\"https:\/\/www.akweb.de\/politik\/kerker-in-budapest-prozess-gegen-antifas-in-ungarn\/\" target=\"_blank\" rel=\"noopener\"> Online-Quelle<\/a><br \/>\n[4.4.2025].<\/p>\n<hr \/>\n<p><strong>351<\/strong> Monroy, Matthias: Aufruhr wegen Budapester Antifa-Prozess. Italien bestellt ungarischen Botschafter ein, Meloni ruft Orb\u00e1n an, in: nd, 31.1.2024,<br \/>\n<a href=\"https:\/\/www.nd-aktuell.de\/artikel\/1179649.tag-der-ehre-aufruhr-wegen-budapester-antifa-prozess.html\" target=\"_blank\" rel=\"noopener\"> Online-Quelle<\/a><br \/>\n[8.4.2025].<\/p>\n<hr \/>\n<p><strong>352<\/strong> Streit um inhaftierte Linksextremistin: Ungarns Premier Orb\u00e1n verspricht Meloni \u201egerechte Behandlung\u201c, in: Die Presse, 1.2.2024,<br \/>\n<a href=\"https:\/\/www.diepresse.com\/18053182\/streit-um-inhaftierte-linksextremistin-ungarns-premier-orban-verspricht-meloni-gerechte-behandlung\" target=\"_blank\" rel=\"noopener\"> Online-Quelle<\/a><br \/>\n[4.4.2025].<\/p>\n<hr \/>\n<p><strong>353<\/strong> Straub, Dominik: Wahlkampf als Angeklagte. Italienische Linksaktivistin nach 15 Monaten U-Haft in Budapester Hausarrest entlassen, in: Der Standard, 23.5.2024,<br \/>\n<a href=\"https:\/\/www.derstandard.de\/story\/3000000221340\/italienische-linksaktivistin-nach-15-monaten-u-haft-in-budapester-hausarrest-entlassen\" target=\"_blank\" rel=\"noopener\"> Online-Quelle<\/a><br \/>\n[6.4.2025].<\/p>\n<hr \/>\n<p><strong>354<\/strong> Braun, Michael: Aus dem Knast nach Br\u00fcssel. Italienische Antifaschistin sitzt ein, in: taz, 5.6.2024,<br \/>\n<a href=\"https:\/\/taz.de\/Aus-dem-Knast-nach-Bruessel\/!6012511\/\" target=\"_blank\" rel=\"noopener\"> Online-Quelle<\/a><br \/>\n[12.4.2025].<\/p>\n<hr \/>\n<p><strong>355<\/strong> Ebenda.<\/p>\n<p><strong>356<\/strong> Monroy, Matthias: Ilaria Salis: Am Geburtstag zur\u00fcck in Italien, in: nd, 17.6.2024,<br \/>\n<a href=\"https:\/\/www.nd-aktuell.de\/artikel\/1183013.nach-hausarrest-in-budapest-ilaria-salis-am-geburtstag-zurueck-in-italien.html\" target=\"_blank\" rel=\"noopener\"> Online-Quelle<\/a><br \/>\n[4.4.2025].<\/p>\n<hr \/>\n<p><strong>357<\/strong> K\u00fchn, Timm: Immunit\u00e4t von linker EU-Abgeordneter: Orb\u00e1n versus Antifa im Europaparlament, in: taz, 24.10.2024,<br \/>\n<a href=\"https:\/\/taz.de\/Immunitaet-von-linker-EU-Abgeordneter\/!6044883\/\" target=\"_blank\" rel=\"noopener\"> Online-Quelle<\/a><br \/>\n[7.4.2025].<\/p>\n<hr \/>\n<p><strong>358<\/strong> Orban-Besuch entfacht politischen Boxkampf im EU-Parlament, in: siwissinfo.ch, 9.10.2024,<br \/>\n<a href=\"https:\/\/www.swissinfo.ch\/ger\/orban-besuch-entfacht-politischen-boxkampf-im-eu-parlament\/87702983\" target=\"_blank\" rel=\"noopener\"> Online-Quelle<\/a><br \/>\n[7.4.2025].<\/p>\n<hr \/>\n<p><strong>359<\/strong> Lonta, Nicoletta: Ungarn fordert Aufhebung der EU-Immunit\u00e4t von italienischer Aktivistin, in: EUROAKTIV.com, 22.10.2024,<br \/>\n<a href=\"https:\/\/www.euractiv.de\/section\/innenpolitik\/news\/ungarn-fordert-aufhebung-der-eu-immunitaet-von-italienischer-aktivistin\/\" target=\"_blank\" rel=\"noopener\"> Online-Quelle<\/a><br \/>\n[7.4.2025].<\/p>\n<hr \/>\n<p><strong>360<\/strong> Morsa, Michaela: Ungarn fordert das EU-Parlament auf, Immunit\u00e4t von Aktivistin Ilaria Salis aufzuheben, in: euronews., 22.10.2024,<br \/>\n<a href=\"https:\/\/de.nachrichten.yahoo.com\/ungarn-fordert-eu-parlament-immunit%C3%A4t-173607467.html\" target=\"_blank\" rel=\"noopener\"> Online-Quelle<\/a><br \/>\n[7.4.2025].<\/p>\n<hr \/>\n<p><strong>361<\/strong> Ebenda.<\/p>\n<hr \/>\n<p><strong>362<\/strong> Ackermann, Rainer: Tobias E. rechtskr\u00e4ftig verurteilt, in: BUDAPESTER ZEITUNG, 29.5.2024,<br \/>\n<a href=\"https:\/\/www.budapester.hu\/inland\/tobias-e-rechtskraeftig-verurteilt\/\" target=\"_blank\" rel=\"noopener\"> Online-Quelle<\/a><br \/>\n[7.4.2025].<\/p>\n<hr \/>\n<p><strong>363<\/strong> Litschko, Konrad: Linken droht Auslieferung nach Ungarn. Der H\u00e4rtefall, in: taz, 20.3.2025,<br \/>\n<a href=\"https:\/\/taz.de\/Linken-droht-Auslieferung-nach-Ungarn\/!6073407\/\" target=\"_blank\" rel=\"noopener\"> Online-Quelle<\/a><br \/>\n[14.4.2025].<\/p>\n<hr \/>\n<p><strong>364<\/strong> MM: Von der Strafhaft in Ungarn in deutschen Knast: Bundesgerichtshof ordnet U-Haft f\u00fcr Tobias E. an, in: indymedia, 23.12.2024,<br \/>\n<a href=\"https:\/\/de.indymedia.org\/node\/478455\" target=\"_blank\" rel=\"noopener\"> Online-Quelle<\/a><br \/>\n[8.4.2025].<\/p>\n<hr \/>\n<p><strong>365<\/strong> Langner, Markus: Weinachten im deutschen Knast. Ungarn liefert Linksradikalen der Hammerbande aus, in: Bild \/ Regional \/ Leipzig, 23.12.2024,<br \/>\n<a href=\"https:\/\/www.bild.de\/regional\/leipzig\/linksextremismus-ungarn-liefert-mitglied-der-hammerbande-aus-67699fb551377971417882db\" target=\"_blank\" rel=\"noopener\"> Online-Quelle<\/a><br \/>\n[8.4.2025].<\/p>\n<hr \/>\n<p><strong>366<\/strong> Monroy, Matthias: Budapest-Komplex. Zur\u00fcck und wieder im Knast, in: nd, 26.12.2024,<br \/>\n<a href=\"https:\/\/www.nd-aktuell.de\/artikel\/1187787.budapest-komplex-zurueck-und-wieder-im-knast.html\" target=\"_blank\" rel=\"noopener\"> Online-Quelle<\/a><br \/>\n[9.4.2025].<\/p>\n<hr \/>\n<p><strong>367<\/strong> dpa: Attacken auf Rechtsextreme. Mutma\u00dfliches Mitglied der Gruppe um Lina E. aus Ungarn ausgeliefert, in: Leipziger Volkszeitung, 26.12.2024,<br \/>\n<a href=\"https:\/\/www.lvz.de\/lokales\/leipzig\/tobias-e-aus-ungarn-ausgeliefert-mutmassliches-mitglied-der-gruppe-um-lina-e-in-untersuchungshaft-4IIGC35X2BBAPPVXAQQ46FSD7M.html\" target=\"_blank\" rel=\"noopener\"> Online-Quelle<\/a><br \/>\n[8.4.2025].<\/p>\n<hr \/>\n<p><strong>368<\/strong> Attacke bei SS-Gedenkveranstaltung. Nach brutalem Angriff in Ungarn: Dresdner Generalstaatsanwalt nimmt Linksextremisten fest, in: LEIPZIGER VOLKSZEITUNG, 13.12.2023,<br \/>\n<a href=\"https:\/\/www.lvz.de\/mitteldeutschland\/nach-brutalem-angriff-in-ungarn-dresdner-generalstaatsanwalt-nimmt-linksextremisten-fest-AC3TW6YTOZHS7L5FBY2VGLDRPM.html\" target=\"_blank\" rel=\"noopener\"> Online-Quelle<\/a><br \/>\n[14.4.2025].<\/p>\n<hr \/>\n<p><strong>369<\/strong> Schilz, Bernhard: Berliner Linksextremist Tobias E. Schl\u00e4ger von \u201eHammerbande\u201c muss in Ungarn in Knast, in: Bild, Regional, Dresden, 29.1.2024,<br \/>\n<a href=\"https:\/\/www.bild.de\/regional\/dresden\/dresden-aktuell\/hammerbande-schlaeger-muss-drei-jahre-in-ungarn-knast-86955390.bild.html\" target=\"_blank\" rel=\"noopener\"> Online-Quelle<\/a><br \/>\n[25.3.2025].<\/p>\n<hr \/>\n<p><strong>370<\/strong> Ackermann, Rainer: Antifa-Terrorprozess. Zwei weitere Anklagen, in: BUDAPESTER ZEITUNG, 15.1.2025,<br \/>\n<a href=\"https:\/\/www.budapester.hu\/inland\/zwei-weitere-anklagen\/\" target=\"_blank\" rel=\"noopener\"> Online-Quelle<\/a><br \/>\n[12.4.2025].<\/p>\n<hr \/>\n<p><strong>371<\/strong> Monroy, Matthias: Antifa-Prozess beginnt in Budapest, Beh\u00f6rden wollen Deal, in: nd, 28.1.2024,<br \/>\n<a href=\"https:\/\/www.nd-aktuell.de\/artikel\/1179563.tag-der-ehre-antifa-prozess-beginnt-in-budapest-behoerden-wollen-deal.html\" target=\"_blank\" rel=\"noopener\"> Online-Quelle<\/a><br \/>\n[12.4.2025].<\/p>\n<hr \/>\n<p><strong>372<\/strong> Book, Carina: Kerker in Budapest, Antifa-Prozess: Wie deutsche Beh\u00f6rden von ungarischen Verh\u00e4ltnissen profitieren, in: analyse &amp; kritik, 20.2.2024,<br \/>\n<a href=\"https:\/\/www.akweb.de\/politik\/kerker-in-budapest-prozess-gegen-antifas-in-ungarn\/\" target=\"_blank\" rel=\"noopener\"> Online-Quelle<\/a><br \/>\n[12.4.2025].<\/p>\n<hr \/>\n<p><strong>373<\/strong> Litschko, Konrad: Fahndung gegen Linksau\u00dfen. Antifa auf der Flucht, in: taz, 27.1.2024,<br \/>\n<a href=\"https:\/\/taz.de\/Fahndung-gegen-Linksaussen\/!5985352\/\" target=\"_blank\" rel=\"noopener\"> Online-Quelle<\/a><br \/>\n[10.4.2025].<\/p>\n<hr \/>\n<p><strong>374<\/strong> Pauly, Torsten \/ Fischer, Thomas: Mitglied der \u201eHammerbande\u201c: Brutaler Linksextremist (23) bleibt in Haft, in: Bild \/ Regional \/ Leipzig, 22.3.2024,<br \/>\n<a href=\"https:\/\/www.bild.de\/regional\/leipzig\/leipzig-news\/mitglied-der-hammerbande-brutaler-linksextremist-in-haft-87618204.bild.html\" target=\"_blank\" rel=\"noopener\"> Online-Quelle<\/a><br \/>\n[5.12.2025].<\/p>\n<hr \/>\n<p><strong>375<\/strong> Litschko, Konrad: Nach Angriffen auf Rechte in Budapest. Haftbefehl verh\u00e4ngt, in: taz, 21.3.2024,<br \/>\n<a href=\"https:\/\/taz.de\/Nach-Angriffen-auf-Rechte-in-Budapest\/!5999602\/\" target=\"_blank\" rel=\"noopener\"> Online-Quelle<\/a><br \/>\n[20.4.2025].<\/p>\n<hr \/>\n<p><strong>376<\/strong> Il caso dell\u2019antifascista Rexhino \u00abGino\u00bb Abazaj, in: il Post, 19.2.2025,<br \/>\n<a href=\"https:\/\/www.ilpost.it\/2025\/02\/19\/antifascista-rexhino-abazaj-gino-ungheria-francia\/\" target=\"_blank\" rel=\"noopener\"> Online-Quelle<\/a><br \/>\n[11.4.2025].<\/p>\n<hr \/>\n<p><strong>377<\/strong> Malamatinas, John \/ Monroy, Matthias: Budapest-Komplex: \u201eBreiter Angriff auf linke Bewegungen\u201c. Der Antifaschist Rexhino \u201eGino\u201c Abazaj \u00fcber seine Verhaftung, rechte Politik und linke K\u00e4mpfe in Europa, in: nd, 8.4.2025, ,<br \/>\n<a href=\"https:\/\/www.nd-aktuell.de\/artikel\/1190414.repression-gegen-linke-budapest-komplex-breiter-angriff-auf-linke-bewegungen.html\" target=\"_blank\" rel=\"noopener\"> Online-Quelle<\/a><br \/>\n[10.4.2025].<\/p>\n<hr \/>\n<p><strong>378<\/strong> Ebenda.<\/p>\n<hr \/>\n<p><strong>379<\/strong> Ortona, Filippo: \u201eIch bin extrem besorgt, in Orb\u00e1ns H\u00e4nde zu geraten\u201c. Der italo-albanische Antifaschist \u201eGino\u201c wartet in Frankreich auf die Entscheidung zu seiner Auslieferung, in: nd, 10.2.2025,<br \/>\n<a href=\"https:\/\/www.nd-aktuell.de\/artikel\/1188919.budapest-komplex-ich-bin-extrem-besorgt-in-orbans-haende-zu-geraten.html\" target=\"_blank\" rel=\"noopener\"> Online-Quelle<\/a><br \/>\n[11.4.2025].<\/p>\n<hr \/>\n<p><strong>380<\/strong> Monroy, Matthias: Gino wird nicht an Ungarn ausgeliefert. Pariser Gericht bef\u00fcrchtet Verletzung Europ\u00e4ischer Menschenrechtskonvention, in: nd, 9.4.2025,<br \/>\n<a href=\"https:\/\/www.nd-aktuell.de\/artikel\/1190456.budapest-komplex-gino-wird-nicht-an-ungarn-ausgeliefert.html\" target=\"_blank\" rel=\"noopener\"> Online-Quelle<\/a><br \/>\n[11.4.2025].<\/p>\n<hr \/>\n<p><strong>381<\/strong> Bundesanwaltschaft ermittelt, Mutma\u00dfliche Linksextremistin in N\u00fcrnberg verhaftet, in: tagesschau, 7.5.2024,<br \/>\n<a href=\"https:\/\/www.tagesschau.de\/inland\/nuernberg-verhaftung-100.html\" target=\"_blank\" rel=\"noopener\"> Online-Quelle<\/a><br \/>\n[14.4.2025].<\/p>\n<hr \/>\n<p><strong>382<\/strong> Litschko, Konrad: Schreiben der Bundesanwaltschaft. Autonome werden nicht nach Ungarn ausgeliefert, in: taz, 11.2.2025,<br \/>\n<a href=\"https:\/\/taz.de\/Schreiben-der-Bundesanwaltschaft\/!6069053\/\" target=\"_blank\" rel=\"noopener\"> Online-Quelle<\/a><br \/>\n[14.4.2025].<\/p>\n<hr \/>\n<p><strong>383<\/strong> Baur, Dominik: Prozessauftakt im Budapest-Komplex\u200b. Hanna S. ist nicht allein\u200b, in: taz, 19.2.2025,<br \/>\n<a href=\"https:\/\/taz.de\/Prozessauftakt-im-Budapest-Komplex\/!6067173\/\" target=\"_blank\" rel=\"noopener\"> Online-Quelle<\/a><br \/>\n[15.4.2025].<\/p>\n<hr \/>\n<p><strong>384<\/strong> Grothmann, Oliver: Hammerbande vor Gericht in M\u00fcnchen: Schlug auch Hanna S. (30) zu?, in: Bild \/ Regional \/ M\u00fcnchen, 19.2.2025,<br \/>\n<a href=\"https:\/\/www.bild.de\/regional\/muenchen\/prozess-in-muenchen-hanna-s-von-hammerbande-steht-vor-gericht-67b6c69e1aeb2534badd1835\" target=\"_blank\" rel=\"noopener\"> Online-Quelle<\/a><br \/>\n[14.4.2025].<\/p>\n<hr \/>\n<p><strong>385<\/strong> Podolski, Tanja: Budapest-Komplex. Der Fall Hanna S. vor Gericht, in: Legal Tribune Online, 19.2.2025,<br \/>\n<a href=\"https:\/\/www.lto.de\/recht\/hintergruende\/h\/olg-muenchen-8st324-hanna-s-linksextremisten-budapest-prozessauftakt\" target=\"_blank\" rel=\"noopener\"> Online-Quelle<\/a><br \/>\n[13.4.2025].<\/p>\n<hr \/>\n<p><strong>386<\/strong> Goeckel, Karin \/ Nadler, Laura: Prozess gegen Hanna S.: Angeklagte erh\u00e4lt Bundeskunstpreis, in: BR24, 16.4.2025,<br \/>\n<a href=\"https:\/\/www.br.de\/nachrichten\/bayern\/prozess-gegen-hanna-s-angeklagte-erhaelt-bundeskunstpreis,UiX1dPc\" target=\"_blank\" rel=\"noopener\"> Online-Quelle<\/a><br \/>\n[21.5.2025].<\/p>\n<hr \/>\n<p><strong>387<\/strong> Bundesministerium f\u00fcr Forschung, Technologie und Raumfahrt: Bundespreis f\u00fcr Kunststudierende Hanna S. ruhend gestellt, in: Pressemitteilung\/2025, 17.4.2025,<br \/>\n<a href=\"https:\/\/www.bmbf.de\/SharedDocs\/Pressemitteilungen\/DE\/2025\/04\/170425-Bundespreis.html\" target=\"_blank\" rel=\"noopener\"> Online-Quelle<\/a><br \/>\n[21.5.2025].<\/p>\n<hr \/>\n<p><strong>388<\/strong> Leininger, Johannes \/ Ruppert, Jasper: Gef\u00e4ngnis f\u00fcr Hanna S.: Wie das Gericht das Urteil begr\u00fcndet, in: BR24, 26.9.2025,<br \/>\n<a href=\"https:\/\/www.br.de\/nachrichten\/bayern\/gefaengnis-fuer-hanna-s-wie-das-gericht-das-urteil-begruendet,Uxuw03W\" target=\"_blank\" rel=\"noopener\"> Online-Quelle<\/a><br \/>\n[29.9.2025].<\/p>\n<hr \/>\n<p><strong>389<\/strong> Mutma\u00dfliche Linksextremistin Hanna S. zu f\u00fcnf Jahren Haft verurteilt, in: Die Zeit, 26.9.2025,<br \/>\n<a href=\"https:\/\/www.zeit.de\/gesellschaft\/zeitgeschehen\/2025-09\/oberlandesgericht-muenchen-urteil-hanna-s-fuenf-jahre-haft\" target=\"_blank\" rel=\"noopener\"> Online-Quelle<\/a><br \/>\n[29.9.2025].<\/p>\n<hr \/>\n<p><strong>390<\/strong> Protest gegen Urteil im Fall Hanna S.: Demonstranten in der N\u00fcrnberger Innenstadt, in: NN.de, 27.9.2025,<br \/>\n<a href=\"https:\/\/www.nn.de\/nuernberg\/protest-gegen-urteil-im-fall-hanna-s-demonstranten-in-der-nurnberger-innenstadt-1.14849492\" target=\"_blank\" rel=\"noopener\"> Online-Quelle<\/a><br \/>\n[29.9.2025].<\/p>\n<hr \/>\n<p><strong>391<\/strong> Eisenberg, Johannes: Auslieferung von Maja T. nach Ungarn. Ein krankes System, in: taz, 2.7.2024,<br \/>\n<a href=\"https:\/\/taz.de\/Auslieferung-von-Maja-T-nach-Ungarn\/!6018070\/\" target=\"_blank\" rel=\"noopener\"> Online-Quelle<\/a><br \/>\n[12.4.2025].<\/p>\n<hr \/>\n<p><strong>392<\/strong> Meinfelder, Laura: \u201eHammerbanden\u201c-Schl\u00e4ger nach Ungarn ausgeliefert. Linke Protestler fordern R\u00fcckholung der non-bin\u00e4ren Person Maja, in: Bild \/ Regional \/ Dresden, 7.7.2024,<br \/>\n<a href=\"https:\/\/www.bild.de\/regional\/dresden\/neonazis-attackiert-hammerbanden-schlaeger-nach-ungarn-ausgeliefert-6688e22b1f070260cc2bd419\" target=\"_blank\" rel=\"noopener\"> Online-Quelle<\/a><br \/>\n[25.3.2025].<\/p>\n<hr \/>\n<p><strong>393<\/strong> Lopez, Edgar \/ Engert, Marcus: Auslieferung von Maja T.: Warum Sachsen entschieden hat, nicht auf das Bundesverfassungsgericht zu warten, in: mdr.de, 7.7.2024,<br \/>\n<a href=\"https:\/\/www.mdr.de\/nachrichten\/deutschland\/politik\/linksextremismus-maja-t-auslieferung-ungarn-sachsen-102.html\" target=\"_blank\" rel=\"noopener\"> Online-Quelle<\/a><br \/>\n[20.4.2025].<\/p>\n<hr \/>\n<p><strong>394<\/strong> Hunderte bei Demo f\u00fcr Maja T. in Leipzig \u2013 Polizei mit Gro\u00dfaufgebot im Einsatz, in: LEIPZIEGER VOLKSZEITUNG, 6.7,2024,<br \/>\n<a href=\"https:\/\/www.lvz.de\/lokales\/leipzig\/maja-t-demo-am-6-7-2024-in-leipzig-MOOYMVNRGJDQXE2Z3NYIRM5MAU.html\" target=\"_blank\" rel=\"noopener\"> Online-Quelle<\/a><br \/>\n[13.4.2025].<\/p>\n<hr \/>\n<p><strong>395<\/strong> Aufm\u00e4rsche. \u201eFree Maja\u201c \u2013 Hunderte linke Demonstranten ziehen durch deutsche Innenst\u00e4dte, in: Welt \/ Panorama, 6.7.2024,<br \/>\n<a href=\"https:\/\/www.welt.de\/vermischtes\/article252384622\/Aufmaersche-Free-Maja-Hunderte-linke-Demonstranten-ziehen-durch-deutsche-Innenstaedte.html\" target=\"_blank\" rel=\"noopener\"> Online-Quelle<\/a><br \/>\n[12.4.2025].<\/p>\n<hr \/>\n<p><strong>396<\/strong> Organisierte Autonomie N\u00fcrnberg: N\u00fcrnberg: Nachbericht der Aktionen rund um die Auslieferung von Maja und Fotos von der Demo, 8.7.2024,<br \/>\n<a href=\"https:\/\/www.organisierte-autonomie.org\/nuernberg-nachbericht-der-aktionen-rund-um-die-auslieferung-von-maja-und-fotos-von-der-demo\/\" target=\"_blank\" rel=\"noopener\"> Online-Quelle<\/a><br \/>\n[12.4.2025].<\/p>\n<hr \/>\n<p><strong>397<\/strong> K\u00fchn, Timm: Demo f\u00fcr Maja T. Briefe aus der Haft, in: taz, 29.9.2024,<br \/>\n<a href=\"https:\/\/taz.de\/Demo-fuer-Maja-T\/!6039411\/\" target=\"_blank\" rel=\"noopener\"> Online-Quelle<\/a><br \/>\n[13.4.2025].<\/p>\n<hr \/>\n<p><strong>398<\/strong> Z\u00f6llner, Niclas: \u201eFree Maja\u201c \u2013 400 Demonstranten forderten die R\u00fcckkehr von Maja nach Deutschland, in: Jena TV, 30.9.2024, \u2028http:\/\/www.jena-tv.de\/mediathek\/77479\/Free_Maja_400_Demonstranten_forderten_die_Rueckkehr_von_Maja_nach_Deutschland.html\u201c target=\u201c_blank\u201c rel=\u201cnoopener\u201c&gt; Online-Quelle<br \/>\n[15.4.2025].<\/p>\n<hr \/>\n<p><strong>399<\/strong> Darida, Muri: Linke besuchen Maja T., in: taz, 21. 8. 2025,<br \/>\n<a href=\"https:\/\/taz.de\/Inhaftierte-Antifa-Person\/!6028519\/\" target=\"_blank\" rel=\"noopener\"> Online-Quelle<\/a><br \/>\n[23.7.2025].<\/p>\n<hr \/>\n<\/div><\/section>\n<section  id=\"vierhundert\"  class='av_textblock_section av-mlfjyovw-9ebf2d9a44c9c7fbfafaab8b131a2c43 '   itemscope=\"itemscope\" itemtype=\"https:\/\/schema.org\/CreativeWork\" ><div class='avia_textblock'  itemprop=\"text\" ><h3><strong>400<\/strong><\/h3>\n<\/div><\/section>\n<section  class='av_textblock_section av-mlfk5be3-438dc242aec923bc396376eab57aa723 '   itemscope=\"itemscope\" itemtype=\"https:\/\/schema.org\/CreativeWork\" ><div class='avia_textblock'  itemprop=\"text\" ><hr \/>\n<p><strong>400<\/strong> Litschko, Konrad: Prozess gegen Maja T. Ausgeliefert in Ungarn, in: taz, 21.2.2025,<br \/>\n<a href=\"https:\/\/taz.de\/Prozess-gegen-Maja-T\/!6068242\/\" target=\"_blank\" rel=\"noopener\"> Online-Quelle<\/a><br \/>\n[15.4.2025].<\/p>\n<hr \/>\n<p><strong>401<\/strong> Vichtl, Wolfgang: Prozessbeginn gegen Maja T. \/ Ein deutsch-ungarisches Justizdrama, in: tagesschau, 21.2.2025,<br \/>\n<a href=\"https:\/\/www.tagesschau.de\/ausland\/europa\/prozess-maja-t-100.html\" target=\"_blank\" rel=\"noopener\"> Online-Quelle<\/a><br \/>\n[25.4.2025].<\/p>\n<hr \/>\n<p><strong>402<\/strong> Litschko, Konrad: Prozess gegen Maja T. Ausgeliefert in Ungarn, in: taz, 21.2.2025,<br \/>\n<a href=\"https:\/\/taz.de\/Prozess-gegen-Maja-T\/!6068242\/\" target=\"_blank\" rel=\"noopener\"> Online-Quelle<\/a><br \/>\n[15.4.2025].<\/p>\n<hr \/>\n<p><strong>403<\/strong> Litschko, Konrad: Der Fall Lina E. Razzien in Connewitz, in: taz, 22.6.20242<br \/>\n<a href=\"https:\/\/www.l-iz.de\/leben\/faelle-unfaelle\/2022\/06\/zusammenhang-zum-prozess-gegen-lina-e-razzia-in-leipzig-connewitz-455618\" target=\"_blank\" rel=\"noopener\"> Online-Quelle<\/a><br \/>\n[22.5.2025].<\/p>\n<hr \/>\n<p><strong>404<\/strong> Hausdurchsuchung in Leipzig. Razzia im Fall Lina E., in: S\u00fcddeutsche Zeitung, 15.6.2022,<br \/>\n<a href=\"https:\/\/www.sueddeutsche.de\/politik\/lina-e-razzia-leipzig-connewitz-1.5603427\" target=\"_blank\" rel=\"noopener\"> Online-Quelle<\/a><br \/>\n[22.5.2025].<\/p>\n<hr \/>\n<p><strong>405<\/strong> Haussuchungen im Antifa-Ost Verfahren \u2013 Johannes Domh\u00f6ver ist Kronzeuge, in: Soli-Antifa-Ost, 15.6.2022,<br \/>\n<a href=\"https:\/\/www.soli-antifa-ost.org\/le-b-hausdurchsuchungen-im-antifa-ost-verfahren-johannes-domhoever-ist-kronzeuge\/\" target=\"_blank\" rel=\"noopener\"> Online-Quelle<\/a><br \/>\n[22.5.2025].<\/p>\n<hr \/>\n<p><strong>406<\/strong> Feldmann, Julian \/ Pittelkow, Sebastian \/ Flade, Florian: Gruppe um Lina E. Gesuchter Linksextremist gefasst, in: tagesschau, 22.10.2024,<br \/>\n<a href=\"https:\/\/www.tagesschau.de\/investigativ\/linksextremismus-linae-100.html?utm_source=pocket-newtab-de-de\" target=\"_blank\" rel=\"noopener\"> Online-Quelle<\/a><br \/>\n[16.4.2025].<\/p>\n<hr \/>\n<p><strong>407<\/strong> Keim, Karl \/ Lier, Axel: Linksextremist versteckte sich in Berlin. Kampftrainer der Hammerbande verhaftet, in: Bild \/ Regional \/ Berlin, 25.9.2023,<br \/>\n<a href=\"https:\/\/www.bild.de\/regional\/berlin\/linksextremismus-kampftrainer-der-hammerbande-in-berlin-verhaftet-67179fd9a0e636753eda7659\" target=\"_blank\" rel=\"noopener\"> Online-Quelle<\/a><br \/>\n[16.4.2025].<\/p>\n<hr \/>\n<p><strong>408<\/strong> Nowak, Peter: Solidemo f\u00fcr Antifaschisten. W\u00e4rme f\u00fcr den Eisb\u00e4r, in: taz, 3.11.2024,<br \/>\n<a href=\"https:\/\/taz.de\/Solidemo-fuer-Antifaschisten\/!6043880\/\" target=\"_blank\" rel=\"noopener\"> Online-Quelle<\/a><br \/>\n[17.4.2025].<\/p>\n<hr \/>\n<p><strong>409<\/strong> Lopez, Edgar \/ Wierzioch, Bastian: Linksextremismus \u201eFlexibles Geflecht\u201c bis Budapest?, in: tagesschau, 27.3.2023,<br \/>\n<a href=\"https:\/\/www.tagesschau.de\/investigativ\/mdr\/linksextremismus-lina-e-101.html\" target=\"_blank\" rel=\"noopener\"> Online-Quelle<\/a><br \/>\n[16.4.2025].<\/p>\n<hr \/>\n<p><strong>410<\/strong> Polizei jagt Chef der Hammerbande: 10 000 Euro Kopfgeld f\u00fcr Deutschlands gef\u00e4hrlichsten Linksextremisten, in: Bild \/ Regional \/ Leipzig, 25.9.2023,<br \/>\n<a href=\"https:\/\/www.bild.de\/regional\/leipzig\/leipzig-news\/lina-e-10000-euro-kopfgeld-fuer-diesen-linksextremisten-ausgesetzt-85525406.bild.html\" target=\"_blank\" rel=\"noopener\"> Online-Quelle<\/a><br \/>\n[16.4.2025].<\/p>\n<hr \/>\n<p><strong>411<\/strong> Keim, Karl \/ Fischer, Thomas: Johann Guntermann (31): Polizei fasst Kopf von \u201eHammerbande\u201c, in: Bild, 8.11.2024,<br \/>\n<a href=\"https:\/\/www.bild.de\/news\/johann-guntermann-31-polizei-fasst-kopf-von-hammerbande-672debff64cfaf6093caefd0\" target=\"_blank\" rel=\"noopener\"> Online-Quelle<\/a><br \/>\n[16.4.2025].<\/p>\n<hr \/>\n<p><strong>412<\/strong> Litschko, Konrad: Schreiben der Bundesanwaltschaft. Autonome werden nicht nach Ungarn ausgeliefert, in: taz, 11.2.2025,<br \/>\n<a href=\"https:\/\/taz.de\/Schreiben-der-Bundesanwaltschaft\/!6069053\/\" target=\"_blank\" rel=\"noopener\"> Online-Quelle<\/a><br \/>\n[19.3.2025].<\/p>\n<hr \/>\n<p><strong>413<\/strong> Book, Carina: \u201eWir k\u00f6nnen nur hoffen, dass es ihr gut geht\u201c, in: ak, 21.9.2024,<br \/>\n<a href=\"https:\/\/www.akweb.de\/bewegung\/budapest-verfahren-ueberwachung-auslieferung-ein-gespraech-mit-den-eltern-von-sarah\/\" target=\"_blank\" rel=\"noopener\"> Online-Quelle<\/a><br \/>\n[20.4.2025].<\/p>\n<hr \/>\n<p><strong>414<\/strong> Nach Angriff in Budapest. Mutma\u00dfliche Linksextremisten wollen sich stellen, in: Tagessschau, 21.2.2024,<br \/>\n<a href=\"https:\/\/www.tagesschau.de\/investigativ\/mdr\/linksextremismus-haftbedingungen-100.html\" target=\"_blank\" rel=\"noopener\"> Online-Quelle<\/a><br \/>\n[20.4.2025].<\/p>\n<hr \/>\n<p><strong>415<\/strong> Heidelberger, Sebastian \/ Hennig, Philipp \/ Stepputat, Hannes \/ Flade, Florian: Nach Gewalttaten in Ungarn. Untergetauchte Linksradikale stellen sich, in: Tagesschau, 20. 1. 2025,<br \/>\n<a href=\"https:\/\/www.tagesschau.de\/investigativ\/ndr-wdr\/linksextremismus-112.html?utm_source=firefox-newtab-de-de\" target=\"_blank\" rel=\"noopener\"> Online-Quelle<\/a><br \/>\n[19.4.2025].<\/p>\n<hr \/>\n<p><strong>416<\/strong> Litschko, Konrad: Nach Attacken auf Rechtsextreme. Sieben gesuchte Linke stellen sich, in: taz, 20.1.2025,<br \/>\n<a href=\"https:\/\/taz.de\/Nach-Attacken-auf-Rechtsextreme\/!6063116\/\" target=\"_blank\" rel=\"noopener\"> Online-Quelle<\/a><br \/>\n[16.4.2025].<\/p>\n<hr \/>\n<p><strong>417<\/strong> Nach Angriff auf Neonazis in Ungarn: Linksradikale Hammerbande stellt sich!, in: Bild, 21.1.2025,<br \/>\n<a href=\"https:\/\/www.bild.de\/news\/inland\/linksextremismus-7-mitglieder-der-hammerbande-stellen-sich-678e331871e8ff50ef9b75ea\" target=\"_blank\" rel=\"noopener\"> Online-Quelle<\/a><br \/>\n[18.4.2025].<\/p>\n<hr \/>\n<p><strong>418<\/strong> Podolski, Tanja: Haft nach \u00dcberfall auf Rechtsextremisten in Ungarn. Auf Bewusst\u00adlosen weiter ein\u00adge\u00adschlagen, in: Legal Tribune Online, 28.1.2025,<br \/>\n<a href=\"https:\/\/www.lto.de\/recht\/nachrichten\/n\/gba-linksextrem-haftrichter-budapest-tag-der-ehre-ungarn-maja-t-lina-e\" target=\"_blank\" rel=\"noopener\"> Online-Quelle<\/a><br \/>\n[21.4.2025].<\/p>\n<hr \/>\n<p><strong>419<\/strong> Meinfelder, Laura: Nach Inhaftierung der \u201eHammerbande\u201c: Linksextremer Mob attackiert Polizei mit Steinen, in: Bild \/ Regional \/ Leipzig, 25.1.2025,<br \/>\n<a href=\"https:\/\/www.bild.de\/regional\/leipzig\/leipzig-chaoten-attackieren-polizei-nach-hammerbande-inhaftierung-6794bcaa65f509233e1b31c7\" target=\"_blank\" rel=\"noopener\"> Online-Quelle<\/a><br \/>\n[18.4.2025].<\/p>\n<hr \/>\n<p><strong>420<\/strong> Podolski, Tanja: Siebte Person im Budapest-Komplex ist Syrer. F\u00fcnf euro\u00adp\u00e4i\u00adsche Haft\u00adbe\u00adfehle aus Ungarn, in: Legal Tribune Online, 28.1.2025,<br \/>\n<a href=\"https:\/\/www.lto.de\/recht\/hintergruende\/h\/budapest-ungarn-haftbefehle-linksextremismus-auslieferung-fluechtling\" target=\"_blank\" rel=\"noopener\"> Online-Quelle<\/a><br \/>\n[19.3.2025].<\/p>\n<hr \/>\n<p><strong>421<\/strong> Litschko, Konrad: Schreiben der Bundesanwaltschaft. Autonome werden nicht nach Ungarn ausgeliefert, in: taz, 11.2.2025,<br \/>\n<a href=\"https:\/\/taz.de\/Schreiben-der-Bundesanwaltschaft\/!6069053\/\" target=\"_blank\" rel=\"noopener\"> Online-Quelle<\/a><br \/>\n[19.3.2025].<\/p>\n<hr \/>\n<p><strong>422<\/strong> Podolski, Tanja: BVerfG zu Maja T. und dem Budapest-Komplex. Aus\u00adlie\u00adfe\u00adrung nach Ungarn war rechts\u00adwidrig, in: Legal Tribune Online, 6.1.2025,<br \/>\n<a href=\"https:\/\/www.lto.de\/recht\/nachrichten\/n\/bverfg-2bvr110324-maja-t-auslieferung-ungarn-rechtswidrig\" target=\"_blank\" rel=\"noopener\"> Online-Quelle<\/a><br \/>\n[19.3.2025].<\/p>\n<hr \/>\n<p><strong>423<\/strong> Rath, Christian: Beschluss des Bundesverfassungsgerichts. Sp\u00e4ter Erfolg f\u00fcr Maja T., in: taz, 21.2.2025,<br \/>\n<a href=\"https:\/\/taz.de\/Beschluss-des-Bundesverfassungsgerichts\/!6063902\/\" target=\"_blank\" rel=\"noopener\"> Online-Quelle<\/a><br \/>\n[6.2.2025].<\/p>\n<hr \/>\n<p><strong>424<\/strong> Litschko, Konrad: Linken droht Auslieferung nach Ungarn. Der H\u00e4rtefall, in: taz, 20.3.2025,<br \/>\n<a href=\"https:\/\/taz.de\/Linken-droht-Auslieferung-nach-Ungarn\/!6073407\/\" target=\"_blank\" rel=\"noopener\"> Online-Quelle<\/a><br \/>\n[19.3.2025].<\/p>\n<hr \/>\n<p><strong>425<\/strong> Podolski, Tanja: Siebte Person im Budapest-Komplex ist Syrer. F\u00fcnf euro\u00adp\u00e4i\u00adsche Haft\u00adbe\u00adfehle aus Ungarn, in: Legal Tribune Online, 28.1.2025,<br \/>\n<a href=\"https:\/\/www.lto.de\/recht\/hintergruende\/h\/budapest-ungarn-haftbefehle-linksextremismus-auslieferung-fluechtling\" target=\"_blank\" rel=\"noopener\"> Online-Quelle<\/a><br \/>\n[19.3.2025].<\/p>\n<hr \/>\n<p><strong>426<\/strong> \u201eFree Maja\u201c \u2013 Vermummte Antifa-Gruppe randaliert in Bremen, in: Pravda Deutschland, 7.3.2025,<br \/>\n<a href=\"https:\/\/germany.news-pravda.com\/world\/2025\/03\/07\/42812.html\" target=\"_blank\" rel=\"noopener\"> Online-Quelle<\/a><br \/>\n[16.4.2025].<\/p>\n<hr \/>\n<p><strong>427<\/strong> Free Paula! Free all Antifas!, in: Autonomes Zentrum Wuppertal,<br \/>\n<a href=\"https:\/\/az-wuppertal.de\/2025\/02\/06\/free-paula-free-all-antifas-solikundgebung-am-7-2-vor-dem-jugendknast-in-wuppertal-ronsdorf\/\" target=\"_blank\" rel=\"noopener\"> Online-Quelle<\/a><br \/>\n[21.4.2025].<\/p>\n<hr \/>\n<p><strong>428<\/strong> Flade, Florian \/ Pittelkow, Sebastian: Untergetauchte Linksextremistin stellt sich, in: Tagesschau, 20. 3. 2025,<br \/>\n<a href=\"https:\/\/www.tagesschau.de\/investigativ\/ndr-wdr\/linksextremistin-justiz-thueringen-100.html\" target=\"_blank\" rel=\"noopener\"> Online-Quelle<\/a><br \/>\n[18.4.2025].<\/p>\n<hr \/>\n<p><strong>429<\/strong> Litschko, Konrad: Beschuldigter Linker Zaid A. wird haftverschont, in: taz, 3. 5. 2025,<br \/>\n<a href=\"https:\/\/taz.de\/Angriffe-auf-Neonazis-in-Budapest\/!6085567\/\" target=\"_blank\" rel=\"noopener\"> Online-Quelle<\/a><br \/>\n[21.5.2025].<\/p>\n<hr \/>\n<p><strong>430<\/strong> Litschko, Konrad: N\u00fcrnberger Antifaschist fl\u00fcchtet nach Frankreich, in: taz, 1. 10. 2025,<br \/>\n<a href=\"https:\/\/taz.de\/Wegen-drohender-Auslieferung-nach-Ungarn\/!6117374\/\" target=\"_blank\" rel=\"noopener\"> Online-Quelle<\/a><br \/>\n[5.10.2025].<\/p>\n<hr \/>\n<p><strong>431<\/strong> Flade, Florian \/ Pittelkow, Sebatian: Das Ende der \u201eHammerbande\u201c?, in: tagesschau, 11. 6. 2025,<br \/>\n<a href=\"https:\/\/www.tagesschau.de\/investigativ\/ndr-wdr\/lina-e-linksextremismus-anklagen-100.html\" target=\"_blank\" rel=\"noopener\"> Online-Quelle<\/a><br \/>\n[26.7.2025].<\/p>\n<hr \/>\n<p><strong>432<\/strong> Datt, Thomas \/ Lopez, Edgar: Prozess gegen Linksextremisten bereits im November?, in: tagesschau, 26. 9. 2025,<br \/>\n<a href=\"https:\/\/www.tagesschau.de\/investigativ\/mdr\/linksextremismus-116.html\" target=\"_blank\" rel=\"noopener\"> Online-Quelle<\/a><br \/>\n[5.10.2025].<\/p>\n<hr \/>\n<p><strong>433<\/strong> H\u00f6ke, Martin: D\u00fcsseldorf: Prozess gegen Mitglieder der linksextremistischen \u201eHammerbande\u201c, in: WDR, 13.1.2026,<br \/>\n<a href=\"https:\/\/www1.wdr.de\/nachrichten\/rheinland\/prozess-hammerbande-duesseldorf-100.html\" target=\"_blank\" rel=\"noopener\"> Online-Quelle<\/a><br \/>\n[15.1.2026].<\/p>\n<hr \/>\n<p><strong>434<\/strong> F\u00fcrstenau, Marcel: Maja T.: Hungerstreik, Haftkrankenhaus \u2013 und dann?, in: Deutsche Welle, 30. 6. 2025,<br \/>\n<a href=\"https:\/\/www.dw.com\/de\/maja-t-hungerstreik-haftkrankenhaus-und-dann\/a-71689834\" target=\"_blank\" rel=\"noopener\"> Online-Quelle<\/a><br \/>\n[24.7.2025].<\/p>\n<hr \/>\n<p><strong>435<\/strong> Kary, Nicolai: Antifa-Demo in Jena. \u201eLiebe und Kraft in Untergrund und Haft\u201c, in: taz, 15. 6. 2025,<br \/>\n<a href=\"https:\/\/taz.de\/Antifa-Demo-in-Jena\/!6094030\/\" target=\"_blank\" rel=\"noopener\"> Online-Quelle<\/a><br \/>\n[23.7.2025].<\/p>\n<hr \/>\n<p><strong>436<\/strong> Freiheit f\u00fcr Maja: Bundesweite Aktionstage vorbei, der Kampf geht weiter, in: perspektive Online 23. 6. 2025,<br \/>\n<a href=\"https:\/\/perspektive-online.net\/2025\/06\/freiheit-fuer-maja-bundesweite-aktionstage-vorbei-der-kampf-geht-weiter\/\" target=\"_blank\" rel=\"noopener\"> Online-Quelle<\/a><br \/>\n[23.7.2025].<\/p>\n<hr \/>\n<p><strong>437<\/strong> Kary, Nicolai: Vater von Maja T. Zu Fu\u00df bis ins Ausw\u00e4rtige Amt, in: taz, 7. 7. 2025,<br \/>\n<a href=\"https:\/\/taz.de\/Vater-von-Maja-T-\/!6095919\/\" target=\"_blank\" rel=\"noopener\"> Online-Quelle<\/a><br \/>\n[24.7.2025].<\/p>\n<hr \/>\n<p><strong>438<\/strong> Wadephul will bessere Haftbedingungen f\u00fcr Maja T., in: Tagesschau, 12. 7. 2025,<br \/>\n<a href=\"https:\/\/www.tagesschau.de\/ausland\/europa\/maja-t-haftbedingungen-ungarn-aussenamt-100.html\" target=\"_blank\" rel=\"noopener\"> Online-Quelle<\/a><br \/>\n[24.7.2025].<\/p>\n<hr \/>\n<p><strong>439<\/strong> Maja T. beendet Hungerstreik, in: Tagesschau, 14. 7. 2025,<br \/>\n<a href=\"https:\/\/www.tagesschau.de\/investigativ\/mdr\/maja-t-haft-ungarn-hungerstreik-100.html\" target=\"_blank\" rel=\"noopener\"> Online-Quelle<\/a><br \/>\n[24.7.2025].<\/p>\n<hr \/>\n<p><strong>440<\/strong> Kiel: Besetztes Ger\u00fcst am Landtag ger\u00e4umt \u2013 Aktivisten festgenommen, in: NDR, 15. 7. 2025,<br \/>\n<a href=\"https:\/\/www.ndr.de\/nachrichten\/schleswig-holstein\/kiel-besetztes-geruest-am-landtag-geraeumt-aktivisten-festgenommen,regionkielnews-270.html\" target=\"_blank\" rel=\"noopener\"> Online-Quelle<\/a><br \/>\n[24.7.2025].<\/p>\n<hr \/>\n<p><strong>441<\/strong> Klute, Amira: Solidarit\u00e4t mit Maja T. Antifa besucht Hamburgs CDU, in: taz, 16. 7. 2025,<br \/>\n<a href=\"https:\/\/taz.de\/Solidaritaet-mit-Maja-T\/!6098230\/\" target=\"_blank\" rel=\"noopener\"> Online-Quelle<\/a><br \/>\n[24.7.2025].<\/p>\n<hr \/>\n<p><strong>442<\/strong> R\u00f6hricht, Simon: Mit Aufschrift \u201eFree Maja\u201c. Aktivisten h\u00e4ngen Banner an \u201eMolecule Man\u201c in Berliner Spree, in: Tagesspiegel, 15. 7. 2025,<br \/>\n<a href=\"https:\/\/www.tagesspiegel.de\/berlin\/mit-aufschrift-free-maja-aktivisten-hangen-banner-an-molecule-man-in-berliner-spree--blockade-an-zdf-studio-14027816.html\" target=\"_blank\" rel=\"noopener\"> Online-Quelle<\/a><br \/>\n[24.7.2025].<\/p>\n<hr \/>\n<p><strong>443<\/strong> Litschko, Konrad: Vater von Maja T. beginnt Hunger-Protestmarsch nach Budapest, in: taz, 16. 7. 2025,<br \/>\n<a href=\"https:\/\/taz.de\/In-Ungarn-inhaftierte-Aktivistin\/!6101014\/\" target=\"_blank\" rel=\"noopener\"> Online-Quelle<\/a><br \/>\n[24.7.2025].<\/p>\n<hr \/>\n<p><strong>444<\/strong> Monroy. Matthias: Besuch aus Deutschland f\u00fcr Maja T., in: nd, 23. 7. 2025,<br \/>\n<a href=\"https:\/\/www.nd-aktuell.de\/artikel\/1192781.abgeordnete-aus-dem-bundestag-besuch-aus-deutschland-fuer-maja-t.html\" target=\"_blank\" rel=\"noopener\"> Online-Quelle<\/a><br \/>\n[24.7.2025].<\/p>\n<hr \/>\n<p><strong>445<\/strong> Geiler, Julius: \u201eBitte kommt nicht mehr\u201c Neonazi-Aktion in Kreuzberg geht nach hinten los , in: Tagesspiegel 16.1.2025,<br \/>\n<a href=\"https:\/\/www.tagesspiegel.de\/berlin\/bitte-kommt-nicht-mehr-neonazi-aktion-in-kreuzberg-geht-nach-hinten-los-15142829.html\" target=\"_blank\" rel=\"noopener\"> Online-Quelle<\/a><br \/>\n[29.1.2026].<\/p>\n<hr \/>\n<p><strong>446<\/strong> So lief Chrupallas Moskau-Mission, in: s\u00e4chsische.de, 24.6.2021,<br \/>\n<a href=\"https:\/\/www.saechsische.de\/politik\/parteien\/afd\/afd-chrupalla-moskau-russland-putin-5470683.html\" target=\"_blank\" rel=\"noopener\"> Online-Quelle<\/a><br \/>\n[30.7.2022].<\/p>\n<hr \/>\n<p><strong>447<\/strong> Nawalny wurde von einer Haftanstalt in die andere verlegt, bis er im Dezember 2023 ins Straflager \u201ePolarwolf\u201c kam, mehr als 2.000 Kilometer von Moskau entfernt. Weitgehend isoliert setzten sich Schikanen und Folter fort, bis die Gef\u00e4ngnisverwaltung am 16. Februar 2024 den Tod des Oppositionellen meldete. Biologische Proben vom Leichnam konnten aus Russland geschmuggelt werden. Die Witwe Julia Nawalnaja erkl\u00e4rte am 17. September 2025, ihr Mann sei laut zwei unabh\u00e4ngigen ausl\u00e4ndischen Laborberichten vergiftet worden.<\/p>\n<p><strong>448<\/strong> Zit.in: Joswig, Gareth: Die AfD und der Krieg in der Ukraine. Wie h\u00e4ltst du\u2019s mit Russland, in: taz, 29.3.2022,<br \/>\n<a href=\"https:\/\/taz.de\/Die-AfD-und-der-Krieg-in-der-Ukraine\/!5844230\/\" target=\"_blank\" rel=\"noopener\"> Online-Quelle<\/a><br \/>\n[30.7.2022].<\/p>\n<hr \/>\n<p><strong>449<\/strong> Ebenda.<\/p>\n<hr \/>\n<p><strong>450<\/strong> Ebenda.<\/p>\n<hr \/>\n<p><strong>451<\/strong> Belastende Zeugenaussage. AfD-Abgeordneter Stefan Keuter: \u201eHeil Hitler\u201c im Bundestag?, in: stern, 29.5.2019,<br \/>\n<a href=\"https:\/\/www.stern.de\/politik\/deutschland\/afd-abgeordneter-stefan-keuter---heil-hitler--im-bundestag--8732198.html\" target=\"_blank\" rel=\"noopener\"> Online-Quelle<\/a><br \/>\n[19.7.2022].<\/p>\n<hr \/>\n<p><strong>452<\/strong> Becker, Andrea: Umstrittene Verbindungen. AfD-Abgeordneter spricht auf russischer Konferenz, in: tagesschau, 6.5.2022,<br \/>\n<a href=\"https:\/\/www.tagesschau.de\/investigativ\/kontraste\/afd-russland-117.html\" target=\"_blank\" rel=\"noopener\"> Online-Quelle<\/a><br \/>\n[20.7.2022].<\/p>\n<hr \/>\n<p><strong>453<\/strong> Schmidt, Martin: Ukraine-Krieg. Wie h\u00e4lt es die AfD mit Russland, in: tagesschau, 1.4.2022,<br \/>\n<a href=\"https:\/\/www.tagesschau.de\/inland\/innenpolitik\/afd-russland-115.html\" target=\"_blank\" rel=\"noopener\"> Online-Quelle<\/a><br \/>\n[20.7.2022].<\/p>\n<hr \/>\n<p><strong>454<\/strong> Becker, Andrea \/ Heil, Georg: Keine Demokratie in Deutschland. Putins Propagandist im Bundestag, in: tagesschau, 10.3.2022,<br \/>\n<a href=\"https:\/\/www.tagesschau.de\/investigativ\/kontraste\/afd-ukraine-russland-101.html\" target=\"_blank\" rel=\"noopener\"> Online-Quelle<\/a><br \/>\n[19.7.2022].<\/p>\n<hr \/>\n<p><strong>455<\/strong> Wahljahr 2022. Die Wahlen im \u00dcberblick, in: statista,<br \/>\n<a href=\"https:\/\/de.statista.com\/themen\/7967\/superwahljahr-2021\/#topicHeader__wrapper\" target=\"_blank\" rel=\"noopener\"> Online-Quelle<\/a><br \/>\n[20.7.2022].<\/p>\n<hr \/>\n<p><strong>456<\/strong> Ebenda.<\/p>\n<hr \/>\n<p><strong>457<\/strong> Landtagswahlen in Nordrhein-Westfalen. 15. Mai 2022, in: Landeszentrale f\u00fcr politische Bildung Baden-W\u00fcrttemberg,<br \/>\n<a href=\"https:\/\/www.lpb-bw.de\/landtagswahl-nrw-2022\" target=\"_blank\" rel=\"noopener\"> Online-Quelle<\/a><br \/>\n[20.7.2022].<\/p>\n<hr \/>\n<p><strong>458<\/strong> Bericht: AfD verlor binnen eines Jahres rund 2500 Mitglieder, in: Berliner Zeitung, 20.7.2022,<br \/>\n<a href=\"https:\/\/www.berliner-zeitung.de\/news\/bericht-afd-verlor-binnen-eines-jahres-rund-2500-mitglieder-li.248519\" target=\"_blank\" rel=\"noopener\"> Online-Quelle<\/a><br \/>\n[22.7.2022].<\/p>\n<hr \/>\n<p><strong>459<\/strong> Bundesparteitag. Friedlicher Protest gegen AfD in Riesa: Rund 300 Teilnehmer, in: ZEIT ONLINE, 18.6.2022,<br \/>\n<a href=\"https:\/\/www.zeit.de\/news\/2022-06\/18\/friedlicher-protest-gegen-afd-in-riesa-rund-300-teilnehmer\" target=\"_blank\" rel=\"noopener\"> Online-Quelle<\/a><br \/>\n[20.7.2022].<\/p>\n<hr \/>\n<p><strong>460<\/strong> M\u00fcller, Ann-Katrin \/ Weiland, Severin: AfD-Bundesparteitag. Chrupalla und Weigel f\u00fchren nach rechts, in: spiegel, 19.6.2022,<br \/>\n<a href=\"https:\/\/www.spiegel.de\/politik\/deutschland\/bundesparteitag-der-afd-in-riesa-chrupalla-und-weidel-fuehren-nach-rechts-a-b9395722-4faf-44bf-a7a6-087befe6b7bb\" target=\"_blank\" rel=\"noopener\"> Online-Quelle<\/a><br \/>\n[19.7.2022].<\/p>\n<hr \/>\n<p><strong>461<\/strong> Debatte \u00fcber Europapolitik. AfD bricht Parteitag nach Streit ab, in: tagesschau, 19.6.2022,<br \/>\n<a href=\"https:\/\/www.tagesschau.de\/inland\/afd-parteitag-285.html\" target=\"_blank\" rel=\"noopener\"> Online-Quelle<\/a><br \/>\n[31.7.2022].<\/p>\n<hr \/>\n<p><strong>462<\/strong> Eklat zwischen H\u00f6cke und Chrupalla. AfD bricht Parteitag fr\u00fchzeitig ab, in: K\u00f6lnische Rundschau, 19.6.2022,<br \/>\n<a href=\"https:\/\/www.rundschau-online.de\/news\/politik\/eklat-zwischen-hoecke-und-chrupalla-afd-bricht-parteitag-fruehzeitig-ab-39764188?cb=1658336912410&amp;\" target=\"_blank\" rel=\"noopener\"> Online-Quelle<\/a><br \/>\n[20.7.2022].<\/p>\n<hr \/>\n<p><strong>463<\/strong> Maier, Anja: Herr Dehm schreibt ein Gedicht, in taz, 17.6.2014,<br \/>\n<a href=\"https:\/\/taz.de\/Streit-bei-der-Linkspartei\/!5039895\/\" target=\"_blank\" rel=\"noopener\"> Online-Quelle<\/a><br \/>\n[3.8.2023].<\/p>\n<hr \/>\n<p><strong>464<\/strong> Leifert, Stefan: Demos bei Sicherheitskonferenz. Protest in M\u00fcnchen: Bund, skurril, friedlich, in: zdfheute, 18.2.2023,<br \/>\n<a href=\"https:\/\/www.zdf.de\/nachrichten\/politik\/sicherheitskonferenz-muenchen-demonstrationen-100.html\" target=\"_blank\" rel=\"noopener\"> Online-Quelle<\/a><br \/>\n[3.8.2023].<\/p>\n<hr \/>\n<p><strong>465<\/strong> Sicherheitskonferenz. Mehr als 10.000 Menschen demonstrieren in M\u00fcnchen gegen den Krieg, in: Spiegel\/Politik, 18.2.2023,<br \/>\n<a href=\"https:\/\/www.spiegel.de\/politik\/muenchen-sicherheitskonferenz-mehr-als-10-000-menschen-demonstrieren-gegen-den-krieg-a-30f4f716-53c1-4663-b10d-53bf775bf473\" target=\"_blank\" rel=\"noopener\"> Online-Quelle<\/a><br \/>\n[4.8.2023].<\/p>\n<hr \/>\n<p><strong>466<\/strong> \u201eManifest f\u00fcr den Frieden\u201c in der Ukraine. AfD Chef schlie\u00dft sich der Petition von Wagenknecht und Schwarzer an, in: Tagesspiegel, 10.2.2023,<br \/>\n<a href=\"https:\/\/www.tagesspiegel.de\/politik\/manifest-fur-frieden-irritiert-wagenknecht-und-schwarzer-fordern-ein-ende-der-waffenlieferungen-9329168.html\" target=\"_blank\" rel=\"noopener\"> Online-Quelle<\/a><br \/>\n[3.8.2023].<\/p>\n<hr \/>\n<p><strong>467<\/strong> Bj\u00f6rn H\u00f6cke l\u00e4dt Sahra Wagenknecht in die AfD ein, in: Spiegel\/Politik, 25.2.2023<br \/>\n<a href=\"https:\/\/www.spiegel.de\/politik\/bjoern-hoecke-laedt-sahra-wagenknecht-in-die-afd-ein-a-824cfbca-b228-438b-b3f7-bdf8bce98695\" target=\"_blank\" rel=\"noopener\"> Online-Quelle<\/a><br \/>\n[4.8.2023].<\/p>\n<hr \/>\n<p><strong>468<\/strong> Sahra Wagenknecht zur Ukraine: Diplomatie statt Waffen, in: actvism munich, Transkirpt, M\u00e4rz 2023,<br \/>\n<a href=\"https:\/\/www.actvism.org\/wp-content\/uploads\/2023\/03\/Sahra-Wagenknecht-zur-Ukraine_-Diplomatie-statt-Waffen.pdf\" target=\"_blank\" rel=\"noopener\"> Online-Quelle<\/a><br \/>\n[4.8.2023].<\/p>\n<hr \/>\n<p><strong>469<\/strong> Friedensdemonstration in Berlin. \u00dcber zehntausend Menschen demonstrieren f\u00fcr Verhandlungen mit Russland, in: ZEIT ONLINE, 25.2.2023,<br \/>\n<a href=\"https:\/\/www.zeit.de\/politik\/deutschland\/2023-02\/friedensdemonstration-berlin-ukraine-krieg-friedensverhandlung-russland\" target=\"_blank\" rel=\"noopener\"> Online-Quelle<\/a><br \/>\n[4.8.2023].<\/p>\n<hr \/>\n<p><strong>470<\/strong> Sahra Wagenknecht zur Ukraine: Diplomatie statt Waffen, in: actvism munich, Transkirpt, M\u00e4rz 2023,<br \/>\n<a href=\"https:\/\/www.actvism.org\/wp-content\/uploads\/2023\/03\/Sahra-Wagenknecht-zur-Ukraine_-Diplomatie-statt-Waffen.pdf\" target=\"_blank\" rel=\"noopener\"> Online-Quelle<\/a><br \/>\n[4.8.2023].<\/p>\n<hr \/>\n<p><strong>471<\/strong> Friedensdemonstration in Berlin. \u00dcber zehntausend Menschen demonstrieren f\u00fcr Verhandlungen mit Russland, in: ZEIT ONLINE, 25.2.2023,<br \/>\n<a href=\"https:\/\/www.zeit.de\/politik\/deutschland\/2023-02\/friedensdemonstration-berlin-ukraine-krieg-friedensverhandlung-russland\" target=\"_blank\" rel=\"noopener\"> Online-Quelle<\/a><br \/>\n[4.8.2023].<\/p>\n<hr \/>\n<p><strong>472<\/strong> Vorreyer, Thomas: \u201eSie haben Angst vor uns\u201c, in: tagesschau, 25.2.2023,<br \/>\n<a href=\"https:\/\/www.tagesschau.de\/inland\/wagenknecht-friedensdemo-querfront-101.html\" target=\"_blank\" rel=\"noopener\"> Online-Quelle<\/a><br \/>\n[4.8.2023].<\/p>\n<hr \/>\n<p><strong>473<\/strong> Frieden jetzt! Demo am 18. M\u00e4rz 2023, in: Homepage, 20.2.2023,<br \/>\n<a href=\"https:\/\/buendnis-fuer-frieden.berlin\/?p=127\" target=\"_blank\" rel=\"noopener\"> Online-Quelle<\/a><br \/>\n[3.8.2023].<\/p>\n<hr \/>\n<p><strong>474<\/strong> Proteste gegen verschw\u00f6rungsideologische Demo in Neuk\u00f6lln, in: Wir sind viele. Berlin gegen Nazis, 18.3.2023,<br \/>\n<a href=\"https:\/\/berlin-gegen-nazis.de\/informationen-fuer-anwohner_innen-in-neukoelln\/\" target=\"_blank\" rel=\"noopener\"> Online-Quelle<\/a><br \/>\n[9.10.2025].<\/p>\n<hr \/>\n<p><strong>475<\/strong> \u201eB\u00fcndnis f\u00fcr den Frieden\u201c mehrere Hundert Menschen bei Demo gegen Waffenlieferungen in Berlin, in: Tagesspiegel, 18.3.2023,<br \/>\n<a href=\"https:\/\/www.tagesspiegel.de\/berlin\/bundnis-fur-den-frieden-mehrere-hundert-menschen-bei-demo-gegen-waffenlieferungen-in-berlin-9525104.html\" target=\"_blank\" rel=\"noopener\"> Online-Quelle<\/a><br \/>\n[3.8.2023].<\/p>\n<hr \/>\n<p><strong>476<\/strong> Querdenker-Milieu. Tausende protestieren am Brandenburger Tor, in: Deutschlandfunk, 6.8.2023,<br \/>\n<a href=\"https:\/\/www.deutschlandfunk.de\/tausende-protestieren-am-brandenburger-tor-in-berlin-102.html\" target=\"_blank\" rel=\"noopener\"> Online-Quelle<\/a><br \/>\n[25.8.2025].<\/p>\n<hr \/>\n<p><strong>477<\/strong> JVA Stuttgart-Stammheim. \u201eQuerdenken\u201c-Gr\u00fcnder aus Haft entlassen, in: t-online, 4.4.2023,<br \/>\n<a href=\"https:\/\/www.t-online.de\/region\/stuttgart\/id_100155334\/-querdenken-gruender-michael-ballweg-aus-haft-entlassen.html\" target=\"_blank\" rel=\"noopener\"> Online-Quelle<\/a><br \/>\n[25.8.2025].<\/p>\n<hr \/>\n<p><strong>478<\/strong> Reveland, Carla \/ Siefert, Volker: Russlands Krieg gegen die Ukraine. \u201eQuerdenker\u201c f\u00fcr Putin, in: tagesschau.de, 4.3.2022,<br \/>\n<a href=\"https:\/\/www.tagesschau.de\/investigativ\/reaktionen-auf-putin-von-querdenkern-und-verschwoerungsideologen-101.html\" target=\"_blank\" rel=\"noopener\"> Online-Quelle<\/a><br \/>\n[26.7.2022].<\/p>\n<hr \/>\n<p><strong>479<\/strong> \u201eFreie Sachsen\u201c: MDR-Webserie \u201eexactlay\u201c mit neuer Folge \u00fcber Propaganda und Proteste, in: MDR, 20.5.2022,<br \/>\n<a href=\"https:\/\/www.mdr.de\/presse\/fernsehen\/presseinformation-exactly-freie-sachsen-propaganda-proteste-100.html\" target=\"_blank\" rel=\"noopener\"> Online-Quelle<\/a><br \/>\n[31.7.2022].<\/p>\n<hr \/>\n<p><strong>480<\/strong> Kommunalwahl in Sachsen. Rico Anton ist neuer Landrat im Erzgebirgskreis, in: MDR Sachsen, 3.7.2022,<br \/>\n<a href=\"https:\/\/www.mdr.de\/nachrichten\/sachsen\/politik\/kommunalwahlen\/landratswahl\/erzgebirgskreis-ergebnis-100.html\" target=\"_blank\" rel=\"noopener\"> Online-Quelle<\/a><br \/>\n[31.7.2022].<\/p>\n<hr \/>\n<p><strong>481<\/strong> Lauer, Stefan: Kommunalwahlen in Sachsen und Th\u00fcringen. Die n\u00e4chste Schlappe f\u00fcr die AfD, in: Belltower News, 13.6.2022,<br \/>\n<a href=\"https:\/\/www.belltower.news\/kommunalwahlen-in-sachsen-und-thueringen-die-naechste-schlappe-fuer-die-afd-133163\" target=\"_blank\" rel=\"noopener\"> Online-Quelle<\/a><br \/>\n[31.7.2022].<\/p>\n<hr \/>\n<p><strong>482<\/strong> Feindbild Russland \u2013 die NATO marschiert, in: COMPACT Spezial, Nr. 33,<br \/>\n<a href=\"https:\/\/us4.campaign-archive.com\/?u=bd4a1885d1ac36e44f3bc1902&amp;id=d401d9a0f4\" target=\"_blank\" rel=\"noopener\"> Online-Quelle<\/a><br \/>\n[26.7.2022].<\/p>\n<hr \/>\n<p><strong>483<\/strong> Seit der Eingliederung in die Nationalgarde im November 2014 und der Umwandlung zu einem regul\u00e4ren Regiment nimmt Asow keine Ausl\u00e4nder mehr auf.<\/p>\n<hr \/>\n<p><strong>484<\/strong> Bundestagswahl 2012, in: Ergebnisse Deutschland \u2013 Der Bundeswahlleiter,<br \/>\n<a href=\"https:\/\/www.bundeswahlleiter.de\/bundestagswahlen\/2021\/ergebnisse\/bund-99.html\" target=\"_blank\" rel=\"noopener\"> Online-Quelle<\/a><br \/>\n[24.2.2023].<\/p>\n<hr \/>\n<p><strong>485<\/strong> Statista: Mitgliederzahlen der rechtsextremen Parteien in Deutschland 2020 bis 2021,<br \/>\n<a href=\"https:\/\/de.statista.com\/statistik\/daten\/studie\/4760\/umfrage\/entwicklung-der-mitgliederzahlen-von-rechtsradikalen-parteien\/\" target=\"_blank\" rel=\"noopener\"> Online-Quelle<\/a><br \/>\n[24.2.2023].<\/p>\n<hr \/>\n<p><strong>486<\/strong> NPD will sich einen neuen Namen geben: \u201eKeine Zukunft, wenn wir beim Status Quo bleiben\u201c, in: rnd, 26.4.2022,<br \/>\n<a href=\"https:\/\/www.rnd.de\/politik\/npd-will-sich-einen-neuen-namen-geben-keine-zukunft-wenn-wir-beim-status-quo-bleiben-MW2T4BR5AJEEVCYKYTW36THWXI.html\" target=\"_blank\" rel=\"noopener\"> Online-Quelle<\/a><br \/>\n[5.10.2025].<\/p>\n<hr \/>\n<p><strong>487<\/strong> Litschko, Konrad: NPD-Parteitag stimmt gegen neuen Namen. Alles beim Alten, in: taz, 15.5.2022,<br \/>\n<a href=\"https:\/\/taz.de\/NPD-Parteitag-stimmt-gegen-neuen-Namen\/!5852411\/\" target=\"_blank\" rel=\"noopener\"> Online-Quelle<\/a><br \/>\n[24.2.2023].<\/p>\n<hr \/>\n<p><strong>488<\/strong> Litschko, Konrad: NPD-Parteitag stimmt gegen neuen Namen. Alles beim Alten, in: taz, 15.5.2022,\u201c target=\u201c_blank\u201c rel=\u201cnoopener\u201c&gt; Online-Quelle<br \/>\n[online\u00a024.2.2023].<\/p>\n<hr \/>\n<p><strong>489<\/strong> Statista: Mitgliederzahlen der rechtsextremen Parteien in Deutschland 2020 bis 2021,<br \/>\n<a href=\"https:\/\/de.statista.com\/statistik\/daten\/studie\/4760\/umfrage\/entwicklung-der-mitgliederzahlen-von-rechtsradikalen-parteien\/\" target=\"_blank\" rel=\"noopener\"> Online-Quelle<\/a><br \/>\n[25.2.2023].<\/p>\n<hr \/>\n<p><strong>490<\/strong> DIE RECHTE w\u00e4hlt Deutschlands bekannteste Dissidentin Ursula Haverbeck als Spitzenkandidatin f\u00fcr die Europawahl, in: DIE RECHTE,<br \/>\n<a href=\"https:\/\/die-rechte.net\/allgemein\/die-rechte-waehlt-deutschlands-bekannteste-dissidentin-ursula-haverbeck-zur-fuer-die-europawahl-2019\/\" target=\"_blank\" rel=\"noopener\"> Online-Quelle<\/a><br \/>\n[25.2.2023].<\/p>\n<hr \/>\n<p><strong>491<\/strong> Europawahl in Deutschland 2019, in: Wikipedia,<br \/>\n<a href=\"https:\/\/de.wikipedia.org\/wiki\/Europawahl_in_Deutschland_2019\" target=\"_blank\" rel=\"noopener\"> Online-Quelle<\/a><br \/>\n[25.2.2023].<\/p>\n<hr \/>\n<p><strong>492<\/strong> Speit, Andreas: Antisemitische Hetze auf Wahlplakaten. Gerichte bremsen Ermittlungen, in taz,<br \/>\n<a href=\"https:\/\/taz.de\/Antisemitische-Hetze-auf-Wahlplakaten\/!5745077\/\" target=\"_blank\" rel=\"noopener\"> Online-Quelle<\/a><br \/>\n[31.12.2023].<\/p>\n<hr \/>\n<p><strong>493<\/strong> Israelfeindliche Plakate. Stadt will Anzeige gegen die Partei \u201eDie Rechte\u201c erstatten, in: Hannoversche Allgemeine, 21.5.2019,<br \/>\n<a href=\"https:\/\/www.haz.de\/lokales\/hannover\/stadt-will-anzeige-gegen-die-partei-die-rechte-erstatten-VHPRD6ZLYSKPXDWESDSDNRLSLI.html\" target=\"_blank\" rel=\"noopener\"> Online-Quelle<\/a><br \/>\n[18.3.2023].<\/p>\n<hr \/>\n<p><strong>494<\/strong> Wahlplakat der Partei \u201eDIE RECHTE\u201c: Generalstaatsanwaltschaft Celle weist Beschwerde gegen die Einstellung des Verfahrens zur\u00fcck, in: Pressemitteilung der Generalstaatsanwaltschaft Celle, 25.1.2021,<br \/>\n<a href=\"https:\/\/generalstaatsanwaltschaft-celle.niedersachsen.de\/startseite\/aktuelles\/presseinformationen\/wahlplakat-der-partei-die-rechte-generalstaatsanwaltschaft-celle-weist-beschwerde-gegen-die-einstellung-des-verfahrens-zuruck-196499.html\" target=\"_blank\" rel=\"noopener\"> Online-Quelle<\/a><br \/>\n[18.3.2023].<\/p>\n<hr \/>\n<p><strong>495<\/strong> Speit, Andreas: Antisemitische Hetze auf Wahlplakaten. Gerichte bremsen Ermittlungen, in: taz, 4.2.2021,<br \/>\n<a href=\"https:\/\/taz.de\/Antisemitische-Hetze-auf-Wahlplakaten\/!5745077\/\" target=\"_blank\" rel=\"noopener\"> Online-Quelle<\/a><br \/>\n[31.12.2023).<\/p>\n<hr \/>\n<p><strong>496<\/strong> Umstrittene Wahlwerbung. Berliner \u201ePartei\u201c wirbt mit \u201eHier k\u00f6nnte ein Nazi h\u00e4ngen!\u201c, in: Berliner Morgenpost, 2.8.2016,<br \/>\n<a href=\"https:\/\/www.morgenpost.de\/berlin\/article207983551\/Berliner-Partei-wirbt-mit-Hier-koennte-ein-Nazi-haengen.html\" target=\"_blank\" rel=\"noopener\"> Online-Quelle<\/a><br \/>\n[20.3.2023].<\/p>\n<hr \/>\n<p><strong>497<\/strong> Althoff, Christian \/ Heinze, Jens \/ Sellmann, Hans-Heinrich \/ Bollig, Peter \/ Schl\u00e4ger, Michael \/ Kolesch, Andreas \/ Rohrandt, Lars \/ H\u00f6rttrich, Burgit: 14.000 demonstrieren gegen Neonazis-Demo, in: Westfalen Blatt, 9.11.2019,<br \/>\n<a href=\"https:\/\/www.westfalen-blatt.de\/owl\/bielefeld\/14000-protestieren-gegen-neonazi-demo-947118?npg=\" target=\"_blank\" rel=\"noopener\"> Online-Quelle<\/a><br \/>\n[17.3.2023].<\/p>\n<hr \/>\n<p><strong>498<\/strong> Beschluss vom 19.02.2020 \u2013 9 Gs 5355\/19, in: AG Bielefeld, 19.2.2020,<br \/>\n<a href=\"https:\/\/openjur.de\/u\/2271522.html\" target=\"_blank\" rel=\"noopener\"> Online-Quelle<\/a><br \/>\n[17.3.2023].<\/p>\n<hr \/>\n<p><strong>499<\/strong> Die Partei darf weiter \u201eNazis t\u00f6ten\u201c plakatieren, in: Welt, 17.9.2021,<br \/>\n<a href=\"https:\/\/www.welt.de\/politik\/bundestagswahl\/article233858270\/Sachsen-Die-Partei-darf-weiter-Nazis-toeten-plakatieren.html\" target=\"_blank\" rel=\"noopener\"> Online-Quelle<\/a><br \/>\n[20.3.2023].<\/p>\n<hr \/>\n<\/div><\/section>\n<section  id=\"fuenfhundert\"  class='av_textblock_section av-mlfjytdn-882aa7a5ed9910567556982937d29c7b '   itemscope=\"itemscope\" itemtype=\"https:\/\/schema.org\/CreativeWork\" ><div class='avia_textblock'  itemprop=\"text\" ><h3><strong>500<\/strong><\/h3>\n<\/div><\/section>\n<section  class='av_textblock_section av-mlfk6ovm-1429e5f8d4cba9956b0b0f07e3b2022b '   itemscope=\"itemscope\" itemtype=\"https:\/\/schema.org\/CreativeWork\" ><div class='avia_textblock'  itemprop=\"text\" ><hr \/>\n<p><strong>500<\/strong> Ramm, Wiebke: Urteil gegen Holocaustleugnerin Haverbeck. \u201eWas sie vorbringen, ist Gift.\u201c, in: Spiegel\/Panorama, 1.4.2022,<br \/>\n<a href=\"https:\/\/www.spiegel.de\/panorama\/justiz\/ursula-haverbeck-erneut-verurteilt-von-der-historischen-wahrheit-meilenweit-entfernt-a-4e9726e6-686c-4b41-999c-c6af1c1950b7\" target=\"_blank\" rel=\"noopener\"> Online-Quelle<\/a><br \/>\n[25.2.2023].<\/p>\n<hr \/>\n<p><strong>501<\/strong> Amtsarzt untersucht Holocaust-Leugnerin, in: WDR, 27.9.2023,<br \/>\n<a href=\"https:\/\/www1.wdr.de\/nachrichten\/westfalen-lippe\/Haverbeck-Haft-Bielefeld100.html\" target=\"_blank\" rel=\"noopener\"> Online-Quelle<\/a><br \/>\n[6.7.2024].<\/p>\n<hr \/>\n<p><strong>502<\/strong> Urteil in Hamburg. Holocaust-Leugnerin, in: taz, 26.6.2024,<br \/>\n<a href=\"https:\/\/taz.de\/Urteil-in-Hamburg\/!6020037\/\" target=\"_blank\" rel=\"noopener\"> Online-Quelle<\/a><br \/>\n[6.7.2024].<\/p>\n<hr \/>\n<p><strong>503<\/strong> Holocaust-Leugnerin Ursula Haverbeck verstorben, in: WDR, 21.11.2024,<br \/>\n<a href=\"https:\/\/www1.wdr.de\/nachrichten\/westfalen-lippe\/haverbeck-tot-100.html\" target=\"_blank\" rel=\"noopener\"> Online-Quelle<\/a><br \/>\n[23.12.2024].<\/p>\n<hr \/>\n<p><strong>504<\/strong> \u201e170\u201c f\u00fcr Rheinische Stra\u00dfe 170 in Dortmund. Dieses Geb\u00e4ude war in den 1990er- und 2000er-Jahren ein zentraler Treffpunkt der autonomen und antifaschistischen Szene.<\/p>\n<hr \/>\n<p><strong>505<\/strong> Neonazi-Szene in Dortmund. Zahlreiche Rechtsextreme bei Beerdigung von \u201eSS-Siggi\u201c, in: t-online, 21.1.2022,<br \/>\n<a href=\"https:\/\/www.t-online.de\/region\/dortmund\/news\/id_91517156\/neonazi-ss-siggi-beerdigt-experte-warnt-vor-folgen-der-trauerfeier.html\" target=\"_blank\" rel=\"noopener\"> Online-Quelle<\/a><br \/>\n[19.3.2023].<\/p>\n<hr \/>\n<p><strong>506<\/strong> Demozug in M\u00fcnster f\u00fcr Dortmunder Neonazi Borchardt. Gro\u00dfer Polizeieinsatz und Gegenprotest, in: Ruhr Nachrichten, 6.7.2025,<br \/>\n<a href=\"https:\/\/www.ruhrnachrichten.de\/dortmund\/demozug-in-muenster-fuer-dortmunder-neonazi-borchardt-grosser-polizeieinsatz-und-gegenprotest-ss-siggi-w1051948-2001724139\/\" target=\"_blank\" rel=\"noopener\"> Online-Quelle<\/a><br \/>\n[8.10.2025].<\/p>\n<hr \/>\n<p><strong>507<\/strong> Eichler, Timm: Neonazis in M\u00fcnster: Demo gegen die Polizei und Warnung an die Stadt, in: m\u00fcnster, aktuell 19.7.2025,<br \/>\n<a href=\"https:\/\/ms-aktuell.de\/aktuelles\/neonazis-in-muenster-demo-gegen-die-polizei-und-eine-warnung-an-die-stadt\/\" target=\"_blank\" rel=\"noopener\"> Online-Quelle<\/a><br \/>\n[8.10.2025].<\/p>\n<hr \/>\n<p><strong>508<\/strong> H\u00f6lscher, Thomas: Rechte Szene ruft erneut zur Demo auf, in: alles m\u00fcnster, 6.8.2025,<br \/>\n<a href=\"https:\/\/www.allesmuenster.de\/ss-siggi-rechte-szene-ruft-erneut-zur-demo-auf\/\" target=\"_blank\" rel=\"noopener\"> Online-Quelle<\/a><br \/>\n[8.10.2025].<\/p>\n<hr \/>\n<p><strong>509<\/strong> Hunderte demonstrieren in M\u00fcnster gegen rechtsextreme Demo, in: WDR, 14.9.2025,<br \/>\n<a href=\"https:\/\/www1.wdr.de\/nachrichten\/westfalen-lippe\/demonstrationen-muenster-100.html\" target=\"_blank\" rel=\"noopener\"> Online-Quelle<\/a><br \/>\n[8.10.2025].<\/p>\n<hr \/>\n<p><strong>510<\/strong> Budler, Kai: Michel Fischer. Neue St\u00e4rke Partei verliert Vorsitzenden, in Endstation Rechts, 19.9.2022<br \/>\n<a href=\"https:\/\/www.endstation-rechts.de\/news\/neue-staerke-partei-verliert-vorsitzenden\" target=\"_blank\" rel=\"noopener\"> Online-Quelle<\/a><br \/>\n[31.12.2023].<\/p>\n<hr \/>\n<p><strong>511<\/strong> Verfassungsschutzbericht des Landes Sachsen-Anhalt 2022, S. 48.<\/p>\n<hr \/>\n<p><strong>512<\/strong> Sch\u00f6ler, Martin: Rechtsextremismus. Neue Neonazi-Partei auch in MV aktiv, in: Katapult, 20.7.2022,<br \/>\n<a href=\"https:\/\/katapult-mv.de\/artikel\/neue-neonazi-partei-auch-in-mv-aktiv\" target=\"_blank\" rel=\"noopener\"> Online-Quelle<\/a><br \/>\n[31.12.2023].<\/p>\n<hr \/>\n<p><strong>513<\/strong> Erkenntnisse \u00fcber \u201eNeue St\u00e4rke Partei\u201c, in: Deutscher Bundestag, Inneres und Heimat \u2013 Antwort \u2013 hib 10\/2023,<br \/>\n<a href=\"https:\/\/www.bundestag.de\/presse\/hib\/kurzmeldungen-928590\" target=\"_blank\" rel=\"noopener\"> Online-Quelle<\/a><br \/>\n[31.12.2023].<\/p>\n<hr \/>\n<p><strong>514<\/strong> Versammlungen in Hilchenbach verliefen ohne gr\u00f6\u00dfere Zwischenf\u00e4lle, in: wirSiegen.de, 3.9.2022,<br \/>\n<a href=\"https:\/\/wirsiegen.de\/2022\/09\/versammlungen-in-hilchenbach-verliefen-ohne-groessere-zwischenfaelle\/360417\/\" target=\"_blank\" rel=\"noopener\"> Online-Quelle<\/a><br \/>\n[23.8.2025].<\/p>\n<hr \/>\n<p><strong>515<\/strong> Jobek: Klare Zeichen gegen den \u201eDritten Weg\u201c, in: Siegener Zeitung, 3.4.2023, Seite 7.<\/p>\n<hr \/>\n<p><strong>516<\/strong> Ebenda.<\/p>\n<hr \/>\n<p><strong>517<\/strong> Ebenda.<\/p>\n<hr \/>\n<p><strong>518<\/strong> Schulz, Hendrik: Gericht best\u00e4tigt: Neonazi-B\u00fcro in Hilchenbach ist illegal, in: Westfalenpost, 14.4.2023,<br \/>\n<a href=\"https:\/\/www.wp.de\/staedte\/siegerland\/article238137195\/Gericht-bestaetigt-Neonazi-Buero-in-Hilchenbach-ist-illegal.html\" target=\"_blank\" rel=\"noopener\"> Online-Quelle<\/a><br \/>\n[23.8.2025].<\/p>\n<hr \/>\n<p><strong>519<\/strong> Demo gegen Parteib\u00fcro von \u201eIII. Weg\u201c in Schweinfurt, in: BR24, 29.10.2022,<br \/>\n<a href=\"https:\/\/www.br.de\/nachrichten\/bayern\/demo-gegen-parteibuero-von-der-iii-weg-in-schweinfurt,TLY9p4b\" target=\"_blank\" rel=\"noopener\"> Online-Quelle<\/a><br \/>\n[12.7.2023].<\/p>\n<hr \/>\n<p><strong>520<\/strong> Spiegel, Irene: Schweinfurt stemmt sich gegen die Ansiedlung der rechtsnationalen Partei III. Weg in Oberndorf, in: Main Post, 10.5.2023,<br \/>\n<a href=\"https:\/\/www.mainpost.de\/regional\/schweinfurt\/schweinfurt-stemmt-sich-gegen-die-ansiedlung-der-rechtsnationalen-partei-iii-weg-in-oberndorf-art-11087271\" target=\"_blank\" rel=\"noopener\"> Online-Quelle<\/a><br \/>\n[12.7.2023].<\/p>\n<hr \/>\n<p><strong>521<\/strong> Krapf, Steffen: Demo gegen Rechtsextreme in Schweinfurt: 200 Menschen protestieren gegen Muttertags-Aktion des \u201eDritten Wegs\u201c, in: Main Post, 12.5.2025,<br \/>\n<a href=\"https:\/\/www.mainpost.de\/schweinfurt\/stadtschweinfurt\/schweinfurt-demo-gegen-rechtsextreme-in-schweinfurt-200-menschen-protestieren-gegen-muttertagsaktion-des-dritten-wegs-109031236\" target=\"_blank\" rel=\"noopener\"> Online-Quelle<\/a><br \/>\n[6.10.2025].<\/p>\n<hr \/>\n<p><strong>522<\/strong> Gewaltausbr\u00fcche rund um rechtsextremen Aufmarsch, in: s\u00e4chsische.de, 2.5.2022,<br \/>\n<a href=\"https:\/\/www.saechsische.de\/zwickau\/zwickau-glauchau-polizei-sachsen-mai-demos-3-weg-5676892.html\" target=\"_blank\" rel=\"noopener\"> Online-Quelle<\/a><br \/>\n[13.7.2023].<\/p>\n<hr \/>\n<p><strong>523<\/strong> Rippert, Bernd: Linke Chaoten schlagen mit H\u00e4mmern auf Neonazis ein und verletzen sie schwer, in: TAG24, 2.5.2023,<br \/>\n<a href=\"https:\/\/www.tag24.de\/nachrichten\/regionales\/sachsen\/zwickau\/brutal-links-chaoten-schlagen-mit-haemmern-auf-neonazis-ein-und-verletzen-sie-schwer-2438046\" target=\"_blank\" rel=\"noopener\"> Online-Quelle<\/a><br \/>\n[13.7.2023].<\/p>\n<hr \/>\n<p><strong>524<\/strong> Die Mobilisierungskraft der Dortmunder Neonazis nimmt st\u00e4ndig ab. Die rechtsextreme Ruhrgebietstour am 1. Mai sorgte f\u00fcr antifaschistischen Gegenprotest, in: Nordstadtblogger Nachrichten aus Dortmund, 2.5.2023,<br \/>\n<a href=\"https:\/\/www.nordstadtblogger.de\/rechtsextreme-ruhrgebietstour-am-1-mai-sorgte-fuer-antifaschistischen-gegenprotest\/\" target=\"_blank\" rel=\"noopener\"> Online-Quelle<\/a><br \/>\n[13.7.2023].<\/p>\n<hr \/>\n<p><strong>525<\/strong> Linke Aktivisten ziehen durch Waren, in: Wir sind M\u00fcritz \u2013 Das lokale Netzwerk an der M\u00fcritz, 1.5.2023,<br \/>\n<a href=\"https:\/\/www.wir-sind-mueritzer.de\/allgemein\/linke-aktivisten-ziehen-durch-waren\/\" target=\"_blank\" rel=\"noopener\"> Online-Quelle<\/a><br \/>\n[13.7.2023].<\/p>\n<hr \/>\n<p><strong>526<\/strong> Proteste gegen Neue St\u00e4rke Partei, in: antifa-info-net, 24.5.2022,<br \/>\n<a href=\"https:\/\/antifa-info.net\/2022\/05\/24\/proteste-gegen-neue-staerke-partei-in-ludwigshafen-und-frankenthal\/\" target=\"_blank\" rel=\"noopener\"> Online-Quelle<\/a><br \/>\n[22.9.2023].<\/p>\n<hr \/>\n<p><strong>527<\/strong> Schwerth, Kai: 17.08.2019 \u2013 He\u00df-Gedenkmarsch in Ingelheim am Rhein, in: flickr,<br \/>\n<a href=\"https:\/\/www.flickr.com\/photos\/kaischwerdt\/48568805102\" target=\"_blank\" rel=\"noopener\"> Online-Quelle<\/a><br \/>\n[17.9.2023].<\/p>\n<hr \/>\n<p><strong>528<\/strong> Protest gegen \u201eDie Rechte\u201c S\u00fcdwest in Ingelheim: Naziaufmarsch blockiert, in: Beobachter News, 20.8.2019,<br \/>\n<a href=\"https:\/\/beobachternews.de\/2019\/08\/20\/naziaufmarsch-blockiert\/\" target=\"_blank\" rel=\"noopener\"> Online-Quelle<\/a><br \/>\n[16.9.2023].<\/p>\n<hr \/>\n<p><strong>529<\/strong> Pressemitteilung 28 \u2013 \u00dcber 100 Verletzte bei Protesten gegen Nazis-Aufmarsch, in: Demosanit\u00e4ter Sanit\u00e4tsgruppe S\u00fcd-West, 15.8.2020,<br \/>\n<a href=\"https:\/\/demosanitaeter.com\/ueber-100-verletzte-bei-protesten-gegen-naziaufmarsch\/\" target=\"_blank\" rel=\"noopener\"> Online-Quelle<\/a><br \/>\n[17.9.2023].<\/p>\n<hr \/>\n<p><strong>530<\/strong> Antifaschistischer Protest in Ingelheim, in: Demosanit\u00e4ter Sanit\u00e4tsgruppe S\u00fcd-West, 21.8.2021,<br \/>\n<a href=\"https:\/\/demosanitaeter.com\/tag\/ingelheim\/\" target=\"_blank\" rel=\"noopener\"> Online-Quelle<\/a><br \/>\n[17.9.2023].<\/p>\n<hr \/>\n<p><strong>531<\/strong> Schneck, Mathias: Bluttat in Zweibr\u00fccken sorgt f\u00fcr Trauer und Entsetzen, in: Pf\u00e4lzischer Merkur, 18.8.2020,<br \/>\n<a href=\"https:\/\/www.saarbruecker-zeitung.de\/pm\/zweibruecken\/trauer-ueber-opfer-von-bluttat-in-der-marienstrasse-in-zweibruecken_aid-52843331?fbclid=IwAR0cA1PG41XRi7y78qsCpc0cwGYYezxlKau6l6CcNWV2Bq6hhKDZooWPZ7k\" target=\"_blank\" rel=\"noopener\"> Online-Quelle<\/a><br \/>\n[22.9.2023].<\/p>\n<hr \/>\n<p><strong>532<\/strong> Schmidt-Wyk, Frank: Die Marktleute sehen rot, in: Allgemeine Zeitung, 24.8.2020.<\/p>\n<hr \/>\n<p><strong>533<\/strong> Schmidt-Wyk, Frank \/ Peters, Julian: Demo in Ingelheim: Polizei mit Gro\u00dfaufgebot im Einsatz, in: Allgemeine Zeitung, 22.8.2020,<br \/>\n<a href=\"https:\/\/www.allgemeine-zeitung.de\/lokales\/kreis-mainz-bingen\/ingelheim\/demo-in-ingelheim-polizei-mit-grossaufgebot-im-einsatz-1640237\" target=\"_blank\" rel=\"noopener\"> Online-Quelle<\/a><br \/>\n[31.12.2023].<\/p>\n<hr \/>\n<p><strong>534<\/strong> Peters, Julian \/ Schmidt-Wyk, Frank: Demos in Ingelheim bleiben weitgehend friedlich, in: Allgemeine Zeitung, 21.8.2021,<br \/>\n<a href=\"https:\/\/www.allgemeine-zeitung.de\/lokales\/kreis-mainz-bingen\/ingelheim\/demos-in-ingelheim-bleiben-weitgehend-friedlich-1798874\" target=\"_blank\" rel=\"noopener\"> Online-Quelle<\/a><br \/>\n[22.9.2023].<\/p>\n<hr \/>\n<p><strong>535<\/strong> Schwerdt, Kai: 21.08.2021 \u2013 He\u00df-Marsch in Ingelheim am Rhein, in: flickr, 22.8.2022,<br \/>\n<a href=\"https:\/\/www.flickr.com\/photos\/kaischwerdt\/51392741827\" target=\"_blank\" rel=\"noopener\"> Online-Quelle<\/a><br \/>\n[17.9.2023].<\/p>\n<hr \/>\n<p><strong>536<\/strong> Weiher, Sonja: Ludwigshafen\/Frankenthal. Neonazi-Partei plant Aufmarsch, in: Die Rheinpfalz, 19.5.2022,<br \/>\n<a href=\"https:\/\/www.rheinpfalz.de\/lokal\/frankenthal_artikel,-neonazi-partei-plant-aufmarsch-_arid,5357371.html\" target=\"_blank\" rel=\"noopener\"> Online-Quelle<\/a><br \/>\n[22.9.2023].<\/p>\n<hr \/>\n<p><strong>537<\/strong> Huber, Juni \/ Weiher, Sonja: Ludwigshafen\/Frankenthal. 15 Personen bei rechtsextremen Demos, viermal so viele bei Gegendemos, in: Die Rheinpfalz, 21.5.2022,<br \/>\n<a href=\"https:\/\/www.rheinpfalz.de\/lokal\/frankenthal_artikel,-15-personen-bei-rechtsextremen-demos-viermal-so-viele-bei-gegendemos-_arid,5358358.html\" target=\"_blank\" rel=\"noopener\"> Online-Quelle<\/a><br \/>\n[22.9.2023].<\/p>\n<hr \/>\n<p><strong>538<\/strong> Neonazis kommen in Mainz nur wenige Meter weit, in: Zeit Online, 17.7.2022,<br \/>\n<a href=\"https:\/\/www.zeit.de\/news\/2022-07\/16\/50-rechtsextremisten-versammeln-sich-am-rand-von-mainz\" target=\"_blank\" rel=\"noopener\"> Online-Quelle<\/a><br \/>\n[17.9.2023].<\/p>\n<hr \/>\n<p><strong>539<\/strong> Ebenda.<\/p>\n<hr \/>\n<p><strong>540<\/strong> Steinberg, Nicholas Matthias: Demo in Mainz: Fliegende Steine und Pfefferspray-Einsatz, in: Main-Spitze, 16.7.2022,<br \/>\n<a href=\"https:\/\/www.main-spitze.de\/lokales\/mainz\/stadt-mainz\/demos-in-mainz-fliegende-steine-und-pfefferspray-einsatz-1796541\" target=\"_blank\" rel=\"noopener\"> Online-Quelle<\/a><br \/>\n[17.9.2023].<\/p>\n<hr \/>\n<p><strong>541<\/strong> Mainzer Polizei richtet Ermittlungsgruppe ein, in: SWR\/aktuell, 18.7.2022,<br \/>\n<a href=\"https:\/\/www.swr.de\/swraktuell\/rheinland-pfalz\/mainz\/nazi-aufmarsch-mainz-gegendemos-stellen-sich-quer-100.html\" target=\"_blank\" rel=\"noopener\"> Online-Quelle<\/a><br \/>\n[17.9.2023].<\/p>\n<hr \/>\n<p><strong>542<\/strong> Spohn, Christiane: Wer kennt diesen Mann? Brutaler Angriff auf Polizisten: Mainzer Staatsanwaltschaft sucht diesen Mann, in: SWR Aktuell, 25.5.2023,<br \/>\n<a href=\"https:\/\/www.swr.de\/swraktuell\/rheinland-pfalz\/mainz\/staatsanwaltschaft-mainz-sucht-mann-nach-angriff-auf-polizisten-100.html\" target=\"_blank\" rel=\"noopener\"> Online-Quelle<\/a><br \/>\n[8.7.2024].<\/p>\n<hr \/>\n<p><strong>543<\/strong> Neonazi-Demo in Ingelheim abgesagt \u2013 Clowns standen bereit, in: SWR\/aktuell, 13.8.2022,<br \/>\n<a href=\"https:\/\/www.swr.de\/swraktuell\/rheinland-pfalz\/mainz\/neonazis-demonstrieren-erneut-in-ingelheim-100.html\" target=\"_blank\" rel=\"noopener\"> Online-Quelle<\/a><br \/>\n[17.9.2023].<\/p>\n<hr \/>\n<p><strong>544<\/strong> Clemens, Christian: Kaiserslautern. Rechten-Demo: Rund 200 Teilnehmer bei Gegenkundgebung, in: Die Rheinpfalz, 19.8.2023,<br \/>\n<a href=\"https:\/\/www.rheinpfalz.de\/lokal\/kaiserslautern_artikel,-rechten-demo-rund-200-teilnehmer-bei-gegenkundgebung-_arid,5544141.html\" target=\"_blank\" rel=\"noopener\"> Online-Quelle<\/a><br \/>\n[17.9.2023].<\/p>\n<hr \/>\n<p><strong>545<\/strong> CaroW: Alzeyer B\u00fcndnis Gemeinsam gegen Rechts, in: OMAS GEGEN RECHTS Deutschland, 10.10.2023,<br \/>\n<a href=\"https:\/\/omasgegenrechts-deutschland.org\/2023\/10\/10\/alzeyer-demokratie-gemeinsam-gegen-rechts\/\" target=\"_blank\" rel=\"noopener\"> Online-Quelle<\/a><br \/>\n[10.11.2023].<\/p>\n<hr \/>\n<p><strong>546<\/strong> Haftstrafe nach Angriff auf Polizisten bei Mainzer Demo, in: Allgemeine Zeitung, 26.10.2023,<br \/>\n<a href=\"https:\/\/www.allgemeine-zeitung.de\/lokales\/mainz\/stadt-mainz\/haftstrafe-nach-angriff-auf-polizisten-bei-demo-in-mainz-2983664\" target=\"_blank\" rel=\"noopener\"> Online-Quelle<\/a><br \/>\n[8.7.2024].<\/p>\n<hr \/>\n<p><strong>547<\/strong> R\u00fcckblick: Nazis keine Ruhe lassen \u2013 f\u00fcr einen konsequenten Antifaschismus, in: Nicht lange Fackeln. Nazitraditionen \u2013 Sabotieren \u2013 Blockieren \u2013 Angreifen,<br \/>\n<a href=\"https:\/\/nichtlangefackeln.noblogs.org\/\" target=\"_blank\" rel=\"noopener\"> Online-Quelle<\/a><br \/>\n[10.3.2023].<\/p>\n<hr \/>\n<p><strong>548<\/strong> R\u00f6der, Christoph: \u201eWunsiedel ist bunt\u201c: Widerstand gegen Neonnazi-Veranstaltung, in: BR24, 11.11.2022,<br \/>\n<a href=\"https:\/\/www.br.de\/nachrichten\/bayern\/wunsiedel-ist-bunt-widerstand-gegen-neonazi-veranstaltung,TMsGtyM\" target=\"_blank\" rel=\"noopener\"> Online-Quelle<\/a><br \/>\n[10.3.2023].<\/p>\n<hr \/>\n<p><strong>549<\/strong> Lenze, Dominik: Der Dritte Weg. Rechtes Treffen f\u00fcr Nachwuchsextremisten, in: ZEIT ONLINE \/ St\u00f6rungsmelder, 14.11.2021,<br \/>\n<a href=\"https:\/\/www.zeit.de\/gesellschaft\/zeitgeschehen\/2021-11\/der-dritte-weg-marsch-wunsiedel-neonazis-rechte-szene-jugendliche-nachwuchs-rechtsextremismus\" target=\"_blank\" rel=\"noopener\"> Online-Quelle<\/a><br \/>\n[13.3.2023].<\/p>\n<hr \/>\n<p><strong>550<\/strong> Witzgall, Thomas: III. Weg. Minuskulisse beim neofaschistischen \u201eHeldengedenken\u201c in Wunsiedel, in: Endstation Rechts Bayern,<br \/>\n<a href=\"https:\/\/www.endstation-rechts-bayern.de\/2022\/11\/minuskulisse-beim-neonazistischen-heldendenken-in-wunsiedel\/\" target=\"_blank\" rel=\"noopener\"> Online-Quelle<\/a><br \/>\n[10.3.2023].<\/p>\n<hr \/>\n<p><strong>551<\/strong> Monecke, Nina: 1. Mai in Plauen: Warum Stadt und Polizei den Kampf gegen Rechtsextreme endlich ernst nehmen m\u00fcssen, in: ze.tt, 2.5.2019,<br \/>\n<a href=\"https:\/\/www.zeit.de\/zett\/politik\/2019-05\/1-mai-in-plauen-warum-stadt-und-polizei-den-kampf-gegen-rechtsextreme-endlich-ernst-nehmen-sollten\" target=\"_blank\" rel=\"noopener\"> Online-Quelle<\/a><br \/>\n[9.5.2024].<\/p>\n<hr \/>\n<p><strong>552<\/strong> Colorido e.V.: 2.10.2022 Rechtsextremer Aufmarsch des \u201eIII. Weg\u201c in Plauen, Webseite,<br \/>\n<a href=\"https:\/\/colorido.de\/02-10-2022-rechtsextremer-aufmarsch-des-iii-wegs-in-plauen\/\" target=\"_blank\" rel=\"noopener\"> Online-Quelle<\/a><br \/>\n[8.5.2024].<\/p>\n<hr \/>\n<p><strong>553<\/strong> Zwickau. Hunderte bei Protest gegen Bundesregierung in Sachsen, in: S\u00fcddeutsche Zeitung, 2.10.2022,<br \/>\n<a href=\"https:\/\/www.sueddeutsche.de\/politik\/zwickau-hunderte-bei-protest-gegen-bundesregierung-in-sachsen-dpa.urn-newsml-dpa-com-20090101-221002-99-980516\" target=\"_blank\" rel=\"noopener\"> Online-Quelle<\/a><br \/>\n[9.5.2024].<\/p>\n<hr \/>\n<p><strong>554<\/strong> Ebenda.<\/p>\n<hr \/>\n<p><strong>555<\/strong> Dietrich, Nancy \/ Wolf, Tobias: Neonazipartei \u201eIII. Weg\u201c: Hauptquartier im Vogtland steht zum Verkauf, in: Feie Presse, 30.4.2024,<br \/>\n<a href=\"https:\/\/www.freiepresse.de\/vogtland\/plauen\/neonazipartei-dritter-weg-hauptquartier-im-vogtland-steht-zum-verkauf-artikel13352894\" target=\"_blank\" rel=\"noopener\"> Online-Quelle<\/a><br \/>\n[9.5.2024].<\/p>\n<hr \/>\n<p><strong>556<\/strong> Beer, Andreas: Entt\u00e4uschte Rechtsextreme. Hickhack um Auflagen, in: S\u00fcddth\u00fcrngen.de, 2.5.2024,<br \/>\n<a href=\"https:\/\/www.insuedthueringen.de\/inhalt.enttaeuschte-rechtsextreme-hickhack-um-auflagen.28f9183d-e42b-4e32-a1d9-d430f8d28513.html\" target=\"_blank\" rel=\"noopener\"> Online-Quelle<\/a><br \/>\n[9.5.2024].<\/p>\n<hr \/>\n<p><strong>557<\/strong> Klaus, Fabian: 10.000 Demonstranten in Gera \u2013 AfD, Freie Sachsen und Freies Th\u00fcringen vereint, in: Ostth\u00fcringer Zeitung, 3.20.2022,<br \/>\n<a href=\"https:\/\/www.otz.de\/regionen\/gera\/article236585229\/10-000-Demonstranten-in-Gera-AfD-Freie-Sachsen-und-Freies-Thueringen-vereint.html\" target=\"_blank\" rel=\"noopener\"> Online-Quelle<\/a><br \/>\n[9.5.2024].<\/p>\n<hr \/>\n<p><strong>558<\/strong> Stein, Sebastian: Rechter Verein \u201eAufbruch Gera\u201c gegr\u00fcndet, in: Endstation Rechts, 31.3.2023,<br \/>\n<a href=\"https:\/\/www.endstation-rechts.de\/news\/rechter-verein-aufbruch-gera-gegruendet\" target=\"_blank\" rel=\"noopener\"> Online-Quelle<\/a><br \/>\n[10.5.2024].<\/p>\n<hr \/>\n<p><strong>559<\/strong> MDR Th\u00fcringen: 1. Mai. Linkes Lager kritisiert Polizeieinsatz bei Demo in Gera, in: mdr, 3.5.2023,<br \/>\n<a href=\"https:\/\/www.mdr.de\/nachrichten\/thueringen\/ost-thueringen\/gera\/demonstrationen-polizei-anzeigen-ermittlungen-100.html\" target=\"_blank\" rel=\"noopener\"> Online-Quelle<\/a><br \/>\n[10.5.2024].<\/p>\n<hr \/>\n<p><strong>560<\/strong> Ebenda.<\/p>\n<hr \/>\n<p><strong>561<\/strong> MDR Th\u00fcringen: Mai-Proteste 2023 in Gera: Staatsanwaltschaft ermittelt gegen 30 Beschuldigte, in: mdr, 22.4.2024,<br \/>\n<a href=\"https:\/\/www.mdr.de\/nachrichten\/thueringen\/ost-thueringen\/gera\/razzia-proteste-demo-staatsanwaltschaft-100.html\" target=\"_blank\" rel=\"noopener\"> Online-Quelle<\/a><br \/>\n[2.1.2026].<\/p>\n<hr \/>\n<p><strong>562<\/strong> Tag der Arbeit. Tausende Menschen bei Mai-Kundgebungen in Th\u00fcringen, in: MDR Th\u00fcringen, 1.5.2024,<br \/>\n<a href=\"https:\/\/www.mdr.de\/nachrichten\/thueringen\/mai-kundgebung-demonstration-100.html\" target=\"_blank\" rel=\"noopener\"> Online-Quelle<\/a><br \/>\n[10.5.2024].<\/p>\n<hr \/>\n<p><strong>563<\/strong> Fabian, Klaus \/ Mudra, Kai: Mai-Kundgebungen verlaufen in Th\u00fcringen \u00fcberwiegend reibungslos, in: Th\u00fcringer Allgemeine, 1.5.2024,<br \/>\n<a href=\"https:\/\/www.thueringer-allgemeine.de\/politik\/article242227906\/Mai-Kundgebungen-verlaufen-in-Thueringen-reibungslos.html\" target=\"_blank\" rel=\"noopener\"> Online-Quelle<\/a><br \/>\n[10.5.2024].<\/p>\n<hr \/>\n<p><strong>564<\/strong> Die Stra\u00dfe wurde im Jahr 1947 nach dem Ringer und kommunistischen Widerstandsk\u00e4mpfer Werner Seelenbinder benannt. Seelenbinder, am 2. August 1904 in Stettin geboren, kam 1909 mit seiner Familie nach Berlin. Er war ein bekannter Arbeitersportler in den Sportarten Ringen und Gewichtheben. Als einziger deutscher Sportler gewann Seelenbinder 1928 bei der Spartakiade in Moskau einen Wettbewerb. Nach seiner R\u00fcckkehr wurde er Mitglied der KPD. Als er im August 1933 den deutschen Meistertitel im Ringen in der Halbschwergewichtsklasse gewann, verweigerte er bei der Siegerehrung den Hitlergru\u00df. Daf\u00fcr wurde er von der Gestapo f\u00fcr kurze Zeit im Columbia-Haus inhaftiert und erhielt anschlie\u00dfend eine einj\u00e4hrige Wettbewerbssperre.\u2028Seelenbinder war sechsfacher deutscher Meister und wurde 1936 Olympiavierter. Als Mitglied der kommunistischen Widerstandsgruppe um Robert Uhrig wurde Seelenbinder am 4. Februar 1942 erneut verhaftet. Nach \u00fcber zwei Jahren Haft in verschiedenen Konzentrationslagern verurteilte ihn der Volksgerichtshof in Potsdam zum Tode. Am 24. Oktober 1944 wurde Seelenbinder im Zuchthaus Brandenburg-G\u00f6rden mit dem Fallbeil enthauptet.<\/p>\n<p><strong>565<\/strong> Hasselmann, J\u00f6rn: Berlin-Sch\u00f6neweide: Neonazi-Treff \u201eZum Henker\u201c muss schlie\u00dfen, in: Tagesspiegel, 14.2.2014,<br \/>\n<a href=\"https:\/\/www.tagesspiegel.de\/berlin\/polizei-justiz\/neonazi-treff-zum-henker-muss-schliessen-6636238.html\" target=\"_blank\" rel=\"noopener\"> Online-Quelle<\/a><br \/>\n[27.4.2025].<\/p>\n<hr \/>\n<p><strong>566<\/strong> Ein erstes Verbotsverfahren war im Jahr 2003 gescheiter.<\/p>\n<p><strong>567<\/strong> Jansen, Frank: Bundesverfassungsgericht: NPD bekommt verpf\u00e4ndete Parteizentrale nicht zur\u00fcck, in: Tagesspiegel, 27.6.20216,<br \/>\n<a href=\"https:\/\/www.tagesspiegel.de\/politik\/npd-bekommt-verpfandete-parteizentrale-nicht-zuruck-3742855.html\" target=\"_blank\" rel=\"noopener\"> Online-Quelle<\/a><br \/>\n[27.4.2025].<\/p>\n<hr \/>\n<p><strong>568<\/strong> Verfassungsschutzbericht Berlin 2024, Senatsverwaltung f\u00fcr Inneres und Sport, Abteilung Verfassungsschutz, Berlin Februar 2025, S. 55.<\/p>\n<hr \/>\n<p><strong>569<\/strong> Ebenda.<\/p>\n<hr \/>\n<p><strong>570<\/strong> Deutscher Bundestag, 20. Wahlperiode: Antwort der Bundesregierung auf die Kleine Anfrage \u2013 Drucksache 20\/1645 \u2013 Erkenntnisse der Bundesregierung \u00fcber die extrem rechte Gruppierung \u201eDivision-M\u00e4rkisch-Oderland\u201c und die \u201eNationalrevolution\u00e4re Jugend\u201c, in: Drucksache 20\/1940, 19.5.2022,<br \/>\n<a href=\"https:\/\/dserver.bundestag.de\/btd\/20\/019\/2001940.pdf\" target=\"_blank\" rel=\"noopener\"> Online-Quelle<\/a><br \/>\n[29.4.2025].<\/p>\n<hr \/>\n<p><strong>571<\/strong> Land Brandenburg: Landtagswahl 22. September 2024. Amtliches Endergebnis, 7.10.2024,<br \/>\n<a href=\"https:\/\/wahlergebnisse.brandenburg.de\/12\/500\/20240922\/landtagswahl_land\/ergebnisse.html\" target=\"_blank\" rel=\"noopener\"> Online-Quelle<\/a><br \/>\n[29.4.2025].<\/p>\n<hr \/>\n<p><strong>572<\/strong> Brandenburgische Landeszentrale f\u00fcr politische Bildung, Landespolitik: Der Dritte Weg,<br \/>\n<a href=\"https:\/\/www.politische-bildung-brandenburg.de\/themen\/parteien\/parteien-brandenburg\/weitere-parteien-brandenburg\/der-dritte-weg\" target=\"_blank\" rel=\"noopener\"> Online-Quelle<\/a><br \/>\n[29.4.2025].<\/p>\n<hr \/>\n<p><strong>573<\/strong> Fleckstein, Hanno: Rechtsextreme Vorf\u00e4lle in Berlin. Neonazis drangsalieren Jugendclubs, in: taz, 22.4.2024,<br \/>\n<a href=\"https:\/\/taz.de\/Rechtsextreme-Vorfaelle-in-Berlin\/!6003290\/\" target=\"_blank\" rel=\"noopener\"> Online-Quelle<\/a><br \/>\n[29.4.2025].<\/p>\n<hr \/>\n<p><strong>574<\/strong> M\u00f6ller, Domescu \/ Garcia Luisa: Pankow: Verletzte bei Messerstecherei \u2013 Polizei warnt vor Gewalteskalation zwischen Neonazis und Linken, in: Berlin Live, 6.5.2024,<br \/>\n<a href=\"https:\/\/www.berlin-live.de\/berlin\/brennpunkt\/pankow-berlin-neonazis-militante-linke-rechtsextreme-linksextreme-k-id172514.html\" target=\"_blank\" rel=\"noopener\"> Online-Quelle<\/a><br \/>\n[24.5.2025].<\/p>\n<hr \/>\n<p><strong>575<\/strong> Noll, Nora: Dritter Weg in Berlin: Mit Schlagstock durch Prenzlauer Berg, in: nd, 8.2.2024,<br \/>\n<a href=\"https:\/\/www.nd-aktuell.de\/artikel\/1179857.rechtsextremismus-dritter-weg-in-berlin-mit-schlagstock-durch-prenzlauer-berg.html\" target=\"_blank\" rel=\"noopener\"> Online-Quelle<\/a><br \/>\n[24.5.2025].<\/p>\n<hr \/>\n<p><strong>576<\/strong> Bundesverfassungsgericht: Urteil vom 23. Januar 2024, in: Pressemitteilung \u2013 Nr.9\/2024 vom 23. Januar 2024,<br \/>\n<a href=\"https:\/\/www.bundesverfassungsgericht.de\/SharedDocs\/Entscheidungen\/DE\/2024\/01\/bs20240123_2bvb000119.html\" target=\"_blank\" rel=\"noopener\"> Online-Quelle<\/a><br \/>\n[27.4.2025].<\/p>\n<hr \/>\n<p><strong>577<\/strong> Zentrale der Partei Die Heimat in Berlin beschmiert, in: Zeit online, 19.4.2024,<br \/>\n<a href=\"https:\/\/www.zeit.de\/news\/2024-04\/19\/zentrale-der-partei-die-heimat-in-berlin-beschmiert\" target=\"_blank\" rel=\"noopener\"> Online-Quelle<\/a><br \/>\n[27.4.2025].<\/p>\n<hr \/>\n<p><strong>578<\/strong> M\u00f6ller, Domescu \/ Garcia, Luisa: Pankow: Verletzte bei Messerstecherei \u2013 Polizei warnt vor Gewalt-Eskalation zwischen Neonazis und Linken, in: Berlin Live, 6.5.2024,<br \/>\n<a href=\"https:\/\/www.berlin-live.de\/berlin\/brennpunkt\/pankow-berlin-neonazis-militante-linke-rechtsextreme-linksextreme-k-id172514.html\" target=\"_blank\" rel=\"noopener\"> Online-Quelle<\/a><br \/>\n[29.4.2025].<\/p>\n<hr \/>\n<p><strong>579<\/strong> Nach Attacke auf Neonazi. Razzia bei Antifa-Schl\u00e4gern \u2013 eine Festnahme, in: Berliner Zeitung, 26.4.2024,<br \/>\n<a href=\"https:\/\/www.bz-berlin.de\/polizei\/razzia-bei-antifa-schlaegern-festnahme\" target=\"_blank\" rel=\"noopener\"> Online-Quelle<\/a><br \/>\n[24.4.2025].<\/p>\n<hr \/>\n<p><strong>580<\/strong> Lier, Axel: Blutige Jagd auf Neonazis. Schwerverletzte bei Messer-Attacke in Berlin, in: Bild \/ Regional \/ Berlin, 20.4.2024,<br \/>\n<a href=\"https:\/\/www.bild.de\/regional\/berlin\/messerstecherei-in-berlin-polizei-findet-jutebeutel-mit-hammer-66236c3671a54053648c6ceb\" target=\"_blank\" rel=\"noopener\"> Online-Quelle<\/a><br \/>\n[29.4.2025].<\/p>\n<hr \/>\n<p><strong>581<\/strong> Litschko, Konrad\/Baeck, Jean-Philipp: Bis aufs Messer, taz, 25.10.2025,<br \/>\n<a href=\"https:\/\/taz.de\/Prozess-gegen-Antifaschisten-in-Berlin\/!6136446\/\" target=\"_blank\" rel=\"noopener\"> Online-Quelle<\/a><br \/>\n[15.12.2025].<\/p>\n<hr \/>\n<p><strong>582<\/strong> Litschko, Konrad: Es war der Neonazi, der zustach, in: taz, 8.1.21025,<br \/>\n<a href=\"https:\/\/taz.de\/Prozess-gegen-Antifaschisten-in-Berlin\/!6136446\/\" target=\"_blank\" rel=\"noopener\"> Online-Quelle<\/a><br \/>\n[14.12.2025].<\/p>\n<hr \/>\n<p><strong>583<\/strong> Baeck, Jean-Philipp: Messerstiche von Neonazis gelten als Notwehr, in: taz, 12.1.2026,<br \/>\n<a href=\"https:\/\/taz.de\/Antifas-gegen-III-Weg-in-Berlin\/!6144951\/\" target=\"_blank\" rel=\"noopener\"> Online-Quelle<\/a><br \/>\n[12.1.2026].<\/p>\n<hr \/>\n<p><strong>584<\/strong> Die Bundeswahlleiterin: Europawahl 2024: Endg\u00fcltiges Ergebnis, in: Pressemitteilung Nr. 42\/24 vom 3. Juli 2924,<br \/>\n<a href=\"https:\/\/bundeswahlleiterin.de\/info\/presse\/mitteilungen\/europawahl-2024\/42_24_endgueltiges-ergebnis.html\" target=\"_blank\" rel=\"noopener\"> Online-Quelle<\/a><br \/>\n[23.5.2025].<\/p>\n<hr \/>\n<p><strong>585<\/strong> Peter, Erik: Neonazi-Attacke auf Antifas. Weg der Gewalt, in taz: 8.7.2024,<br \/>\n<a href=\"https:\/\/taz.de\/Neonazi-Attacke-auf-Antifas\/!6019369\/\" target=\"_blank\" rel=\"noopener\"> Online-Quelle<\/a><br \/>\n[23.5.2025].<\/p>\n<hr \/>\n<p><strong>586<\/strong> Peter, Erik: Razzia bei Neonazi-Partei Dritter Weg. Ein \u00dcbergriff zu viel, in: taz 18.7.2024,<br \/>\n<a href=\"https:\/\/taz.de\/Razzia-bei-Neonazipartei-Dritter-Weg\/!6020758\/\" target=\"_blank\" rel=\"noopener\"> Online-Quelle<\/a><br \/>\n[23.5.2025].<\/p>\n<hr \/>\n<p><strong>587<\/strong> Wagner, Olaf: Berlin-Pankow. Razzia bei Neonazi-Partei III. Weg, in: BZ 18.7.2024,<br \/>\n<a href=\"https:\/\/www.bz-berlin.de\/polizei\/razzia-bei-neonazi-partei-iii-weg\" target=\"_blank\" rel=\"noopener\"> Online-Quelle<\/a><br \/>\n[24.5.2025].<\/p>\n<hr \/>\n<p><strong>588<\/strong> Wellinger, Renzo: Pride Month: Darum demonstrieren wir 2025 immer noch!, in: GLAMOUR 3.6.2025,<br \/>\n<a href=\"https:\/\/www.glamour.de\/artikel\/pride-month-2025\" target=\"_blank\" rel=\"noopener\"> Online-Quelle<\/a><br \/>\n[7.6.2025].<\/p>\n<hr \/>\n<p><strong>589<\/strong> CSD-Termine: Alle Termine,<br \/>\n<a href=\"https:\/\/www.csd-termine.de\/tabelle\" target=\"_blank\" rel=\"noopener\"> Online-Quelle<\/a><br \/>\n[21.6.2025].<\/p>\n<hr \/>\n<p><strong>590<\/strong> LSVD+BW: Warum wir zusammen mit der IG CSD Stuttgart dieses Jahr nicht am CSD Freiburg teilnehmen, in: Pressemitteilung, 21.6.2023,<br \/>\n<a href=\"https:\/\/ba-wue.lsvd.de\/2023\/06\/21\/warum-wir-zusammen-mit-der-ig-csd-stuttgart-dieses-jahr-nicht-am-csd-freiburg-teilnehmen\/\" target=\"_blank\" rel=\"noopener\"> Online-Quelle<\/a><br \/>\n[30.12.2025].<\/p>\n<hr \/>\n<p><strong>591<\/strong> LSVD und IG CSD Stuttgart zeigen sich \u201eentstetzt\u201c, die queer-politische Sprecherin der Linken lobt den CSD Freiburg, in: Schwulissimo, 22.6.2023,<br \/>\n<a href=\"https:\/\/schwulissimo.de\/neuigkeiten\/eklat-beim-csd-freiburg-linksextremistisches-logo-sorgt-fuer-streit\" target=\"_blank\" rel=\"noopener\"> Online-Quelle<\/a><br \/>\n[30.12.2025].<\/p>\n<hr \/>\n<p><strong>592<\/strong> Berlin: Nach St\u00f6r-Aktionen bei CSD \u2013 hier breiten sich Neonazis in der Hauptstadt aus, in: Berlin Live, 28.7.2023,<br \/>\n<a href=\"https:\/\/www.berlin-live.de\/berlin\/aktuelles\/berlin-csd-neonazis-marzahn-hellersdorf-der-dritte-weg-a-id17022.html\" target=\"_blank\" rel=\"noopener\"> Online-Quelle<\/a><br \/>\n[16.7.2025].<\/p>\n<hr \/>\n<p><strong>593<\/strong> Versuchter Angriff vom III. Weg auf Teilnehmende vom CSD, in: Kontrapolice, 25.7.2023,<br \/>\n<a href=\"https:\/\/kontrapolis.info\/10917\/\" target=\"_blank\" rel=\"noopener\"> Online-Quelle<\/a><br \/>\n[16.7.2025].<\/p>\n<hr \/>\n<p><strong>594<\/strong> Dwinger, Edwin Erich: Die Armee hinter Stacheldraht. Sibirisches Tagebuch, Jena 1929, S. 210<\/p>\n<hr \/>\n<p><strong>595<\/strong> Alexander Zinn: \u201eAus dem Volksk\u00f6rper entfernt\u201c?, S. 309\u2013320.<\/p>\n<hr \/>\n<p><strong>596<\/strong> Erlass zur Reinhaltung von SS und Polizei (15. November 1941), in: German History in Documents and Images,<br \/>\n<a href=\"https:\/\/germanhistorydocs.org\/de\/deutschland-nationalsozialismus-1933-1945\/ghdi:document-1508\" target=\"_blank\" rel=\"noopener\"> Online-Quelle<\/a><br \/>\n[06.12.2025].<\/p>\n<hr \/>\n<p><strong>597<\/strong> Neonazis. Mischt mit, in: Der Spiegel 19\/1982, 8.5.1982,<br \/>\n<a href=\"https:\/\/www.spiegel.de\/politik\/mischt-mit-a-5b542d2b-0002-0001-0000-000014349988\" target=\"_blank\" rel=\"noopener\"> Online-Quelle<\/a><br \/>\n[15.6.2025].<\/p>\n<hr \/>\n<p><strong>598<\/strong> Bund der Deutschen Katholischen Jugend, Erzdi\u00f6zese Hamburg: Johannes B\u00fcgner, \u2020 29.5.1981, Erstochen bei Stemwarde, in: #RECHTEGEWALTT\u00d6TET,15.5.2022,<br \/>\n<a href=\"https:\/\/bdkj.hamburg\/johannes-buegner\/\" target=\"_blank\" rel=\"noopener\"> Online-Quelle<\/a><br \/>\n[15.6.2025].<\/p>\n<hr \/>\n<p><strong>599<\/strong> Zur Person Bela Ewald Althans, in: AIB 20 \u2013 5.1992, 20.1.1993,<br \/>\n<a href=\"https:\/\/antifainfoblatt.de\/aib20\/zur-person-bela-ewald-althans\" target=\"_blank\" rel=\"noopener\"> Online-Quelle<\/a><br \/>\n[16.7.2025].<\/p>\n<hr \/>\n<\/div><\/section>\n<section  id=\"sechshundert\"  class='av_textblock_section av-mlfjyxqo-fcf74262c3dd23b3c014cf53d46ed426 '   itemscope=\"itemscope\" itemtype=\"https:\/\/schema.org\/CreativeWork\" ><div class='avia_textblock'  itemprop=\"text\" ><h3><strong>600<\/strong><\/h3>\n<\/div><\/section>\n<section  class='av_textblock_section av-mlfk8e2v-06c615bd0fd297d1770b4094ec9379de '   itemscope=\"itemscope\" itemtype=\"https:\/\/schema.org\/CreativeWork\" ><div class='avia_textblock'  itemprop=\"text\" ><hr \/>\n<p><strong>600<\/strong> Brandt muss f\u00fcnfeinhalb Jahre ins Gef\u00e4ngnis, in: ntv, 18.12.2014,<br \/>\n<a href=\"https:\/\/www.n-tv.de\/panorama\/Brandt-muss-fuenfeinhalb-Jahre-ins-Gefaengnis-article14184751.html\" target=\"_blank\" rel=\"noopener\"> Online-Quelle<\/a><br \/>\n[9.1.2026].<\/p>\n<hr \/>\n<p><strong>601<\/strong> Rechte St\u00f6rversuche beim CSD in Wurzen, in: NDK, 15.5.2024,<br \/>\n<a href=\"https:\/\/www.ndk-wurzen.de\/medien\/chronik-rex\/rechte-stoerversuche-beim-csd-in-wurzen\/\" target=\"_blank\" rel=\"noopener\"> Online-Quelle<\/a><br \/>\n[20.6.2025].<\/p>\n<hr \/>\n<p><strong>602<\/strong> Kulturb\u00fcro Sachsen e. V.: Einsch\u00e4tzung zu der Gruppe \u201eElblandrevolte\u201c, in: webside, 7.5.2024,<br \/>\n<a href=\"https:\/\/kulturbuero-sachsen.de\/einschaetzung-zu-der-gruppe-elblandrevolte\/\" target=\"_blank\" rel=\"noopener\"> Online-Quelle<\/a><br \/>\n[18.10.2025].<\/p>\n<hr \/>\n<p><strong>603<\/strong> Verbringen, Matts: CSD in Dresden: Rechtsextreme wollen am Samstag gegen \u201eidentit\u00e4tsgest\u00f6rte\u201c Sturm laufen!, in: TAG24, 28.5.2024,<br \/>\n<a href=\"https:\/\/www.tag24.de\/dresden\/lokales\/dresdens-christopher-street-day-parade-trifft-auf-homophoben-widerstand-3199708\" target=\"_blank\" rel=\"noopener\"> Online-Quelle<\/a><br \/>\n[22.6.2025].<\/p>\n<hr \/>\n<p><strong>604<\/strong> Christopher Street Day. Polizei verhindert St\u00f6raktion von Rechtsextremen beim CSD in Dresden, in: MDR Sachsen, 1.6.2024,<br \/>\n<a href=\"https:\/\/www.mdr.de\/nachrichten\/sachsen\/dresden\/dresden-radebeul\/csd-neonazi-stoeraktion-polizei-100.html\" target=\"_blank\" rel=\"noopener\"> Online-Quelle<\/a><br \/>\n[20.6.2025].<\/p>\n<hr \/>\n<p><strong>605<\/strong> CSD in K\u00f6ln. Rechte St\u00f6rer beim Christopher Street Dax in K\u00f6ln, in: ZEIT ONLINE, 22.7.2024,<br \/>\n<a href=\"https:\/\/www.zeit.de\/gesellschaft\/zeitgeschehen\/2024-07\/csd-christopher-street-day-koeln-angriffe-rechte\" target=\"_blank\" rel=\"noopener\"> Online-Quelle<\/a><br \/>\n[20.6.2025].<\/p>\n<hr \/>\n<p><strong>606<\/strong> Peter, Erik: Rechtsextreme Jugend. Die R\u00fcckkehr der Springerstiefel, in: taz, 30.7.2024,<br \/>\n<a href=\"https:\/\/taz.de\/Rechtsextreme-Jugend\/!6024038\/\" target=\"_blank\" rel=\"noopener\"> Online-Quelle<\/a><br \/>\n[17.6.2025].<\/p>\n<hr \/>\n<p><strong>607<\/strong> CSD in Bautzen. Rechte Proteste \u2013 Polizei mit gro\u00dfem Aufgebot vor Ort, in: Lausitzer Rundschau, 10.10.2024,<br \/>\n<a href=\"https:\/\/www.lr-online.de\/nachrichten\/sachsen\/csd-in-bautzen-rechte-protestenbsp-polizei-mit-grossem-aufgebot-vor-ort-77447550.html\" target=\"_blank\" rel=\"noopener\"> Online-Quelle<\/a><br \/>\n[17.6.2025].<\/p>\n<hr \/>\n<p><strong>608<\/strong> Eseppel: Sie kamen nur bis zum Bahnhofsausgang: Neonazisaufmarsch gegen Christopher-Street-Day in Halle (Saale) verhindert, in: Du bist Halle, 14.9.2024,<br \/>\n<a href=\"https:\/\/dubisthalle.de\/sie-kamen-nur-bis-zum-bahnhofsausgang-neonaziaufmarsch-gegen-christopher-street-day-in-halle-saale-verhindert\" target=\"_blank\" rel=\"noopener\"> Online-Quelle<\/a><br \/>\n[6.12.2025].<\/p>\n<hr \/>\n<p><strong>609<\/strong> Angriffe auf CSD-Demos. Rechtsextremisten fokussieren sich vermehrt auf queere Szene, in: Tagesspiegel, 24.10.2024,<br \/>\n<a href=\"https:\/\/www.tagesspiegel.de\/gesellschaft\/queerspiegel\/angriffe-auf-csd-demos-rechtsextremisten-fokussieren-sich-vermehrt-auf-queere-szene-12590465.html\" target=\"_blank\" rel=\"noopener\"> Online-Quelle<\/a><br \/>\n[16.7.2025].<\/p>\n<hr \/>\n<p><strong>610<\/strong> Europawahl 2024 in Berlin. 10 \u2013 Marzahn-Hellersdorf, in: Berlin.de Das offizielle Hauptstadtportal,<br \/>\n<a href=\"https:\/\/www.wahlen-berlin.de\/wahlen\/EU2024\/AFSPRAES\/ergebnisse_bezirk_10.html\" target=\"_blank\" rel=\"noopener\"> Online-Quelle<\/a><br \/>\n[23.6.2025].<\/p>\n<hr \/>\n<p><strong>611<\/strong> Lier, Axel: 160 Beamte im Einsatz. Razzia bei Neonazi! Maler posiert mit Berliner Polizeiweste und Waffen, in: BZ, 23.10.2024,<br \/>\n<a href=\"https:\/\/www.bz-berlin.de\/polizei\/razzia-bei-neonazi-jugend\" target=\"_blank\" rel=\"noopener\"> Online-Quelle<\/a><br \/>\n[14.7.2025].<\/p>\n<hr \/>\n<p><strong>612<\/strong> Lier, Axel: Polizei-Razzia nach Raub. Berliner Neonazis lassen sich nach \u00dcberfall in Kneipe fotografieren, in: BZ, 23.10.2024,<br \/>\n<a href=\"https:\/\/www.bz-berlin.de\/berlin\/neonazis-nach-ueberfall-in-kneipe\" target=\"_blank\" rel=\"noopener\"> Online-Quelle<\/a><br \/>\n[14.7.2025].<\/p>\n<hr \/>\n<p><strong>613<\/strong> Schr\u00f6der, Lilly: Neonazi-Aufmarsch in Marzahn. Wieder mal Arbeit f\u00fcr die Antifa, in: taz 20.10.2024,<br \/>\n<a href=\"https:\/\/taz.de\/Neonazi-Aufmarsch-in-Marzahn\/!6041146\/\" target=\"_blank\" rel=\"noopener\"> Online-Quelle<\/a><br \/>\n[24.5.2025].<\/p>\n<hr \/>\n<p><strong>614<\/strong> L\u00e4kamp, Jannik: Polizei im Einsatz: Antifa und Neo-Nazis demonstrieren in Berlin-Marzahn, in: Berliner Zeitung,19.10.2024,<br \/>\n<a href=\"https:\/\/www.berliner-zeitung.de\/news\/berlin-marzahn-antifa-und-neonazis-demonstrieren-polizei-im-einsatz-li.2264357\" target=\"_blank\" rel=\"noopener\"> Online-Quelle<\/a><br \/>\n[24.5.2025].<\/p>\n<hr \/>\n<p><strong>615<\/strong> Geier, Julius: Aufmarsch im Nordosten Berlins. Neonazis und Linke ziehen durch Marzahn-Hellersdorf \u2013 39 Festnahmen, in: Tagesspiegel, 20.10.2024,<br \/>\n<a href=\"https:\/\/www.tagesspiegel.de\/berlin\/aufmarsch-im-nordosten-berlins-neonazis-und-linke-ziehen-durch-marzahn-hellersdorf--39-festnahmen-12563255.html\" target=\"_blank\" rel=\"noopener\"> Online-Quelle<\/a><br \/>\n[25.5.2025].<\/p>\n<hr \/>\n<p><strong>616<\/strong> Blumenthaler, Martha: Hausdurchsuchungen bei jungen Neonazis. Von TikTok ins Visier der Staatsanwaltschaft, in: taz, 23.10.2024,<br \/>\n<a href=\"https:\/\/taz.de\/Hausdurchsuchungen-bei-jungen-Neonazis\/!6041476\/\" target=\"_blank\" rel=\"noopener\"> Online-Quelle<\/a><br \/>\n[14.7.2025].<\/p>\n<hr \/>\n<p><strong>617<\/strong> Lier, Axel: Fluchtgefahr. 23-J\u00e4hriger nach Neonazi-Razzia in Untersuchungshaft, in: BZ, 27.10.2024,<br \/>\n<a href=\"https:\/\/www.bz-berlin.de\/polizei\/23-jaehriger-nach-neonazi-razzia-in-u-haft\" target=\"_blank\" rel=\"noopener\"> Online-Quelle<\/a><br \/>\n[14.7.2025].<\/p>\n<hr \/>\n<p><strong>618<\/strong> Bezirksamt Friedrichshain-Kreuzberg (Hg): Silvio Meier Preis. Eine Auszeichnung f\u00fcr aktiven Einsatz gegen Menschenfeindlichkeit, 2. Auflage, Berlin 2021.<\/p>\n<hr \/>\n<p><strong>619<\/strong> Hunderte Menschen bei Silvio-Meier-Demonstration, in: berlin.de, 24.11.2019,<br \/>\n<a href=\"https:\/\/www.berlin.de\/aktuelles\/berlin\/5985910-958092-hunderte-menschen-bei-silviomeierdemonst.html\" target=\"_blank\" rel=\"noopener\"> Online-Quelle<\/a><br \/>\n[29.7.2021].<\/p>\n<hr \/>\n<p><strong>620<\/strong> Ziour, Jordi: Silvio-Meier-Demo lebt wieder auf, in: taz, 20.11.2020,<br \/>\n<a href=\"https:\/\/taz.de\/Linke-Traditionen-in-Berlin\/!5727829\/\" target=\"_blank\" rel=\"noopener\"> Online-Quelle<\/a><br \/>\n[29.7.2021].<\/p>\n<hr \/>\n<p><strong>621<\/strong> Ossami, Darius: Wut im Bauch, in: nd, 22.11.2020,<br \/>\n<a href=\"https:\/\/www.nd-aktuell.de\/artikel\/1144745.silvio-meier-demo-wut-im-bauch.html\" target=\"_blank\" rel=\"noopener\"> Online-Quelle<\/a><br \/>\n[29.7.2021].<\/p>\n<hr \/>\n<p><strong>622<\/strong> Haarbach, Madlen: Vor 30 Jahren von Neonazis erstochen: Hunderte Menschen erinnern bei Demonstration in Berlin an Silvio Meier, in: Tagesspiegel, 26.11.2022,<br \/>\n<a href=\"https:\/\/www.tagesspiegel.de\/berlin\/vor-30-jahren-von-neonazis-erstochen-hunderte-menschen-erinnern-bei-demonstration-in-berlin-an-silvio-meier-8926660.html\" target=\"_blank\" rel=\"noopener\"> Online-Quelle<\/a><br \/>\n[27.3.2023].<\/p>\n<hr \/>\n<p><strong>623<\/strong> Antifaschistische Linke Eisenach und Solidarisches Kollektiv Eisenach: Gegen jeden Antisemitismus \u2013 muss praktisch werden. Wir laufen nicht mit Antisemit*innen. Statement zur Demoabsage Eisenach 18.11.2024, in: tumulte, 18.11.2024,<br \/>\n<a href=\"https:\/\/tumulte.org\/2023\/11\/articles\/statement-zur-demoabsage-eisenach-18.11.2023\/\" target=\"_blank\" rel=\"noopener\"> Online-Quelle<\/a><br \/>\n[25.6.2025].<\/p>\n<hr \/>\n<p><strong>624<\/strong> Maurin, Jost: Wenig Menschen und Traktoren bei Rechtspopulisten-Demo, in: taz, 24.11.2024,<br \/>\n<a href=\"https:\/\/taz.de\/Verein-Hand-in-Hand-fuer-unser-Land\/!6051044\/\" target=\"_blank\" rel=\"noopener\"> Online-Quelle<\/a><br \/>\n[26.6.2025].<\/p>\n<hr \/>\n<p><strong>625<\/strong> Windisch, Maria \/ Ida Luise Krenzlin: Rechtsradikale Demo in Friedrichshain an Frankfurter Allee gestoppt \u2013 Tausende demonstrieren gegen Rechts, in: Berliner Zeitung, 14.12.2024,<br \/>\n<a href=\"https:\/\/www.berliner-zeitung.de\/news\/rechtsradikale-demo-in-berlin-friedrichshain-gegenprotest-formiert-sich-polizei-rechnet-mit-blockaden-li.2281515\" target=\"_blank\" rel=\"noopener\"> Online-Quelle<\/a><br \/>\n[26.6.2025].<\/p>\n<hr \/>\n<p><strong>626<\/strong> Behrend, Michael\/ Herwig Isabel: In drei Bundesl\u00e4ndern. Razzia nach Neonazi-Angriff auf SPD-Politiker in Berlin, in: Berliner Zeitung, 27.12.2024,<br \/>\n<a href=\"https:\/\/www.bz-berlin.de\/polizei\/razzia-nazi-angriff-auf-spd-politiker\" target=\"_blank\" rel=\"noopener\"> Online-Quelle<\/a><br \/>\n[27.6.2025].<\/p>\n<hr \/>\n<p><strong>627<\/strong> Fleckenstein, Hanno: Angriff auf SPD-Mitglieder in Berlin. Vier Neonazis zu Jugendstrafen verurteilt, in: taz, 19.6.2025,<br \/>\n<a href=\"https:\/\/taz.de\/Angriff-auf-SPD-Mitglieder-in-Berlin\/!6091722\/\" target=\"_blank\" rel=\"noopener\"> Online-Quelle<\/a><br \/>\n[27.6.2025].<\/p>\n<hr \/>\n<p><strong>628<\/strong> Peter, Erik \/ K\u00fchn, Timm \/ Schr\u00f6der, Lilly: Rechtsextreme Demo in Friedrichshain. Antifa da geht noch was, in: taz, 15.12.2024,<br \/>\n<a href=\"https:\/\/taz.de\/Rechtsextreme-Demo-in-Friedrichshain\/!6056365\/\" target=\"_blank\" rel=\"noopener\"> Online-Quelle<\/a><br \/>\n[30.6.2025].<\/p>\n<hr \/>\n<p><strong>629<\/strong> Windisch, Maria \/ Ida Luise Krenzlin: Rechtsradikale Demo in Friedrichshain an Frankfurter Allee gestoppt \u2013 Tausende demonstrieren gegen Rechts, in: Berliner Zeitung, 14.12.2024,<br \/>\n<a href=\"https:\/\/www.berliner-zeitung.de\/news\/rechtsradikale-demo-in-berlin-friedrichshain-gegenprotest-formiert-sich-polizei-rechnet-mit-blockaden-li.2281515\" target=\"_blank\" rel=\"noopener\"> Online-Quelle<\/a><br \/>\n[26.6.2025].<\/p>\n<hr \/>\n<p><strong>630<\/strong> Lenze, Dominik: Vor Parteizentrale von \u201eDie Heimat\u201c in Berlin-K\u00f6penick: 130 Menschen demonstrieren gegen Konzert von Neonazi-Rapper \u201eKavalier\u201c, in: Tagesspiegel, 21.12.2024,<br \/>\n<a href=\"https:\/\/www.tagesspiegel.de\/berlin\/vor-parteizentrale-von-die-heimat-in-berlin-kopenick-130-menschen-demonstrieren-gegen-konzert-von-neonazi-rapper-kavalier-12912535.html\" target=\"_blank\" rel=\"noopener\"> Online-Quelle<\/a><br \/>\n[27.4.20245.<\/p>\n<hr \/>\n<p><strong>631<\/strong> Eine Demo acht Gegendemos, in: 100,5 Das Hitradio, 17.1.2025,<br \/>\n<a href=\"https:\/\/dashitradio.de\/news\/detail\/eine-demo-sieben-gegendemos\/\" target=\"_blank\" rel=\"noopener\"> Online-Quelle<\/a><br \/>\n[26.6.2025].<\/p>\n<hr \/>\n<p><strong>632<\/strong> Chaos im Pontviertel: Antifa will Treffen der JA st\u00fcrmen, in: t-online, 2.10.2024,<br \/>\n<a href=\"https:\/\/www.t-online.de\/region\/aachen\/id_100501816\/aachen-antifa-will-treffen-der-ja-stuermen-afd-bezieht-stellung.html\" target=\"_blank\" rel=\"noopener\"> Online-Quelle<\/a><br \/>\n[29.6.2025].<\/p>\n<hr \/>\n<p><strong>633<\/strong> Am 17. August 2025 gab die Antifa-Jugend Aachen auf Instagram ihre Aufl\u00f6sung bekannt. Dies sei der beste Weg, um mit der \u201epolitischen Lage in Aachen und pers\u00f6nlichen Entwicklungen umzugehen\u201c. Konkrete Gr\u00fcnde wurden nicht genannt. Die Umstrukturierung bedeute aber nicht das Ende ihres politischen Engagements.<\/p>\n<hr \/>\n<p><strong>634<\/strong> Hinrichs, Matthias: Aachen. Ermittlung gegen Antifa-Jugend \u201eAufforderung zu Straftaten\u201c bei der Demo gegen Rechtsextreme, in: Aachener Zeitung, 24.1.2024,<br \/>\n<a href=\"https:\/\/www.aachener-zeitung.de\/lokales\/region-aachen\/aachen\/aufforderung-zu-straftaten-bei-der-demo-gegen-rechtsextreme\/7550855.html\" target=\"_blank\" rel=\"noopener\"> Online-Quelle<\/a><br \/>\n[29.6.2025].<\/p>\n<hr \/>\n<p><strong>635<\/strong> Hinrichs, Matthias: Nach Demo in Aachen. Keine Anklage wegen \u201eAfDler t\u00f6ten\u201c, in: Rheinische Post, 10.6.2024,<br \/>\n<a href=\"https:\/\/rponline.de\/nrw\/panorama\/staatsanwaltschaft-aachen-erhebt-keine-anklage-wegen-afdler-toeten_aid-114229705\" target=\"_blank\" rel=\"noopener\"> Online-Quelle<\/a><br \/>\n[29.6.2025].<\/p>\n<hr \/>\n<p><strong>636<\/strong> Aachen. Bilanz der Polizei: \u201eAngemeldete Demonstrationen friedlich, einzelne St\u00f6rer\u201c, in: Aachener Zeitung, 19.1.2025,<br \/>\n<a href=\"https:\/\/www.aachener-zeitung.de\/lokales\/region-aachen\/aachen\/bilanz-der-polizei-angemeldete-demonstrationen-friedlich-einzelne-stoerer\/34967380.html\" target=\"_blank\" rel=\"noopener\"> Online-Quelle<\/a><br \/>\n[30.6.2025].<\/p>\n<hr \/>\n<p><strong>637<\/strong> Klarmann, Michael: Streit innerhalb der Partei. AfD-Frau l\u00e4uft bei Neonazi-Demo mit \u2013 Konsequenzen, in: t-online, 23.1.2025,<br \/>\n<a href=\"https:\/\/www.t-online.de\/region\/aachen\/id_100582022\/aachen-afd-frau-laeuft-mit-ferhat-sentuerk-bei-neonazi-demo.html\" target=\"_blank\" rel=\"noopener\"> Online-Quelle<\/a><br \/>\n[29.6.2025].<\/p>\n<hr \/>\n<p><strong>638<\/strong> Ebenda.<\/p>\n<hr \/>\n<p><strong>639<\/strong> Demo in Aachen gegen Rechtsextremismus mit tausenden Teilnehmern, in: WDR, 19.1.2025,<br \/>\n<a href=\"https:\/\/www1.wdr.de\/nachrichten\/aachen-demos-rechtsextremismus-100.html\" target=\"_blank\" rel=\"noopener\"> Online-Quelle<\/a><br \/>\n[26.6.2025].<\/p>\n<hr \/>\n<p><strong>640<\/strong> Zwischen der Linkspartei und ihrer ehemaligen Fraktionsvorsitzenden Sahra Wagenknecht kam es 2023 zum endg\u00fcltigen Bruch. Wagenknecht und neun weitere Bundestagsabgeordnete traten im Oktober 2023 aus der Linkspartei aus und bildeten im Bundestag eine eigene Gruppe. Zun\u00e4chst gr\u00fcndeten sie einen Verein, aus dem im Januar 2024 die Partei B\u00fcndnis Sahra Wagenknecht (BSW) hervorging. Das BSW etablierte sich schnell als neue politische Kraft, erzielte bei der Europawahl 2024 sechs Mandate und erreichte im Herbst 2024 zweistellige Ergebnisse in Sachsen, Th\u00fcringen und Brandenburg. In Th\u00fcringen und Brandenburg trat es zudem ab Dezember 2024 in die Landesregierungen ein. Bei der Bundestagswahl 2025 scheiterte das BSW jedoch knapp an der F\u00fcnf-Prozent-H\u00fcrde.<\/p>\n<hr \/>\n<p><strong>641<\/strong> Mit AfD-Unterst\u00fctzung. Bundestag stimmt f\u00fcr Unionsantrag zur Migration, in: tagesschau, 29.1.2025,<br \/>\n<a href=\"https:\/\/www.tagesschau.de\/inland\/innenpolitik\/migration-antrag-union-100.htm\" target=\"_blank\" rel=\"noopener\"> Online-Quelle<\/a><br \/>\n[30.6.2025].<\/p>\n<hr \/>\n<p><strong>642<\/strong> Ansas, Sean-Elias \/ Litschko, Konrad \/ Lehmann, Anna \/ Beucker, Pascal \/ Kary, Nicolai \/ Honold, David \/ Joswig, Gareth \/K\u00fchn, Timm \/ Gueler, Cem-Odos \/ Weinz, Johanna: CDU bildet Mehrheit mit AfD. Die Brandmauer ist down, in: taz, 29.1.2025,<br \/>\n<a href=\"https:\/\/taz.de\/-CDU-bildet-Mehrheit-mit-AfD-\/!6066084\/\" target=\"_blank\" rel=\"noopener\"> Online-Quelle<\/a><br \/>\n[30.6.2025].<\/p>\n<hr \/>\n<p><strong>643<\/strong> von Bullion, Constanze: Demonstrationen gegen Friedrich Merz. \u201eWir sind die Brandmauer\u201c, in: S\u00fcddeutsche Zeitung, 2.2.2025,<br \/>\n<a href=\"https:\/\/www.sueddeutsche.de\/politik\/demo-berlin-merz-cdu-afd-brandmauer-li.3194147\" target=\"_blank\" rel=\"noopener\"> Online-Quelle<\/a><br \/>\n[30.6.2025].<\/p>\n<hr \/>\n<p><strong>644<\/strong> Gr\u00f6nemeyer mit Appell. Zehntausende in Berlin gegen rechts und Merz, in: t.online, 16.2.2025,<br \/>\n<a href=\"https:\/\/www.n-tv.de\/politik\/Zehntausende-protestieren-in-Berlin-gegen-rechts-und-Merz-article25566817.html\" target=\"_blank\" rel=\"noopener\"> Online-Quelle<\/a><br \/>\n[30.6.2025].<\/p>\n<hr \/>\n<p><strong>645<\/strong> Protest gegen rechts. Zehntausende demonstrieren gegen rechts, in: Zeit online, 16.2.2025,<br \/>\n<a href=\"https:\/\/www.zeit.de\/politik\/2025-02\/rechtsruck-demo-cdu-afd-berlin\" target=\"_blank\" rel=\"noopener\"> Online-Quelle<\/a><br \/>\n[30.6.2025].<\/p>\n<hr \/>\n<p><strong>646<\/strong> Sander, Lalon \/ Ansas, Sean-Elias: Demos gegen rechts am Wochenende. 200 Demos, 200.000 Menschen, in: taz, 16.2.2025,<br \/>\n<a href=\"https:\/\/taz.de\/Demos-gegen-rechts-am-Wochenende\/!6069783\/\" target=\"_blank\" rel=\"noopener\"> Online-Quelle<\/a><br \/>\n[30.6.2025].<\/p>\n<hr \/>\n<p><strong>647<\/strong> Proteste gegen rechts. Hunderte in Berlin gegen Nazis, Zehntausende gegen rechts in Hamburg, in: Zeit online, 22.2.2025,<br \/>\n<a href=\"https:\/\/www.zeit.de\/gesellschaft\/zeitgeschehen\/2025-02\/berlin-nazi-aufmarsch-gegendemo-berlin\" target=\"_blank\" rel=\"noopener\"> Online-Quelle<\/a><br \/>\n[30.6.2025].<\/p>\n<hr \/>\n<p><strong>648<\/strong> M\u00f6ller, Domescu: Demos in Berlin: Neonazis in der Hauptstadt \u2013 Festnahmen und Pfefferspray, in: Berlin Live, 22.2.2025,<br \/>\n<a href=\"https:\/\/www.morgenpost.de\/berlin\/article408538441\/demo-berlin-heute-nazi-gegenproteste-route-polizei.html\" target=\"_blank\" rel=\"noopener\"> Online-Quelle<\/a><br \/>\n[20.10.2025].<\/p>\n<hr \/>\n<p><strong>649<\/strong> Pillatzki, Jessica \/ Gandzior, Andreas \/ Schubert, Thomas: Newsblock. Neonazis-Aufmarsch in Friedrichshain nach Protesten aufgel\u00f6st, in: Berliner Morgenpost, 22.3.2025,<br \/>\n<a href=\"https:\/\/www.morgenpost.de\/berlin\/article408538441\/demo-berlin-heute-nazi-gegenproteste-route-polizei.html\" target=\"_blank\" rel=\"noopener\"> Online-Quelle<\/a><br \/>\n[30.6.2025].<\/p>\n<hr \/>\n<p><strong>650<\/strong> Haarbach, Madlen \/ Lenze, Dominik \/ Schakat, Anne-Sopie \/ R\u00f6hricht, Simon: Update \/ 90 Festnahmen rund um Rechtsextreme Demo in Berlin. Neonazi-Demo nach Blockade durch Gegendemonstranten aufgel\u00f6st, in: Tagesspiegel, 23.3.2025,<br \/>\n<a href=\"https:\/\/www.tagesspiegel.de\/berlin\/90-festnahmen-rund-um-rechtsextreme-demo-in-berlin-neonazi-aufmarsch-nach-blockade-durch-gegendemonstranten-aufgelost-13410934.html\" target=\"_blank\" rel=\"noopener\"> Online-Quelle<\/a><br \/>\n[1.7.2025].<\/p>\n<hr \/>\n<p><strong>651<\/strong> Friedrichshain. Neonazi-Demo in Berlin nach Gegenprotesten vorzeitig beendet \u2013 etwa 90 Festnahmen, in: rbb24, 23.3.2025,<br \/>\n<a href=\"https:\/\/www.rbb24.de\/politik\/beitrag\/2025\/03\/berlin-friedrichshain-polizei-demo-rechtsextremisten-gegendemos.html\" target=\"_blank\" rel=\"noopener\"> Online-Quelle<\/a><br \/>\n[1.7.2025].<\/p>\n<hr \/>\n<p><strong>652<\/strong> Peter, Erik: Rechtsextreme Demoversuche in Berlin. Endsieg bis auf Weiteres verschoben, in: taz, 29.3.2025,<br \/>\n<a href=\"https:\/\/taz.de\/Rechtsextreme-Demoversuche-in-Berlin\/!6076058\/\" target=\"_blank\" rel=\"noopener\"> Online-Quelle<\/a><br \/>\n[1.7.2025].<\/p>\n<hr \/>\n<p><strong>653<\/strong> Weiermann, Sebastian: Ferhat Sent\u00fcrk wendet sich von der extremen Rechten ab, in: nd, 8.4.2025,<br \/>\n<a href=\"https:\/\/www.nd-aktuell.de\/artikel\/1190328.extreme-rechte-ferhat-sentuerk-wendet-sich-von-der-extrem-rechten-ab.html\" target=\"_blank\" rel=\"noopener\"> Online-Quelle<\/a><br \/>\n[1.7.2025].<\/p>\n<hr \/>\n<p><strong>654<\/strong> Lenze, Dominik: Update \/ Berliner Polizei im Gro\u00dfeinsatz. Ex-AfD-Politiker mobilisiert in Neuk\u00f6lln f\u00fcr Gaza \u2013 doch keiner kommt, in: Tagesspiegel, 30.8.2025,<br \/>\n<a href=\"https:\/\/www.tagesspiegel.de\/berlin\/berliner-polizei-im-grosseinsatz-ex-afd-politiker-mobilisiert-fur-gaza--doch-keiner-kommt-14251049.html\" target=\"_blank\" rel=\"noopener\"> Online-Quelle<\/a><br \/>\n[31.8.2025].<\/p>\n<hr \/>\n<p><strong>655<\/strong> Kleinpartei \u201eIII. Weg\u201c. 30 Festnahmen bei rechtsextremer Demo \u2013 Angriffe auf Polizisten und Journalisten, in: rbb24, 30.3.2025,<br \/>\n<a href=\"https:\/\/www.rbb24.de\/politik\/beitrag\/2025\/03\/berlin-marzahn-hellersdorf-dritter-weg-neonazi-rechtsextrem-demo-protest.html\" target=\"_blank\" rel=\"noopener\"> Online-Quelle<\/a><br \/>\n[1.7.2025].<\/p>\n<hr \/>\n<p><strong>656<\/strong> L\u00e4kamp, Jannik \/ Windisch, Maria: Dritter Weg: Neonazi-Demo eskaliert in Hellersdorf \u2013 Video, in: Berliner Zeitung, 29.3.2025,<br \/>\n<a href=\"https:\/\/www.berliner-zeitung.de\/news\/dritter-weg-in-hellersdorf-neonazis-marschieren-am-samstag-mehrere-gegendemos-li.2311578\" target=\"_blank\" rel=\"noopener\"> Online-Quelle<\/a><br \/>\n[1.7.2025].<\/p>\n<hr \/>\n<p><strong>657<\/strong> Lenze, Dominik \/ Becker, Lea: Update \/ insgesamt 29 Festnahmen. Polizisten von Neonazis nach rechtsextremer Demo in Berlin-Hellersdorf verletzt, in: Tagesspiegel, 30.3.2025,<br \/>\n<a href=\"https:\/\/www.tagesspiegel.de\/berlin\/insgesamt-29-festnahmen-polizisten-von-neonazis-nach-rechtsextremer-demo-in-berlin-hellersdorf-verletzt-13454233.html\" target=\"_blank\" rel=\"noopener\"> Online-Quelle<\/a><br \/>\n[1.7.2025].<\/p>\n<hr \/>\n<p><strong>658<\/strong> Rkwol: Neonazi-Aufmarsch floppt in Herford \u2013 eine R\u00fcckschau, in: Recherche Kollektiv Ostwestfalen, 23.5.2025,<br \/>\n<a href=\"https:\/\/rkowl.noblogs.org\/post\/2025\/05\/23\/neonazi-aufmarsch-floppt-in-herford-eine-rueckschau\/\" target=\"_blank\" rel=\"noopener\"> Online-Quelle<\/a><br \/>\n[1.7.2025].<\/p>\n<hr \/>\n<p><strong>659<\/strong> Rkwol: Polizeimeldungen f\u00fcr Herford, 17.5.2025: Besondere Versammlungslage \u2013 Information zu den Aufz\u00fcgen in Herford am 15.5.2025, in: news.de, 17.5.2025,<br \/>\n<a href=\"https:\/\/www.news.de\/lokales\/858620311\/blaulichtreport-aktuell-aus-herford-am-17-05-2025-versammlung-heute\/1\/\" target=\"_blank\" rel=\"noopener\"> Online-Quelle<\/a><br \/>\n[2.7.2025].<\/p>\n<hr \/>\n<p><strong>660<\/strong> Alle Termine, in: CSD-Termine,<br \/>\n<a href=\"https:\/\/www.csd-termine.de\/tabelle\" target=\"_blank\" rel=\"noopener\"> Online-Quelle<\/a><br \/>\n[15.7.2025].<\/p>\n<hr \/>\n<p><strong>661<\/strong> Angriffe auf CSD-Demos. Rechtsextremisten fokussieren sich vermehrt auf queere Szene, in: Tagesspiegel, 24.10.2024,<br \/>\n<a href=\"https:\/\/www.tagesspiegel.de\/gesellschaft\/queerspiegel\/angriffe-auf-csd-demos-rechtsextremisten-fokussieren-sich-vermehrt-auf-queere-szene-12590465.html\" target=\"_blank\" rel=\"noopener\"> Online-Quelle<\/a><br \/>\n[16.7.2025].<\/p>\n<hr \/>\n<p><strong>662<\/strong> Mellea, Jessa \/ D\u00fcker, Joe: Eine neue Generation von Neonazis: Mobilisierung gegen CSD-Veranstaltungen im Jahr 2024 durch rechtsextreme Jugendgruppen im Internet, in: CeMAS Research Paper, November 2024,<br \/>\n<a href=\"https:\/\/cemas.io\/publikationen\/neue-generation-neonazis-mobilisierung-gegen-csd-veranstaltungen\/\" target=\"_blank\" rel=\"noopener\"> Online-Quelle<\/a><br \/>\n[22.6.2025].<\/p>\n<hr \/>\n<p><strong>663<\/strong> Pillatzki, Jessica: Keine Festnahme. Waffen geklaut und \u00dcberf\u00e4lle \u2013 Razzia bei Neonazis, in: Berliner Morgenpost, 23.10.2024,<br \/>\n<a href=\"https:\/\/www.morgenpost.de\/berlin\/article407526759\/waffen-geklaut-ueberfaelle-razzia-in-rechtsextremer-szene.html\" target=\"_blank\" rel=\"noopener\"> Online-Quelle<\/a><br \/>\n[26.7.2025].<\/p>\n<hr \/>\n<p><strong>664<\/strong> Peter, Erik: Haftstrafe f\u00fcr Julian M. Neonazis will friedlich sein, in: taz, 9.4.2025,<br \/>\n<a href=\"https:\/\/taz.de\/Haftstrafe-fuer-Julian-M\/!6077719\/\" target=\"_blank\" rel=\"noopener\"> Online-Quelle<\/a><br \/>\n[26.7.2025].<\/p>\n<hr \/>\n<p><strong>665<\/strong> Siggelkow, Pascal: Oueerfeindlichkeit. Wie Rechtsextreme den Pride Month umdeuten wollen, in: tagesschau, 31.5.2025,<br \/>\n<a href=\"https:\/\/www.tagesschau.de\/faktenfinder\/kontext\/stolzmonat-csd-100.html\" target=\"_blank\" rel=\"noopener\"> Online-Quelle<\/a><br \/>\n[5.7.2025].<\/p>\n<hr \/>\n<p><strong>666<\/strong> CSD Dresden: Oueere Gegendemo protestiert gegen rechtsextremen Aufmarsch, in: MDR Sachsen 31.5.2025,<br \/>\n<a href=\"https:\/\/www.mdr.de\/nachrichten\/sachsen\/dresden\/dresden-radebeul\/csd-demo-elblandrevolte-rechstextremismus-queer-100.html\" target=\"_blank\" rel=\"noopener\"> Online-Quelle<\/a><br \/>\n[17.7.2025].<\/p>\n<hr \/>\n<p><strong>667<\/strong> Bremser, Thomas: Streit um \u201eStolzmonat\u201c: Queerer Influencer triumphiert \u00fcber rechte Szene, in: tag24, 27.6.2025,<br \/>\n<a href=\"https:\/\/www.tag24.de\/thema\/lgbtq\/streit-um-stolzmonat-queerer-influencer-triumphiert-ueber-rechte-szene-3398449\" target=\"_blank\" rel=\"noopener\"> Online-Quelle<\/a><br \/>\n[5.7.2025].<\/p>\n<hr \/>\n<p><strong>668<\/strong> Woidke verurteilt Angriff in Bad Freienwalde, in: Nordkurier, 21.6.2025,<br \/>\n<a href=\"https:\/\/www.nordkurier.de\/regional\/brandenburg\/woidke-verurteilt-angriff-in-bad-freienwalde-3688988\" target=\"_blank\" rel=\"noopener\"> Online-Quelle<\/a><br \/>\n[17.7.2025].<\/p>\n<hr \/>\n<p><strong>669<\/strong> Wendel, Monika: Update \/ Nach Angriff auf Vielfaltsfest in Bad Freienwalde. Durchsuchung bei 21-j\u00e4higem \u2013 keine Festnahme, in: Tagesspiegel, 19.6.2025,<br \/>\n<a href=\"https:\/\/www.tagesspiegel.de\/potsdam\/brandenburg\/angriff-auf-fest-fur-vielfalt-durchsuchungen-nach-angriff-in-bad-freienwalde-13879102.html\" target=\"_blank\" rel=\"noopener\"> Online-Quelle<\/a><br \/>\n[17.7.2025].<\/p>\n<hr \/>\n<p><strong>670<\/strong> Hunderte bei \u201eMarzahn-Pride\u201c- kleine Gegendemo und ein Versuchter Angriff, in: rbb24, 22.6.2025,<br \/>\n<a href=\"https:\/\/www.rbb24.de\/panorama\/beitrag\/2025\/06\/hunderte-marzahn-pride-kleine-gegendemo.html\" target=\"_blank\" rel=\"noopener\"> Online-Quelle<\/a><br \/>\n[18.7.2025].<\/p>\n<hr \/>\n<p><strong>671<\/strong> Gemeinsame Erkl\u00e4rung des Bezirksamts zur LGBTIQ-Parade \u201eMarzahn-Pride\u201c am 21. Juni 2012, in: Bezirksamt Marzahn-Hellersdorf, 18.6.2025,<br \/>\n<a href=\"https:\/\/www.berlin.de\/ba-marzahn-hellersdorf\/aktuelles\/pressemitteilungen\/2025\/pressemitteilung.1571221.php\" target=\"_blank\" rel=\"noopener\"> Online-Quelle<\/a><br \/>\n[18.7.2025].<\/p>\n<hr \/>\n<p><strong>672<\/strong> Senatorin unterst\u00fctzt \u201ePride-Parade\u201c gegen Neonazis, in: General-Anzeiger, 19.6.2025,<br \/>\n<a href=\"https:\/\/ga.de\/senatorin-unterstuetzt-pride-parade-gegen-neonazis_aid-129535999\" target=\"_blank\" rel=\"noopener\"> Online-Quelle<\/a><br \/>\n[18.7.2025].<\/p>\n<hr \/>\n<p><strong>673<\/strong> 21.6.2025 \u2013 Neonazisaufmarsch in Hellersdorf, in: Fight Back, 28.6.2025,<br \/>\n<a href=\"https:\/\/antifa-berlin.info\/recherche\/1864-21062025---neonaziaufmarsch-in-hellersdorf\" target=\"_blank\" rel=\"noopener\"> Online-Quelle<\/a><br \/>\n[18.7.2025].<\/p>\n<hr \/>\n<p><strong>674<\/strong> Neonazi-Demo gegen CSD in Wittenberg, in: democ., 21.6.2025,<br \/>\n<a href=\"https:\/\/democ.de\/artikel\/neonazis-gegen-csd-wittenberg\/\" target=\"_blank\" rel=\"noopener\"> Online-Quelle<\/a><br \/>\n[20.7.2025].<\/p>\n<hr \/>\n<p><strong>675<\/strong> 5.7.2025 \u2013 Neonazisaufmarsch in Falkensee, in: Fight Back, 28.6.2025,<br \/>\n<a href=\"https:\/\/antifa-berlin.info\/recherche\/1866-05072025---neonaziaufmarsch-in-falkensee\" target=\"_blank\" rel=\"noopener\"> Online-Quelle<\/a><br \/>\n[19.7.2025].<\/p>\n<hr \/>\n<p><strong>676<\/strong> Geiler, Julius \/ Probandt, Melanie: Trotz Dauerregens und Neonazi-Gegenprotest. So viele Teilnehmer wie noch nie beim CSD Bernau, in: Tagesspiegel, 12.7.2025,<br \/>\n<a href=\"https:\/\/www.tagesspiegel.de\/potsdam\/brandenburg\/video-trotz-dauerregens-und-neonazi-gegenprotest-so-viele-teilnehmer-wie-noch-nie-beim-csd-bernau-14014541.html\" target=\"_blank\" rel=\"noopener\"> Online-Quelle<\/a><br \/>\n[20.7.2025].<\/p>\n<hr \/>\n<p><strong>677<\/strong> Siggelkow, Pascal: So viele Christopher Street Days wie noch nie in Brandenburg geplant, in: rbb, 24, 16.5.2025,<br \/>\n<a href=\"https:\/\/www.rbb24.de\/panorama\/beitrag\/2025\/05\/csd-brandenburg-christopher-street-day-pride-rekord-zahl.html\" target=\"_blank\" rel=\"noopener\"> Online-Quelle<\/a><br \/>\n[19.7.2025].<\/p>\n<hr \/>\n<p><strong>678<\/strong> Auth, Sophie: CSD-Feier am Samstag in Fulda \u2013 rechte Gruppierung veranstaltet Gegendemo, in: Fuldaer Zeitung, 13.7.2025,<br \/>\n<a href=\"https:\/\/www.fuldaerzeitung.de\/fulda\/juli-csd-fulda-uniplatz-rechte-gruppierung-veranstaltet-gegendemo-polizei-12-93829258.html\" target=\"_blank\" rel=\"noopener\"> Online-Quelle<\/a><br \/>\n[20.7.2025].<\/p>\n<hr \/>\n<p><strong>679<\/strong> Geiler, Julius: Update \/ Polizeiaktion gegen Neonazis in Berlin-Marzahn. Durchsuchungen bei \u201eDeutsche Jugend Voran\u201c-Mitgliedern, in: Tagesspiegel, 23.7.2025,<br \/>\n<a href=\"https:\/\/www.tagesspiegel.de\/berlin\/polizeiaktion-gegen-neonazis-in-berlin-marzahn-durchsuchungen-bei-deutsche-jugend-voran-mitgliedern-14070389.html\" target=\"_blank\" rel=\"noopener\"> Online-Quelle<\/a><br \/>\n[25.7.2025].<\/p>\n<hr \/>\n<p><strong>680<\/strong> Fr\u00f6hlich, Alexander \/ Geiler, Julius: Update \/ Polizeiaktion gegen Neonazis in Berlin-Marzahn. Durchsuchungen bei \u201eDeutsche Jugend Voran\u201c-Mitgliedern, in: Tagesspiegel, 29.7.2025,<br \/>\n<a href=\"https:\/\/www.tagesspiegel.de\/berlin\/wieder-beim-berlin-csd-festgenommen-neonazi-anfuhrer-julian-m-lief-trotz-hafturteil-vier-monate-frei-herum-14101262.html\" target=\"_blank\" rel=\"noopener\"> Online-Quelle<\/a><br \/>\n[30.7.2025].<\/p>\n<hr \/>\n<p><strong>681<\/strong> Braungart, Eva Maria \/ L\u00e4kamp, Jannik: CSD in Berlin: Anmelderin der Gegendemo wegen Versto\u00df gegen Waffenverbot festgenommen, in: Berliner Zeitung, 26.7.2025,<br \/>\n<a href=\"https:\/\/www.berliner-zeitung.de\/news\/csd-in-berlin-am-samstag-hunderttausende-feiernde-erwartet-li.2344650\" target=\"_blank\" rel=\"noopener\"> Online-Quelle<\/a><br \/>\n[26.7.2025].<\/p>\n<hr \/>\n<p><strong>682<\/strong> Zehntausende feiern politischen CSD \u2013 Mehrere Festnahmen bei rechtsextremer Gegendemo, in: Welt, 26.7.2025,<br \/>\n<a href=\"https:\/\/www.welt.de\/vermischtes\/article6884f4b610b8f718b650285e\/CSD-in-Berlin-Zehntausende-feiern-Mehrere-Festnahmen-bei-rechtsextremer-Gegendemo.html\" target=\"_blank\" rel=\"noopener\"> Online-Quelle<\/a><br \/>\n[27.7.2025].<\/p>\n<hr \/>\n<p><strong>683<\/strong> CSD in Bautzen geht friedlich \u00fcber die B\u00fchne, in: mdr Sachsen, 11.8.2025,<br \/>\n<a href=\"https:\/\/www.mdr.de\/nachrichten\/sachsen\/bautzen\/bautzen-hoyerswerda-kamenz\/csd-demonstration-queer-verkehr-stau-gegendemo-polizei-104.html\" target=\"_blank\" rel=\"noopener\"> Online-Quelle<\/a><br \/>\n[18.8.2025].<\/p>\n<hr \/>\n<p><strong>684<\/strong> Sch\u00f6nbach, Ulli \/ Sch\u00f6nbach, Miriam \/ Klose, Fionn \/ H\u00f6lscher, Julian: Liveticker zum Nachlesen. CSD Bautzen: \u201eWahnsinnige Party und lautes Zeichen\u201c, in: s\u00e4chsische.de, 10.8.2025,<br \/>\n<a href=\"https:\/\/www.saechsische.de\/lokales\/bautzen-lk\/bautzen\/csd-in-bautzen-polizei-erwartet-bis-zu-3000-teilnehmer-demonstrationen-unter-strengen-auflagen-66VXZP35WRDCHAI3L6WS23TQ44.html\" target=\"_blank\" rel=\"noopener\"> Online-Quelle<\/a><br \/>\n[18.8.2025].<\/p>\n<hr \/>\n<p><strong>685<\/strong> Angriffe auf CSD-Demos. Rechtsextremisten fokussieren sich vermehrt auf queere Szene, in: Tagesspiegel, 24.10.2024,<br \/>\n<a href=\"https:\/\/www.tagesspiegel.de\/gesellschaft\/queerspiegel\/angriffe-auf-csd-demos-rechtsextremisten-fokussieren-sich-vermehrt-auf-queere-szene-12590465.html\" target=\"_blank\" rel=\"noopener\"> Online-Quelle<\/a><br \/>\n[16.7.2025].<\/p>\n<hr \/>\n<p><strong>686<\/strong> Polizei im Gro\u00dfeinsatz. AfD startet Wahlkampf in Halle: Mehr als 9.000 Menschen demonstrieren, in: MDR Sachsen-Anhalt, 26.1.2025,<br \/>\n<a href=\"https:\/\/www.mdr.de\/nachrichten\/sachsen-anhalt\/halle\/halle\/afd-wahlkampf-bundestagswahl-polizei-verkehr-messe-104.html\" target=\"_blank\" rel=\"noopener\"> Online-Quelle<\/a><br \/>\n[20.7.2025].<\/p>\n<hr \/>\n<p><strong>687<\/strong> Alice Weidel. Halle AfD Wahlkampfauftakt, in: weichreite 25.1.2025,<br \/>\n<a href=\"https:\/\/www.youtube.com\/watch?v=0yqbrRERfHg\" target=\"_blank\" rel=\"noopener\"> Online-Quelle<\/a><br \/>\n[20.7.2025].<\/p>\n<hr \/>\n<p><strong>688<\/strong> Ein Jahr Krieg in der Ukraine: Kriegsfolgen in Deutschland: Hohe Energiepreise und steigende Inflation, in: RedaktionsNetzwerk Deutschland, 22.2.2023,<br \/>\n<a href=\"https:\/\/www.rnd.de\/wirtschaft\/ukraine-krieg-sorgt-fuer-hohe-energiepreise-und-inflation-in-deutschland-YFNWN23JCZODIUFYB2VZAMVQKY.html\" target=\"_blank\" rel=\"noopener\"> Online-Quelle<\/a><br \/>\n[21.7.2023].<\/p>\n<hr \/>\n<p><strong>689<\/strong> Meier, Martin: \u201eAktion Solidarit\u00e4t\u201c \u2013 Identit\u00e4re entern Nordstream 2, in: Hanse Rundschau, 29.8.2022.<\/p>\n<hr \/>\n<p><strong>690<\/strong> Ticker: Linke und Rechte starten in Leipzig \u201eHei\u00dfen Herbst\u201c mit Protesten gegen Regierung, in: MDR Sachsen, 6.9.2022,<br \/>\n<a href=\"https:\/\/www.mdr.de\/nachrichten\/sachsen\/leipzig\/leipzig-leipzig-land\/ticker-proteste-links-rechts-energiepreise-lebensmittel-heisser-herbst-100.html\" target=\"_blank\" rel=\"noopener\"> Online-Quelle<\/a><br \/>\n[21.7.2023].<\/p>\n<hr \/>\n<p><strong>691<\/strong> Tausende Menschen bei AfD-Demo gegen Folgen der Energiekrise, in: Meetingpoint Magdeburg, 6.9.2022,<br \/>\n<a href=\"https:\/\/www.meetingpoint-magdeburg.de\/neuigkeiten\/artikel\/110570-tausende-menschen-bei-afd-demo-gegen-folgen-der-energiekrise\" target=\"_blank\" rel=\"noopener\"> Online-Quelle<\/a><br \/>\n[23.10.2025].<\/p>\n<hr \/>\n<p><strong>692<\/strong> Stra\u00dfenproteste. Auch am Tag der deutschen Einheit beteiligen sich viele an Montagsdemos, in: rbb 24, 4.10.2022,<br \/>\n<a href=\"https:\/\/www.rbb24.de\/politik\/beitrag\/2022\/10\/berlin-brandenburg-demonstrationen-proteste-ueberblick-montag.html\" target=\"_blank\" rel=\"noopener\"> Online-Quelle<\/a><br \/>\n[21.7.2023].<\/p>\n<hr \/>\n<p><strong>693<\/strong> Unter dem Motto \u201eUnser Land zuerst\u201c. Tausende AfD-Anh\u00e4nger demonstrierten in Berlin, in: Spiegel\/Politik, 8.10.2022,<br \/>\n<a href=\"https:\/\/www.spiegel.de\/politik\/deutschland\/afd-demonstration-in-berlin-tausende-fordern-unser-land-zuerst-a-9e305634-24d7-4b98-abb7-475d475bed22\" target=\"_blank\" rel=\"noopener\"> Online-Quelle<\/a><br \/>\n[24.7.2023].<\/p>\n<hr \/>\n<p><strong>694<\/strong> Protest gegen Energiepolitik. Rund 10000 AfD-Anh\u00e4nger demonstrierten, in: ntv, 11.10.2022,<br \/>\n<a href=\"https:\/\/www.n-tv.de\/politik\/Berlin-Rund-10-000-AfD-Anhaenger-demonstrieren-gegen-deutsche-Energiepolitik-article23637424.html\" target=\"_blank\" rel=\"noopener\"> Online-Quelle<\/a><br \/>\n[24.7.2023].<\/p>\n<hr \/>\n<p><strong>695<\/strong> K\u00fchn, Timm: Protest gegen AfD-Demo in Berlin. Antifaschistische Blamage, in: taz, 9.10.2022,<br \/>\n<a href=\"https:\/\/taz.de\/Protest-gegen-AfD-Demo-in-Berlin\/!5884493\/\" target=\"_blank\" rel=\"noopener\"> Online-Quelle<\/a><br \/>\n[24.7.2023].<\/p>\n<hr \/>\n<p><strong>696<\/strong> Peters, David: \u201eQuerdenker\u201c-DJ spielt Ausschreitungen in Kassel herunter, in: t-online, 25.3.2021,<br \/>\n<a href=\"https:\/\/www.t-online.de\/region\/dortmund\/news\/id_89722050\/polizei-ueber-nrw-querdenker-friedliche-meinungsaeusserung-ist-nicht-das-ziel-.html\" target=\"_blank\" rel=\"noopener\"> Online-Quelle<\/a><br \/>\n[18.12.2023].<\/p>\n<hr \/>\n<p><strong>697<\/strong> 20.000 Teilnehmer bei Querdenker-Demo in Kassel: Massive Auseinandersetzungen mit der Polizei, in: rnd, 20.3.2021,<br \/>\n<a href=\"https:\/\/www.rnd.de\/politik\/20000-auf-corona-demo-in-kassel-querdenker-liefern-sich-auseinandersetzungen-mit-polizei-ZQIL72UQH2UID5BBDZ7KDRLAAQ.html\" target=\"_blank\" rel=\"noopener\"> Online-Quelle<\/a><br \/>\n[18.12.2023].<\/p>\n<hr \/>\n<p><strong>698<\/strong> Peters, David: \u201eQuerdenker\u201c-DJ spielt Ausschreitungen in Kassel herunter, in: t-online, 25.3.2021,<br \/>\n<a href=\"https:\/\/www.t-online.de\/region\/dortmund\/news\/id_89722050\/polizei-ueber-nrw-querdenker-friedliche-meinungsaeusserung-ist-nicht-das-ziel-.html\" target=\"_blank\" rel=\"noopener\"> Online-Quelle<\/a><br \/>\n[18.12.2023].<\/p>\n<hr \/>\n<p><strong>699<\/strong> Ebenda.<\/p>\n<hr \/>\n<\/div><\/section>\n<section  id=\"siebenhundert\"  class='av_textblock_section av-mlfjz3do-e05dac8553f55178dd0d93a3b7b69c12 '   itemscope=\"itemscope\" itemtype=\"https:\/\/schema.org\/CreativeWork\" ><div class='avia_textblock'  itemprop=\"text\" ><h3><strong>700<\/strong><\/h3>\n<\/div><\/section>\n<section  class='av_textblock_section av-mlfkahkm-15c2be5971e29d276fdf07a85df10c55 '   itemscope=\"itemscope\" itemtype=\"https:\/\/schema.org\/CreativeWork\" ><div class='avia_textblock'  itemprop=\"text\" ><hr \/>\n<p><strong>700<\/strong> \u201eQuerdenken\u201c-Demo in Kassel. Polizeieinsatz in Kassels gewaltvoll, in: taz, 21.3.2021,<br \/>\n<a href=\"https:\/\/taz.de\/Querdenken-Demo-in-Kassel\/!5759961\/\" target=\"_blank\" rel=\"noopener\"> Online-Quelle<\/a><br \/>\n[18.12.2023].<\/p>\n<hr \/>\n<p><strong>701<\/strong> Wasserwerfer, Pfefferspray, Flaschenw\u00fcrfe. Zusammenst\u00f6\u00dfe zwischen \u201eQuerdenkern\u201c und Polizei in Kassel, in: hessenschau, 20.3.2021,<br \/>\n<a href=\"https:\/\/www.hessenschau.de\/gesellschaft\/20000-menschen-bei-demo-in-kassel-querdenker-und-polizei-stossen-gewaltsam-aufeinander-,protest-kassel-102.html\" target=\"_blank\" rel=\"noopener\"> Online-Quelle<\/a><br \/>\n[18.12.2023].<\/p>\n<hr \/>\n<p><strong>702<\/strong> Zimmermann, Melanie: Bundesweiter Aufruf: Querdenker sind in G\u00f6ttingen im Anmarsch, in HNA, 30.3.2023,<br \/>\n<a href=\"https:\/\/www.hna.de\/lokales\/goettingen\/goettingen-ort28741\/bundesweiter-aufruf-querdenker-sind-in-goettingen-im-anmarsch-92179448.html\" target=\"_blank\" rel=\"noopener\"> Online-Quelle<\/a><br \/>\n[16.12.2023].<\/p>\n<hr \/>\n<p><strong>703<\/strong> Peters, David: \u201eQuerdenker\u201c-DJ spielt Ausschreitungen in Kassel herunter, in: t-online, 25.3.2021,<br \/>\n<a href=\"https:\/\/www.t-online.de\/region\/dortmund\/news\/id_89722050\/polizei-ueber-nrw-querdenker-friedliche-meinungsaeusserung-ist-nicht-das-ziel-.html\" target=\"_blank\" rel=\"noopener\"> Online-Quelle<\/a><br \/>\n[18.12.2023].<\/p>\n<hr \/>\n<p><strong>704<\/strong> Mayr, Sebastian: Bundestagswahl 2021: Kandidat im Landkreis Neu-Ulm: Daniel Langhans bezeichnet Corona als \u201eProjekt\u201c, in: Neu-Ulmer Zeitung, 24.9.2021,<br \/>\n<a href=\"https:\/\/www.augsburger-allgemeine.de\/neu-ulm\/Bundestagswahl-2021-Kandidaten-Wahlkreis-Neu-Ulm-Daniel-Langhans-bezeichnet-Corona-als-Projekt-id60246601.html\" target=\"_blank\" rel=\"noopener\"> Online-Quelle<\/a><br \/>\n[23.12.2023].<\/p>\n<hr \/>\n<p><strong>705<\/strong> Lang, Florian: Ulm\/Ravensburg. Ulmer OB-Kandidat Daniel Langhans wegen Volkverhetzung verurteilt, in: Neu-Ulmer Zeitung, 15.12.2023,<br \/>\n<a href=\"https:\/\/www.augsburger-allgemeine.de\/neu-ulm\/ulm-ravensburg-daniel-langhans-in-ravensburg-wegen-volksverhetzung-verurteilt-id68809301.html\" target=\"_blank\" rel=\"noopener\"> Online-Quelle<\/a><br \/>\n[28.12.2023].<\/p>\n<hr \/>\n<p><strong>706<\/strong> Kroha, Michael: Hannover\/Pfaffenhofen. Eklat um Daniel Langhans: \u201eNazis geben in der Ukraine den Ton an\u201c, in: Neu-Ulmer Zeitung, 19.5.2022,<br \/>\n<a href=\"https:\/\/www.augsburger-allgemeine.de\/neu-ulm\/hannover-pfaffenhofen-eklat-um-daniel-langhans-nazis-geben-in-der-ukraine-den-ton-an-id62698231.html\" target=\"_blank\" rel=\"noopener\"> Online-Quelle<\/a><br \/>\n[20.12.2023].<\/p>\n<hr \/>\n<p><strong>707<\/strong> N\u00f6lken, Nico: Mordfantasien bei \u201eQuerdenker\u201c-Demo in Hamm. \u201eDie Leute m\u00fcssen eliminiert werden.\u201c, in: Bild, 6.3.2021,<br \/>\n<a href=\"https:\/\/www.bild.de\/regional\/ruhrgebiet\/ruhrgebiet-aktuell\/mordfantasien-bei-querdenker-demo-in-hamm-teilnehmer-immer-radikaler-75644558.bild.html\" target=\"_blank\" rel=\"noopener\"> Online-Quelle<\/a><br \/>\n[22.12.2023].<\/p>\n<hr \/>\n<p><strong>708<\/strong> Zimmermann, Melanie: Bundesweiter Aufruf: Querdenker sind in G\u00f6ttingen im Anmarsch, in: HNA 30.3.2023,<br \/>\n<a href=\"https:\/\/www.hna.de\/lokales\/goettingen\/goettingen-ort28741\/bundesweiter-aufruf-querdenker-sind-in-goettingen-im-anmarsch-92179448.html\" target=\"_blank\" rel=\"noopener\"> Online-Quelle<\/a><br \/>\n[23.12.2023].<\/p>\n<hr \/>\n<p><strong>709<\/strong> Selim, Amir \/ Rampfel, Stefan \/ Zimmermann, Melanie: Querdenker-Demo in G\u00f6ttingen: Versammlung ist offiziell beendet, in: HNA, 2.4.2023,<br \/>\n<a href=\"https:\/\/www.hna.de\/lokales\/goettingen\/goettingen-ort28741\/verkehrsbehinderungen-querdenker-demo-in-goettingen-erhebliche-92185672.html\" target=\"_blank\" rel=\"noopener\"> Online-Quelle<\/a><br \/>\n[22.12.2023].<\/p>\n<hr \/>\n<p><strong>710<\/strong> Selim, Amir \/ Rampfel, Stefan \/ Zimmermann, Melanie: Gro\u00dfer Protest in G\u00f6ttingen gegen Querdenker-Demo \u2013 Polizei ermittelt wegen Hitlergru\u00df, in: HNA, 2.4.2023,<br \/>\n<a href=\"https:\/\/www.hna.de\/lokales\/goettingen\/goettingen-ort28741\/grosser-protest-in-goettingen-gegen-querdenker-demo-92187880.html\" target=\"_blank\" rel=\"noopener\"> Online-Quelle<\/a><br \/>\n[23.12.2023].<\/p>\n<hr \/>\n<p><strong>711<\/strong> Wieland, Lars: \u201eVerbrechen gegen die Menschlichkeit\u201c. Das gro\u00dfe Gesch\u00e4ft mit der Wut, in: t-online., 29.12.2023,<br \/>\n<a href=\"https:\/\/www.t-online.de\/nachrichten\/deutschland\/gesellschaft\/id_100304830\/-querdenker-anwalt-ralf-ludwig-das-geschaeft-mit-der-wut-um-corona.html\" target=\"_blank\" rel=\"noopener\"> Online-Quelle<\/a><br \/>\n[28.10.2025].<\/p>\n<hr \/>\n<p><strong>712<\/strong> Sternberg Jan: \u201eWiderstand 2020\u201c: Was ist das eigentlich?, in: rnd, 28.5.2020,<br \/>\n<a href=\"https:\/\/www.rnd.de\/politik\/widerstand-2020-was-ist-das-und-was-steckt-hinter-der-protestpartei-R2CPFI4ITJHU5DSZZXRPZXQFRM.html\" target=\"_blank\" rel=\"noopener\"> Online-Quelle<\/a><br \/>\n[23.4.2024].<\/p>\n<hr \/>\n<p><strong>713<\/strong> Im Mai 2022 erhob die Staatsanwaltschaft Anklage wegen des Verdachts der politisch motivierten Rechtsbeugung. Das Richterdienstgericht beim Landgericht Meiningen enthob Dettmar im Januar 2023 seines Amtes. Am 23. August 2023 wurde er zu zwei Jahren Freiheitsstrafe auf Bew\u00e4hrung verurteilt.<\/p>\n<hr \/>\n<p><strong>714<\/strong> Deutschland steht auf \u2013 Neustart Demokratie (DSA), in: Rhein-Main Rechtsau\u00dfen, 10.6.2025,<br \/>\n<a href=\"https:\/\/rheinmain-rechtsaussen.org\/glossar\/deutschland-steht-auf-neustart-demokratie\/\" target=\"_blank\" rel=\"noopener\"> Online-Quelle<\/a><br \/>\n[4.8.2025].<\/p>\n<hr \/>\n<p><strong>715<\/strong> Wegen versuchten Betrugs und Geldw\u00e4sche. Staatsanwaltschaft erhebt Anklage gegen \u201eQuerdenken\u201c-Initiator Michael Ballweg, in: rnd, 24.3.2023,<br \/>\n<a href=\"https:\/\/www.rnd.de\/politik\/michael-ballweg-anklage-gegen-querdenken-initiator-erhoben-5VH4VAHGIRO77JOKCAPY7NTUF4.html?dicbo=v2-thVwUKt\" target=\"_blank\" rel=\"noopener\"> Online-Quelle<\/a><br \/>\n[24.3.2023].<\/p>\n<hr \/>\n<p><strong>716<\/strong> Protest der \u201eQuerdenker\u201c-Bewegung am Brandenburger Tor, in: ntv, 6.8.2023,<br \/>\n<a href=\"https:\/\/www.n-tv.de\/regionales\/berlin-und-brandenburg\/Protest-der-Querdenker-Bewegung-am-Brandenburger-Tor-article24309020.html\" target=\"_blank\" rel=\"noopener\"> Online-Quelle<\/a><br \/>\n[6.8.2023].<\/p>\n<hr \/>\n<p><strong>717<\/strong> Rechte Demos. Tausende Menschen bei Protesten gegen Bundesregierung in Magdeburg \u2013 Gegendemo nicht weit entfernt, in: Volksstimme, 16.9.2023,<br \/>\n<a href=\"https:\/\/www.volksstimme.de\/lokal\/magdeburg\/demo-protesten-gegen-bundesregierung-extremismus-magdeburg-3692718\" target=\"_blank\" rel=\"noopener\"> Online-Quelle<\/a><br \/>\n[6.8.2025].<\/p>\n<hr \/>\n<p><strong>718<\/strong> Rechte Demo in Magdeburg. 2000 Menschen demonstrieren gegen Regierung, in: ntv, 16.9.2023,<br \/>\n<a href=\"https:\/\/www.n-tv.de\/politik\/2000-Menschen-protestieren-gegen-Regierung-article24401196.html\" target=\"_blank\" rel=\"noopener\"> Online-Quelle<\/a><br \/>\n[6.8.2025].<\/p>\n<hr \/>\n<p><strong>719<\/strong> Demonstrationen. Brennende M\u00fcllcontainer bei \u201eQuerdenker-Demo\u201c, in: Zeit online, 16.9.2023,<br \/>\n<a href=\"https:\/\/www.zeit.de\/news\/2023-09\/16\/brennende-muellcontainer-bei-querdenker-demo-in-goettingen\" target=\"_blank\" rel=\"noopener\"> Online-Quelle<\/a><br \/>\n[24.12.2023].<\/p>\n<hr \/>\n<p><strong>720<\/strong> Zimmermann, Melanie \/ Lipfert, Stefani \/ Rampfel, Stefan: \u201eHerbsterwachen\u201c-Demo in G\u00f6ttingen: Polizei zieht vorl\u00e4ufige Bilanz \u2013 Zwei Festnahmen, in: HNA, 18.9.2023,<br \/>\n<a href=\"https:\/\/www.hna.de\/lokales\/goettingen\/goettingen-ort28741\/gegendemos-geplant-querdenker-wollen-goettingen-aufklaeren-92523476.html\" target=\"_blank\" rel=\"noopener\"> Online-Quelle<\/a><br \/>\n[23.12.2023].<\/p>\n<hr \/>\n<p><strong>721<\/strong> St\u00e4rkste Kraft. AfD laut Umfrage in Sachsen-Anhalt knapp vor der CDU, in: rnd, 25.10.2023,<br \/>\n<a href=\"https:\/\/www.rnd.de\/politik\/afd-laut-umfrage-in-sachsen-anhalt-knapp-vor-der-cdu-7179120d-b234-4e1e-8b6d-a2dee897f406.html\" target=\"_blank\" rel=\"noopener\"> Online-Quelle<\/a><br \/>\n[24.12.2023].<\/p>\n<hr \/>\n<p><strong>722<\/strong> Peter, Erik: Rechte Demo am Tag der deutschen Einheit. Volksfest mit AfD, in: taz, 3.10.2023,<br \/>\n<a href=\"https:\/\/taz.de\/Rechte-Demo-am-Tag-der-Deutschen-Einheit\/!5961046\/\" target=\"_blank\" rel=\"noopener\"> Online-Quelle<\/a><br \/>\n[27.12.2023].<\/p>\n<hr \/>\n<p><strong>723<\/strong> Die Oberb\u00fcrgermeisterwahl in Ulm 2023, Das Ergebnis der OB-Wahl vom 3. Dezember, in: Landeszentrale f\u00fcr politische Bildung Baden-W\u00fcrttemberg, 17.1.22023,<br \/>\n<a href=\"https:\/\/www.lpb-bw.de\/ob-wahl-ulm-2023-1\" target=\"_blank\" rel=\"noopener\"> Online-Quelle<\/a><br \/>\n[28.12.2023].<\/p>\n<hr \/>\n<p><strong>724<\/strong> N\u00f6tzel, Maja: Kein Einfluss auf Stichwahl am Sonntag. Ulmer Oberb\u00fcrgermeisterwahl: Langhans erhebt Einspruch, in: SWR aktuell, 13.12.2023,<br \/>\n<a href=\"https:\/\/www.swr.de\/swraktuell\/baden-wuerttemberg\/ulm\/einspruch-gegen-ob-wahl-ulm-was-sind-die-folgen-100.html\" target=\"_blank\" rel=\"noopener\"> Online-Quelle<\/a><br \/>\n[28.12.2023].<\/p>\n<hr \/>\n<p><strong>725<\/strong> Gro\u00dfaufgebot der Polizei im Einsatz. Zw\u00f6lf Festnahmen bei Gegendemo in Weil am Rhein, in swr aktuell, 23.102023,<br \/>\n<a href=\"https:\/\/www.swr.de\/swraktuell\/baden-wuerttemberg\/suedbaden\/kundgebung-in-basel-querdenker-demo-in-weil-am-rhein-100.html\" target=\"_blank\" rel=\"noopener\"> Online-Quelle<\/a><br \/>\n[30.12.2023].<\/p>\n<hr \/>\n<p><strong>726<\/strong> Winand, Lars: Das gro\u00dfe Gesch\u00e4ft mit der Corona-Wut, in: t-online, 29.12.2023,<br \/>\n<a href=\"https:\/\/www.t-online.de\/nachrichten\/deutschland\/gesellschaft\/id_100304830\/-querdenker-anwalt-ralf-ludwig-das-geschaeft-mit-der-wut-um-corona.html?utm_source=pocket-newtab-de-de\" target=\"_blank\" rel=\"noopener\"> Online-Quelle<\/a><br \/>\n[23.4.2024].<\/p>\n<hr \/>\n<p><strong>727<\/strong> Stier, Johannes: Unter anderem Protest wegen Corona-Impfungen. Karlsruhe: Rund 6.000 Teilnehmende bei \u201eQuerdenker\u201c-Demonstration, in: swr aktuell, 10.12.2023,<br \/>\n<a href=\"https:\/\/www.swr.de\/swraktuell\/baden-wuerttemberg\/karlsruhe\/grosse-querdenker-demonstration-in-karlsruhe-100.html\" target=\"_blank\" rel=\"noopener\"> Online-Quelle<\/a><br \/>\n[30.12.2023].<\/p>\n<hr \/>\n<p><strong>728<\/strong> Zimmermann, Melanie: \u201eQuerdenker\u201c und Gegenprotest bringen das Leben in der G\u00f6ttinger Innenstadt zum Erliegen, in: HNA, 11.1.2024,<br \/>\n<a href=\"https:\/\/www.hna.de\/lokales\/goettingen\/goettingen-ort28741\/querdenker-und-gegenprotest-legen-goettingen-lahm-92770405.html\" target=\"_blank\" rel=\"noopener\"> Online-Quelle<\/a><br \/>\n[26.4.2024].<\/p>\n<hr \/>\n<p><strong>729<\/strong> Querdenker Marcus Fuchs wegen Ansprache verurteilt! \u201eWiederholung der russischen Propagandam\u00e4rchen\u201c, in: TAG24,<br \/>\n<a href=\"https:\/\/www.tag24.de\/justiz\/gerichtsprozesse-dresden\/dresden-querdenker-marcus-fuchs-wegen-ansprache-verurteilt-wiederholung-der-russischen-propagandamaerchen-3174738\" target=\"_blank\" rel=\"noopener\"> Online-Quelle<\/a><br \/>\n[2.5.2024].<\/p>\n<hr \/>\n<p><strong>730<\/strong> Rampfel, Stefan \/ Mennecke, Konstantin \/ Breiding, Jenny \/ Zimmermann, Melanie: Querdenken-Demo und Gegenprotest in G\u00f6ttingen: Polizei zieht Bilanz, in: HNA, 17.1.2024,<br \/>\n<a href=\"https:\/\/www.hna.de\/lokales\/goettingen\/goettingen-ort28741\/goettingen-news-ticker-querdenker-demo-und-gegenprotest-in-92772981.html\" target=\"_blank\" rel=\"noopener\"> Online-Quelle<\/a><br \/>\n[4.5.2024].<\/p>\n<hr \/>\n<p><strong>731<\/strong> Rampfel, Stefan \/ Mennecke, Konstantin \/ Breiding, Jenny \/ Zimmermann, Melanie: Querdenken-Demo und Gegenprotest in G\u00f6ttingen: Polizei zieht Bilanz, in: HNA, 17.1.2024,<br \/>\n<a href=\"https:\/\/www.hna.de\/lokales\/goettingen\/goettingen-ort28741\/goettingen-news-ticker-querdenker-demo-und-gegenprotest-in-92772981.html\" target=\"_blank\" rel=\"noopener\"> Online-Quelle<\/a><br \/>\n[4.5.2024].<\/p>\n<hr \/>\n<p><strong>732<\/strong> Kohlwes, Tammo: \u201eQuerdenker\u201c-Aufmarsch und Gegenprotest. 21 verletzte Beamte, vier Festnahmen: Polizei zieht Bilanz nach Gro\u00dfdemos in G\u00f6ttingen \u2013 und kritisiert Krawallmacher, in: G\u00f6ttinger Tageblatt, 15.1.2024,<br \/>\n<a href=\"https:\/\/www.goettinger-tageblatt.de\/lokales\/goettingen-lk\/goettingen\/querdenker-demo-in-goettingen-polizei-zieht-einsatzbilanz-nach-protesten-am-13-januar-4UECW6AXRBGIJBSOUZTJG2UYZ4.html\" target=\"_blank\" rel=\"noopener\"> Online-Quelle<\/a><br \/>\n[27.4.2024].<\/p>\n<hr \/>\n<p><strong>733<\/strong> Ebenda.<\/p>\n<hr \/>\n<p><strong>734<\/strong> Ebenda.<\/p>\n<hr \/>\n<p><strong>735<\/strong> Rechte Demo in Braunschweig verboten, in: Hamburger Abendblatt, 1.5.2020,<br \/>\n<a href=\"https:\/\/www.abendblatt.de\/region\/niedersachsen\/article229025711\/Rechte-Demo-in-Braunschweig-verboten.html\" target=\"_blank\" rel=\"noopener\"> Online-Quelle<\/a><br \/>\n[16.11.2025].<\/p>\n<hr \/>\n<p><strong>736<\/strong> Jansen, David: DokuRechts, in: flickr, 24.1.2024,<br \/>\n<a href=\"https:\/\/www.flickr.com\/photos\/dokurechts\/50868903553\" target=\"_blank\" rel=\"noopener\"> Online-Quelle<\/a><br \/>\n[24.9.2023].<\/p>\n<hr \/>\n<p><strong>737<\/strong> Neonazis Kundgebung gegen \u201eLockdown\u201c, in: DokuRechts \/\/ Recherchen zur extremen Rechten in Harz und Heide, 27.1.2021,<br \/>\n<a href=\"https:\/\/dokurechts.de\/braunschweig-neonazi-kundgebungen-gegen-lockdown\/\" target=\"_blank\" rel=\"noopener\"> Online-Quelle<\/a><br \/>\n[18.11.2025].<\/p>\n<hr \/>\n<p><strong>738<\/strong> Janzen, David: \u201eAkt politischer Feigheit\u201c: Kreisverband von \u201eDie Rechte\u201c l\u00f6st sich nach Razzia auf, in: DokuRechts, 11.7.2022,<br \/>\n<a href=\"https:\/\/dokurechts.de\/nach-brandanschlag-auf-antifa-cafe-hausdurchsuchungen-bei-neonazis\/\" target=\"_blank\" rel=\"noopener\"> Online-Quelle<\/a><br \/>\n[23.9.2023].<\/p>\n<hr \/>\n<p><strong>739<\/strong> Noske, Henning: Amtsgericht verurteilt Neonzais wegen Beleidigung, in: Harzkurier, 29.3.2023, S. 9.<\/p>\n<hr \/>\n<p><strong>740<\/strong> Ermittlungen wegen antisemitischer Volksverhetzung angeordnet, in: evangelische.de, 8.3.2021,<br \/>\n<a href=\"https:\/\/www.evangelisch.de\/inhalte\/183487\/08-03-2021\/ermittlungen-wegen-antisemitischer-volksverhetzung-angeordnet\" target=\"_blank\" rel=\"noopener\"> Online-Quelle<\/a><br \/>\n[16.11.2025].<\/p>\n<hr \/>\n<p><strong>741<\/strong> Neonazistische Kleinstpartei marschiert mit antisemitischen Parolen durch Braunschweig, in: J\u00fcdisches Forum f\u00fcr Demokratie und gegen Antisemitismus e. V., 27.3.2021,<br \/>\n<a href=\"https:\/\/www.jfda.de\/post\/neonazistische-kleinstpartei-marschiert-mit-antisemitischen-parolen-durch-braunschweig-27-03-2021\" target=\"_blank\" rel=\"noopener\"> Online-Quelle<\/a><br \/>\n[23.9.2023].<\/p>\n<hr \/>\n<p><strong>742<\/strong> Brandanschlag auf die rechtsradikale Szene in Braunschweig?, in: Braunschweiger Zeitung, 23.5.2021,<br \/>\n<a href=\"https:\/\/www.braunschweiger-zeitung.de\/braunschweig\/article232359763\/Brandanschlag-auf-die-rechtsradikale-Szene-in-Braunschweig.html\" target=\"_blank\" rel=\"noopener\"> Online-Quelle<\/a><br \/>\n[31.12.2023].<\/p>\n<hr \/>\n<p><strong>743<\/strong> K\u00f6nig, Marvin: \u201eAnti-Antifa\u201c-Patrouille \u2013 Polizei stoppt rechtsextreme Nachbarschaftswache, in: regionalHeute.de, 2.6.2021,<br \/>\n<a href=\"https:\/\/regionalheute.de\/braunschweig\/anti-antifa-patrouille-polizei-stoppt-rechtsextreme-nachbarschaftswache-braunschweig-1622642137\/\" target=\"_blank\" rel=\"noopener\"> Online-Quelle<\/a><br \/>\n[23.9.2023].<\/p>\n<hr \/>\n<p><strong>744<\/strong> Dontscheff, Alexander: \u201eAnti-Antifa\u201c-Patrouille \u2013 Tanzen die Rechten der Polizei auf der Nase herum, in: regionalHeute.de, 11.6.2021,<br \/>\n<a href=\"https:\/\/regionalheute.de\/braunschweig\/anti-antifa-patrouille-tanzen-die-rechten-der-polizei-auf-der-nase-herum-braunschweig-1622713085\/\" target=\"_blank\" rel=\"noopener\"> Online-Quelle<\/a><br \/>\n[23.9.2023].<\/p>\n<hr \/>\n<p><strong>745<\/strong> Vermummte greifen in Braunschweig zwei M\u00e4nner an, in: Braunschweiger Zeitung, 21.6.2021,<br \/>\n<a href=\"https:\/\/www.braunschweiger-zeitung.de\/braunschweig\/article232587853\/Vermummte-greifen-in-Braunschweig-zwei-Maenner-an.html\" target=\"_blank\" rel=\"noopener\"> Online-Quelle<\/a><br \/>\n[23.9.2023].<\/p>\n<hr \/>\n<p><strong>746<\/strong> Nach Brandanschlag auf Antifa-Caf\u00e9: Hausdurchsuchungen bei Neonazis, in: DokuRechts \/\/ Recherchen zur extremen Rechten zwischen Harz &amp; Heide, 21.7.2021,<br \/>\n<a href=\"https:\/\/dokurechts.de\/nach-brandanschlag-auf-antifa-cafe-hausdurchsuchungen-bei-neonazis\/\" target=\"_blank\" rel=\"noopener\"> Online-Quelle<\/a><br \/>\n[23.9.2023].<\/p>\n<hr \/>\n<p><strong>747<\/strong> Braunschweig: Heftige Szenen! Nazis marschieren durch die Stadt \u2013 Polizei verletzt und mit Steinen beworfen, in: Redaktion News38.de, 16.6.2021,<br \/>\n<a href=\"https:\/\/www.news38.de\/braunschweig\/article16278\/braunschweig-bus-neonazi-demo-rechte-hauptbahnhof-frankfurter-platz-buendnis-gegen-rechts-polizei.html\" target=\"_blank\" rel=\"noopener\"> Online-Quelle<\/a><br \/>\n[18.11.2025].<\/p>\n<hr \/>\n<p><strong>748<\/strong> Steiner, Cornelia: Rechtsextremer als OB-Kandidat in Braunschweig abgelehnt, in: Braunschweiger Zeitung, 2.8.2021,<br \/>\n<a href=\"https:\/\/www.braunschweiger-zeitung.de\/braunschweig\/article232949367\/Rechtsextremer-als-OB-Kandidat-in-Braunschweig-abgelehnt.html\" target=\"_blank\" rel=\"noopener\"> Online-Quelle<\/a><br \/>\n[18.11.2025].<\/p>\n<hr \/>\n<p><strong>749<\/strong> B\u00fcndnis gegen Rechts: Pressemitteilung \/ Keine Wahl f\u00fcr Nazis, in: Ver.di Bezirk Region S\u00fcd-Ost-Niedersachsen, 9.9.2021,<br \/>\n<a href=\"https:\/\/region-s-o-n.verdi.de\/presse\/pressemitteilungen\/++co++79668312-1159-11ec-881d-001a4a160129\" target=\"_blank\" rel=\"noopener\"> Online-Quelle<\/a><br \/>\n[18.11.2025].<\/p>\n<hr \/>\n<p><strong>750<\/strong> Braunschweig: Hunderte Gegendemonstranten bei Nazi-Aufmarsch durch die Stadt, in: news38.de, 18.12.2021,<br \/>\n<a href=\"https:\/\/www.news38.de\/braunschweig\/article234124595\/braunschweig-demonstration-die-rechte-buendnis-gegen-rechts-polizei-bibs.html\" target=\"_blank\" rel=\"noopener\"> Online-Quelle<\/a><br \/>\n[23.9.2023].<\/p>\n<hr \/>\n<p><strong>751<\/strong> Kulling, Christopher: Braunschweig: Neonazis wollen B\u00fcrger einsch\u00fcchtern \u2013 \u201eNehmen Anlauf aufs Rathaus\u201c, in: news38.de, 24.5.2021,<br \/>\n<a href=\"https:\/\/www.news38.de\/braunschweig\/article57120\/braunschweig-neonazis-rathaus-kornblum-spd-demo.html\" target=\"_blank\" rel=\"noopener\"> Online-Quelle<\/a><br \/>\n[20.11.2025].<\/p>\n<hr \/>\n<p><strong>752<\/strong> Nach linker Gewalt in Braunschweig: Polizei durchsucht \u201eNexus\u201c, in: Braunschweiger Zeitung, 17.2.2022,<br \/>\n<a href=\"https:\/\/www.braunschweiger-zeitung.de\/braunschweig\/article234595005\/Grosser-Einsatz-der-Polizei-in-Braunschweig-im-Westlichen-Ringgebiet.html\" target=\"_blank\" rel=\"noopener\"> Online-Quelle<\/a><br \/>\n[23.9.2023].<\/p>\n<hr \/>\n<p><strong>753<\/strong> Trammer, Michael: Linkes Kulturzentrum durchsucht, in: taz, 18.2.2022,<br \/>\n<a href=\"https:\/\/taz.de\/Razzien-in-Braunschweig\/!5836220\/\" target=\"_blank\" rel=\"noopener\"> Online-Quelle<\/a><br \/>\n[25.9.2023].<\/p>\n<hr \/>\n<p><strong>754<\/strong> Nach Durchsuchungen: Demonstration von Braunschweigs linker Szene, in: Braunschweiger Zeitung, 20.2.2022,<br \/>\n<a href=\"https:\/\/www.braunschweiger-zeitung.de\/braunschweig\/article234625653\/Nach-Durchsuchungen-Demonstration-von-Braunschweigs-linker-Szene.html\" target=\"_blank\" rel=\"noopener\"> Online-Quelle<\/a><br \/>\n[23.9.2023].<\/p>\n<hr \/>\n<p><strong>755<\/strong> Razzia auf Wagenplatz in Braunschweig, in: nd, 24.3.2022,<br \/>\n<a href=\"https:\/\/www.pressreader.com\/germany\/nd-dertag\/20220324\/281603833963738\" target=\"_blank\" rel=\"noopener\"> Online-Quelle<\/a><br \/>\n[24.9.2023].<\/p>\n<hr \/>\n<p><strong>756<\/strong> Wegen Durchsuchung: 120 Menschen protestieren in Braunschweig, in: Braunschweiger Zeitung, 23.3.2022,<br \/>\n<a href=\"https:\/\/www.braunschweiger-zeitung.de\/braunschweig\/article234898283\/Wegen-Durchsuchungen-120-Menschen-protestieren-in-Braunschweig.html\" target=\"_blank\" rel=\"noopener\"> Online-Quelle<\/a><br \/>\n[24.9.2023].<\/p>\n<hr \/>\n<p><strong>757<\/strong> Janzen, David: \u201eAkt politischer Feigheit\u201c: Kreisverband von \u201eDie Rechte\u201c l\u00f6st sich nach Razzia auf, in: DokuRechts, 11.7.2022,<br \/>\n<a href=\"https:\/\/dokurechts.de\/akt-politischer-feigheit-kreisverband-von-die-rechte-loest-sich-nach-razzia-auf\/\" target=\"_blank\" rel=\"noopener\"> Online-Quelle<\/a><br \/>\n[24.9.2023].<\/p>\n<hr \/>\n<p><strong>758<\/strong> Worch, Christian: Demo Braunschweig 23. Juli FINDET STATT!, in: DIE RECHTE, 11.7.2022,<br \/>\n<a href=\"https:\/\/die-rechte.net\/allgemein\/demo-braunschweig-23-juli-findet-statt-von-christian-worch\/\" target=\"_blank\" rel=\"noopener\"> Online-Quelle<\/a><br \/>\n[24.9.2023].<\/p>\n<hr \/>\n<p><strong>759<\/strong> Steiner, Cornelia \/ Noske, Henning: Neonazi-Protest in Braunschweig und Gegenprotest bleibt friedlich, in: Braunschweiger Zeitung, 23.7.2023,<br \/>\n<a href=\"https:\/\/www.braunschweiger-zeitung.de\/braunschweig\/article235965645\/Zoff-in-Neonazi-Partei-Trotzdem-Demo-in-Braunschweig.html\" target=\"_blank\" rel=\"noopener\"> Online-Quelle<\/a><br \/>\n[24.9.2023].<\/p>\n<hr \/>\n<p><strong>760<\/strong> Hanisch, Dieter: Sylter Nazi-Demo abgesagt, in: nd, 26.7.2022,<br \/>\n<a href=\"https:\/\/www.nd-aktuell.de\/artikel\/1165602.die-rechte-sylter-nazi-demo-abgesagt.html\" target=\"_blank\" rel=\"noopener\"> Online-Quelle<\/a><br \/>\n[26.9.2023].<\/p>\n<hr \/>\n<p><strong>761<\/strong> \u201eG\u00fcnstiger geht nicht\u201c: Punks erobern Sylt und feiern ihre eigene Poolparty, in: Fokus online Video,<br \/>\n<a href=\"https:\/\/www.focus.de\/panorama\/welt\/9-euro-ticket-reise-guenstiger-geht-nicht-punks-erobern-sylt-und-feiern-ihre-eigene-poolparty_id_107943755.html\" target=\"_blank\" rel=\"noopener\"> Online-Quelle<\/a><br \/>\n[26.9.2023].<\/p>\n<hr \/>\n<p><strong>762<\/strong> Ekrutt, Joana: Hamburger Neonazis will in Westerland demonstrieren, in: Hamburger Abendblatt, 19.7.2022,<br \/>\n<a href=\"https:\/\/www.abendblatt.de\/region\/schleswig-holstein\/sylt\/article235937079\/sylt-hamburger-neonazi-will-in-westerland-demonstrieren-christian-worch-die-rechte.html\" target=\"_blank\" rel=\"noopener\"> Online-Quelle<\/a><br \/>\n[26.9.2023].<\/p>\n<hr \/>\n<p><strong>763<\/strong> Noske, Henning: Amtsgericht verurteilt Neonzais wegen Beleidigung, in: Harzkurier, 29.3.2023, S. 9.<\/p>\n<hr \/>\n<p><strong>764<\/strong> Breyvogel, Dirk Clemens: Nach \u201eNexus-Razzien\u201c in Braunschweig: Alle Anklagen vom Tisch, in: Braunschweiger Zeitung, 30.9.2025,<br \/>\n<a href=\"https:\/\/www.braunschweiger-zeitung.de\/niedersachsen\/braunschweig\/article410118587\/nach-nexus-razzien-in-braunschweig-alle-anklagen-vom-tisch.html\" target=\"_blank\" rel=\"noopener\"> Online-Quelle<\/a><br \/>\n[19.11.2025].<\/p>\n<hr \/>\n<p><strong>765<\/strong> #Antifableibt \u2013 solidarisch gegen Spaltung und Repression, in: Nexus, 8.10.2025,<br \/>\n<a href=\"https:\/\/www.dasnexus.de\/2025\/10\/08\/antifableibt-solidarisch-gegen-spaltung-und-repression\/\" target=\"_blank\" rel=\"noopener\"> Online-Quelle<\/a><br \/>\n[20.11.2025].<\/p>\n<hr \/>\n<p><strong>766<\/strong> Antifa-Texte 2, G\u00f6ttingen 1986, S. 7\u20138; Antifaschistische Aktion: Gr\u00fcnde f\u00fcr eine neue Struktur der Arbeit, Strategiepapier, o. J. (vermutlich 1981).<\/p>\n<hr \/>\n<p><strong>767<\/strong> Ebenda, S. 1\u20132; Antifaschistische Arbeit \u2013 Teil Autonomer Politik, Strategiepapier, o. J. (vermutlich 1983\/84).<\/p>\n<hr \/>\n<p><strong>768<\/strong> Ebenda.<\/p>\n<hr \/>\n<p><strong>769<\/strong> Genoss\/inn\/en der Antifaschistischen Aktion: \u201eOffener Brief an die \u201cAntifa-Kommission, KB\/Gruppe Hamburg\u201c, 1983, Antifa-Texte 2, G\u00f6ttingen 1986, S. 4;<\/p>\n<hr \/>\n<p><strong>770<\/strong> Antifa-Texte 2, G\u00f6ttingen 1986, S. 1\u20132; Antifaschistische Arbeit \u2013 Teil Autonomer Politik, Strategiepapier, o. J. (vermutlich 1983\/84).<\/p>\n<hr \/>\n<p><strong>771<\/strong> Sch\u00f6ppner, Horst: Zeitleiste: Militante Aktionen gegen Neonazis. Erg\u00e4nzung zum Buch \u201eAntifa hei\u00dft Angriff\u201c: Militanter Antifaschismus in den 80er Jahren, 2015, docslip.org,<br \/>\n<a href=\"https:\/\/docslib.org\/doc\/8567175\/zeitleiste-militante-aktionen-gegen-neonazis-erg%C3%A4nzung-zum-buch-antifa-hei%C3%9Ft-angriff-militanter-antifaschismus-in-den-80er-jahren-von-horst-sch%C3%B6ppner-2015\" target=\"_blank\" rel=\"noopener\"> Online-Quelle<\/a><br \/>\n[16.1.2026].<\/p>\n<hr \/>\n<p><strong>772<\/strong> Was ist Antifa-Info?, in: antifa-info.net,<br \/>\n<a href=\"https:\/\/antifa-info.net\/about\/\" target=\"_blank\" rel=\"noopener\"> Online-Quelle<\/a><br \/>\n[23.7.2023].<\/p>\n<hr \/>\n<p><strong>773<\/strong> Barkini, Sahra: Stuttgarter B\u00fcndnis \u201everzichtete\u201c auf geplanten Zug durch Cannstatt. Polizei vereitelt Anti-AfD Demonstration, in: Beobachter News, 6.7.2022,<br \/>\n<a href=\"https:\/\/beobachternews.de\/2022\/07\/06\/polizei-vereitelt-anti-afd-demonstration\/\" target=\"_blank\" rel=\"noopener\"> Online-Quelle<\/a><br \/>\n[25.7.2023].<\/p>\n<hr \/>\n<p><strong>774<\/strong> Ebenda<\/p>\n<hr \/>\n<p><strong>775<\/strong> Kutzer, Christoph: Demo in Bad Cannstatt. Linke demonstrieren trotz Absage der AfD gegen Recht, in: Stuttgarter Nachrichten, 2.7.2022,<br \/>\n<a href=\"https:\/\/www.stuttgarter-zeitung.de\/inhalt.demo-in-bad-cannstatt-linke-demonstrieren-trotz-afd-absage-gegen-rechts.fe2e2f7a-aa2e-4812-be26-94cedc3a66bc.html\" target=\"_blank\" rel=\"noopener\"> Online-Quelle<\/a><br \/>\n[25.7.2023].<\/p>\n<hr \/>\n<p><strong>776<\/strong> Demo gegen AfD-Parteitag in Leinfelden-Echterdingen am Samstag, in: ZVW (Zeitungsverlag Waiblingen), 16.7.2022,<br \/>\n<a href=\"https:\/\/www.zvw.de\/stuttgart-region\/demo-gegen-afd-parteitag-in-leinfelden-echterdingen-am-samstag-16-07-_arid-528668\" target=\"_blank\" rel=\"noopener\"> Online-Quelle<\/a><br \/>\n[25.7.2023].<\/p>\n<hr \/>\n<p><strong>777<\/strong> Bogner, Manuel: AfD-Landesparteitag Offenburg. Polizei geht mit Schlagst\u00f6cken gegen Demonstranten vor, in: Zeit Online, 5.3.2032,<br \/>\n<a href=\"https:\/\/www.zeit.de\/gesellschaft\/zeitgeschehen\/2023-03\/afd-protest-demonstration-polizei-gewalt\" target=\"_blank\" rel=\"noopener\"> Online-Quelle<\/a><br \/>\n[21.7.2023].<\/p>\n<hr \/>\n<p><strong>778<\/strong> Baden-W\u00fcrttemberg. Verletze und Feuer bei Protesten gegen AfD-Parteitag, in: Spiegel\/Politik, 4.3.2023,<br \/>\n<a href=\"https:\/\/www.spiegel.de\/politik\/deutschland\/baden-wuerttemberg-verletzte-und-feuer-bei-protesten-gegen-afd-parteitag-in-offenburg-a-d359eadd-6a14-4b8c-afdd-82b16e44903d\" target=\"_blank\" rel=\"noopener\"> Online-Quelle<\/a><br \/>\n[26.7.2023].<\/p>\n<hr \/>\n<p><strong>779<\/strong> Ermittlungsgruppe eingerichtet: AfD-Landesparteitag in Offenburg, 53 Beamte bei Ausschreitungen verletzt, in: SWR aktuell, 6.3.2023,<br \/>\n<a href=\"https:\/\/www.swr.de\/swraktuell\/baden-wuerttemberg\/suedbaden\/afd-bw-landesparteitag-in-offenburg-proteste-streit-100.html\" target=\"_blank\" rel=\"noopener\"> Online-Quelle<\/a><br \/>\n[21.7.2023].<\/p>\n<hr \/>\n<p><strong>780<\/strong> Offenburg, Proteste gegen AfD-Parteitag, in: Demosanit\u00e4ter\/Sanit\u00e4tsgruppe S\u00fcd-West, 5.3.2023,<br \/>\n<a href=\"https:\/\/demosanitaeter.com\/tag\/afd\/\" target=\"_blank\" rel=\"noopener\"> Online-Quelle<\/a><br \/>\n[21.7.2023].<\/p>\n<hr \/>\n<p><strong>781<\/strong> Demo gegen AfD-Parteitag. 400 Teilnehmer erwartet eine Strafanzeige, in: Der Guller, 21.7.2023,<br \/>\n<a href=\"https:\/\/www.stadtanzeiger-ortenau.de\/offenburg-stadt\/c-polizei\/400-teilnehmer-erwartet-eine-strafanzeige_a90515\" target=\"_blank\" rel=\"noopener\"> Online-Quelle<\/a><br \/>\n[26.7.2023)].<\/p>\n<hr \/>\n<p><strong>782<\/strong> Armbruster, Marco: Nach Datenpanne bei Anti-AfD-Demo in Offenburg. Schwer bewaffnete Polizisten st\u00fcrmen Linken-Wohnung, in: Lahrer Zeitung, 16.3.2023,<br \/>\n<a href=\"https:\/\/www.schwarzwaelder-bote.de\/inhalt.nach-datenpanne-bei-anti-afd-demo-in-offenburg-schwer-bewaffnete-polizisten-stuermen-linken-wohnung.dae237c9-0747-496b-83a3-0189bd41af58.html\" target=\"_blank\" rel=\"noopener\"> Online-Quelle<\/a><br \/>\n[26.7.2023].<\/p>\n<hr \/>\n<p><strong>783<\/strong> Hausdurchsuchungen wegen Offenburg Protest gegen AfD, in: Offenes antifaschistisches Treffen Karlsruhe, 6.7.2023,<br \/>\n<a href=\"https:\/\/oatkarlsruhe.wordpress.com\/\" target=\"_blank\" rel=\"noopener\"> Online-Quelle<\/a><br \/>\n[26.7.2023].<\/p>\n<hr \/>\n<p><strong>784<\/strong> Polizei verliert bei Gerangel mit Demonstranten wichtige Einsatz-Dokumente bei Demo zum AfD-Parteitag in Offenburg am vergangenen Wochenende \u2013 personenbezogene Daten und Einsatzpl\u00e4ne der Polizei nun \u00f6ffentlich im Netz zug\u00e4nglich, in: Nonstop News\/News-Nr.: 41470, 10.3.2023,<br \/>\n<a href=\"https:\/\/www.nonstopnews.de\/meldung\/41470\" target=\"_blank\" rel=\"noopener\"> Online-Quelle<\/a><br \/>\n[26.7.2023].<\/p>\n<hr \/>\n<p><strong>785<\/strong> Rote Hilfe: Offenburg: Haftstrafe nach Protest gegen AfD-Parteitag \u2013 Antifaschismus wird kriminalisiert, in: Pressemitteilung, 30.6.2025,<br \/>\n<a href=\"https:\/\/rote-hilfe.de\/meldungen\/offenburg-haftstrafe-nach-protest-gegen-afd-parteitag-antifaschismus-wird-kriminalisiert\" target=\"_blank\" rel=\"noopener\"> Online-Quelle<\/a><br \/>\n[28.7.2023].<\/p>\n<hr \/>\n<p><strong>786<\/strong> Wahlkampfstand der AfD \u2013 viel Gegenwind und Kackhaufen, in: AfD Watch Bochum, 4.9.2021,<br \/>\n<a href=\"https:\/\/afdwatchbo.noblogs.org\/post\/category\/auftreten-in-bochum\/aktivitaeten\/wahlkampf-stand-der-afd-viel-gegenwind-und-ein-kackhaufen\/\" target=\"_blank\" rel=\"noopener\"> Online-Quelle<\/a><br \/>\n[14.12.2025].<\/p>\n<hr \/>\n<p><strong>787<\/strong> Protest. Mensch in Kothaufenkost\u00fcm schaut bei AfD-Stand in Bochum vorbei \u2013 Polizei vor Ort, in: Ruhr Nachrichten, 6.9.2021,<br \/>\n<a href=\"https:\/\/www.ruhrnachrichten.de\/regionales\/mensch-in-kothaufen-kostuem-schaut-bei-afd-infostand-in-bochum-vorbei-polizei-vor-ort-w1671263-2000313419\/\" target=\"_blank\" rel=\"noopener\"> Online-Quelle<\/a><br \/>\n[14.12.2025].<\/p>\n<hr \/>\n<p><strong>788<\/strong> Heise, Anna: Rosenheimer AfD sorgt f\u00fcr fliegenden Kackhaufen: das steckt dahinter, in: OVBonline, 8.5.2024,<br \/>\n<a href=\"https:\/\/www.ovb-online.de\/rosenheim\/rosenheim-stadt\/rosenheim-eskalation-am-afd-infostand-polizei-ermittelt-93057188.html\" target=\"_blank\" rel=\"noopener\"> Online-Quelle<\/a><br \/>\n[14.12.2025].<\/p>\n<hr \/>\n<p><strong>789<\/strong> Zul\u00e4ssige Meinungsfreiheit oder provokativer Protest? Kein Kackhaufen-Kost\u00fcm vor AfD Stand in Neustadt, in: SWR, 14.2.2025,<br \/>\n<a href=\"https:\/\/www.swr.de\/swraktuell\/rheinland-pfalz\/ludwigshafen\/mann-in-kackhaufen-kostuem-protestiert-gegen-afd-in-neustadt-weinstrasse-100.html\" target=\"_blank\" rel=\"noopener\"> Online-Quelle<\/a><br \/>\n[14.12.2025].<\/p>\n<hr \/>\n<p><strong>790<\/strong> Magdeburger Protest gegen AfD Parteitag 2023, in: OMAS GEGEN RECHTS M\u00fcnchen und M\u00fcnchen S\u00fcd,<br \/>\n<a href=\"https:\/\/omasgegenrechtsmuenchen.de\/magdeburg-protest-gegen-afd-parteitag-2023\/\" target=\"_blank\" rel=\"noopener\"> Online-Quelle<\/a><br \/>\n[24.8.2025].<\/p>\n<hr \/>\n<p><strong>791<\/strong> Pichler, Johanna: Tausende protestieren gegen AfD-Parteitag. \u201eOmas gegen rechts\u201c marschieren mit, in: taz, 30.7.2023,<br \/>\n<a href=\"https:\/\/taz.de\/Tausende-protestieren-gegen-AfD-Parteitag\/!5947743\/\" target=\"_blank\" rel=\"noopener\"> Online-Quelle<\/a><br \/>\n[24.8.2025].<\/p>\n<hr \/>\n<p><strong>792<\/strong> Geheimtreffen mit AfD-Politikern. Auch \u201enicht assimilierte\u201c Deutsche sollen raus: Was hinter den \u201eRemigrationsplan\u201c steckt, in: Focus online, 11.1.2024,<br \/>\n<a href=\"https:\/\/www.focus.de\/panorama\/welt\/geheimtreffen-mit-afd-politikern-auch-nicht-integrierte-deutsche-sollen-raus-was-hinter-perfidem-remigrationsplan-steckt_id_259566701.html\" target=\"_blank\" rel=\"noopener\"> Online-Quelle<\/a><br \/>\n[21.8.2025].<\/p>\n<hr \/>\n<p><strong>793<\/strong> Potsdamer OB Schubert ruft zu Demonstration gegen Rechts auf, in: ntv, 12.1.2024,<br \/>\n<a href=\"https:\/\/www.n-tv.de\/regionales\/berlin-und-brandenburg\/Potsdamer-OB-Schubert-ruft-zu-Demonstration-gegen-Rechts-auf-article24658407.html\" target=\"_blank\" rel=\"noopener\"> Online-Quelle<\/a><br \/>\n[21.8.2025].<\/p>\n<hr \/>\n<p><strong>794<\/strong> Hunderte Demonstranten fordern Verbotsverfahren gegen die AfD, in: Die Zeit, 12.1.2024,<br \/>\n<a href=\"https:\/\/www.zeit.de\/politik\/deutschland\/2024-01\/afd-verbot-demo-kanzleramt\" target=\"_blank\" rel=\"noopener\"> Online-Quelle<\/a><br \/>\n[21.8.2025].<\/p>\n<hr \/>\n<p><strong>795<\/strong> Mehrere Zehntausend demonstrieren in Potsdam und Berlin gegen Rechts, in: rbb24, 14.1.2024,<br \/>\n<a href=\"https:\/\/www.rbb24.de\/politik\/beitrag\/2024\/01\/potsdam-berlin-demonstration-demokratie-verteidigen-.html\" target=\"_blank\" rel=\"noopener\"> Online-Quelle<\/a><br \/>\n[21.8.2025].<\/p>\n<hr \/>\n<p><strong>796<\/strong> Gro\u00dfdemo gegen Rechtsextremismus in Hamburg: Vielmehr Teilnehmer, in: NDR Hamburg, 8.2.2024,<br \/>\n<a href=\"https:\/\/www.ndr.de\/nachrichten\/hamburg\/Grossdemo-gegen-Rechtsextremismus-in-Hamburg-Viel-mehr-Teilnehmer,hamburgstehtauf112.html\" target=\"_blank\" rel=\"noopener\"> Online-Quelle<\/a><br \/>\n[21.8.2025].<\/p>\n<hr \/>\n<p><strong>797<\/strong> Mindestens 60.000 Teilnehmer auf Demo gegen rechts vor dem Bundestag, in: Berliner Kurier, 21.1.2024,<br \/>\n<a href=\"https:\/\/www.berliner-kurier.de\/berlin\/zehntausend-teilnehmer-auf-demo-gegen-rechts-vor-dem-bundestag-li.2179134\" target=\"_blank\" rel=\"noopener\"> Online-Quelle<\/a><br \/>\n[21.8.2025].<\/p>\n<hr \/>\n<p><strong>798<\/strong> Proteste gegen Rechtsextremismus. \u201eDemokratische Parteien unter Druck setzen\u201c, in: tagesschau, 3.2.2024,<br \/>\n<a href=\"https:\/\/www.tagesschau.de\/inland\/innenpolitik\/demonstrationen-gegen-rechtsextremismus-100.html\" target=\"_blank\" rel=\"noopener\"> Online-Quelle<\/a><br \/>\n[21.8.2025].<\/p>\n<hr \/>\n<p><strong>799<\/strong> Windisch, Maria \/ Schwager, Christian \/ Rosaslanda, Ignacio: Liveticker. Demo gegen rechts in Berlin: Mehr als 150.000 Teilnehmer, Zustrom am Reichstag eingeschr\u00e4nkt, in: Berliner Zeitung, 3.2.2024,<br \/>\n<a href=\"https:\/\/www.berliner-zeitung.de\/news\/demo-gegen-rechts-in-berlin-hand-in-hand-wir-sind-die-brandmauer-menschenkette-bundestag-liveticker-li.2183383\" target=\"_blank\" rel=\"noopener\"> Online-Quelle<\/a><br \/>\n[21.8.2025].<\/p>\n<hr \/>\n<\/div><\/section>\n<section  id=\"achthundert\"  class='av_textblock_section av-mlfjz7ia-06deab838d2954c8f64de5adbf97511f '   itemscope=\"itemscope\" itemtype=\"https:\/\/schema.org\/CreativeWork\" ><div class='avia_textblock'  itemprop=\"text\" ><h3><strong>800<\/strong><\/h3>\n<\/div><\/section>\n<section  class='av_textblock_section av-47q1ml-3d3f6a28d6afa3823ae5bcee0e4c35b5 '   itemscope=\"itemscope\" itemtype=\"https:\/\/schema.org\/CreativeWork\" ><div class='avia_textblock'  itemprop=\"text\" ><hr \/>\n<p><strong>800<\/strong> Schmollack, Simone: Demos gegen rechts. In Zeiten des Aufbruchs, in: taz, 3.2.2024,<br \/>\n<a href=\"https:\/\/taz.de\/Demos-gegen-rechts\/!5989822\/\" target=\"_blank\" rel=\"noopener\"> Online-Quelle<\/a><br \/>\n[21.8.2025].<\/p>\n<hr \/>\n<p><strong>801<\/strong> Demos gegen Rechtsextremismus waren \u201egr\u00f6\u00dfte Protestwelle der Bundesrepublik\u201c, in: Sonntagsblatt, 20.5.2024,<br \/>\n<a href=\"https:\/\/www.sonntagsblatt.de\/artikel\/gesellschaft\/demos-gegen-rechtsextremismus-waren-groesste-protestwelle-der-bundesrepublik\" target=\"_blank\" rel=\"noopener\"> Online-Quelle<\/a><br \/>\n[10.1.2026].<\/p>\n<hr \/>\n<p><strong>802<\/strong> Letzte Pegida-Demonstration in Dresden, in: zdfheute, 20.10.2024,<br \/>\n<a href=\"https:\/\/www.zdfheute.de\/politik\/deutschland\/pegida-letzte-demo-dresden-100.html\" target=\"_blank\" rel=\"noopener\"> Online-Quelle<\/a><br \/>\n[30.12.2025].<\/p>\n<hr \/>\n<p><strong>803<\/strong> Schneider, Frank: \u201eFeuer, Gewalt und \u201akeine ruhige Minute\u2018. Linksradikale planen Anschl\u00e4ge auf AfD-Parteitag &#8230; w\u00e4hrend die Polizei mit der EM besch\u00e4ftigt ist\u201c, in: Bild, 15.6.2024,<br \/>\n<a href=\"https:\/\/www.bild.de\/regional\/essen\/feuer-und-gewalt-antifa-plant-anschlaege-auf-afd-parteitag-666bea7c3749934428aab7b1\" target=\"_blank\" rel=\"noopener\"> Online-Quelle<\/a><br \/>\n[21.8.2025].<\/p>\n<hr \/>\n<p><strong>804<\/strong> Biss- und Spukattacken in Essen. AfD-Delegierter macht Witze \u00fcber Vorf\u00e4lle, in: zdfheute, 30.6.2024,<br \/>\n<a href=\"https:\/\/www.zdfheute.de\/politik\/deutschland\/afd-parteitag-essen-bissattacke-spuckattacke-stefan-hrdy-100.html\" target=\"_blank\" rel=\"noopener\"> Online-Quelle<\/a><br \/>\n[22.8.2025].<\/p>\n<hr \/>\n<p><strong>805<\/strong> Preu\u00df, Kyra: AfD-Parteitag in Essen \u2013 Zehntausende bei Demos, in: WDR, 30.6.2024,<br \/>\n<a href=\"https:\/\/www1.wdr.de\/nachrichten\/ruhrgebiet\/proteste-gegen-afd-parteitag-in-essen-100.html\" target=\"_blank\" rel=\"noopener\"> Online-Quelle<\/a><br \/>\n[22.8.2025].<\/p>\n<hr \/>\n<p><strong>806<\/strong> Liveticker zum AfD-Parteitag in Essen. 28 Polizisten rund um den AfD-Parteitag verletzt, in: Focus-online, 1.7.2024,<br \/>\n<a href=\"https:\/\/www.focus.de\/politik\/deutschland\/ticker-zum-afd-parteitag-in-essen-behoerden-erwarten-zum-afd-parteitag-in-essen-bis-zu-100-000-demonstranten_id_260092100.html\" target=\"_blank\" rel=\"noopener\"> Online-Quelle<\/a><br \/>\n[22.8.2025].<\/p>\n<hr \/>\n<p><strong>807<\/strong> Preu\u00df, Kyra: AfD-Parteitag in Essen: Zehntausende bei Demos, in: WDR, 30.6.2024,<br \/>\n<a href=\"https:\/\/www1.wdr.de\/nachrichten\/ruhrgebiet\/proteste-gegen-afd-parteitag-in-essen-100.html\" target=\"_blank\" rel=\"noopener\"> Online-Quelle<\/a><br \/>\n[22.8.2025].<\/p>\n<hr \/>\n<p><strong>808<\/strong> Wyputta, Andreas \/ Pelka, Cedrik: Proteste gegen den AfD-Bundesparteitag. 70.000 gegen die extrem Rechten, in: taz, 29.6.2024,<br \/>\n<a href=\"https:\/\/taz.de\/Proteste-gegen-AfD-Bundesparteitag\/!6020442\/\" target=\"_blank\" rel=\"noopener\"> Online-Quelle<\/a><br \/>\n[22.8.2025].<\/p>\n<hr \/>\n<p><strong>809<\/strong> Bis zu 12.000 \u201eQuerdenker\u201c ziehen durch die Stadt \u2013 vereinzelte Festnahmen, in: rbb, 3.8.2024,<br \/>\n<a href=\"https:\/\/www.rbb24.de\/politik\/beitrag\/2024\/08\/querdenker-demonstration-berlin.html\" target=\"_blank\" rel=\"noopener\"> Online-Quelle<\/a><br \/>\n[6.12.2025].<\/p>\n<hr \/>\n<p><strong>810<\/strong> Protestzug durch Berlin. Bei \u201eQuerdenker\u201c-Demo ziehen Tausende durch Berlin, in: Die Zeit, 4.8.2024,<br \/>\n<a href=\"https:\/\/www.zeit.de\/news\/2024-08\/03\/querdenker-demonstrieren-in-berlin\" target=\"_blank\" rel=\"noopener\"> Online-Quelle<\/a><br \/>\n[8.8.2025].<\/p>\n<hr \/>\n<p><strong>811<\/strong> Nowak, Peter: Berlin \/ \u201eFreiheit, Friede, Freude\u201c. Tausende bei Querdenker-Demo in Berlin, in: nd, 5.8.2024,<br \/>\n<a href=\"https:\/\/www.nd-aktuell.de\/artikel\/1184250.freiheit-frieden-freude-tausende-bei-querdenker-demo-in-berlin.html\" target=\"_blank\" rel=\"noopener\"> Online-Quelle<\/a><br \/>\n[8.8.2025].<\/p>\n<hr \/>\n<p><strong>812<\/strong> Becker, Johannes: Hunderte gehen gegen die Nazis auf die Stra\u00dfe, Siegener Zeitung, 12.8.2024.<\/p>\n<p><strong>813<\/strong> Verfassungsschutzbericht Nordrhein-Westfalen 2024, D\u00fcsseldorf, M\u00e4rz 2025, S.106<\/p>\n<p><strong>814<\/strong> Becker, Johannes: Hunderte gehen gegen die Nazis auf die Stra\u00dfe, Siegener Zeitung, 12.8.2024.<\/p>\n<p><strong>815<\/strong> Becker, Johannes: Schock in Hilchenbach nach Neonazi-Erfolg, Siegener Zeitung, 16.9.2025.<\/p>\n<p><strong>816<\/strong> Schwab, Steffen: 237 Stimmen verschaffen Neonazis Mandat im Rat, Westfalenpost, 16.9.2025.<\/p>\n<p><strong>817<\/strong> Tanger, Philipp: Neonazis missbrauchen Tag der Deutschen Einheit, Westfalenpost, 6.10.2025.<\/p>\n<p><strong>818<\/strong> G\u00f6tschenberg, Michael: Verfassungsschutz zu \u201eCompact\u201c. \u201eGesichert rechtsextremistisch\u201c, in: Tagesschau, 10.12.2021<br \/>\n<a href=\"https:\/\/www.tagesschau.de\/inland\/innenpolitik\/compact-magazin-101.html\/\" target=\"_blank\" rel=\"noopener\"> Online-Quelle<\/a><br \/>\n[25.8.2025].<\/p>\n<hr \/>\n<p><strong>819<\/strong> Baeck, Jean-Philipp\/Rath, Christian: Verbotsverf\u00fcgung gegen \u201eCompact-Magazin\u201c. Hass-Belege auf \u00fcber 50 Seiten, in: taz, 19.7.2024,<br \/>\n<a href=\"https:\/\/taz.de\/Verbotsverfuegung-gegen-Compact-Magazin\/!6024670\/\" target=\"_blank\" rel=\"noopener\"> Online-Quelle<\/a><br \/>\n[25.8.2025].<\/p>\n<hr \/>\n<p><strong>820<\/strong> Bauer, Max: Warum Compact vorerst wieder erscheinen darf, Tagessschau, 14.8.2024,<br \/>\n<a href=\"https:\/\/www.tagesschau.de\/inland\/innenpolitik\/compact-verbot-aufgehoben-104.html\" target=\"_blank\" rel=\"noopener\"> Online-Quelle<\/a><br \/>\n[25.8.2025].<\/p>\n<hr \/>\n<p><strong>821<\/strong> Bundesverwaltungsgericht hebt Compact-Verbot auf, Tagessschau, 24.6.2025,<br \/>\n<a href=\"https:\/\/www.tagesschau.de\/inland\/verbot-compact-aufgehoben-100.html?utm_source=firefox-newtab-de-de\" target=\"_blank\" rel=\"noopener\"> Online-Quelle<\/a><br \/>\n[25.8.2025].<\/p>\n<hr \/>\n<p><strong>822<\/strong> Vor Wahlen in Sachsen und Th\u00fcringen. Tausende demonstrieren gegen Rechtsextremismus, in: Tagesschau, 25.8.2024,<br \/>\n<a href=\"https:\/\/www.tagesschau.de\/inland\/demos-sachsen-thueringen-100.html\" target=\"_blank\" rel=\"noopener\"> Online-Quelle<\/a><br \/>\n[22.8.2025].<\/p>\n<hr \/>\n<p><strong>823<\/strong> Protest. Th\u00fcringer Landtagswahl: Hunderte bei Demonstration in Erfurt, in: MDR Th\u00fcringen, 1.9.2024,<br \/>\n<a href=\"https:\/\/www.mdr.de\/nachrichten\/thueringen\/landtagswahl\/demonstration-protest-100.html\" target=\"_blank\" rel=\"noopener\"> Online-Quelle<\/a><br \/>\n[24.8.2025].<\/p>\n<hr \/>\n<p><strong>824<\/strong> Landtagswahl Sachsen 2024\/Landtagswahl Th\u00fcringen 2024, in: Tagesschau,<br \/>\n<a href=\"https:\/\/www.tagesschau.de\/wahl\/archiv\/2024-09-01-LT-DE-SN\/index.shtml\" target=\"_blank\" rel=\"noopener\"> Online-Quelle<\/a><br \/>\n[25.8.2025].<\/p>\n<hr \/>\n<p><strong>825<\/strong> Nach Landtagswahlen: Demo gegen \u201eRechtsruck\u201c zieht durch Hannover, in: NDR, 2.9.2024,<br \/>\n<a href=\"https:\/\/www.ndr.de\/nachrichten\/niedersachsen\/hannover_weser-leinegebiet\/Nach-Landtagswahlen-Demo-gegen-Rechtsruck-zieht-durch-Hannover,demo4398.html\" target=\"_blank\" rel=\"noopener\"> Online-Quelle<\/a><br \/>\n[24.8.2025].<\/p>\n<hr \/>\n<p><strong>826<\/strong> Voigt, Christof: Mahnwache gegen AfD-Parteitag in Marl, in: Lokalzeit aus Dortmund, 2.1.2025,<br \/>\n<a href=\"https:\/\/www1.wdr.de\/mediathek\/mahnwache-gegen-afd-parteitag-in-marl-100.html\/\" target=\"_blank\" rel=\"noopener\"> Online-Quelle<\/a><br \/>\n[24.8.2025].<\/p>\n<hr \/>\n<p><strong>827<\/strong> Zundel, Mia: Organisatoren mit Protest zufrieden. 650 Menschen demonstrieren in Nehren gegen AfD-Politiker, in: SWR aktuell, 8.1.2025,<br \/>\n<a href=\"https:\/\/www.swr.de\/swraktuell\/baden-wuerttemberg\/tuebingen\/650-leute-bei-demo-gegen-afd-in-nehren-100.html\/\" target=\"_blank\" rel=\"noopener\"> Online-Quelle<\/a><br \/>\n[24.8.2025].<\/p>\n<hr \/>\n<p><strong>828<\/strong> Frenzel, Nils: Vor dem B\u00fcrgerzentrum Chorweiler. 600 Menschen demonstrieren gegen AfD-Parteitag, in: t-online, 8.1.2025, www.t-online.de\/region\/koeln\/id_100568646\/afd-kreisparteitag-in-koeln-chorweiler-600-menschen-protestieren-.html\u201c target=\u201c_blank\u201c rel=\u201cnoopener\u201c&gt; Online-Quelle<br \/>\n[24.8.2025].<\/p>\n<hr \/>\n<p><strong>829<\/strong> So hat Riesa bei der Sachsen-Wahl 2024 gew\u00e4hlt, in: Tagesspiegel, 12.9.2025,<br \/>\n<a href=\"https:\/\/interaktiv.tagesspiegel.de\/lab\/landtagswahl-sachsen-2024-so-hat-riesa-gewaehlt\/\" target=\"_blank\" rel=\"noopener\"> Online-Quelle<\/a><br \/>\n[3.9.2025].<\/p>\n<hr \/>\n<p><strong>830<\/strong> Meyer, Lucas: Proteste gegen AfD-Parteitag 2025: B\u00fcndnis \u201eWidersetzen\u201c mobilisiert f\u00fcr Aktionen in Riesa, in: news.de, 10.12.2024,<br \/>\n<a href=\"https:\/\/www.news.de\/politik\/858208544\/afd-parteitag-essen-29-06-2024-und-riesa-am-11-01-2024-demo-gegen-afd-durch-verein-widersetzen\/1\/\" target=\"_blank\" rel=\"noopener\"> Online-Quelle<\/a><br \/>\n[24.8.2025].<\/p>\n<hr \/>\n<p><strong>831<\/strong> Aktionskonsens Widersetzen Riesa, in: widersetzen.com,<br \/>\n<a href=\"https:\/\/widersetzen.com\/buendnis-kuendigt-protest-gegen-afd-parteitag-in-riesa-an-mehr-als-1200-menschen-bei-planungstreffen\/\" target=\"_blank\" rel=\"noopener\"> Online-Quelle<\/a><br \/>\n[24.8.2025].<\/p>\n<hr \/>\n<p><strong>832<\/strong> Ermittlungsverfahren eingeleitet. Linke-Landtagsabgeordneter Nguyen in Riesa von Polizei geschlagen, in: MDR Sachsen, 11.1.2025,<br \/>\n<a href=\"https:\/\/www.mdr.de\/nachrichten\/sachsen\/dresden\/grossenhain-riesa\/demonstration-polizei-gewalt-linke-nguyen-100.html\" target=\"_blank\" rel=\"noopener\"> Online-Quelle<\/a><br \/>\n[24.8.2025].<\/p>\n<hr \/>\n<p><strong>833<\/strong> Hofmann, Eric \/ Lucchesi, Pia \/ Gaitzsch, Martin \/ T\u00f6pfer, Erik \/ R\u00f6der, Julian \/ Kurtz. Malte: Riesaer AfD-Parteitag: Gro\u00dfaufgebot der Polizei und gewaltt\u00e4tige Auseinandersetzungen, in: Tag24, 13.1.2025,<br \/>\n<a href=\"https:\/\/www.tag24.de\/nachrichten\/politik\/deutschland\/riesaer-afd-parteitag-grossaufgebot-der-polizei-und-gewalttaetige-auseinandersetzungen-3350094\" target=\"_blank\" rel=\"noopener\"> Online-Quelle<\/a><br \/>\n[24.8.2025].<\/p>\n<hr \/>\n<p><strong>834<\/strong> Tageszusammenfassung. Nach massiven Protesten in Riesa: Polizei und Initiativen sehen Ziel erreicht, in: MDR Sachsen, 11.1.2025,<br \/>\n<a href=\"https:\/\/www.mdr.de\/nachrichten\/sachsen\/dresden\/grossenhain-riesa\/afd-parteitag-riesa-protest-demo-polizei-bilanz-100.html\" target=\"_blank\" rel=\"noopener\"> Online-Quelle<\/a><br \/>\n[6.12.2025].<\/p>\n<hr \/>\n<p><strong>835<\/strong> Sander. Lalon: Demos gegen Rechtsextremismus. Startet eine neue Protestwelle gegen rechts?, in: taz, 20.1.2025,<br \/>\n<a href=\"https:\/\/taz.de\/Demos-gegen-Rechtsextremismus\/!6063089\/\" target=\"_blank\" rel=\"noopener\"> Online-Quelle<\/a><br \/>\n[24.8.2025].<\/p>\n<hr \/>\n<p><strong>836<\/strong> Kary. Nicolai: Demos in Berlin und Brandenburg. Zusammen gegen den Rechtsruck, in: taz, 26.1.2025,<br \/>\n<a href=\"https:\/\/taz.de\/Demos-in-Berlin-und-Brandenburg\/!6064742\/\" target=\"_blank\" rel=\"noopener\"> Online-Quelle<\/a><br \/>\n[24.8.2025].<\/p>\n<hr \/>\n<p><strong>837<\/strong> Mehr als 60 Demonstrationen bundesweit. Zehntausende demonstrieren gegen den Rechtsruck, in: Tagesschau, 25.1.2025,<br \/>\n<a href=\"https:\/\/www.tagesschau.de\/inland\/demos-gegen-rechtsruck-100.html\" target=\"_blank\" rel=\"noopener\"> Online-Quelle<\/a><br \/>\n[24.8.2025].<\/p>\n<hr \/>\n<p><strong>838<\/strong> Becker. Robert \/ Puskepeleitis, Daniel \/ Aswad, Nadja: Linker Mob st\u00fcrmt CDU-Zentrale! Ver\u00e4ngstigte Mitarbeiter haben sich eingeschlossen, in: Bild, 31.1.2025,<br \/>\n<a href=\"https:\/\/www.bild.de\/politik\/polizei-dynamische-lage-linksextremisten-stuermen-cdu-zentrale-in-hannover-679ce0bd08bc756e749d3440\" target=\"_blank\" rel=\"noopener\"> Online-Quelle<\/a><br \/>\n[24.8.2025].<\/p>\n<hr \/>\n<p><strong>839<\/strong> Ebenda.<\/p>\n<p><strong>840<\/strong> Wunder, Oliver: Tausende protestieren gegen AfD und Merz, in: Tag24, 31.1.2025,<br \/>\n<a href=\"https:\/\/www.tag24.de\/thema\/demonstration\/tausende-protestieren-in-hamburg-gegen-afd-und-merz-3355626\" target=\"_blank\" rel=\"noopener\"> Online-Quelle<\/a><br \/>\n[24.8.2025].<\/p>\n<hr \/>\n<p><strong>841<\/strong> 65.000 Menschen am Sonnabend bei Demogegen AfD und Merz in Hamburg, in: NDR, 2.2.2025,<br \/>\n<a href=\"https:\/\/www.ndr.de\/nachrichten\/hamburg\/65000-Menschen-am-Sonnabend-bei-Demo-gegen-AfD-und-Merz-in-Hamburg,demo4522.html\" target=\"_blank\" rel=\"noopener\"> Online-Quelle<\/a><br \/>\n[24.8.2025].<\/p>\n<hr \/>\n<p><strong>842<\/strong> Sander, Lalon\/Ansa, Sean-Elisa: Demos gegen rechts am Wochenende. Mehr als eine halbe Million auf der Stra\u00dfe, in: taz, 2.2.2025,<br \/>\n<a href=\"https:\/\/taz.de\/Demos-gegen-rechts-am-Wochenende\/!6066513\/\" target=\"_blank\" rel=\"noopener\"> Online-Quelle<\/a><br \/>\n[9.12.2025].<\/p>\n<hr \/>\n<p><strong>843<\/strong> Kr\u00f6ning, Ole: Linksextreme beschmieren Traditionslokal Alter Krug, in: BZ, 3.2.2025,<br \/>\n<a href=\"https:\/\/www.bz-berlin.de\/berlin\/steglitz-zehlendorf\/linksextreme-lokal\" target=\"_blank\" rel=\"noopener\"> Online-Quelle<\/a><br \/>\n[2.1.2026].<\/p>\n<hr \/>\n<p><strong>844<\/strong> 11 Polizisten verletzt. Vermummte Linksextreme! Wieder Randale vor Kult-Gastst\u00e4tte Alter Krug, in: BZ, 4.2.2025,<br \/>\n<a href=\"https:\/\/www.bz-berlin.de\/polizei\/linksextreme-randale-alter-krug-dahlem?dicbo=v2-VnxZxc4&amp;cid=kooperation.article.outbrain.desktop.AR_1.bz\" target=\"_blank\" rel=\"noopener\"> Online-Quelle<\/a><br \/>\n[2.1.2026].<\/p>\n<hr \/>\n<p><strong>845<\/strong> Die Bundeswahlleiterin: Vorl\u00e4ufiges Ergebnis der Bundestagswahl 2025 steht fest, in: Pressemitteilung Nr. 27\/25, 24.2.2025,<br \/>\n<a href=\"https:\/\/www.bundeswahlleiterin.de\/info\/presse\/mitteilungen\/bundestagswahl-2025\/27_25_vorlaeufiges-ergebnis.html\" target=\"_blank\" rel=\"noopener\"> Online-Quelle<\/a><br \/>\n[9.12.2025].<\/p>\n<hr \/>\n<p><strong>846<\/strong> M\u00fcller, Klaus: \u201eWir bekommen immer mehr Zulauf\u201c, in: Demokratischer Widerstand, 4.4.2024,<br \/>\n<a href=\"https:\/\/demokratischerwiderstand.de\/artikel\/471\/wir-bekommen-immer-mehr-zulauf\" target=\"_blank\" rel=\"noopener\"> Online-Quelle<\/a><br \/>\n[15.8.2025].<\/p>\n<hr \/>\n<p><strong>847<\/strong> 22. M\u00e4rz 2025 \u2013 Kundgebung \u201eGemeinsam f\u00fcr Deutschland\u201c, in: M\u00fcnchen Chronik, 22.3.2025,<br \/>\n<a href=\"https:\/\/muenchen-chronik.de\/22-maerz-2025-kundgebung-gemeinsam-fuer-deutschland\/\" target=\"_blank\" rel=\"noopener\"> Online-Quelle<\/a><br \/>\n[11.8.2025].<\/p>\n<hr \/>\n<p><strong>848<\/strong> Rechte und Linke demonstrieren. Rund 4.000 Menschen bei Demos in Stuttgarts Innenstadt, in: Die Zeit, 22.3.2025,<br \/>\n<a href=\"https:\/\/www.zeit.de\/news\/2025-03\/22\/rund-1-500-menschen-bei-demos-in-stuttgarter-innenstadt\" target=\"_blank\" rel=\"noopener\"> Online-Quelle<\/a><br \/>\n[11.8.2025].<\/p>\n<hr \/>\n<p><strong>849<\/strong> \u00dcbersicht der Nazis auf der \u201eGemeinsam f\u00fcr Deutschland\u201c-Demo, in: antifa-info.net, 25.3.2025,<br \/>\n<a href=\"https:\/\/antifa-info.net\/2025\/03\/25\/uebersicht-der-nazis-auf-der-gemeinsam-fuer-deutschland-demo\/\" target=\"_blank\" rel=\"noopener\"> Online-Quelle<\/a><br \/>\n[11.8.2025].<\/p>\n<hr \/>\n<p><strong>850<\/strong> NDR: Demonstration in Neum\u00fcnster in: Schleswig-Holstein Magazin, 22.3.2025,<br \/>\n<a href=\"https:\/\/www.ndr.de\/fernsehen\/sendungen\/schleswig-holstein_magazin\/Demonstrationen-in-Neumuenster,shmag126098.html\" target=\"_blank\" rel=\"noopener\"> Online-Quelle<\/a><br \/>\n[11.8.2025].<\/p>\n<hr \/>\n<p><strong>851<\/strong> Damm, Christopher \/ M\u00fcller, Julia: Gro\u00dfdemo in D\u00fcsseldorf: Linke Aktivisten stoppen Protestzug, in: NRZ, 22.3.2025,<br \/>\n<a href=\"https:\/\/www.nrz.de\/lokales\/duesseldorf\/article408585649\/rechte-demo-an-der-messe-in-duesseldorf-gegenprotest-angekuendigt.html\" target=\"_blank\" rel=\"noopener\"> Online-Quelle<\/a><br \/>\n[11.8.2025].<\/p>\n<hr \/>\n<p><strong>852<\/strong> Gegendemonstranten blockieren Demo in Mainz, in: Die Zeit, 22.3.2025,<br \/>\n<a href=\"https:\/\/www.zeit.de\/news\/2025-03\/22\/gegendemonstration-blockiert-gemeinsam-fuer-deutschland\" target=\"_blank\" rel=\"noopener\"> Online-Quelle<\/a><br \/>\n[11.8.2025].<\/p>\n<hr \/>\n<p><strong>853<\/strong> Demo \u201eGemeinsam f\u00fcr Deutschland\u201c triff auf Gegendemo, in: Die Zeit, 22.3.2025,<br \/>\n<a href=\"https:\/\/www.zeit.de\/news\/2025-03\/22\/demo-gemeinsam-fuer-deutschland-stoesst-auf-gegendemo\" target=\"_blank\" rel=\"noopener\"> Online-Quelle<\/a><br \/>\n[11.8.2025].<\/p>\n<hr \/>\n<p><strong>854<\/strong> Schubert, Andreas: Theresienwiese. Geringer Zuspruch zu rechter Demo, in: S\u00fcddeutsche Zeitung, 22.3.2025,<br \/>\n<a href=\"https:\/\/www.sueddeutsche.de\/muenchen\/muenchen-theresienwiese-demonstration-li.3223359\" target=\"_blank\" rel=\"noopener\"> Online-Quelle<\/a><br \/>\n[11.8.2025].<\/p>\n<hr \/>\n<p><strong>855<\/strong> Wenig Zuspruch f\u00fcr bundesweite Demo-Aktion in Bayern, in: Die Zeit, 22.3.2025,<br \/>\n<a href=\"https:\/\/www.zeit.de\/news\/2025-03\/22\/wenig-zuspruch-fuer-bundesweite-demo-aktion-in-bayern\" target=\"_blank\" rel=\"noopener\"> Online-Quelle<\/a><br \/>\n[11.8.2025].<\/p>\n<hr \/>\n<p><strong>856<\/strong> Siegert, Myriam: \u201eGemeinsam f\u00fcr Deutschland\u201c auf der Theresienwiese: Wenig Zuspruch zu bundesweiter Demoaktion, in: Abendzeitung, 22.3.2025,<br \/>\n<a href=\"https:\/\/www.abendzeitung-muenchen.de\/muenchen\/gemeinsam-fuer-deutschland-auf-der-theresienwiese-wenig-zuspruch-fuer-bundesweite-demo-aktion-art-1045893\" target=\"_blank\" rel=\"noopener\"> Online-Quelle<\/a><br \/>\n[11.8.2025].<\/p>\n<hr \/>\n<p><strong>857<\/strong> Rechte Demo in Dresden mit 1.500 Teilnehmern, in: Die Zeit, 22.3.2025,<br \/>\n<a href=\"https:\/\/www.zeit.de\/news\/2025-03\/22\/rechte-demo-in-dresden-mit-1-500-teilnehmern\" target=\"_blank\" rel=\"noopener\"> Online-Quelle<\/a><br \/>\n[11.8.2025].<\/p>\n<hr \/>\n<p><strong>858<\/strong> Magdeburg: Demonstrationszug zog durch die Innenstadt, in: Meeting Point Jerichower Land, 22.3.2025,<br \/>\n<a href=\"https:\/\/meetingpoint-jl.de\/neuigkeiten\/artikel\/190918-magdeburg-demonstrationszug-zog-durch-die-innenstadt\" target=\"_blank\" rel=\"noopener\"> Online-Quelle<\/a><br \/>\n[11.8.2025].<\/p>\n<hr \/>\n<p><strong>859<\/strong> Protest von Linken gegen \u201eGemeinsam f\u00fcr Deutschland\u201c-Demo, in: Die Zeit, 22.3.2025,<br \/>\n<a href=\"https:\/\/www.zeit.de\/news\/2025-03\/23\/protest-von-linken-gegen-gemeinsam-fuer-deutschland-demo\" target=\"_blank\" rel=\"noopener\"> Online-Quelle<\/a><br \/>\n[11.8.2025].<\/p>\n<hr \/>\n<p><strong>860<\/strong> Mecklenburg-Vorpommern. Hunderte bei \u201eGemeinsam f\u00fcr Deutschland!\u201c-Demo in Schwerin, in: ntv, 22.3.2025,<br \/>\n<a href=\"https:\/\/www.n-tv.de\/regionales\/mecklenburg-vorpommern\/Hunderte-bei-Gemeinsam-fuer-Deutschland-Demo-in-Schwerin-article25649261.html\" target=\"_blank\" rel=\"noopener\"> Online-Quelle<\/a><br \/>\n[11.8.2025].<\/p>\n<hr \/>\n<p><strong>861<\/strong> Hunderte bei Autokorso in Gera, in: Die Zeit, 22.3.2025,<br \/>\n<a href=\"https:\/\/www.zeit.de\/news\/2025-03\/22\/hunderte-bei-autokorso-und-protestmarsch-in-gera\" target=\"_blank\" rel=\"noopener\"> Online-Quelle<\/a><br \/>\n[11.8.2025].<\/p>\n<hr \/>\n<p><strong>862<\/strong> Zinke, Felix: Von Berlin bis Stuttgart: Faschistische Aufm\u00e4rsche treffen auf antifaschistischen Widerstand, in: Perspektive, 23.3.2025,<br \/>\n<a href=\"https:\/\/perspektive-online.net\/2025\/03\/faschistische-aufmaersche-treffen-auf-antifaschistischen-widerstand\/\" target=\"_blank\" rel=\"noopener\"> Online-Quelle<\/a><br \/>\n[10.12.2025].<\/p>\n<hr \/>\n<p><strong>863<\/strong> Pawlowski, Frank: 1000 Teilnehmer bei Friedensdemo in K\u00f6nigs Wusterhausen, in: M\u00e4rkische Allgemeine, 22.3.2025,<br \/>\n<a href=\"https:\/\/www.maz-online.de\/lokales\/dahme-spreewald\/dahme-spreewald-1000-teilnehmer-bei-friedensdemo-am-22-3-2025-in-koenigs-wusterhausen-4JMKUQ5FPZD2JEEHUY4C4HWZYY.html\" target=\"_blank\" rel=\"noopener\"> Online-Quelle<\/a><br \/>\n[11.8.2025].<\/p>\n<hr \/>\n<p><strong>864<\/strong> Ossami, Darius: Erfolgreicher Antifa-Protest. Que(e)rstellen gegen rechen Spuk, in: taz, 27.4.2025,<br \/>\n<a href=\"https:\/\/taz.de\/Erfolgreicher-Antifa-Protest\/!6081944\/\" target=\"_blank\" rel=\"noopener\"> Online-Quelle<\/a><br \/>\n[12.8.2025].<\/p>\n<hr \/>\n<p><strong>865<\/strong> Nordrhein-Westfalen. Demos gegen rechten Protest in Dortmund, in: ntv, 26.4.2025,<br \/>\n<a href=\"https:\/\/www.n-tv.de\/regionales\/nordrhein-westfalen\/Demos-gegen-rechten-Protest-in-Dortmund-article25729129.html\" target=\"_blank\" rel=\"noopener\"> Online-Quelle<\/a><br \/>\n[12.8.2025].<\/p>\n<hr \/>\n<p><strong>866<\/strong> 800 \u201eGemeinsam f\u00fcr Deutschland\u201c \u2013 Polizei Dortmund bilanziert Demo-Nachmittag, in: Rundblick Unna.de, 26.4.2025,<br \/>\n<a href=\"https:\/\/rundblick-unna.de\/2025\/04\/26\/800-gemeinsam-fuer-deutschland-polizei-dortmund-bilanziert-demo-nachmittag\/\" target=\"_blank\" rel=\"noopener\"> Online-Quelle<\/a><br \/>\n[12.8.2025].<\/p>\n<hr \/>\n<p><strong>867<\/strong> Polizei: Linke Demonstranten greifen in Reutlingen Beamte an, in: Die Zeit, 26.4.2025,<br \/>\n<a href=\"https:\/\/www.zeit.de\/news\/2025-04\/26\/polizei-linke-demonstranten-greifen-in-reutlingen-beamte-an\" target=\"_blank\" rel=\"noopener\"> Online-Quelle<\/a><br \/>\n[12.8.2025].<\/p>\n<hr \/>\n<p><strong>868<\/strong> Polizei Koblenz: Versammlung in Koblenz \u2013 \u00fcber 40 Strafverfahren, in: Blaulichtreport, 26.4.2025,<br \/>\n<a href=\"https:\/\/blaulichtmyk.de\/versammlung-in-koblenz-ueber-40-strafverfahren\/\" target=\"_blank\" rel=\"noopener\"> Online-Quelle<\/a><br \/>\n[12.8.2025].<\/p>\n<hr \/>\n<p><strong>869<\/strong> Gehrmann, Carolin: Rechte \u201eProtestm\u00e4rsche\u201c im Norden \u2013 geringe Teilnehmerzahl in Hamburg, erste Festnahmen, in: kreiszeitung.de, 27.4.2025,<br \/>\n<a href=\"https:\/\/www.kreiszeitung.de\/lokales\/hamburg\/angemeldet-rechte-rufen-bundesweit-zu-protestmarsch-auf-auch-im-norden-gegendemonstrationen-93701590.html\" target=\"_blank\" rel=\"noopener\"> Online-Quelle<\/a><br \/>\n[12.8.2025].<\/p>\n<hr \/>\n<p><strong>870<\/strong> Rechte Demo in Hamburg \u2013 Gegendemos und Gro\u00dfaufgebot der Polizei, in: NDR, 26.4.2025,<br \/>\n<a href=\"https:\/\/www.ndr.de\/nachrichten\/hamburg\/Rechte-Demo-in-Hamburg-Gegendemos-und-Grossaufgebot-der-Polizei,demo4676.html\" target=\"_blank\" rel=\"noopener\"> Online-Quelle<\/a><br \/>\n[12.8.2025].<\/p>\n<hr \/>\n<p><strong>871<\/strong> Rechte Demos und Gegenprotest in Flensburg, Itzehoe und Bad Schwartau, in: NDR, 26.4.2025,<br \/>\n<a href=\"https:\/\/www.ndr.de\/nachrichten\/schleswig-holstein\/Rechte-Demos-und-Gegenprotest-in-Flensburg-Itzehoe-und-Bad-Schwartau,demo4680.html\" target=\"_blank\" rel=\"noopener\"> Online-Quelle<\/a><br \/>\n[12.8.2025].<\/p>\n<hr \/>\n<p><strong>872<\/strong> 26.04.2025 \u2013 Rechte Demonstration in Frankfurt, in: dokunetzwerk rheinmain, 26.4.2025,<br \/>\n<a href=\"https:\/\/www.dokunetzwerk.org\/2025\/04\/26\/rechte-demonstration-in-frankfurt\/\" target=\"_blank\" rel=\"noopener\"> Online-Quelle<\/a><br \/>\n[13.8.2025].<\/p>\n<hr \/>\n<p><strong>873<\/strong> Ingerl, Alfred: Polizeibericht Aschaffenburg: Friedliche Demonstrationen ohne gr\u00f6\u00dfere Sicherheitsvorf\u00e4lle am Wochenende, in: presse augsburg, 26.4.2025,<br \/>\n<a href=\"https:\/\/presse-augsburg.de\/polizeibericht-aschaffenburg-friedliche-demonstrationen-ohne-groessere-sicherheitsvorfaelle-am-wochenende\/1030042\/\" target=\"_blank\" rel=\"noopener\"> Online-Quelle<\/a><br \/>\n[3.9.2025].<\/p>\n<hr \/>\n<p><strong>874<\/strong> 26. April 2025 \u2013 Kundgebung \u201eGemeinsam f\u00fcr Deutschland\u201c, in: M\u00fcnchner Chronik,<br \/>\n<a href=\"https:\/\/muenchen-chronik.de\/26-april-2025-kundgebung-gemeinsam-fuer-deutschland\/\" target=\"_blank\" rel=\"noopener\"> Online-Quelle<\/a><br \/>\n[10.12.2025].<\/p>\n<hr \/>\n<p><strong>875<\/strong> Deutlich weniger Teilnehmer, als erwartet bei Demos in Cuxhaven, in: NDR, 28.4.2025,<br \/>\n<a href=\"https:\/\/www.ndr.de\/nachrichten\/niedersachsen\/oldenburg_ostfriesland\/Deutlich-weniger-Teilnehmer-als-erwartet-bei-Demos-in-Cuxhaven-Querdenker,demos168.html\" target=\"_blank\" rel=\"noopener\"> Online-Quelle<\/a><br \/>\n[12.8.2025].<\/p>\n<hr \/>\n<p><strong>876<\/strong> Henkenberens, Carolin: 300 Teilnehmer bei Demo gegen rechten Autokorso in Bremerhaven, in: buten un binnen, 26.4.2025,<br \/>\n<a href=\"https:\/\/www.butenunbinnen.de\/nachrichten\/demo-rechts-innenstadt-bremerhaven-100.html\" target=\"_blank\" rel=\"noopener\"> Online-Quelle<\/a><br \/>\n[13.8.2025].<\/p>\n<hr \/>\n<p><strong>877<\/strong> Demo \u201eGemeinsam f\u00fcr Deutschland\u201c in N\u00fcrnberg \u2013 Gegenproteste, in: Die Zeit, 26.4.2025,<br \/>\n<a href=\"https:\/\/www.zeit.de\/news\/2025-04\/26\/demo-gemeinsam-fuer-deutschland-in-nuernberg-gegenproteste\" target=\"_blank\" rel=\"noopener\"> Online-Quelle<\/a><br \/>\n[13.8.2025].<\/p>\n<hr \/>\n<p><strong>878<\/strong> Demo \u201eGemeinsam f\u00fcr Deutschland\u201c in N\u00fcrnberg \u2013 Gegenproteste, in: Die Zeit, 26.4.2025,<br \/>\n<a href=\"https:\/\/www.zeit.de\/news\/2025-04\/26\/demo-gemeinsam-fuer-deutschland-in-nuernberg-gegenproteste\" target=\"_blank\" rel=\"noopener\"> Online-Quelle<\/a><br \/>\n[13.8.2025].<\/p>\n<hr \/>\n<p><strong>879<\/strong> Aue, Karin: Demo von Gruppen aus Querdenker-Umfeld in Saarlouis \u2013 und Gegenproteste, in: SR info, 26.4.2025,<br \/>\n<a href=\"https:\/\/www.sr.de\/sr\/home\/nachrichten\/panorama\/demo_mit_bekannten_rechtsextremen_in_saarlouis_auch_gegendemos_100.html\" target=\"_blank\" rel=\"noopener\"> Online-Quelle<\/a><br \/>\n[13.8.2025].<\/p>\n<hr \/>\n<p><strong>880<\/strong> Gegen Krieg, Nato und Corona: Hunderte demonstrieren in Magdeburg gegen Bundespolitik, in: MDR Sachsen-Anhalt, 29.4.2025,<br \/>\n<a href=\"https:\/\/www.mdr.de\/nachrichten\/sachsen-anhalt\/magdeburg\/magdeburg\/demo-domplatz-106.html\" target=\"_blank\" rel=\"noopener\"> Online-Quelle<\/a><br \/>\n[13.8.2025].<\/p>\n<hr \/>\n<p><strong>881<\/strong> Protest in Weimar gegen Demo \u201eGemeinsam f\u00fcr Deutschland\u201c, in: Die Zeit, 26.4.2025,<br \/>\n<a href=\"https:\/\/www.zeit.de\/news\/2025-04\/26\/protest-gegen-rechte-demonstration-in-weimar\" target=\"_blank\" rel=\"noopener\"> Online-Quelle<\/a><br \/>\n[13.8.2025].<\/p>\n<hr \/>\n<p><strong>882<\/strong> POL-HRO: Versammlungsgeschehen in der Rostocker Innenstadt \u2013 Polizei zieht Bilanz, in: Presseportal, 26.4.2025,<br \/>\n<a href=\"https:\/\/www.presseportal.de\/blaulicht\/pm\/108746\/6020505\" target=\"_blank\" rel=\"noopener\"> Online-Quelle<\/a><br \/>\n[13.8.2025].<\/p>\n<hr \/>\n<p><strong>883<\/strong> 15.4.2026 Torgau \u2013 rechte Kundgebung \u201eTorgau f\u00fcr Frieden\u201c, in: flikr, 26.4.2025,<br \/>\n<a href=\"https:\/\/www.flickr.com\/photos\/200880746@N02\/albums\/72177720325601495\/\" target=\"_blank\" rel=\"noopener\"> Online-Quelle<\/a><br \/>\n[13.8.2025].<\/p>\n<hr \/>\n<p><strong>884<\/strong> Lenze, Dominik: AfD-Gro\u00dfspender ruft zur Querdenken-Demo auf. Verschw\u00f6rungsgl\u00e4ubige und AfD Politiker versammeln sich in Berlin, in: Tagesspiegel, 24.5.2025,<br \/>\n<a href=\"https:\/\/www.tagesspiegel.de\/berlin\/afd-grossspender-ruft-zur-querdenken-demo-auf-verschworungsglaubige-und-afd-politiker-mobilisieren-nach-berlin-13730047.html\" target=\"_blank\" rel=\"noopener\"> Online-Quelle<\/a><br \/>\n[13.8.2025].<\/p>\n<hr \/>\n<p><strong>885<\/strong> Ebenda.<\/p>\n<hr \/>\n<p><strong>886<\/strong> Lenze, Dominik: Update\/850 statt 10.000 Teilnehmer. Querdenken-Demo in Berlin-Mitte deutlich kleiner als erwartet, in: Tagesspiegel, 24.5.2025,<br \/>\n<a href=\"https:\/\/www.tagesspiegel.de\/berlin\/querdenker-aufzug-lauft-durch-berlin-mitte-tausende-teilnehmer-zu-querdenken-demonstration-erwartet--650-kommen-13747960.html\" target=\"_blank\" rel=\"noopener\"> Online-Quelle<\/a><br \/>\n[15.8.2025].<\/p>\n<hr \/>\n<p><strong>887<\/strong> Kundgebung in Berlin. \u201eFriedensmarsch\u201c zieht mit mehreren hundert Menschen durch Regierungsviertel, in: rbb24, 25.5.2025,<br \/>\n<a href=\"https:\/\/www.rbb24.de\/politik\/beitrag\/2025\/05\/berlin-kundgebung-demonstration-deutschland-steht-auf.html\" target=\"_blank\" rel=\"noopener\"> Online-Quelle<\/a><br \/>\n[15.8.2025].<\/p>\n<hr \/>\n<p><strong>888<\/strong> Hessen \u201eGemeinsam f\u00fcr Deutschland\u201c-Proteste von Gegendemo blockiert, in: ntv, 31.5.2025,<br \/>\n<a href=\"https:\/\/www.n-tv.de\/regionales\/hessen\/Gemeinsam-fuer-Deutschland-Protest-von-Gegendemo-blockiert-article25804701.html\" target=\"_blank\" rel=\"noopener\"> Online-Quelle<\/a><br \/>\n[14.8.2025].<\/p>\n<hr \/>\n<p><strong>889<\/strong> Zekic, Jasmina: Drei gr\u00f6\u00dfere Demos in St. Wedel: Versammlungen laut Polizei nicht ganz ohne Probleme, in: SOL.DE, 2.6.2025,<br \/>\n<a href=\"https:\/\/www.sol.de\/blaulicht-saarland\/drei-groessere-demos-in-st-wendel-versammlungen-laut-polizei-nicht-ganz-ohne-probleme-re-1,606907.html\" target=\"_blank\" rel=\"noopener\"> Online-Quelle<\/a><br \/>\n[11.12.2025].<\/p>\n<hr \/>\n<p><strong>890<\/strong> Zwei Demonstrationen am Sonnabend in Hamburg, in: NDR\/Hamburg Journal, 31.5.2025,<br \/>\n<a href=\"https:\/\/www.ardmediathek.de\/video\/hamburg-journal\/zwei-demonstrationen-am-sonnabend-in-hamburg\/ndr\/Y3JpZDovL25kci5kZS81YTYyMTgyNi0yZGVjLTRiYWItOTVhYy02MmQzNzkzYzRiYmU\" target=\"_blank\" rel=\"noopener\"> Online-Quelle<\/a><br \/>\n[14.8.2025].<\/p>\n<hr \/>\n<p><strong>891<\/strong> Gemeinsam f\u00fcr Deutschland. Der dritte Aktionstag am 31. Mai 2025, in: Karlsruher Netzwerk gegen Rechts, o. D.,<br \/>\n<a href=\"https:\/\/ka-gegen-rechts.de\/wp-content\/uploads\/2025\/06\/194-Gemeinsam-fuer-Deutschland-__-Der-Dritte-Aktionstag-am-31_-Mai_2025.pdf\" target=\"_blank\" rel=\"noopener\"> Online-Quelle<\/a><br \/>\n[17.8.2025].<\/p>\n<hr \/>\n<p><strong>892<\/strong> Demos in M\u00fcnster: \u201efriedliches Engagement f\u00fcr Demokratie\u201c, in: WDR, 2.6.2025,<br \/>\n<a href=\"https:\/\/www1.wdr.de\/nachrichten\/muenster-vorbereitungen-auf-grossdemos-100.html\" target=\"_blank\" rel=\"noopener\"> Online-Quelle<\/a><br \/>\n[17.8.2025].<\/p>\n<hr \/>\n<p><strong>893<\/strong> Polizeiticker f\u00fcr Reutlingen, 31.5.2025: Versammlungslage mit mehreren Demonstrationen in Reutlingen \u2013 Einsatzma\u00dfnahmen der Polizei, in: news.de, 31.5.2025,<br \/>\n<a href=\"https:\/\/www.news.de\/lokales\/858660391\/polizeiticker-aktuell-aus-reutlingen-am-31-05-2025-versammlung-heute\/1\/\" target=\"_blank\" rel=\"noopener\"> Online-Quelle<\/a><br \/>\n[17.8.2025].<\/p>\n<hr \/>\n<p><strong>894<\/strong> Polizeimeldungen f\u00fcr Heide, 31.5.2025: Weitgehend st\u00f6rungsfreier Verlauf mehrerer Demonstrationen, in: news.de, 31.5.2025,<br \/>\n<a href=\"https:\/\/www.news.de\/lokales\/858660313\/polizeiticker-aktuell-aus-heide-am-31-05-2025-versammlung-heute\/1\/\" target=\"_blank\" rel=\"noopener\"> Online-Quelle<\/a><br \/>\n[18.8.2025].<\/p>\n<hr \/>\n<p><strong>895<\/strong> Antifa Kiel: Trotz repressivem Polizeieinsatz: Lautstarker Protest gegen GfD-Aufmarsch in Heide, in: Antifa-Kiel.org, 1.6.2025,<br \/>\n<a href=\"https:\/\/www.antifa-kiel.org\/2025\/06\/01\/trotz-repressivem-polizeieinsatz-lautstarker-widerspruch-gegen-rechten-gfd-aufmarsch-in-heide\/\" target=\"_blank\" rel=\"noopener\"> Online-Quelle<\/a><br \/>\n[18.8.2025].<\/p>\n<hr \/>\n<p><strong>896<\/strong> Demonstrationen in Magdeburg von Gemeinsam f\u00fcr Deutschland, JN und DST, 1.6.2025, in: Weichreite TV, 1.6.2025,<br \/>\n<a href=\"https:\/\/www.youtube.com\/watch?v=8lqWgOCoOIY&amp;ab_channel=WeichreiteTV\" target=\"_blank\" rel=\"noopener\"> Online-Quelle<\/a><br \/>\n[18.8.2025].<\/p>\n<hr \/>\n<p><strong>897<\/strong> Jardes, Judith: \u201eFriedliches Wegdr\u00e4ngen\u201c: Polizei l\u00f6st Antifa-Demo in Frankfurt auf, in: Frankfurter Rundschau, 30.6.2025,<br \/>\n<a href=\"https:\/\/www.fr.de\/frankfurt\/polizei-loest-linke-demo-gegen-rechte-protestbewegung-in-frankfurt-auf-93808483.html\" target=\"_blank\" rel=\"noopener\"> Online-Quelle<\/a><br \/>\n[3.1.2026].<\/p>\n<hr \/>\n<p><strong>898<\/strong> Gabcke, Wieland: \u201eQuerdenker\u201c-Demo in G\u00f6ttingen: Proteste und Stra\u00dfenblockaden, in: NDR, 2.2.2025,<br \/>\n<a href=\"https:\/\/www.ndr.de\/nachrichten\/niedersachsen\/braunschweig_harz_goettingen\/Querdenker-Demo-in-Goettingen-Proteste-und-Strassenblockaden,demo4506.html\" target=\"_blank\" rel=\"noopener\"> Online-Quelle<\/a><br \/>\n[18.8.2025].<\/p>\n<hr \/>\n<p><strong>899<\/strong> Motto Frieden und Freiheit. \u201eQuerdenker\u201c-Bewegung demonstriert in Berlin, in: Die Zeit, 2.8.2025,<br \/>\n<a href=\"https:\/\/www.zeit.de\/news\/2025-08\/02\/querdenken-bewegung-demonstriert-in-berlin\" target=\"_blank\" rel=\"noopener\"> Online-Quelle<\/a><br \/>\n[3.9.2025].<\/p>\n<hr \/>\n<\/div><\/section>\n<section  id=\"neunhundert\"  class='av_textblock_section av-mlfjzdkl-bb7bec35ff292e95ba47eaab8349108a '   itemscope=\"itemscope\" itemtype=\"https:\/\/schema.org\/CreativeWork\" ><div class='avia_textblock'  itemprop=\"text\" ><h3><strong>900<\/strong><\/h3>\n<\/div><\/section>\n<section  class='av_textblock_section av-mlfkfdjs-8931d6b8a05e8b9dd9510bdc418e8eb4 '   itemscope=\"itemscope\" itemtype=\"https:\/\/schema.org\/CreativeWork\" ><div class='avia_textblock'  itemprop=\"text\" ><hr \/>\n<p><strong>900<\/strong> Udate\/Polizei geht gegen Lautsprecherbus \u201eAdenauer SPR+\u201c vor. Tausende bei \u201eQuerdenken\u201c-Demo durch Berlins Zentrum, in: Tagesspiegel, 3.8.2025,<br \/>\n<a href=\"https:\/\/www.tagesspiegel.de\/berlin\/polizist-bei-gegenkundgebung-verletzt-tausende-bei-querdenken-demo-durchs-berliner-zentrum-14124419.html\" target=\"_blank\" rel=\"noopener\"> Online-Quelle<\/a><br \/>\n[18.8.2025].<\/p>\n<hr \/>\n<p><strong>901<\/strong> Rudat, Kerstin: Urteil gegen \u201eQuerdenken\u201c-Chef. Kein Betrug, aber Steuerhinterziehung, in: tagesschau24, 31.7.2025,<br \/>\n<a href=\"https:\/\/www.tagesschau.de\/inland\/regional\/badenwuerttemberg\/ballweg-urteil-102.html\" target=\"_blank\" rel=\"noopener\"> Online-Quelle<\/a><br \/>\n[8.8.2025].<\/p>\n<hr \/>\n<p><strong>902<\/strong> Versammlungsgeschehen in der N\u00fcrnberger Innenstadt am 30.08.2025, in: inFranken.de, 30.8.2025,<br \/>\n<a href=\"https:\/\/www.infranken.de\/lk\/nuernberg\/blaulicht\/n-rnberg-versammlungsgeschehen-in-der-nuernberger-innenstadt-am-30082025-art-6258960\" target=\"_blank\" rel=\"noopener\"> Online-Quelle<\/a><br \/>\n[6.12.2025].<\/p>\n<hr \/>\n<p><strong>903<\/strong> Blockaden und Proteste gegen \u201eGemeinsam f\u00fcr Deutschland\u201c in M\u00fcnchen, in: antifa-info.net,<br \/>\n<a href=\"https:\/\/antifa-info.net\/2025\/09\/09\/blockaden-und-protest-gegen-gemeinsam-fuer-deutschland\/\" target=\"_blank\" rel=\"noopener\"> Online-Quelle<\/a><br \/>\n[12.12.2025].<\/p>\n<hr \/>\n<p><strong>904<\/strong> 30 August 2025 \u2013 \u201eGemeinsam f\u00fcr Deutschland\u201c Demonstration, in: M\u00fcnchner Chronik, 30.8.2025,<br \/>\n<a href=\"https:\/\/muenchen-chronik.de\/30-august-2025-gemeinsam-fuer-deutschland-demonstration\/\" target=\"_blank\" rel=\"noopener\"> Online-Quelle<\/a><br \/>\n[13.12.2025].<\/p>\n<hr \/>\n<p><strong>905<\/strong> Deglmann, Florian \/ Schr\u00f6ter, Marie: Demos gegen Rechts in M\u00fcnchen und N\u00fcrnberg, in: BR24, 30.8.2025,<br \/>\n<a href=\"https:\/\/www.br.de\/nachrichten\/bayern\/demos-gegen-rechts-in-muenchen-und-nuernberg,Uv3eyqf\" target=\"_blank\" rel=\"noopener\"> Online-Quelle<\/a><br \/>\n[3.9.2025].<\/p>\n<hr \/>\n<p><strong>906<\/strong> 27.9.2025. rechte Demonstration in Frankfurt, in: dokunetzwerk.rheinmain,<br \/>\n<a href=\"https:\/\/www.dokunetzwerk.org\/2025\/09\/27\/rechte-demonstration-in-frankfurt-3\/\" target=\"_blank\" rel=\"noopener\"> Online-Quelle<\/a><br \/>\n[12.12.2025].<\/p>\n<hr \/>\n<p><strong>907<\/strong> Polizeipr\u00e4sidium Mittelfranken: Versammlungsgeschehen in der N\u00fcrnberger Innenstadt am 27.9.2025, in: Die bayrische Polizei, 27.9.2025,<br \/>\n<a href=\"https:\/\/www.polizei.bayern.de\/aktuelles\/pressemitteilungen\/091530\/index.html\" target=\"_blank\" rel=\"noopener\"> Online-Quelle<\/a><br \/>\n[13.12.2025].<\/p>\n<hr \/>\n<p><strong>908<\/strong> Kohl, Alicia.: Schlagst\u00f6cke und Pferdestaffel. Eskalation in N\u00fcrnberg: Polizist zertr\u00fcmmert Demonstranten die Hand mit Schlagstock, in: nordbayern, 26.10.2025,<br \/>\n<a href=\"https:\/\/www.nordbayern.de\/nuernberg\/eskalation-in-nurnberg-polizist-zertrummert-demonstrant-die-hand-mit-schlagstock-1.14879969\" target=\"_blank\" rel=\"noopener\"> Online-Quelle<\/a><br \/>\n[13.12.2025].<\/p>\n<hr \/>\n<p><strong>909<\/strong> Monroy, Matthias.: Polizeipferde und Schlagst\u00f6cke gegen Antifas in N\u00fcrnberg, in: nd, 14.10.2025,<br \/>\n<a href=\"https:\/\/www.nd-aktuell.de\/artikel\/1194726.umstrittener-einsatz-polizeipferde-und-schlagstoecke-gegen-antifas-in-nuernberg.html\" target=\"_blank\" rel=\"noopener\"> Online-Quelle<\/a><br \/>\n[13.12.2025].<\/p>\n<hr \/>\n<p><strong>910<\/strong> Polizeipr\u00e4sidium Mittelfranken: Versammlungsgeschehen in der N\u00fcrnberg Innenstadt am 27.9.2025, in: Die bayrische Polizei, 25.10.2025,<br \/>\n<a href=\"https:\/\/www.polizei.bayern.de\/aktuelles\/pressemitteilungen\/091530\/index.html\" target=\"_blank\" rel=\"noopener\"> Online-Quelle<\/a><br \/>\n[13.12.2025].<\/p>\n<hr \/>\n<p><strong>911<\/strong> Helfferich, Susanne\/Vasel, Bj\u00f6rn: Umstrittenes B\u00fcndnis GfS in Buxtehude auf verlorenem Posten, in: TAGEBLATT.de, 18.10.2025,<br \/>\n<a href=\"https:\/\/www.tageblatt.de\/Nachrichten\/Umstrittenes-Buendnis-in-Buxtehude-120-Menschen-bei-Gegendemo-693874.html\" target=\"_blank\" rel=\"noopener\"> Online-Quelle<\/a><br \/>\n[13.12.2025].<\/p>\n<hr \/>\n<p><strong>912<\/strong> Kundgebung gegen f\u00fcr Demokratie und Vielfalt auf dem Herzogenplatz in Uelzen \u2013 rund 200 Teilnehmende, in: Uelzener Presse, 19.10.2025,<br \/>\n<a href=\"https:\/\/uelzener-presse.de\/2025\/10\/19\/kundgebung-fuer-demokratie-und-vielfalt-auf-dem-herzogenplatz-in-uelzen-rund-200-teilnehmende-setzen-zeichen-gegen-rechte-friedensdemo\/\" target=\"_blank\" rel=\"noopener\"> Online-Quelle<\/a><br \/>\n[13.12.2025].<\/p>\n<hr \/>\n<p><strong>913<\/strong> Demonstrationen und Blockaden der Uelzener Innenstadt \u2013 GfD-Aufzug von Gegendemonstranten mehrfach gestoppt, in: Uelzener Presse, 19.10.2025,<br \/>\n<a href=\"https:\/\/uelzener-presse.de\/2025\/10\/19\/demonstrationen-und-blockaden-in-der-uelzener-innenstadt-gfd-aufzug-von-gegendemonstranten-mehrfach-gestoppt\/\" target=\"_blank\" rel=\"noopener\"> Online-Quelle<\/a><br \/>\n[13.12.2025].<\/p>\n<hr \/>\n<p><strong>914<\/strong> Seidel, Leonard F.: Rechte in N\u00fcrnberg. Gemeinsam gegen die Stra\u00dfe, in: taz, 3.10.2025,<br \/>\n<a href=\"https:\/\/taz.de\/Rechte-in-Nuernberg\/!6117542\/\" target=\"_blank\" rel=\"noopener\"> Online-Quelle<\/a><br \/>\n[13.12.2025].<\/p>\n<hr \/>\n<p><strong>915<\/strong> Rechte und Linke stehen sich in Hannovers City gegen\u00fcber: \u201eGemeinsam f\u00fcr Deutschland\u201c und Antifa demonstrieren, in: Hannoversche Allgemeine, 25.10.2025,<br \/>\n<a href=\"https:\/\/www.haz.de\/lokales\/hannover\/hannover-gemeinsam-fuer-deutschland-und-antifa-stehen-sich-in-der-city-gegenueber-UDDRLHF5OBE4BMDZRYD2PUZ4YQ.html\" target=\"_blank\" rel=\"noopener\"> Online-Quelle<\/a><br \/>\n[13.12.2025].<\/p>\n<hr \/>\n<p><strong>916<\/strong> \u201eGfD\u201c zog wieder durch Uelzen \u2013 Gegendemo mit 150 Teilnehmern \u2013 Starke Polizeipr\u00e4senz, in: Uelzener Nachrichten, 15.11.2025,<br \/>\n<a href=\"https:\/\/www.uelzener-nachrichten.com\/stadt-und-kreis\/stadt-uelzen\/8966-am-heutigen-samstag-gfd-zieht-wieder-durch-uelzen-viel-polizei-wenige-teilnehmer\" target=\"_blank\" rel=\"noopener\"> Online-Quelle<\/a><br \/>\n[13.12.2025].<\/p>\n<hr \/>\n<p><strong>917<\/strong> AfD-Jugend als rechtsextremistische Bestrebung eingestuft, in: Berliner Zeitung, 26.4.2023,<br \/>\n<a href=\"https:\/\/www.berliner-zeitung.de\/news\/afd-jugend-als-rechtsextremistische-bestrebung-eingestuft-li.342144\" target=\"_blank\" rel=\"noopener\"> Online-Quelle<\/a><br \/>\n[14.12.2025].<\/p>\n<hr \/>\n<p><strong>918<\/strong> AfD-Jugend Organisation l\u00f6st sich auf, in: tagesschau, 1.2.2025,<br \/>\n<a href=\"https:\/\/www.tagesschau.de\/inland\/junge-alternative-aufloesung-100.html\" target=\"_blank\" rel=\"noopener\"> Online-Quelle<\/a><br \/>\n[14.12.2025].<\/p>\n<hr \/>\n<p><strong>919<\/strong> Massiver Protest vor der T\u00fcr, Aufl\u00f6sung in der Halle, in: taz, 1.2.2025,<br \/>\n<a href=\"https:\/\/taz.de\/Bundeskongress-der-Jungen-Alternative\/!6066503\/\" target=\"_blank\" rel=\"noopener\"> Online-Quelle<\/a><br \/>\n[14.12.2025].<\/p>\n<hr \/>\n<p><strong>920<\/strong> Al-Khanak, Kays: So hat Gie\u00dfen gew\u00e4hlt: Ergebnisse der Hessenwahl \u2013 AfD in Hochburg bei 43,8 Prozent, in: Gie\u00dfener Allgemeine, 9.10.2023,<br \/>\n<a href=\"https:\/\/www.giessener-allgemeine.de\/giessen\/cdu-staerkste-kraft-in-giessen-landtagswahl-2023-gruene-spd-afd-ergebnis-92566212.html\" target=\"_blank\" rel=\"noopener\"> Online-Quelle<\/a><br \/>\n[14.12.2025].<\/p>\n<hr \/>\n<p><strong>921<\/strong> Landtagswahlen in Hessen: vorl\u00e4ufige Ergebnisse, in: Statistik.hessen, 9.10.2023,<br \/>\n<a href=\"https:\/\/statistik.hessen.de\/presse\/landtagswahl-2023-in-hessen-vorlaeufige-ergebnisse\" target=\"_blank\" rel=\"noopener\"> Online-Quelle<\/a><br \/>\n[14.12.2025].<\/p>\n<hr \/>\n<p><strong>922<\/strong> Schmidt, Sebastian: Gro\u00dfeinsatz bei AfD-Demo: Gie\u00dfener Kliniken bereiten sich auf Verletzte vor, in: Gie\u00dfener Allgemeine, 26.11.2025,<br \/>\n<a href=\"https:\/\/www.giessener-allgemeine.de\/giessen\/jugend-hunderte-rettungskraefte-sichern-proteste-gegen-afd-94053355.html\" target=\"_blank\" rel=\"noopener\"> Online-Quelle<\/a><br \/>\n[14.12.2025].<\/p>\n<hr \/>\n<p><strong>923<\/strong> Neue AfD-Jugendorganisation Generation Deutschland gegr\u00fcndet, in: zdfheute, 29.11.2025,<br \/>\n<a href=\"https:\/\/www.zdfheute.de\/politik\/deutschland\/afd-jugendorganisation-gruendung-protest-100.html\" target=\"_blank\" rel=\"noopener\"> Online-Quelle<\/a><br \/>\n[21.12.2025].<\/p>\n<hr \/>\n<p><strong>924<\/strong> AfD gr\u00fcndet neue Jugendorganisation, in: ntv, 29.11.2025,<br \/>\n<a href=\"https:\/\/www.n-tv.de\/politik\/AfD-gruendet-neue-Jugendorganisation-Generation-Deutschland-massive-Gegenproteste-id30087075.html\" target=\"_blank\" rel=\"noopener\"> Online-Quelle<\/a><br \/>\n[14.12.2025].<\/p>\n<hr \/>\n<p><strong>925<\/strong> Polizei zieht Bilanz nach AfD-Demos: \u00dcberwiegend friedlich, in: VRM mittelhessen, 30.11.2025,<br \/>\n<a href=\"https:\/\/www.mittelhessen.de\/lokales\/kreis-giessen\/giessen\/polizei-zieht-bilanz-nach-afd-demos-ueberwiegend-friedlich-5200471\" target=\"_blank\" rel=\"noopener\"> Online-Quelle<\/a><br \/>\n[14.12.2025].<\/p>\n<hr \/>\n<p><strong>926<\/strong> Polizeieinsatz bei Gie\u00dfener Anti-AfD Demos bleibt umstritten, in: Welt, 11.12.2025,<br \/>\n<a href=\"https:\/\/www.welt.de\/regionales\/hessen\/article693a3416c3b4893a9e2b51a1\/polizeieinsatz-bei-giessener-anti-afd-demos-bleibt-umstritten.html\" target=\"_blank\" rel=\"noopener\"> Online-Quelle<\/a><br \/>\n[14.12.2025].<\/p>\n<hr \/>\n<p><strong>927<\/strong> Marsch von \u201eDie Heimat\u201c: Rechte Demo in Berlin-Mitte beendet \u2013 rund 1.200 bei Gegendemo, in: tagesschau, 29.11.2025,<br \/>\n<a href=\"https:\/\/www.tagesschau.de\/inland\/regional\/berlin\/rbb-marsch-von-die-heimat-rechte-demo-in-berlin-mitte-beendet--rund-1-200-bei-gegendemo-100.html\" target=\"_blank\" rel=\"noopener\"> Online-Quelle<\/a><br \/>\n[28.12.2025].<\/p>\n<hr \/>\n<p><strong>928<\/strong> Auto von AfD-Politiker Baumann abgebrannt \u2013 Polizei: Politischer Tat, in: NDR, 4.11.2025,<br \/>\n<a href=\"https:\/\/www.ndr.de\/nachrichten\/hamburg\/auto-von-afd-politiker-baumann-abgebrannt-polizei-politische-tat,afd-auto-100.html\" target=\"_blank\" rel=\"noopener\"> Online-Quelle<\/a><br \/>\n[4.1.2026].<\/p>\n<hr \/>\n<\/div><\/section>\n","protected":false},"excerpt":{"rendered":"","protected":false},"author":1,"featured_media":0,"parent":3379,"menu_order":0,"comment_status":"closed","ping_status":"closed","template":"","meta":{"footnotes":""},"class_list":["post-7181","page","type-page","status-publish","hentry"],"_links":{"self":[{"href":"https:\/\/kunst-und-kampf.de\/WordPress_02\/wp-json\/wp\/v2\/pages\/7181","targetHints":{"allow":["GET"]}}],"collection":[{"href":"https:\/\/kunst-und-kampf.de\/WordPress_02\/wp-json\/wp\/v2\/pages"}],"about":[{"href":"https:\/\/kunst-und-kampf.de\/WordPress_02\/wp-json\/wp\/v2\/types\/page"}],"author":[{"embeddable":true,"href":"https:\/\/kunst-und-kampf.de\/WordPress_02\/wp-json\/wp\/v2\/users\/1"}],"replies":[{"embeddable":true,"href":"https:\/\/kunst-und-kampf.de\/WordPress_02\/wp-json\/wp\/v2\/comments?post=7181"}],"version-history":[{"count":66,"href":"https:\/\/kunst-und-kampf.de\/WordPress_02\/wp-json\/wp\/v2\/pages\/7181\/revisions"}],"predecessor-version":[{"id":7488,"href":"https:\/\/kunst-und-kampf.de\/WordPress_02\/wp-json\/wp\/v2\/pages\/7181\/revisions\/7488"}],"up":[{"embeddable":true,"href":"https:\/\/kunst-und-kampf.de\/WordPress_02\/wp-json\/wp\/v2\/pages\/3379"}],"wp:attachment":[{"href":"https:\/\/kunst-und-kampf.de\/WordPress_02\/wp-json\/wp\/v2\/media?parent=7181"}],"curies":[{"name":"wp","href":"https:\/\/api.w.org\/{rel}","templated":true}]}}